{"id":1034,"date":"2019-09-04T17:42:26","date_gmt":"2019-09-04T17:42:26","guid":{"rendered":"https:\/\/sociaisaplicadas.ufpr.br\/contabeis\/?page_id=1034"},"modified":"2026-04-08T00:20:09","modified_gmt":"2026-04-08T00:20:09","slug":"extensao","status":"publish","type":"page","link":"https:\/\/sociaisaplicadas.ufpr.br\/contabeis\/extensao\/","title":{"rendered":"Extens\u00e3o"},"content":{"rendered":"<h5>Regulamento das Atividades Curriculares de Extens\u00e3o<\/h5>\n<p><strong><a href=\"https:\/\/sociaisaplicadas.ufpr.br\/contabeis\/wp-content\/uploads\/sites\/3\/2026\/03\/Regulamento-de-Extensao_Curriculo2023_234Colegiado_17032026.pdf\" target=\"_blank\" rel=\"noopener\">Clique aqui<\/a> <\/strong>para acessar Regulamento das Atividades Curriculares de Extens\u00e3o e da Comiss\u00e3o Orientadora e Avaliadora de Atividades de Extens\u00e3o (COAEX) do curso de Ci\u00eancias Cont\u00e1beis da UFPR<\/p>\n<h5>Cronograma de Entrega das Atividades Curriculares de Extens\u00e3o: ano letivo 2026<\/h5>\n<table style=\"border-collapse: collapse;width: 98.8098%;height: 115px\">\n<tbody>\n<tr style=\"height: 23px\">\n<td style=\"width: 55.1632%;height: 23px\"><strong>Atividades<\/strong><\/td>\n<td style=\"width: 19.913%;height: 23px\"><strong>Semestre 2026\/01<\/strong><\/td>\n<td style=\"width: 24.4174%;height: 23px\"><strong>Semestre 2026\/02<\/strong><\/td>\n<\/tr>\n<tr style=\"height: 23px\">\n<td style=\"width: 55.1632%;height: 23px\">1. Recep\u00e7\u00e3o dos Certificados, via SIGA<\/td>\n<td style=\"width: 19.913%;text-align: center;height: 23px\"><strong><span style=\"background-color: #ffff00;color: #0000ff\">At\u00e9 08 de abril<\/span><\/strong><\/td>\n<td style=\"width: 24.4174%;text-align: center;height: 23px\">At\u00e9 07 de setembro<\/td>\n<\/tr>\n<tr style=\"height: 46px\">\n<td style=\"width: 55.1632%;height: 46px\">2. Organiza\u00e7\u00e3o dos documentos pela Secretaria da Coordena\u00e7\u00e3o<\/td>\n<td style=\"width: 19.913%;text-align: center;height: 46px\"><strong><span style=\"background-color: #ffff00;color: #0000ff\">09 a 14 de abril<\/span><\/strong><\/td>\n<td style=\"width: 24.4174%;text-align: center;height: 46px\">08 a 11 de setembro<\/td>\n<\/tr>\n<tr style=\"height: 23px\">\n<td style=\"width: 55.1632%;height: 23px\">3. An\u00e1lise pela Comiss\u00e3o de Atividades Formativas<\/td>\n<td style=\"width: 19.913%;text-align: center;height: 23px\"><strong><span style=\"background-color: #ffff00;color: #0000ff\">15 a 30 de abril<\/span><\/strong><\/td>\n<td style=\"width: 24.4174%;text-align: center;height: 23px\">14 a 30 de setembro<\/td>\n<\/tr>\n<\/tbody>\n<\/table>\n<h5>Como realizar o pedido?<\/h5>\n<p><strong><span style=\"color: #0000ff;background-color: #ffff00\">O estudante deve inserir os certificados das atividades curriculares de extens\u00e3o diretamente no SIGA. O procedimento para upload dos documentos pode ser consultado em:<\/span><\/strong><\/p>\n<ol style=\"list-style-type: lower-roman\">\n<li>Visualize o documento em: <strong><a href=\"https:\/\/ufpraberta.ufpr.br\/course\/view.php?id=9&amp;section=1\" target=\"_blank\" rel=\"noopener\">clique aqui<\/a><\/strong><\/li>\n<li>Fa\u00e7a dowload do tutorial em: <a href=\"https:\/\/sociaisaplicadas.ufpr.br\/contabeis\/wp-content\/uploads\/sites\/3\/2026\/03\/UFPR_Tutorial_Como-solicitar-ACE-III-IV-e-V.pdf\" target=\"_blank\" rel=\"noopener\">UFPR_Tutorial_Como solicitar ACE III, IV e V<\/a><\/li>\n<\/ol>\n\n\n<h5>Informa\u00e7\u00f5es importantes<\/h5>\n<p><strong>Os discentes iniciantes no curso de Ci\u00eancias Cont\u00e1beis a partir do ano calend\u00e1rio 2023 dever\u00e3o integralizar 300 horas a t\u00edtulo de credita\u00e7\u00e3o de extens\u00e3o, conforme o Art. 3\u00ba do regulamento, da seguinte forma:<\/strong><\/p>\n<p>I \u2013 30 horas relativas \u00e0 disciplina de prepara\u00e7\u00e3o para atividades extensionistas conforme ACE I.<\/p>\n<p>II \u2013 60 horas relativas a cada uma das 4 disciplinas obrigat\u00f3rias que contemplam os Projetos de Extens\u00e3o do Departamento ofertadas com periodiza\u00e7\u00e3o ideal no 5\u00ba, 6\u00ba, 7\u00ba e 8\u00ba per\u00edodos do Curso de Gradua\u00e7\u00e3o em Ci\u00eancias Cont\u00e1beis da UFPR, totalizando 240 horas de atividades extensionistas, conforme ACE II.<\/p>\n<p>III \u2013 30 horas em atividades extensionistas de livre escolha dos estudantes relativas a:<\/p>\n<p>ACE III &#8211; participa\u00e7\u00e3o estudantil em programas ou projetos de extens\u00e3o da UFPR;<\/p>\n<p>ACE IV &#8211; participa\u00e7\u00e3o estudantil como integrante de equipe organizadora ou ministrante de cursos e eventos ou participante de a\u00e7\u00f5es de presta\u00e7\u00e3o de servi\u00e7o, que estejam vinculados a programas ou projetos de extens\u00e3o;<\/p>\n<p>ACE V &#8211; participa\u00e7\u00e3o estudantil em programas ou projetos de extens\u00e3o em outras institui\u00e7\u00f5es de Ensino Superior.<\/p>\n","protected":false},"excerpt":{"rendered":"<p>Regulamento das Atividades Curriculares de Extens\u00e3o Clique aqui para acessar Regulamento das Atividades Curriculares de Extens\u00e3o e da Comiss\u00e3o Orientadora e Avaliadora de Atividades de Extens\u00e3o (COAEX) do curso de Ci\u00eancias Cont\u00e1beis da UFPR Cronograma de Entrega das Atividades Curriculares de Extens\u00e3o: ano letivo 2026 Atividades Semestre 2026\/01 Semestre 2026\/02 1. Recep\u00e7\u00e3o dos Certificados, via [&hellip;]<\/p>\n","protected":false},"author":2791,"featured_media":0,"parent":0,"menu_order":0,"comment_status":"closed","ping_status":"closed","template":"","meta":{"footnotes":""},"class_list":["post-1034","page","type-page","status-publish","hentry"],"_links":{"self":[{"href":"https:\/\/sociaisaplicadas.ufpr.br\/contabeis\/wp-json\/wp\/v2\/pages\/1034","targetHints":{"allow":["GET"]}}],"collection":[{"href":"https:\/\/sociaisaplicadas.ufpr.br\/contabeis\/wp-json\/wp\/v2\/pages"}],"about":[{"href":"https:\/\/sociaisaplicadas.ufpr.br\/contabeis\/wp-json\/wp\/v2\/types\/page"}],"author":[{"embeddable":true,"href":"https:\/\/sociaisaplicadas.ufpr.br\/contabeis\/wp-json\/wp\/v2\/users\/2791"}],"replies":[{"embeddable":true,"href":"https:\/\/sociaisaplicadas.ufpr.br\/contabeis\/wp-json\/wp\/v2\/comments?post=1034"}],"version-history":[{"count":25,"href":"https:\/\/sociaisaplicadas.ufpr.br\/contabeis\/wp-json\/wp\/v2\/pages\/1034\/revisions"}],"predecessor-version":[{"id":6853,"href":"https:\/\/sociaisaplicadas.ufpr.br\/contabeis\/wp-json\/wp\/v2\/pages\/1034\/revisions\/6853"}],"wp:attachment":[{"href":"https:\/\/sociaisaplicadas.ufpr.br\/contabeis\/wp-json\/wp\/v2\/media?parent=1034"}],"curies":[{"name":"wp","href":"https:\/\/api.w.org\/{rel}","templated":true}]}}