{"id":1267,"date":"2020-03-17T15:18:42","date_gmt":"2020-03-17T15:18:42","guid":{"rendered":"https:\/\/sociaisaplicadas.ufpr.br\/contabeis\/?page_id=1267"},"modified":"2026-02-05T17:21:54","modified_gmt":"2026-02-05T17:21:54","slug":"disciplinas-isoladas-e-eletivas","status":"publish","type":"page","link":"https:\/\/sociaisaplicadas.ufpr.br\/contabeis\/disciplinas-isoladas-e-eletivas\/","title":{"rendered":"Disciplinas Isoladas e Eletivas"},"content":{"rendered":"<p>Informamos que a solicita\u00e7\u00e3o de matr\u00edculas em car\u00e1ter isolado e eletivo devem ser realizada nos dias estipulados em calend\u00e1rio acad\u00eamico (<a href=\"https:\/\/prograp.ufpr.br\/calendario-academico\/\">https:\/\/prograp.ufpr.br\/calendario-academico\/)<\/a><\/p>\n<ul>\n<li>Solicita\u00e7\u00f5es de matr\u00edculas em car\u00e1ter <strong>eletivo<\/strong> s\u00e3o realizadas por Discentes da UFPR diretamente no SIGA.<\/li>\n<\/ul>\n<ul>\n<li><strong>Solicita\u00e7\u00f5es de matr\u00edculas em car\u00e1ter isolado devem ser realizadas junto ao Departamento respons\u00e1vel pela Disciplinas. Instru\u00e7\u00f5es:<br \/><\/strong><\/li>\n<\/ul>\n<p class=\"contentpasted0\" style=\"margin: 6pt;text-align: justify;background: white;padding-left: 60px\"><span style=\"font-size: 13.5pt;color: black\">1 &#8211; O aluno pode solicitar at\u00e9 3 disciplinas por per\u00edodo (semestre\/ano).<\/span><\/p>\n<p class=\"contentpasted0\" style=\"margin: 6pt;text-align: justify;background: white;padding-left: 60px\"><span style=\"font-size: 13.5pt;color: black\">2 &#8211; Os Departamentos n\u00e3o podem conceder vagas de disciplinas\u202fisoladas \u00e0s disciplinas de Est\u00e1gio, Monografia e Trabalho de Conclus\u00e3o de Curso, bem como outras disciplinas estabelecidas pelo Colegiado de curso e constantes no Projeto Pedag\u00f3gico do curso.<\/span><\/p>\n<p class=\"contentpasted0\" style=\"margin: 6pt;text-align: justify;background: white;padding-left: 60px\"><span style=\"font-size: 13.5pt;color: black\">3 &#8211; A verifica\u00e7\u00e3o de pr\u00e9-requisitos e condi\u00e7\u00f5es de acompanhamento da disciplina por parte do aluno \u00e9 de responsabilidade da chefia dos Departamentos.<strong><span style=\"color: #ff0000\"> Para que seja concedida a quebra de pr\u00e9-requisito, o Discente dever\u00e1 demonstrar o dom\u00ednio do conte\u00fado da disciplina pr\u00e9-requisito (com hist\u00f3rico escolar de outros Cursos, por exemplo).<\/span><\/strong><br \/><\/span><\/p>\n<p class=\"contentpasted0\" style=\"margin: 6pt;text-align: justify;background: white;padding-left: 60px\"><span style=\"font-size: 13.5pt;color: black\">4 &#8211; Para as disciplinas\u202fisoladas, somente o Chefe do Departamento autorizar\u00e1 a vaga.<\/span><\/p>\n<p class=\"contentpasted0\" style=\"margin: 6pt;text-align: justify;background: white;padding-left: 60px\"><span style=\"font-size: 13.5pt;color: black\">5 &#8211; Para as disciplinas\u202fisoladas, o aluno deve enviar ao e-mail do departamento (decont@ufpr.br), al\u00e9m do <a href=\"https:\/\/sociaisaplicadas.ufpr.br\/contabeis\/wp-content\/uploads\/sites\/3\/2023\/03\/Formul\u00e1rio_Isoladas.pdf\" target=\"_blank\" rel=\"noopener\"><strong><span style=\"color: #ff0000\">formul\u00e1rio<\/span><\/strong><\/a>\u00a0devidamente preenchido e <span style=\"color: #ff0000\"><strong>assinado, c\u00f3pia do documento de identifica\u00e7\u00e3o, c\u00f3pia do CPF e comprovante de conclus\u00e3o do ensino m\u00e9dio.<\/strong><\/span><\/span><\/p>\n<p class=\"contentpasted0\" style=\"margin: 6pt;text-align: justify;background: white;padding-left: 60px\"><span style=\"font-size: 13.5pt;color: black\">6 &#8211; Para informa\u00e7\u00f5es sobre disciplina\u202fisolada, consultar os artigos 26 a 28 da Resolu\u00e7\u00e3o n\u00ba 37\/97-CEPE.<\/span><\/p>\n<p class=\"contentpasted0\" style=\"margin: 6pt;text-align: justify;background: white;padding-left: 60px\"><span style=\"font-size: 13.5pt;color: black\">7 &#8211; A Secretaria do Departamento de Ci\u00eancias Cont\u00e1beis funciona das 13h30 \u00e0s 19h00 horas.<\/span><\/p>\n<p class=\"contentpasted0\" style=\"margin: 6pt;text-align: justify;background: white;padding-left: 60px\">8 &#8211; Link para o formul\u00e1rio atualizado: <a href=\"https:\/\/sociaisaplicadas.ufpr.br\/contabeis\/wp-content\/uploads\/sites\/3\/2023\/03\/Formul\u00e1rio_Isoladas.pdf\">Formul\u00e1rio_Isoladas<\/a><\/p>\n<p class=\"contentpasted0\" style=\"margin: 6pt;text-align: justify;background: white;padding-left: 60px\">9 &#8211; Rela\u00e7\u00e3o de disciplinas para matr\u00edculas Eletivas e Isoladas, conforme grade da coordena\u00e7\u00e3o. <strong><a href=\"https:\/\/sociaisaplicadas.ufpr.br\/contabeis\/wp-content\/uploads\/sites\/3\/2025\/07\/2_Grade_Periodo_2025.02.pdf\" target=\"_blank\" rel=\"noopener\">Clique Aqui<\/a><\/strong> para acessar a Grade de Hor\u00e1rios das disciplinas do Per\u00edodo 2025\/02.<\/p>\n<p class=\"contentpasted0\" style=\"margin: 6pt;text-align: justify;background: white;padding-left: 60px\">10 &#8211; Pr\u00e9-requisitos das Disciplinas podem ser consultados no seguinte link, nas matrizes curriculares dos Curr\u00edculos 2013 e 2023: <a href=\"https:\/\/sociaisaplicadas.ufpr.br\/contabeis\/projeto-pedagogico-curriculo\/\">https:\/\/sociaisaplicadas.ufpr.br\/contabeis\/projeto-pedagogico-curriculo\/<\/a><\/p>\n\n\n\n","protected":false},"excerpt":{"rendered":"<p>Informamos que a solicita\u00e7\u00e3o de matr\u00edculas em car\u00e1ter isolado e eletivo devem ser realizada nos dias estipulados em calend\u00e1rio acad\u00eamico (https:\/\/prograp.ufpr.br\/calendario-academico\/) Solicita\u00e7\u00f5es de matr\u00edculas em car\u00e1ter eletivo s\u00e3o realizadas por Discentes da UFPR diretamente no SIGA. Solicita\u00e7\u00f5es de matr\u00edculas em car\u00e1ter isolado devem ser realizadas junto ao Departamento respons\u00e1vel pela Disciplinas. Instru\u00e7\u00f5es: 1 &#8211; O [&hellip;]<\/p>\n","protected":false},"author":2791,"featured_media":0,"parent":0,"menu_order":0,"comment_status":"closed","ping_status":"closed","template":"","meta":{"footnotes":""},"class_list":["post-1267","page","type-page","status-publish","hentry"],"_links":{"self":[{"href":"https:\/\/sociaisaplicadas.ufpr.br\/contabeis\/wp-json\/wp\/v2\/pages\/1267","targetHints":{"allow":["GET"]}}],"collection":[{"href":"https:\/\/sociaisaplicadas.ufpr.br\/contabeis\/wp-json\/wp\/v2\/pages"}],"about":[{"href":"https:\/\/sociaisaplicadas.ufpr.br\/contabeis\/wp-json\/wp\/v2\/types\/page"}],"author":[{"embeddable":true,"href":"https:\/\/sociaisaplicadas.ufpr.br\/contabeis\/wp-json\/wp\/v2\/users\/2791"}],"replies":[{"embeddable":true,"href":"https:\/\/sociaisaplicadas.ufpr.br\/contabeis\/wp-json\/wp\/v2\/comments?post=1267"}],"version-history":[{"count":19,"href":"https:\/\/sociaisaplicadas.ufpr.br\/contabeis\/wp-json\/wp\/v2\/pages\/1267\/revisions"}],"predecessor-version":[{"id":6548,"href":"https:\/\/sociaisaplicadas.ufpr.br\/contabeis\/wp-json\/wp\/v2\/pages\/1267\/revisions\/6548"}],"wp:attachment":[{"href":"https:\/\/sociaisaplicadas.ufpr.br\/contabeis\/wp-json\/wp\/v2\/media?parent=1267"}],"curies":[{"name":"wp","href":"https:\/\/api.w.org\/{rel}","templated":true}]}}