{"id":154,"date":"2016-09-20T10:41:25","date_gmt":"2016-09-20T13:41:25","guid":{"rendered":"https:\/\/sociaisaplicadas.ufpr.br\/economia\/?page_id=154"},"modified":"2025-12-16T19:22:56","modified_gmt":"2025-12-16T19:22:56","slug":"corpo-docente-2","status":"publish","type":"page","link":"https:\/\/sociaisaplicadas.ufpr.br\/contabeis\/corpo-docente-2\/","title":{"rendered":"Corpo Docente"},"content":{"rendered":"<table class=\"MsoTableGrid\" style=\"border-collapse: collapse;border: none;width: 100%\" border=\"0\" cellspacing=\"0\" cellpadding=\"0\">\n<tbody>\n<tr>\n<td style=\"width: 98.85pt;padding: 0cm 5.4pt 0cm 5.4pt\" valign=\"top\" width=\"132\"><img loading=\"lazy\" decoding=\"async\" class=\"aligncenter wp-image-4472 size-full\" src=\"https:\/\/sociaisaplicadas.ufpr.br\/contabeis\/wp-content\/uploads\/sites\/3\/2025\/01\/Captura-de-Tela-2025-01-21-as-17.33.19.png\" alt=\"\" width=\"478\" height=\"747\" srcset=\"https:\/\/sociaisaplicadas.ufpr.br\/contabeis\/wp-content\/uploads\/sites\/3\/2025\/01\/Captura-de-Tela-2025-01-21-as-17.33.19.png 478w, https:\/\/sociaisaplicadas.ufpr.br\/contabeis\/wp-content\/uploads\/sites\/3\/2025\/01\/Captura-de-Tela-2025-01-21-as-17.33.19-192x300.png 192w\" sizes=\"auto, (max-width: 478px) 100vw, 478px\" \/><\/td>\n<td style=\"width: 26.0cm;padding: 0cm 5.4pt 0cm 5.4pt\" valign=\"top\" width=\"983\"><strong>Prof. Dr. A<\/strong><strong>lison Martins Meurer<\/strong><br \/>\nDoutor em Contabilidade pelo PPGCONT-UFPR. Mestre em Contabilidade pelo PPGCONT-UFPR. Graduado em Ci\u00eancias Cont\u00e1beis pela Universidade Tecnol\u00f3gica Federal do Paran\u00e1 (UTFPR).<br \/>\n<strong>\u00c1reas de atua\u00e7\u00e3o e pesquisa:<\/strong> Ensino e Pesquisa em Contabilidade, Contabilidade Gerencial, Evidencia\u00e7\u00e3o Cont\u00e1bil e Contabilidade Tribut\u00e1ria.<br \/>\n<strong>E-mail:\u00a0<\/strong><a href=\"mailto:alisonmeurer@ufpr.br\">alisonmeurer@ufpr.br<\/a><br \/>\n<a href=\"http:\/\/lattes.cnpq.br\/4473556362665178\"><strong>Curr\u00edculo Lattes<\/strong><\/a><\/td>\n<\/tr>\n<\/tbody>\n<\/table>\n<table class=\"MsoTableGrid\" style=\"border-collapse: collapse;border: none;width: 100%\" border=\"0\" cellspacing=\"0\" cellpadding=\"0\">\n<tbody>\n<tr>\n<td style=\"width: 98.85pt;padding: 0cm 5.4pt 0cm 5.4pt\" valign=\"top\" width=\"132\"><img loading=\"lazy\" decoding=\"async\" class=\"aligncenter wp-image-4388 size-full\" src=\"https:\/\/sociaisaplicadas.ufpr.br\/contabeis\/wp-content\/uploads\/sites\/3\/2025\/01\/Captura-de-Tela-2025-01-21-as-17.00.54.png\" alt=\"\" width=\"638\" height=\"843\" srcset=\"https:\/\/sociaisaplicadas.ufpr.br\/contabeis\/wp-content\/uploads\/sites\/3\/2025\/01\/Captura-de-Tela-2025-01-21-as-17.00.54.png 638w, https:\/\/sociaisaplicadas.ufpr.br\/contabeis\/wp-content\/uploads\/sites\/3\/2025\/01\/Captura-de-Tela-2025-01-21-as-17.00.54-227x300.png 227w\" sizes=\"auto, (max-width: 638px) 100vw, 638px\" \/><\/td>\n<td style=\"width: 26.0cm;padding: 0cm 5.4pt 0cm 5.4pt\" valign=\"top\" width=\"983\"><strong>Profa. Dra. Anelise Krauspenhar Pinto Figari<\/strong><br \/>\nDoutora e Mestre em Controladoria e Contabilidade pela (FEA-RP\/USP). Graduada em Ci\u00eancias Cont\u00e1beis pela Universidade Estadual de Maring\u00e1 (UEM).<br \/>\n<strong>\u00c1reas de atua\u00e7\u00e3o e pesquisa: <\/strong>An\u00e1lise econ\u00f4mica e financeira; Cooperativas; Desempenho.<strong><br \/>\nE-mail:<\/strong>\u00a0<a href=\"mailto:figari@ufpr.br\">figari@ufpr.br<\/a><br \/>\n<a href=\"http:\/\/lattes.cnpq.br\/0288470194107766\"><strong>Curr\u00edculo Lattes<\/strong><\/a><\/td>\n<\/tr>\n<\/tbody>\n<\/table>\n<table class=\"MsoTableGrid\" style=\"border-collapse: collapse;border: none\" border=\"0\" cellspacing=\"0\" cellpadding=\"0\">\n<tbody>\n<tr>\n<td style=\"width: 98.85pt;padding: 0cm 5.4pt 0cm 5.4pt\" valign=\"top\" width=\"132\"><img loading=\"lazy\" decoding=\"async\" class=\"aligncenter wp-image-4390 size-full\" src=\"https:\/\/sociaisaplicadas.ufpr.br\/contabeis\/wp-content\/uploads\/sites\/3\/2025\/01\/Captura-de-Tela-2025-01-21-as-17.03.42.png\" alt=\"\" width=\"603\" height=\"805\" srcset=\"https:\/\/sociaisaplicadas.ufpr.br\/contabeis\/wp-content\/uploads\/sites\/3\/2025\/01\/Captura-de-Tela-2025-01-21-as-17.03.42.png 603w, https:\/\/sociaisaplicadas.ufpr.br\/contabeis\/wp-content\/uploads\/sites\/3\/2025\/01\/Captura-de-Tela-2025-01-21-as-17.03.42-225x300.png 225w\" sizes=\"auto, (max-width: 603px) 100vw, 603px\" \/><\/td>\n<td style=\"width: 26.0cm;padding: 0cm 5.4pt 0cm 5.4pt\" valign=\"top\" width=\"983\"><strong>Prof. Me. Antonio Cesar Pitela<br \/>\n<\/strong>Mestre em Contabilidade e Controladoria pela UNOPAR (2000). Graduado em Ci\u00eancias Cont\u00e1beis pela UEPG (1986). Graduado em Administra\u00e7\u00e3o pela UEPG (1988).<br \/>\n<span style=\"font-family: inherit;font-size: inherit;font-weight: inherit\"><strong>\u00c1reas de atua\u00e7\u00e3o e pesquisa: <\/strong>Per\u00edcia e Avalia\u00e7\u00e3o de Empresas.<\/span><span style=\"font-family: inherit;font-size: inherit;font-weight: inherit;color: initial\"><br \/>\n<\/span><strong>E-mail:<\/strong> <a href=\"mailto:acpitela@ufpr.br\">acpitela@ufpr.br<\/a><br \/>\n<a href=\"http:\/\/lattes.cnpq.br\/6818548564056123\"><strong>Curr\u00edculo Lattes<\/strong><\/a><\/td>\n<\/tr>\n<\/tbody>\n<\/table>\n<table class=\"MsoTableGrid\" style=\"border-collapse: collapse;border: none\" border=\"0\" cellspacing=\"0\" cellpadding=\"0\">\n<tbody>\n<tr>\n<td style=\"width: 98.85pt;padding: 0cm 5.4pt 0cm 5.4pt\" valign=\"top\" width=\"132\"><img loading=\"lazy\" decoding=\"async\" class=\"aligncenter wp-image-4396 size-full\" src=\"https:\/\/sociaisaplicadas.ufpr.br\/contabeis\/wp-content\/uploads\/sites\/3\/2025\/01\/Captura-de-Tela-2025-01-21-as-17.04.48.png\" alt=\"\" width=\"555\" height=\"726\" srcset=\"https:\/\/sociaisaplicadas.ufpr.br\/contabeis\/wp-content\/uploads\/sites\/3\/2025\/01\/Captura-de-Tela-2025-01-21-as-17.04.48.png 555w, https:\/\/sociaisaplicadas.ufpr.br\/contabeis\/wp-content\/uploads\/sites\/3\/2025\/01\/Captura-de-Tela-2025-01-21-as-17.04.48-229x300.png 229w\" sizes=\"auto, (max-width: 555px) 100vw, 555px\" \/><\/td>\n<td style=\"width: 26.0cm;padding: 0cm 5.4pt 0cm 5.4pt\" valign=\"top\" width=\"983\"><strong>Prof. Dr. Celso da Rosa Filho<br \/>\n<\/strong>Doutor em Contabilidade pelo PPGCONT-UFPR (2018). Mestre em Ci\u00eancias Cont\u00e1beis pela FURB (2005). Graduado em Ci\u00eancias Cont\u00e1beis pela FAE (2002).<br \/>\n<strong>\u00c1reas de atua\u00e7\u00e3o e pesquisa: <\/strong>Contabilidade Financeira e Contabilidade Aplicada ao Setor P\u00fablico.<br \/>\n<strong>E-mail:\u00a0<\/strong><a href=\"mailto:celsorosa@ufpr.br\">celsorosa@ufpr.br<\/a><br \/>\n<a href=\"http:\/\/lattes.cnpq.br\/8901945327602031\"><strong>Curr\u00edculo Lattes<\/strong><\/a><\/td>\n<\/tr>\n<\/tbody>\n<\/table>\n<table class=\"MsoTableGrid\" style=\"border-collapse: collapse;border: none\" border=\"0\" cellspacing=\"0\" cellpadding=\"0\">\n<tbody>\n<tr>\n<td style=\"width: 98.85pt;padding: 0cm 5.4pt;text-align: center\" valign=\"top\" width=\"132\"><img loading=\"lazy\" decoding=\"async\" class=\"alignnone wp-image-4400 size-full\" src=\"https:\/\/sociaisaplicadas.ufpr.br\/contabeis\/wp-content\/uploads\/sites\/3\/2025\/01\/Captura-de-Tela-2025-01-21-as-17.06.29.png\" alt=\"\" width=\"605\" height=\"813\" srcset=\"https:\/\/sociaisaplicadas.ufpr.br\/contabeis\/wp-content\/uploads\/sites\/3\/2025\/01\/Captura-de-Tela-2025-01-21-as-17.06.29.png 605w, https:\/\/sociaisaplicadas.ufpr.br\/contabeis\/wp-content\/uploads\/sites\/3\/2025\/01\/Captura-de-Tela-2025-01-21-as-17.06.29-223x300.png 223w\" sizes=\"auto, (max-width: 605px) 100vw, 605px\" \/><\/td>\n<td style=\"width: 26.0cm;padding: 0cm 5.4pt 0cm 5.4pt\" valign=\"top\" width=\"983\"><strong>Prof. Dr. C\u00edcero Aparecido Bezerra<br \/>\n<\/strong>P\u00f3s-Doutor em Gest\u00e3o Estrat\u00e9gica da Informa\u00e7\u00e3o e do Conhecimento pela PUC-PR (2012).Doutor em Engenharia de Produ\u00e7\u00e3o pela UFSC (2007). Mestre em Engenharia da Produ\u00e7\u00e3o pela UFSC (2001). Graduado em Inform\u00e1tica pela Unisinos (2002).<br \/>\n<strong>\u00c1reas de atua\u00e7\u00e3o e pesquisa: <\/strong>Gest\u00e3o de Sistemas de Informa\u00e7\u00e3o; M\u00e9todos e t\u00e9cnicas de An\u00e1lise de Dados aplicados \u00e0 Governan\u00e7a Ambiental, Social e Corporativa.<br \/>\n<strong>E-mail:\u00a0<\/strong><a href=\"mailto:celsorosa@ufpr.br\">cicero.bezerra@ufpr.br<\/a><br \/>\n<a href=\"http:\/\/lattes.cnpq.br\/8651113987192195\"><strong>Curr\u00edculo Lattes<\/strong><\/a><\/td>\n<\/tr>\n<\/tbody>\n<\/table>\n<table class=\"MsoTableGrid\" style=\"border-collapse: collapse;border: none;width: 100%\" border=\"0\" cellspacing=\"0\" cellpadding=\"0\">\n<tbody>\n<tr>\n<td style=\"width: 12.0238%;padding: 0cm 5.4pt\" valign=\"top\" width=\"132\"><img loading=\"lazy\" decoding=\"async\" class=\"aligncenter wp-image-4405 size-full\" src=\"https:\/\/sociaisaplicadas.ufpr.br\/contabeis\/wp-content\/uploads\/sites\/3\/2025\/01\/Captura-de-Tela-2025-01-21-as-17.07.36.png\" alt=\"\" width=\"619\" height=\"796\" srcset=\"https:\/\/sociaisaplicadas.ufpr.br\/contabeis\/wp-content\/uploads\/sites\/3\/2025\/01\/Captura-de-Tela-2025-01-21-as-17.07.36.png 619w, https:\/\/sociaisaplicadas.ufpr.br\/contabeis\/wp-content\/uploads\/sites\/3\/2025\/01\/Captura-de-Tela-2025-01-21-as-17.07.36-233x300.png 233w\" sizes=\"auto, (max-width: 619px) 100vw, 619px\" \/><\/td>\n<td style=\"width: 87.8571%;padding: 0cm 5.4pt\" valign=\"top\" width=\"983\"><strong>Prof. Dr. Claudio Marcelo Edwards Barros<br \/>\n<\/strong>Doutor em Contabilidade e Mestre em Contabilidade pelo PPGCONT-UFPR. Graduado em Ci\u00eancias Econ\u00f4micas.<br \/>\n<strong>\u00c1reas de atua\u00e7\u00e3o e pesquisa:<\/strong> Pesquisador na \u00e1rea de Econometria e An\u00e1lise multivariada aplicadas a Contabilidade e Finan\u00e7as.<br \/>\n<strong>E-mail:\u00a0<\/strong><a href=\"mailto:marceloedwards@ufpr.br\">marceloedwards@ufpr.br<\/a><br \/>\n<a href=\"http:\/\/lattes.cnpq.br\/8486915444145984\"><strong>Curr\u00edculo Lattes<\/strong><\/a><\/td>\n<\/tr>\n<\/tbody>\n<\/table>\n<table class=\"MsoTableGrid\" style=\"border-collapse: collapse;border: none;width: 100%\" border=\"0\" cellspacing=\"0\" cellpadding=\"0\">\n<tbody>\n<tr>\n<td style=\"width: 98.85pt;padding: 0cm 5.4pt\"><a href=\"https:\/\/sociaisaplicadas.ufpr.br\/contabeis\/wp-content\/uploads\/sites\/3\/2025\/11\/image.png\"><img loading=\"lazy\" decoding=\"async\" class=\"aligncenter size-full wp-image-5780\" src=\"https:\/\/sociaisaplicadas.ufpr.br\/contabeis\/wp-content\/uploads\/sites\/3\/2025\/11\/image.png\" alt=\"\" width=\"2743\" height=\"3476\" srcset=\"https:\/\/sociaisaplicadas.ufpr.br\/contabeis\/wp-content\/uploads\/sites\/3\/2025\/11\/image.png 2743w, https:\/\/sociaisaplicadas.ufpr.br\/contabeis\/wp-content\/uploads\/sites\/3\/2025\/11\/image-237x300.png 237w, https:\/\/sociaisaplicadas.ufpr.br\/contabeis\/wp-content\/uploads\/sites\/3\/2025\/11\/image-808x1024.png 808w, https:\/\/sociaisaplicadas.ufpr.br\/contabeis\/wp-content\/uploads\/sites\/3\/2025\/11\/image-768x973.png 768w, https:\/\/sociaisaplicadas.ufpr.br\/contabeis\/wp-content\/uploads\/sites\/3\/2025\/11\/image-1212x1536.png 1212w, https:\/\/sociaisaplicadas.ufpr.br\/contabeis\/wp-content\/uploads\/sites\/3\/2025\/11\/image-1616x2048.png 1616w\" sizes=\"auto, (max-width: 2743px) 100vw, 2743px\" \/><\/a><\/td>\n<td style=\"width: 26cm;padding: 0cm 5.4pt\"><strong>Prof. Dr. Diogo Luiz Cordeiro Rodrigues<\/strong>Doutor em <span data-olk-copy-source=\"MessageBody\">\u00a0Direito Econ\u00f4mico, Financeiro e Tribut\u00e1rio pela Faculdade de Direito da USP (2022). Mestre em Direito do Estado pela Faculdade de Direito da UFPR (2015), com per\u00edodo de pesquisa na Universidade de Toronto, Canad\u00e1 (2014). MSc in Regulation (Commercial and Financial Regulation) pela <em>London School of Economics and Political Scienc<\/em>e \u2013 LSE (2019), reconhecido como Mestrado em Gest\u00e3o P\u00fablica pela UnB. Bacharel em Direito pela UERJ (2009)<\/span>Econ\u00f4micas.<br \/>\n<strong>\u00c1reas de atua\u00e7\u00e3o e pesquisa:\u00a0 <\/strong>Direito Administrativo; Direito Financeiro; Or\u00e7amento P\u00fablico; Regula\u00e7\u00e3o da Contabilidade P\u00fablica; Direito e Pol\u00edticas P\u00fablicas de Ci\u00eancia, Tecnologia e Inova\u00e7\u00e3o; Direito Tribut\u00e1rio, Direito Empresarial e Direito do Trabalho para cursos de Ci\u00eancias Sociais Aplicadas<br \/>\n<strong>Email: <\/strong><a href=\"mailto:diogo.cordeiro@ufpr.br\" target=\"_blank\" rel=\"noopener\">diogo.cordeiro@ufpr.br<\/a><strong><br \/>\n<a href=\"http:\/\/lattes.cnpq.br\/7635368954655035\" target=\"_blank\" rel=\"noopener\">Curr\u00edculo Lattes<\/a><\/strong><\/td>\n<\/tr>\n<tr>\n<td style=\"width: 98.85pt;padding: 0cm 5.4pt 0cm 5.4pt\" valign=\"top\" width=\"132\"><img loading=\"lazy\" decoding=\"async\" class=\"aligncenter wp-image-4409 size-full\" src=\"https:\/\/sociaisaplicadas.ufpr.br\/contabeis\/wp-content\/uploads\/sites\/3\/2025\/01\/Captura-de-Tela-2025-01-21-as-17.08.54.png\" alt=\"\" width=\"611\" height=\"808\" srcset=\"https:\/\/sociaisaplicadas.ufpr.br\/contabeis\/wp-content\/uploads\/sites\/3\/2025\/01\/Captura-de-Tela-2025-01-21-as-17.08.54.png 611w, https:\/\/sociaisaplicadas.ufpr.br\/contabeis\/wp-content\/uploads\/sites\/3\/2025\/01\/Captura-de-Tela-2025-01-21-as-17.08.54-227x300.png 227w\" sizes=\"auto, (max-width: 611px) 100vw, 611px\" \/><\/td>\n<td style=\"width: 26.0cm;padding: 0cm 5.4pt 0cm 5.4pt\" valign=\"top\" width=\"983\"><strong>Profa. Dra. Edicreia Andrade dos Santos<br \/>\n<\/strong>Doutora em Contabilidade pela UFSC (2019). Mestre em Contabilidade pelo PPGCONT-UFPR (2016). Graduada em Ci\u00eancias Cont\u00e1beis (2012) e em Hist\u00f3ria Licenciatura Plena (2007) pela Unicentro-Irati.<br \/>\n<strong>\u00c1reas de atua\u00e7\u00e3o e pesquisa:<\/strong> Contabilidade Gerencial, Sistema de Controle Gerencial, Avalia\u00e7\u00e3o de Desempenho.<br \/>\n<strong>E-mail:\u00a0<\/strong><a href=\"mailto:edicreiaandrade@ufpr.br\">edicreiaandrade@ufpr.br<\/a><br \/>\n<a href=\"http:\/\/lattes.cnpq.br\/5067383145419853\"><strong>Curr\u00edculo Lattes<\/strong><\/a><\/td>\n<\/tr>\n<\/tbody>\n<\/table>\n<table class=\"MsoTableGrid\" style=\"border-collapse: collapse;border: none\" border=\"0\" cellspacing=\"0\" cellpadding=\"0\">\n<tbody>\n<tr>\n<td style=\"width: 98.85pt;padding: 0cm 5.4pt 0cm 5.4pt\" valign=\"top\" width=\"132\"><img loading=\"lazy\" decoding=\"async\" class=\"aligncenter wp-image-4419 size-full\" src=\"https:\/\/sociaisaplicadas.ufpr.br\/contabeis\/wp-content\/uploads\/sites\/3\/2025\/01\/Captura-de-Tela-2025-01-21-as-17.11.31.png\" alt=\"\" width=\"515\" height=\"687\" srcset=\"https:\/\/sociaisaplicadas.ufpr.br\/contabeis\/wp-content\/uploads\/sites\/3\/2025\/01\/Captura-de-Tela-2025-01-21-as-17.11.31.png 515w, https:\/\/sociaisaplicadas.ufpr.br\/contabeis\/wp-content\/uploads\/sites\/3\/2025\/01\/Captura-de-Tela-2025-01-21-as-17.11.31-225x300.png 225w\" sizes=\"auto, (max-width: 515px) 100vw, 515px\" \/><\/td>\n<td style=\"width: 26.0cm;padding: 0cm 5.4pt 0cm 5.4pt\" valign=\"top\" width=\"983\"><strong>Prof. Dr. Flaviano Costa<br \/>\n<\/strong>Doutor em Controladoria e Contabilidade pela FEA\/USP (2016). Mestre em Contabilidade pela UFPR (2010). Graduado em Ci\u00eancias Cont\u00e1beis pela PUC\/ PR (2003).<br \/>\n<strong>\u00c1reas de atua\u00e7\u00e3o e pesquisa:<\/strong> Epistemologia da Ci\u00eancia Cont\u00e1bil, Ensino e Pesquisa em Contabilidade, Pesquisa Qualitativa em Contabilidade e Sistemas de Controle Gerencial.<br \/>\n<strong>E-mail: <\/strong><a href=\"mailto:flaviano@ufpr.br\">flaviano@ufpr.br<\/a><br \/>\n<a href=\"http:\/\/lattes.cnpq.br\/6018273048039566\"><strong>Curr\u00edculo Lattes<\/strong><\/a><\/td>\n<\/tr>\n<\/tbody>\n<\/table>\n<table class=\"MsoTableGrid\" style=\"border-collapse: collapse;border: none\" border=\"0\" cellspacing=\"0\" cellpadding=\"0\">\n<tbody>\n<tr>\n<td style=\"width: 98.85pt;padding: 0cm 5.4pt 0cm 5.4pt\" valign=\"top\" width=\"132\"><img loading=\"lazy\" decoding=\"async\" class=\"alignnone wp-image-4422 size-full\" src=\"https:\/\/sociaisaplicadas.ufpr.br\/contabeis\/wp-content\/uploads\/sites\/3\/2025\/01\/Captura-de-Tela-2025-01-21-as-17.12.54.png\" alt=\"\" width=\"642\" height=\"804\" srcset=\"https:\/\/sociaisaplicadas.ufpr.br\/contabeis\/wp-content\/uploads\/sites\/3\/2025\/01\/Captura-de-Tela-2025-01-21-as-17.12.54.png 642w, https:\/\/sociaisaplicadas.ufpr.br\/contabeis\/wp-content\/uploads\/sites\/3\/2025\/01\/Captura-de-Tela-2025-01-21-as-17.12.54-240x300.png 240w\" sizes=\"auto, (max-width: 642px) 100vw, 642px\" \/><\/td>\n<td style=\"width: 26.0cm;padding: 0cm 5.4pt 0cm 5.4pt\" valign=\"top\" width=\"983\"><strong>Prof. Dr. Henrique Portulhak<br \/>\n<\/strong>Doutor em Contabilidade pelo PPGCONT-UFPR (2018). Mestre em Contabilidade pelo PPGCONT-UFPR (2013). Graduado em Ci\u00eancias Cont\u00e1beis pela UFPR (2009).<br \/>\n<strong>\u00c1reas de atua\u00e7\u00e3o e pesquisa:<\/strong> Contabilidade Aplicada ao Setor P\u00fablico, Contabilidade Aplicada ao Terceiro Setor, Valor P\u00fablico, Avalia\u00e7\u00e3o de Desempenho, Gest\u00e3o P\u00fablica e no Terceiro Setor, Gest\u00e3o em Sa\u00fade e Servi\u00e7os Compartilhados.<br \/>\n<strong>E-mail:<\/strong>\u00a0<a href=\"mailto:henrique.portulhak@ufpr.br\">henrique.portulhak@ufpr.br<\/a><br \/>\n<a href=\"http:\/\/lattes.cnpq.br\/7442844595682064\"><strong>Curr\u00edculo Lattes<\/strong><\/a><\/td>\n<\/tr>\n<\/tbody>\n<\/table>\n<table class=\"MsoTableGrid\" style=\"border-collapse: collapse;border: none\" border=\"0\" cellspacing=\"0\" cellpadding=\"0\">\n<tbody>\n<tr>\n<td style=\"width: 98.85pt;padding: 0cm 5.4pt 0cm 5.4pt\" valign=\"top\" width=\"132\"><img loading=\"lazy\" decoding=\"async\" class=\"aligncenter size-full wp-image-4427\" src=\"https:\/\/sociaisaplicadas.ufpr.br\/contabeis\/wp-content\/uploads\/sites\/3\/2025\/01\/Captura-de-Tela-2025-01-21-as-17.14.19.png\" alt=\"\" width=\"664\" height=\"794\" srcset=\"https:\/\/sociaisaplicadas.ufpr.br\/contabeis\/wp-content\/uploads\/sites\/3\/2025\/01\/Captura-de-Tela-2025-01-21-as-17.14.19.png 664w, https:\/\/sociaisaplicadas.ufpr.br\/contabeis\/wp-content\/uploads\/sites\/3\/2025\/01\/Captura-de-Tela-2025-01-21-as-17.14.19-251x300.png 251w\" sizes=\"auto, (max-width: 664px) 100vw, 664px\" \/><\/td>\n<td style=\"width: 26.0cm;padding: 0cm 5.4pt 0cm 5.4pt\" valign=\"top\" width=\"983\"><strong>Prof. Me. Jackson Ciro Sandrini<br \/>\n<\/strong>Mestre em Contabilidade e Finan\u00e7as pela UFPR (2007). Graduado em Matem\u00e1tica pela PUC-PR (1978).<br \/>\n<strong>\u00c1reas de atua\u00e7\u00e3o e pesquisa:<\/strong> Matem\u00e1tica Financeira e An\u00e1lise de Investimentos.<br \/>\n<strong>E-mail:\u00a0<\/strong><a href=\"mailto:jcsandrini@ufpr.br\">jcsandrini@ufpr.br<\/a><br \/>\n<a href=\"http:\/\/lattes.cnpq.br\/0724230853039534\"><strong>Curr\u00edculo Lattes<\/strong><\/a><\/td>\n<\/tr>\n<\/tbody>\n<\/table>\n<table class=\"MsoTableGrid\" style=\"border-collapse: collapse;border: none\" border=\"0\" cellspacing=\"0\" cellpadding=\"0\">\n<tbody>\n<tr>\n<td style=\"width: 98.85pt;padding: 0cm 5.4pt 0cm 5.4pt\" valign=\"top\" width=\"132\"><img loading=\"lazy\" decoding=\"async\" class=\"aligncenter size-full wp-image-4431\" src=\"https:\/\/sociaisaplicadas.ufpr.br\/contabeis\/wp-content\/uploads\/sites\/3\/2025\/01\/Captura-de-Tela-2025-01-21-as-17.16.31.png\" alt=\"\" width=\"504\" height=\"806\" srcset=\"https:\/\/sociaisaplicadas.ufpr.br\/contabeis\/wp-content\/uploads\/sites\/3\/2025\/01\/Captura-de-Tela-2025-01-21-as-17.16.31.png 504w, https:\/\/sociaisaplicadas.ufpr.br\/contabeis\/wp-content\/uploads\/sites\/3\/2025\/01\/Captura-de-Tela-2025-01-21-as-17.16.31-188x300.png 188w\" sizes=\"auto, (max-width: 504px) 100vw, 504px\" \/><\/td>\n<td style=\"width: 26.0cm;padding: 0cm 5.4pt 0cm 5.4pt\" valign=\"top\" width=\"983\"><strong>Profa. Dra. Luciana Klein<br \/>\n<\/strong>Doutora em Contabilidade pelo PPGCONT-UFPR (2017). Mestre em contabilidade pela PPGCONT-UFPR (2014). Graduada em Ci\u00eancias Cont\u00e1beis pela Unioeste (2011).<br \/>\n<strong>\u00c1reas de atua\u00e7\u00e3o e pesquisa:<\/strong> Contabilidade Gerencial, Inova\u00e7\u00e3o.<br \/>\n<strong>E-mail: <\/strong><a href=\"mailto:lucianaklein@ufpr.br\">lucianaklein@ufpr.br<\/a><br \/>\n<a href=\"http:\/\/lattes.cnpq.br\/0886135422654486\"><strong>Curr\u00edculo Lattes<\/strong><\/a><\/td>\n<\/tr>\n<\/tbody>\n<\/table>\n<table class=\"MsoTableGrid\" style=\"border-collapse: collapse;border: none\" border=\"0\" cellspacing=\"0\" cellpadding=\"0\">\n<tbody>\n<tr>\n<td style=\"width: 98.85pt;padding: 0cm 5.4pt 0cm 5.4pt\" valign=\"top\" width=\"132\"><img loading=\"lazy\" decoding=\"async\" class=\"aligncenter size-full wp-image-4436\" src=\"https:\/\/sociaisaplicadas.ufpr.br\/contabeis\/wp-content\/uploads\/sites\/3\/2025\/01\/Captura-de-Tela-2025-01-21-as-17.17.14.png\" alt=\"\" width=\"634\" height=\"839\" srcset=\"https:\/\/sociaisaplicadas.ufpr.br\/contabeis\/wp-content\/uploads\/sites\/3\/2025\/01\/Captura-de-Tela-2025-01-21-as-17.17.14.png 634w, https:\/\/sociaisaplicadas.ufpr.br\/contabeis\/wp-content\/uploads\/sites\/3\/2025\/01\/Captura-de-Tela-2025-01-21-as-17.17.14-227x300.png 227w\" sizes=\"auto, (max-width: 634px) 100vw, 634px\" \/><\/td>\n<td style=\"width: 26.0cm;padding: 0cm 5.4pt 0cm 5.4pt\" valign=\"top\" width=\"983\"><strong>Prof. Dr. Luciano Marcio Scherer<br \/>\n<\/strong>Doutor em Controladoria e Contabilidade pela USP (2006). Mestre em Controladoria e Contabilidade pela USP (2002). Graduado em Ci\u00eancias Cont\u00e1beis pela Unioeste (1999).<br \/>\n<strong>\u00c1reas de atua\u00e7\u00e3o e pesquisa:<\/strong> Contabilidade Financeira e Contabilidade para Usu\u00e1rios Externos.<br \/>\n<strong>E-mail:<\/strong><a href=\"mailto:lmscherer@ufpr.br\"> lmscherer@ufpr.br<\/a><br \/>\n<a href=\"http:\/\/lattes.cnpq.br\/0474097266567706\"><strong>Curr\u00edculo Lattes<\/strong><\/a><\/td>\n<\/tr>\n<\/tbody>\n<\/table>\n<table class=\"MsoTableGrid\" style=\"border-collapse: collapse;border: none;width: 100%\" border=\"0\" cellspacing=\"0\" cellpadding=\"0\">\n<tbody>\n<tr>\n<td style=\"width: 98.85pt;padding: 0cm 5.4pt 0cm 5.4pt\" valign=\"top\" width=\"132\"><\/td>\n<td style=\"width: 26.0cm;padding: 0cm 5.4pt 0cm 5.4pt\" valign=\"top\" width=\"983\"><strong>Prof. Me. Luiz Carlos de Souza<br \/>\n<\/strong>Mestre em Ci\u00eancias Cont\u00e1beis e Atuariais pela PUC-SP (2000). Graduado em Ci\u00eancias Cont\u00e1beis pela FAE (1983). Graduado em Direito pela UNIANDRADE (2006).<strong><br \/>\n\u00c1reas de atua\u00e7\u00e3o e pesquisa: <\/strong>Contabilidade Tribut\u00e1ria<strong><br \/>\nE-mail: <\/strong><a href=\"mailto:luizcsouza@ufpr.br\">luizcsouza@ufpr.br<\/a><strong><br \/>\n<a href=\"http:\/\/lattes.cnpq.br\/4851637355346695\">Curr\u00edculo Lattes<\/a><\/strong><\/td>\n<\/tr>\n<\/tbody>\n<\/table>\n<table class=\"MsoTableGrid\" style=\"border-collapse: collapse;border: none\" border=\"0\" cellspacing=\"0\" cellpadding=\"0\">\n<tbody>\n<tr>\n<td style=\"width: 98.85pt;padding: 0cm 5.4pt 0cm 5.4pt\" valign=\"top\" width=\"132\"><img loading=\"lazy\" decoding=\"async\" class=\"aligncenter size-full wp-image-4516\" src=\"https:\/\/sociaisaplicadas.ufpr.br\/contabeis\/wp-content\/uploads\/sites\/3\/2025\/01\/Foto-Panhoca_02-scaled.jpg\" alt=\"\" width=\"1438\" height=\"2560\" srcset=\"https:\/\/sociaisaplicadas.ufpr.br\/contabeis\/wp-content\/uploads\/sites\/3\/2025\/01\/Foto-Panhoca_02-scaled.jpg 1438w, https:\/\/sociaisaplicadas.ufpr.br\/contabeis\/wp-content\/uploads\/sites\/3\/2025\/01\/Foto-Panhoca_02-169x300.jpg 169w, https:\/\/sociaisaplicadas.ufpr.br\/contabeis\/wp-content\/uploads\/sites\/3\/2025\/01\/Foto-Panhoca_02-575x1024.jpg 575w, https:\/\/sociaisaplicadas.ufpr.br\/contabeis\/wp-content\/uploads\/sites\/3\/2025\/01\/Foto-Panhoca_02-768x1367.jpg 768w, https:\/\/sociaisaplicadas.ufpr.br\/contabeis\/wp-content\/uploads\/sites\/3\/2025\/01\/Foto-Panhoca_02-863x1536.jpg 863w, https:\/\/sociaisaplicadas.ufpr.br\/contabeis\/wp-content\/uploads\/sites\/3\/2025\/01\/Foto-Panhoca_02-1150x2048.jpg 1150w\" sizes=\"auto, (max-width: 1438px) 100vw, 1438px\" \/><\/td>\n<td style=\"width: 26.0cm;padding: 0cm 5.4pt 0cm 5.4pt\" valign=\"top\" width=\"983\"><strong>Prof. Dr. Luiz Panhoca<br \/>\n<\/strong>P\u00f3s-Doutor em Geografia pela UFPR (2013). Doutor em Contabilidade e Controladoria pela USP (2001). Mestre em Economia pela PUC-SP (1995). Graduado em Ci\u00eancias Cont\u00e1beis pela IUB (2007). Graduado em Engenharia pela FEI (1977).<br \/>\n<strong>\u00c1reas de atua\u00e7\u00e3o e pesquisa:<\/strong> Contabilidade e mensura\u00e7\u00e3o ambiental e Integrated Report.<br \/>\n<strong>E-mail:<\/strong>\u00a0<a href=\"mailto:panhoca@ufpr.br\">panhoca@ufpr.br<\/a><br \/>\n<a href=\"http:\/\/lattes.cnpq.br\/4079189813081968\"><strong>Curr\u00edculo Lattes<\/strong><\/a><\/td>\n<\/tr>\n<\/tbody>\n<\/table>\n<table class=\"MsoTableGrid\" style=\"border-collapse: collapse;border: none\" border=\"0\" cellspacing=\"0\" cellpadding=\"0\">\n<tbody>\n<tr>\n<td style=\"width: 98.85pt;padding: 0cm 5.4pt 0cm 5.4pt\" valign=\"top\" width=\"132\"><img loading=\"lazy\" decoding=\"async\" class=\"aligncenter size-full wp-image-4440\" src=\"https:\/\/sociaisaplicadas.ufpr.br\/contabeis\/wp-content\/uploads\/sites\/3\/2025\/01\/Captura-de-Tela-2025-01-21-as-17.17.53.png\" alt=\"\" width=\"575\" height=\"822\" srcset=\"https:\/\/sociaisaplicadas.ufpr.br\/contabeis\/wp-content\/uploads\/sites\/3\/2025\/01\/Captura-de-Tela-2025-01-21-as-17.17.53.png 575w, https:\/\/sociaisaplicadas.ufpr.br\/contabeis\/wp-content\/uploads\/sites\/3\/2025\/01\/Captura-de-Tela-2025-01-21-as-17.17.53-210x300.png 210w\" sizes=\"auto, (max-width: 575px) 100vw, 575px\" \/><\/td>\n<td style=\"width: 26.0cm;padding: 0cm 5.4pt 0cm 5.4pt\" valign=\"top\" width=\"983\"><strong>Prof. Dr. Luiz Rogerio Farias<br \/>\n<\/strong>Doutor em Contabilidade pelo PPGCONT-UFPR (2023). Mestre em Engenharia de Produ\u00e7\u00e3o pela UFSC (2003). Graduado Ci\u00eancias Cont\u00e1beis pela FESP (1979). Graduado em Administra\u00e7\u00e3o de Empresas pela UEPG (1976).<br \/>\n<strong>\u00c1reas de atua\u00e7\u00e3o e pesquisa: <\/strong>An\u00e1lise econ\u00f4mica-financeira.<br \/>\n<strong>E-mail:<\/strong>\u00a0<a href=\"mailto:luiz.farias@ufpr.br\">luiz.farias@ufpr.br<\/a><br \/>\n<a href=\"http:\/\/lattes.cnpq.br\/2516048904314953\"><strong>Curr\u00edculo Lattes<\/strong><\/a><\/td>\n<\/tr>\n<\/tbody>\n<\/table>\n<table class=\"MsoTableGrid\" style=\"border-collapse: collapse;border: none\" border=\"0\" cellspacing=\"0\" cellpadding=\"0\">\n<tbody>\n<tr>\n<td style=\"width: 98.85pt;padding: 0cm 5.4pt 0cm 5.4pt\" valign=\"top\" width=\"132\"><img loading=\"lazy\" decoding=\"async\" class=\"aligncenter size-full wp-image-4445\" src=\"https:\/\/sociaisaplicadas.ufpr.br\/contabeis\/wp-content\/uploads\/sites\/3\/2025\/01\/Captura-de-Tela-2025-01-21-as-17.26.32.png\" alt=\"\" width=\"585\" height=\"783\" srcset=\"https:\/\/sociaisaplicadas.ufpr.br\/contabeis\/wp-content\/uploads\/sites\/3\/2025\/01\/Captura-de-Tela-2025-01-21-as-17.26.32.png 585w, https:\/\/sociaisaplicadas.ufpr.br\/contabeis\/wp-content\/uploads\/sites\/3\/2025\/01\/Captura-de-Tela-2025-01-21-as-17.26.32-224x300.png 224w\" sizes=\"auto, (max-width: 585px) 100vw, 585px\" \/><\/td>\n<td style=\"width: 26.0cm;padding: 0cm 5.4pt 0cm 5.4pt\" valign=\"top\" width=\"983\"><strong>Profa. Dra. Mariana Medeiros Dantas de Melo Bressan<br \/>\n<\/strong>Doutora em Administra\u00e7\u00e3o pelo PPGADM-UFRN (2019). Mestre em Contabilidade pelo PPGCONT\u2013 UnB, UFRN, UFPB (2014). Graduada em Ci\u00eancias Cont\u00e1beis pela UFRN (2011).<br \/>\n<strong>\u00c1reas de atua\u00e7\u00e3o e pesquisa: <\/strong>Contabilidade Societ\u00e1ria, Compliance, Divulga\u00e7\u00e3o de informa\u00e7\u00f5es cont\u00e1beis.<br \/>\n<strong>E-mail:\u00a0<\/strong><a href=\"mailto:mariana.melo@ufpr.br\">mariana.melo@ufpr.br<\/a><br \/>\n<a href=\"http:\/\/lattes.cnpq.br\/4064743265719466\"><strong>Curr\u00edculo Lattes<\/strong><\/a><\/td>\n<\/tr>\n<\/tbody>\n<\/table>\n<table class=\"MsoTableGrid\" style=\"border-collapse: collapse;border: none;width: 100%\" border=\"0\" cellspacing=\"0\" cellpadding=\"0\">\n<tbody>\n<tr>\n<td style=\"width: 98.85pt;padding: 0cm 5.4pt 0cm 5.4pt\" valign=\"top\" width=\"132\"><img loading=\"lazy\" decoding=\"async\" class=\"aligncenter size-full wp-image-4448\" src=\"https:\/\/sociaisaplicadas.ufpr.br\/contabeis\/wp-content\/uploads\/sites\/3\/2025\/01\/Captura-de-Tela-2025-01-21-as-17.27.24.png\" alt=\"\" width=\"609\" height=\"813\" srcset=\"https:\/\/sociaisaplicadas.ufpr.br\/contabeis\/wp-content\/uploads\/sites\/3\/2025\/01\/Captura-de-Tela-2025-01-21-as-17.27.24.png 609w, https:\/\/sociaisaplicadas.ufpr.br\/contabeis\/wp-content\/uploads\/sites\/3\/2025\/01\/Captura-de-Tela-2025-01-21-as-17.27.24-225x300.png 225w\" sizes=\"auto, (max-width: 609px) 100vw, 609px\" \/><\/td>\n<td style=\"width: 26.0cm;padding: 0cm 5.4pt 0cm 5.4pt\" valign=\"top\" width=\"983\"><strong>Profa. Dra. Nayane Thais Krespi Musial<br \/>\n<\/strong>Doutora em M\u00e9todos Num\u00e9ricos em Engenharia pela UFPR (2016). Mestre em Ci\u00eancias Cont\u00e1beis pela FURB (2012). Graduada em Matem\u00e1tica pela FURB (2010).<br \/>\n<strong>\u00c1reas de atua\u00e7\u00e3o e pesquisa:<\/strong> Estrat\u00e9gias Organizacionais; Controles Gerenciais; Sustentabilidade; Inova\u00e7\u00e3o e Governan\u00e7a, Ensino de Contabilidade.<br \/>\n<strong>E-mail:<\/strong>\u00a0<a href=\"mailto:nayanethais@ufpr.br\">nayanethais@ufpr.br<\/a><br \/>\n<a href=\"http:\/\/lattes.cnpq.br\/6511066606425664\"><strong>Curr\u00edculo Lattes<\/strong><\/a><\/td>\n<\/tr>\n<\/tbody>\n<\/table>\n<table class=\"MsoTableGrid\" style=\"border-collapse: collapse;border: none;width: 100%\" border=\"0\" cellspacing=\"0\" cellpadding=\"0\">\n<tbody>\n<tr>\n<td style=\"width: 98.85pt;padding: 0cm 5.4pt 0cm 5.4pt\" valign=\"top\" width=\"132\"><img loading=\"lazy\" decoding=\"async\" class=\"aligncenter size-full wp-image-4521\" src=\"https:\/\/sociaisaplicadas.ufpr.br\/contabeis\/wp-content\/uploads\/sites\/3\/2025\/01\/paulo.png\" alt=\"\" width=\"413\" height=\"531\" srcset=\"https:\/\/sociaisaplicadas.ufpr.br\/contabeis\/wp-content\/uploads\/sites\/3\/2025\/01\/paulo.png 413w, https:\/\/sociaisaplicadas.ufpr.br\/contabeis\/wp-content\/uploads\/sites\/3\/2025\/01\/paulo-233x300.png 233w\" sizes=\"auto, (max-width: 413px) 100vw, 413px\" \/><\/td>\n<td style=\"width: 26.0cm;padding: 0cm 5.4pt 0cm 5.4pt\" valign=\"top\" width=\"983\"><strong>Prof. Dr. Paulo Vitor Souza de Souza<br \/>\n<\/strong>P\u00f3s-Doutor em Contabilidade pelo PPGC\/UFSC. Doutor em Ci\u00eancias Cont\u00e1beis pelo PPGCont\/UnB. Mestre em Ci\u00eancias Cont\u00e1beis pelo PPGCC\/UERJ. Graduado em Ci\u00eancias Cont\u00e1beis pela UFPA.<br \/>\n<strong>\u00c1reas de atua\u00e7\u00e3o e pesquisa:<\/strong> Contabilidade Financeira, Finan\u00e7as, Contabilidade Comportamental, Contabilidade do Setor P\u00fablico e Reporting em Sustentabilidade.<br \/>\n<strong>E-mail: <\/strong>paulovsouza@ufpr.br<strong><br \/>\n<a href=\"http:\/\/lattes.cnpq.br\/6227919192536907\">Curr\u00edculo Lattes<\/a><\/strong><\/td>\n<\/tr>\n<\/tbody>\n<\/table>\n<table class=\"MsoTableGrid\" style=\"border-collapse: collapse;border: none;width: 100%\" border=\"0\" cellspacing=\"0\" cellpadding=\"0\">\n<tbody>\n<tr>\n<td style=\"width: 98.85pt;padding: 0cm 5.4pt 0cm 5.4pt\" valign=\"top\" width=\"132\"><img loading=\"lazy\" decoding=\"async\" class=\"aligncenter size-full wp-image-4449\" src=\"https:\/\/sociaisaplicadas.ufpr.br\/contabeis\/wp-content\/uploads\/sites\/3\/2025\/01\/Captura-de-Tela-2025-01-21-as-17.28.03.png\" alt=\"\" width=\"553\" height=\"734\" srcset=\"https:\/\/sociaisaplicadas.ufpr.br\/contabeis\/wp-content\/uploads\/sites\/3\/2025\/01\/Captura-de-Tela-2025-01-21-as-17.28.03.png 553w, https:\/\/sociaisaplicadas.ufpr.br\/contabeis\/wp-content\/uploads\/sites\/3\/2025\/01\/Captura-de-Tela-2025-01-21-as-17.28.03-226x300.png 226w\" sizes=\"auto, (max-width: 553px) 100vw, 553px\" \/><\/td>\n<td style=\"width: 26.0cm;padding: 0cm 5.4pt 0cm 5.4pt\" valign=\"top\" width=\"983\"><strong>Prof. Dr. Romualdo Douglas Colauto<br \/>\n<\/strong>P\u00f3s-Doutor em Contabilidade pela Universidade de S\u00e3o Paulo FEA\/USP (2013). Doutor em Engenharia de Produ\u00e7\u00e3o pela UFSC (2005). Mestre em Engenharia de Produ\u00e7\u00e3o pela UFSC (2001). Graduado em Ci\u00eancias Cont\u00e1beis pela FECEA (1993). Graduado em Letras pela FAFIJAN (1998).<br \/>\n<strong>\u00c1reas de atua\u00e7\u00e3o e pesquisa: <\/strong>Contabilidade Financeira; Educa\u00e7\u00e3o e Pesquisa em Contabilidade.<br \/>\n<strong>E-mail:<\/strong>\u00a0<a href=\"mailto:rdcolauto@ufpr.br\">rdcolauto@ufpr.br<\/a><br \/>\n<a href=\"http:\/\/lattes.cnpq.br\/4411504880578074\"><strong>Curr\u00edculo Lattes<\/strong><\/a><\/td>\n<\/tr>\n<\/tbody>\n<\/table>\n<table class=\"MsoTableGrid\" style=\"border-collapse: collapse;border: none\" border=\"0\" cellspacing=\"0\" cellpadding=\"0\">\n<tbody>\n<tr>\n<td style=\"width: 98.85pt;padding: 0cm 5.4pt 0cm 5.4pt\" valign=\"top\" width=\"132\"><img loading=\"lazy\" decoding=\"async\" class=\"aligncenter size-full wp-image-4451\" src=\"https:\/\/sociaisaplicadas.ufpr.br\/contabeis\/wp-content\/uploads\/sites\/3\/2025\/01\/Captura-de-Tela-2025-01-21-as-17.28.44.png\" alt=\"\" width=\"515\" height=\"749\" srcset=\"https:\/\/sociaisaplicadas.ufpr.br\/contabeis\/wp-content\/uploads\/sites\/3\/2025\/01\/Captura-de-Tela-2025-01-21-as-17.28.44.png 515w, https:\/\/sociaisaplicadas.ufpr.br\/contabeis\/wp-content\/uploads\/sites\/3\/2025\/01\/Captura-de-Tela-2025-01-21-as-17.28.44-206x300.png 206w\" sizes=\"auto, (max-width: 515px) 100vw, 515px\" \/><\/td>\n<td style=\"width: 26.0cm;padding: 0cm 5.4pt 0cm 5.4pt\" valign=\"top\" width=\"983\"><strong>Profa. Dra. Sayuri Unoki de Azevedo<br \/>\n<\/strong>Doutora em Controladoria e Contabilidade pela FEA\/USP (2017). Mestre em Contabilidade e Finan\u00e7as pela UFPR (2013). Graduada em Ci\u00eancias Cont\u00e1beis pela UFPR (2010).<br \/>\n<strong>\u00c1reas de atua\u00e7\u00e3o e pesquisa: <\/strong>Sustentabilidade no Terceiro Setor; Avalia\u00e7\u00e3o de Desempenho; Estrat\u00e9gias de Decis\u00f5es; Gest\u00e3o organizacional; Contabilidade Gerencial.<br \/>\n<strong>E-mail:<\/strong><a href=\"mailto:sayuri.unoki@ufpr.br\"> sayuri.unoki@ufpr.br<\/a><br \/>\n<a href=\"http:\/\/lattes.cnpq.br\/8783398920593255\"><strong>Curr\u00edculo Lattes<\/strong><\/a><\/td>\n<\/tr>\n<\/tbody>\n<\/table>\n<table class=\"MsoTableGrid\" style=\"border-collapse: collapse;border: none\" border=\"0\" cellspacing=\"0\" cellpadding=\"0\">\n<tbody>\n<tr>\n<td style=\"width: 98.85pt;padding: 0cm 5.4pt 0cm 5.4pt\" valign=\"top\" width=\"132\"><img loading=\"lazy\" decoding=\"async\" class=\"aligncenter size-full wp-image-4455\" src=\"https:\/\/sociaisaplicadas.ufpr.br\/contabeis\/wp-content\/uploads\/sites\/3\/2025\/01\/Captura-de-Tela-2025-01-21-as-17.29.23.png\" alt=\"\" width=\"587\" height=\"771\" srcset=\"https:\/\/sociaisaplicadas.ufpr.br\/contabeis\/wp-content\/uploads\/sites\/3\/2025\/01\/Captura-de-Tela-2025-01-21-as-17.29.23.png 587w, https:\/\/sociaisaplicadas.ufpr.br\/contabeis\/wp-content\/uploads\/sites\/3\/2025\/01\/Captura-de-Tela-2025-01-21-as-17.29.23-228x300.png 228w\" sizes=\"auto, (max-width: 587px) 100vw, 587px\" \/><\/td>\n<td style=\"width: 26.0cm;padding: 0cm 5.4pt 0cm 5.4pt\" valign=\"top\" width=\"983\"><strong>Profa. Dra. Silvia Consoni<\/strong><br \/>\nDoutora em Contabilidade pelo PPGCONT-UFPR (2021). Mestra em Contabilidade pelo PPGCONT-UFPR (2014). Graduada em Ci\u00eancias Cont\u00e1beis pela UFSC (2011). Graduada em Hist\u00f3ria pela UFSC (2007).<br \/>\n<strong>\u00c1reas de atua\u00e7\u00e3o e pesquisa: <\/strong>Contabilidade Financeira e Finan\u00e7as; Coaliz\u00f5es de Acionistas; Divulga\u00e7\u00e3o de Informa\u00e7\u00f5es Cont\u00e1beis.<br \/>\n<strong>E-mail:\u00a0<\/strong><a href=\"mailto:silviaconsoni@ufpr.br\">silviaconsoni@ufpr.br<\/a><br \/>\n<a href=\"http:\/\/lattes.cnpq.br\/1153315249969383\"><strong>Curr\u00edculo Lattes<\/strong><\/a><\/td>\n<\/tr>\n<\/tbody>\n<\/table>\n<table class=\"MsoTableGrid\" style=\"border-collapse: collapse;border: none\" border=\"0\" cellspacing=\"0\" cellpadding=\"0\">\n<tbody>\n<tr>\n<td style=\"width: 98.85pt;padding: 0cm 5.4pt 0cm 5.4pt\" valign=\"top\" width=\"132\"><img loading=\"lazy\" decoding=\"async\" class=\"aligncenter size-full wp-image-4458\" src=\"https:\/\/sociaisaplicadas.ufpr.br\/contabeis\/wp-content\/uploads\/sites\/3\/2025\/01\/Captura-de-Tela-2025-01-21-as-17.29.59.png\" alt=\"\" width=\"435\" height=\"707\" srcset=\"https:\/\/sociaisaplicadas.ufpr.br\/contabeis\/wp-content\/uploads\/sites\/3\/2025\/01\/Captura-de-Tela-2025-01-21-as-17.29.59.png 435w, https:\/\/sociaisaplicadas.ufpr.br\/contabeis\/wp-content\/uploads\/sites\/3\/2025\/01\/Captura-de-Tela-2025-01-21-as-17.29.59-185x300.png 185w\" sizes=\"auto, (max-width: 435px) 100vw, 435px\" \/><\/td>\n<td style=\"width: 26.0cm;padding: 0cm 5.4pt 0cm 5.4pt\" valign=\"top\" width=\"983\"><strong>Profa. Dra. Simone Bernardes Voese<br \/>\n<\/strong>P\u00f3s-Doutora em Administra\u00e7\u00e3o pela UFMS (2017). Doutora em Engenharia de Produ\u00e7\u00e3o pela UFSC (2006). Mestre em Engenharia de Produ\u00e7\u00e3o UFSC (1999). Graduada em Ci\u00eancias Cont\u00e1beis pela Univali (1996).<br \/>\n<strong>\u00c1reas de atua\u00e7\u00e3o e pesquisa: <\/strong>Gest\u00e3o de custos, controle gerencial, sustentabilidade e avalia\u00e7\u00e3o de desempenho.<br \/>\n<strong>E-mail: <\/strong><a href=\"mailto:simone.voese@ufpr.br\">simone.voese@ufpr.br<\/a><br \/>\n<a href=\"http:\/\/lattes.cnpq.br\/5260957570795964\"><strong>Curr\u00edculo Lattes<\/strong><\/a><\/td>\n<\/tr>\n<\/tbody>\n<\/table>\n<table class=\"MsoTableGrid\" style=\"border-collapse: collapse;border: none;width: 100%\" border=\"0\" cellspacing=\"0\" cellpadding=\"0\">\n<tbody>\n<tr>\n<td style=\"width: 98.85pt;padding: 0cm 5.4pt 0cm 5.4pt\" valign=\"top\" width=\"132\"><img loading=\"lazy\" decoding=\"async\" class=\"aligncenter size-full wp-image-4459\" src=\"https:\/\/sociaisaplicadas.ufpr.br\/contabeis\/wp-content\/uploads\/sites\/3\/2025\/01\/Captura-de-Tela-2025-01-21-as-17.30.42.png\" alt=\"\" width=\"596\" height=\"756\" srcset=\"https:\/\/sociaisaplicadas.ufpr.br\/contabeis\/wp-content\/uploads\/sites\/3\/2025\/01\/Captura-de-Tela-2025-01-21-as-17.30.42.png 596w, https:\/\/sociaisaplicadas.ufpr.br\/contabeis\/wp-content\/uploads\/sites\/3\/2025\/01\/Captura-de-Tela-2025-01-21-as-17.30.42-237x300.png 237w\" sizes=\"auto, (max-width: 596px) 100vw, 596px\" \/><\/td>\n<td style=\"width: 26.0cm;padding: 0cm 5.4pt 0cm 5.4pt\" valign=\"top\" width=\"983\"><strong>Profa. Dra. Tatiane de Oliveira Marques<br \/>\n<\/strong>Doutora em Contabilidade pela UnB (2017). Mestre em Contabilidade pela UFSC (2013). Graduada em Ci\u00eancias Cont\u00e1beis pela Unioeste (2008).<br \/>\n<strong>\u00c1reas de atua\u00e7\u00e3o e pesquisa:<\/strong> Contabilidade Societ\u00e1ria e Teoria da Contabilidade.<br \/>\n<strong>E-mail:<\/strong>\u00a0<a href=\"mailto:tatianemarques@ufpr.br\">tatianemarques@ufpr.br<\/a><br \/>\n<a href=\"http:\/\/lattes.cnpq.br\/2373713624541442\"><strong>Curr\u00edculo Lattes<\/strong><\/a><\/td>\n<\/tr>\n<\/tbody>\n<\/table>\n<table class=\"MsoTableGrid\" style=\"border-collapse: collapse;border: none;width: 100%\" border=\"0\" cellspacing=\"0\" cellpadding=\"0\">\n<tbody>\n<tr>\n<td style=\"width: 98.85pt;padding: 0cm 5.4pt 0cm 5.4pt\" valign=\"top\" width=\"132\"><img loading=\"lazy\" decoding=\"async\" class=\"aligncenter size-full wp-image-4464\" src=\"https:\/\/sociaisaplicadas.ufpr.br\/contabeis\/wp-content\/uploads\/sites\/3\/2025\/01\/Captura-de-Tela-2025-01-21-as-17.31.36.png\" alt=\"\" width=\"536\" height=\"731\" srcset=\"https:\/\/sociaisaplicadas.ufpr.br\/contabeis\/wp-content\/uploads\/sites\/3\/2025\/01\/Captura-de-Tela-2025-01-21-as-17.31.36.png 536w, https:\/\/sociaisaplicadas.ufpr.br\/contabeis\/wp-content\/uploads\/sites\/3\/2025\/01\/Captura-de-Tela-2025-01-21-as-17.31.36-220x300.png 220w\" sizes=\"auto, (max-width: 536px) 100vw, 536px\" \/><\/td>\n<td style=\"width: 26.0cm;padding: 0cm 5.4pt 0cm 5.4pt\" valign=\"top\" width=\"983\"><strong>Prof. Dr. Vagner Alves Arantes<br \/>\n<\/strong>Doutor em Contabilidade pelo PPGCONT-UFPR (2020). Doutorado Sandu\u00edche na \u00c9cole des Sciences de la Gestion, na Universit\u00e9 du Quebec \u00e0 Montreal, Canad\u00e1 (2018-2019). Mestre em Administra\u00e7\u00e3o pelo PPGAdm-UFV (2013). Graduado em Ci\u00eancias Cont\u00e1beis pela UFV (2010).<br \/>\n<strong>\u00c1reas de atua\u00e7\u00e3o e pesquisa:<\/strong> Contabilidade Aplicada ao Setor P\u00fablico, Contabilidade Societ\u00e1ria, Conex\u00f5es Pol\u00edticas, Divulga\u00e7\u00e3o e Comunica\u00e7\u00e3o Cont\u00e1bil.<br \/>\n<strong>E-mail:<\/strong>\u00a0<a href=\"mailto:vagner.arantes@ufpr.br\">vagner.arantes@ufpr.br<\/a><br \/>\n<a href=\"http:\/\/lattes.cnpq.br\/0182479102374792\"><strong>Curr\u00edculo Lattes<\/strong><\/a><\/td>\n<\/tr>\n<\/tbody>\n<\/table>\n<table class=\"MsoTableGrid\" style=\"border-collapse: collapse;border: none\" border=\"0\" cellspacing=\"0\" cellpadding=\"0\">\n<tbody>\n<tr>\n<td style=\"width: 98.85pt;padding: 0cm 5.4pt 0cm 5.4pt\" valign=\"top\" width=\"132\"><img loading=\"lazy\" decoding=\"async\" class=\"aligncenter size-full wp-image-4467\" src=\"https:\/\/sociaisaplicadas.ufpr.br\/contabeis\/wp-content\/uploads\/sites\/3\/2025\/01\/Captura-de-Tela-2025-01-21-as-17.32.24.png\" alt=\"\" width=\"553\" height=\"805\" srcset=\"https:\/\/sociaisaplicadas.ufpr.br\/contabeis\/wp-content\/uploads\/sites\/3\/2025\/01\/Captura-de-Tela-2025-01-21-as-17.32.24.png 553w, https:\/\/sociaisaplicadas.ufpr.br\/contabeis\/wp-content\/uploads\/sites\/3\/2025\/01\/Captura-de-Tela-2025-01-21-as-17.32.24-206x300.png 206w\" sizes=\"auto, (max-width: 553px) 100vw, 553px\" \/><\/td>\n<td style=\"width: 26.0cm;padding: 0cm 5.4pt 0cm 5.4pt\" valign=\"top\" width=\"983\"><strong>Prof. Dr. Vicente Pacheco<br \/>\n<\/strong>Doutor em Engenharia de Produ\u00e7\u00e3o pela UFSC (2004). Graduado em Ci\u00eancias Cont\u00e1beis pela FAE (1980). Mestre em Ci\u00eancias Cont\u00e1beis pela USP (1995).<br \/>\n<strong>\u00c1reas de atua\u00e7\u00e3o e pesquisa:<\/strong> Contabilidade e Auditoria, Terceiro Setor e Capital Intelectual.<br \/>\n<strong>E-mail:<\/strong>\u00a0<a href=\"mailto:vpacheco@ufpr.br\">vpacheco@ufpr.br<\/a><br \/>\n<a href=\"http:\/\/lattes.cnpq.br\/2331719560040739\"><strong>Curr\u00edculo Lattes<\/strong><\/a><\/td>\n<\/tr>\n<\/tbody>\n<\/table>\n","protected":false},"excerpt":{"rendered":"<p>Prof. Dr. Alison Martins Meurer Doutor em Contabilidade pelo PPGCONT-UFPR. Mestre em Contabilidade pelo PPGCONT-UFPR. Graduado em Ci\u00eancias Cont\u00e1beis pela Universidade Tecnol\u00f3gica Federal do Paran\u00e1 (UTFPR). \u00c1reas de atua\u00e7\u00e3o e pesquisa: Ensino e Pesquisa em Contabilidade, Contabilidade Gerencial, Evidencia\u00e7\u00e3o Cont\u00e1bil e Contabilidade Tribut\u00e1ria. E-mail:\u00a0alisonmeurer@ufpr.br Curr\u00edculo Lattes Profa. Dra. Anelise Krauspenhar Pinto Figari Doutora e Mestre [&hellip;]<\/p>\n","protected":false},"author":2783,"featured_media":0,"parent":0,"menu_order":0,"comment_status":"closed","ping_status":"closed","template":"","meta":{"footnotes":""},"class_list":["post-154","page","type-page","status-publish","hentry"],"_links":{"self":[{"href":"https:\/\/sociaisaplicadas.ufpr.br\/contabeis\/wp-json\/wp\/v2\/pages\/154","targetHints":{"allow":["GET"]}}],"collection":[{"href":"https:\/\/sociaisaplicadas.ufpr.br\/contabeis\/wp-json\/wp\/v2\/pages"}],"about":[{"href":"https:\/\/sociaisaplicadas.ufpr.br\/contabeis\/wp-json\/wp\/v2\/types\/page"}],"author":[{"embeddable":true,"href":"https:\/\/sociaisaplicadas.ufpr.br\/contabeis\/wp-json\/wp\/v2\/users\/2783"}],"replies":[{"embeddable":true,"href":"https:\/\/sociaisaplicadas.ufpr.br\/contabeis\/wp-json\/wp\/v2\/comments?post=154"}],"version-history":[{"count":142,"href":"https:\/\/sociaisaplicadas.ufpr.br\/contabeis\/wp-json\/wp\/v2\/pages\/154\/revisions"}],"predecessor-version":[{"id":6266,"href":"https:\/\/sociaisaplicadas.ufpr.br\/contabeis\/wp-json\/wp\/v2\/pages\/154\/revisions\/6266"}],"wp:attachment":[{"href":"https:\/\/sociaisaplicadas.ufpr.br\/contabeis\/wp-json\/wp\/v2\/media?parent=154"}],"curies":[{"name":"wp","href":"https:\/\/api.w.org\/{rel}","templated":true}]}}