{"id":3432,"date":"2024-10-23T13:57:25","date_gmt":"2024-10-23T13:57:25","guid":{"rendered":"https:\/\/sociaisaplicadas.ufpr.br\/contabeis\/?page_id=3432"},"modified":"2026-04-08T00:17:17","modified_gmt":"2026-04-08T00:17:17","slug":"estagio-obrigatorio","status":"publish","type":"page","link":"https:\/\/sociaisaplicadas.ufpr.br\/contabeis\/estagio-obrigatorio\/","title":{"rendered":"Est\u00e1gio Obrigat\u00f3rio"},"content":{"rendered":"\n<h5>Regulamento de Est\u00e1gio Curricular Supervisionado Obrigat\u00f3rio (Ingressantes a partir de 2023)<\/h5>\n<p><a href=\"https:\/\/sociaisaplicadas.ufpr.br\/contabeis\/wp-content\/uploads\/sites\/3\/2024\/10\/REGULAMENTO-OBRIGATORIO-2023-1.pdf\"><strong>Clique aqui<\/strong><\/a> para acessar a Regulamento de Est\u00e1gio Curricular Supervisionado Obrigat\u00f3rio &#8211; Curr\u00edculo 2023<\/p>\n<h2><strong>[Curr\u00edculo 2023] Informa\u00e7\u00f5es importantes:<\/strong><\/h2>\n<ol>\n<li>Caso deseja solicitar matr\u00edcula na disciplina SC366-Est\u00e1gio Curricular Supervisionado Obrigat\u00f3rio, para o per\u00edodo <strong><span style=\"color: #0000ff\">2026\/01<\/span><\/strong>, leia atentamente o EDITAL DE EST\u00c1GIO CURRICULAR OBRIGAT\u00d3RIO dispon\u00edvel em: <a href=\"https:\/\/sociaisaplicadas.ufpr.br\/contabeis\/matricula-periodo-2026-01\/\"><strong>clique aqui<\/strong><\/a>.\u00a0<\/li>\n<li>Atente-se aos documentos solicitados e ao <span style=\"color: #0000ff\">prazo para envio<\/span> destas informa\u00e7\u00f5es.\u00a0<\/li>\n<li><span style=\"color: #0000ff\">N\u00e3o ser\u00e3o aceitas solicita\u00e7\u00f5es encaminhadas fora do prazo!<\/span><\/li>\n<li>Os documentos devem estar nomeados como:<\/li>\n<\/ol>\n<ul>\n<li><strong>Coordenador:<\/strong>\u00a0Prof. Dr. Vagner Alves Arantes<\/li>\n<li><strong>Professor Orientador:<\/strong>\u00a0A ser definido pela coordena\u00e7\u00e3o<\/li>\n<li><strong>Departamento:<\/strong> DECONT<\/li>\n<li><strong>Telefone DECONT:<\/strong> (41) 3360-4362<\/li>\n<\/ul>\n<h2>D\u00favidas principais:<\/h2>\n<h4><strong>Quem pode solicitar matr\u00edcula na disciplina SC366?<\/strong><\/h4>\n<ul>\n<li>Estudante que tenha sido aprovado na disciplina SC301-Introdu\u00e7\u00e3o \u00e0 Contabilidade.<\/li>\n<li>Estudante que tenha encaminhado os documentos solicitados dentro do prazo estipulado em Edital.\u00a0<\/li>\n<\/ul>\n<h4><strong>\u00c9 poss\u00edvel utilizar a experiencia profissional como Est\u00e1gio Obrigat\u00f3rio?\u00a0<\/strong><\/h4>\n<p>Sim, desde que sejam entregues os documentos solicitados no Edital e dispon\u00edvel no Regulamento de Est\u00e1gio Curricular Supervisionado Obrigat\u00f3rio, tais como as seguintes condi\u00e7\u00f5es:<\/p>\n<ol>\n<li><strong>Para estudante em condi\u00e7\u00e3o de Est\u00e1gio N\u00e3o-Obrigat\u00f3rio (Convers\u00e3o do Est\u00e1gio N\u00e3o-Obrigat\u00f3rio em Est\u00e1gio Obrigat\u00f3rio)<\/strong>:<\/li>\n<\/ol>\n<ul>\n<li style=\"list-style-type: none\">\n<ul>\n<li>\u00c9 necess\u00e1rio que o est\u00e1gio esteja vigente durante o per\u00edodo de realiza\u00e7\u00e3o das aulas do semestre.<\/li>\n<li>\u00c9 uma disciplina obrigat\u00f3ria do curso, LOGO, o Est\u00e1gio deve ser realizado dentro o per\u00edodo de aulas!!!<\/li>\n<\/ul>\n<ul>\n<li>Cabe destacar que, para\u00a0<strong>est\u00e1gios obrigat\u00f3rios em \u00f3rg\u00e3os p\u00fablicos<\/strong>\u00a0o pagamento de bolsa-aux\u00edlio\u00a0<strong>\u00e9 explicitamente vedado<\/strong>\u00a0conforme a Orienta\u00e7\u00e3o Normativa 02\/2016 \u2013 MPOG; Decreto 8.654\/2010 \u2013 Governo do Estado do Paran\u00e1 e Instru\u00e7\u00e3o Normativa 3\/2013 \u2013 IMAP Curitiba.<\/li>\n<\/ul>\n<\/li>\n<\/ul>\n<ol start=\"2\">\n<li><strong>Para estudante Funcion\u00e1rio de Organiza\u00e7\u00e3o Privada<\/strong><strong>:<\/strong><\/li>\n<\/ol>\n<ul>\n<li style=\"list-style-type: none\">\n<ul>\n<li>Fotoc\u00f3pia da carteira de trabalho com identifica\u00e7\u00e3o do aluno e identifica\u00e7\u00e3o da organiza\u00e7\u00e3o contratante;<\/li>\n<li>Declara\u00e7\u00e3o de Estudante-Funcion\u00e1rio com assinatura do supervisor de est\u00e1gio e assinatura da chefia imediata do supervisor na organiza\u00e7\u00e3o.\n<ul>\n<li>Gere a declara\u00e7\u00e3o pela COAFE, link: <strong><a href=\"http:\/\/www.prograd.ufpr.br\/estagio\/formularios\/\" target=\"_blank\" rel=\"noopener\">EST\u00c1GIO UFPR<\/a><\/strong><\/li>\n<li>Jornada semanal: 30h<\/li>\n<li>Jornada di\u00e1ria: 6h<\/li>\n<li>Disciplina a que se refere: SC366-Est\u00e1gio Curricular Supervisionado Obrigat\u00f3rio<\/li>\n<\/ul>\n<\/li>\n<\/ul>\n<\/li>\n<\/ul>\n<ol start=\"3\">\n<li><strong>Para estudante Servidor P\u00fablico:<\/strong><\/li>\n<\/ol>\n<ul>\n<li style=\"list-style-type: none\">\n<ul>\n<li>Fotoc\u00f3pia de documento que comprove a condi\u00e7\u00e3o de servidor p\u00fablico e;<\/li>\n<li>Declara\u00e7\u00e3o de Estudante-Funcion\u00e1rio com assinatura do supervisor de est\u00e1gio e assinatura da chefia imediata do supervisor na organiza\u00e7\u00e3o.\u00a0\n<ul>\n<li>Gere a declara\u00e7\u00e3o pela COAFE, link: <strong><a href=\"http:\/\/www.prograd.ufpr.br\/estagio\/formularios\/\" target=\"_blank\" rel=\"noopener\">EST\u00c1GIO UFPR<\/a><\/strong><\/li>\n<li>Jornada semanal: 30h<\/li>\n<li>Jornada di\u00e1ria: 6h<\/li>\n<li>Disciplina a que se refere: SC366-Est\u00e1gio Curricular Supervisionado Obrigat\u00f3rio<\/li>\n<\/ul>\n<\/li>\n<\/ul>\n<\/li>\n<\/ul>\n<ol start=\"4\">\n<li><strong>Para estudante em trabalho volunt\u00e1rio em uma Organiza\u00e7\u00e3o N\u00e3o-Governamental:<\/strong><\/li>\n<\/ol>\n<ul>\n<li style=\"list-style-type: none\">\n<ul>\n<li>Fotoc\u00f3pia da via do Termo de Compromisso de Est\u00e1gio firmado entre o aluno e a organiza\u00e7\u00e3o devidamente assinada por todas as inst\u00e2ncias e com no m\u00ednimo 120h; e<\/li>\n<li>Carta da organiza\u00e7\u00e3o autorizando a realiza\u00e7\u00e3o do est\u00e1gio e indicando o supervisor na organiza\u00e7\u00e3o;<\/li>\n<\/ul>\n<\/li>\n<\/ul>\n<ol start=\"5\">\n<li><strong>Para estudante em trabalho volunt\u00e1rio em uma Organiza\u00e7\u00e3o P\u00fablica ou Privada<\/strong>:<\/li>\n<\/ol>\n<ul>\n<li style=\"list-style-type: none\">\n<ul>\n<li>Fotoc\u00f3pia da via do Termo de Compromisso de Est\u00e1gio firmado entre o aluno e a organiza\u00e7\u00e3o devidamente assinada por todas as inst\u00e2ncias e com no m\u00ednimo 120h;<\/li>\n<li>Carta da organiza\u00e7\u00e3o autorizando a realiza\u00e7\u00e3o do est\u00e1gio e indicando o supervisor na organiza\u00e7\u00e3o.<\/li>\n<\/ul>\n<\/li>\n<\/ul>\n<p>Entenda-se <em>\u201csupervisor de est\u00e1gio\u201d<\/em> o profissional da organiza\u00e7\u00e3o que acompanhar\u00e1 o desempenho do estudante nas suas atividades cotidianas, com forma\u00e7\u00e3o ou experi\u00eancia profissional na \u00e1rea de atua\u00e7\u00e3o do est\u00e1gio do estudante. Caso o supervisor n\u00e3o possua forma\u00e7\u00e3o superior em Ci\u00eancias Cont\u00e1beis ou especializa\u00e7\u00e3o na \u00e1rea, ser\u00e1 necess\u00e1rio o preenchimento da Declara\u00e7\u00e3o de Experi\u00eancia do Supervisor.<em>\u00a0<\/em><\/p>\n<p>\u00a0<\/p>\n<h5>Regulamento de Est\u00e1gio Curricular Supervisionado Obrigat\u00f3rio (Ingressantes at\u00e9 2022)<\/h5>\n<p>[Curr\u00edculo 2013] Desenvolvimento do trabalho de conclus\u00e3o de curso.\u00a0<\/p>\n<p><a href=\"https:\/\/sociaisaplicadas.ufpr.br\/contabeis\/wp-content\/uploads\/sites\/3\/2023\/04\/REGULAMENTO-PROJETO-T\u00c9CNICO-E-EST\u00c1GIO-SUPERVISIONADO-2020.pdf\"><strong>Clique aqui<\/strong><\/a> para acessar a Regulamento de Est\u00e1gio Curricular Supervisionado Obrigat\u00f3rio &#8211; Curr\u00edculo 2013<\/p>\n<p><strong>Obs.:<\/strong> Os produtos finais das disciplinas <span style=\"color: #0000ff\"><strong>SC042-Projeto T\u00e9cnico<\/strong><\/span> e <span style=\"color: #0000ff\"><strong>SC488-Est\u00e1gio Supervisionado<\/strong><\/span> devem seguir as normas da ABNT quanto a formata\u00e7\u00e3o. Recomenda-se seguir as orienta\u00e7\u00f5es normativas dispostas no &#8220;Manual de normaliza\u00e7\u00e3o de documentos cient\u00edficos de acordo com as normas da ABNT&#8221;, elaborado pela Biblioteca da UFPR. Dispon\u00edvel em: <strong><a href=\"https:\/\/acervodigital.ufpr.br\/handle\/1884\/88892\">Clique aqui<\/a><\/strong><\/p>\n<h5>Calend\u00e1rio para defesa do Est\u00e1gio Supervisionado do Projeto T\u00e9cnico (Curr\u00edculo 2013)<\/h5>\n<p><strong><a href=\"https:\/\/sociaisaplicadas.ufpr.br\/contabeis\/wp-content\/uploads\/sites\/3\/2026\/04\/SC488_Cronograma-de-Atividades_2026.pdf\">Clique aqui<\/a><\/strong> para acessar o cronograma de defesa do Est\u00e1gio Supervisionado (Curr\u00edculo 2013) e entrega do Projeto T\u00e9cnico (Curr\u00edculo 2013)<\/p>\n\n\n\n<h5>Cronograma de entrega do Projeto T\u00e9cnico &#8211; SC042<\/h5>\n\n\n\n<table>\n<tbody>\n<tr>\n<td width=\"45\">\n<p><strong>Item<\/strong><\/p>\n<\/td>\n<td width=\"473\">\n<p><strong>Cronograma de entrega do SC042- Projeto T\u00e9cnico (Curr\u00edculo 2013)<\/strong><\/p>\n<\/td>\n<td width=\"134\">\n<p><strong>Datas<\/strong><\/p>\n<\/td>\n<\/tr>\n<tr>\n<td width=\"45\">\n<p>1.<\/p>\n<\/td>\n<td width=\"473\">\n<p>Entrega do Projeto T\u00e9cnico, pelos orientadores, via forms elaborado pelo DECONT. <br \/><em>Obs.: Destaca-se que os trabalhos submetidos dever\u00e3o ser nomeados pelo N\u00daMERO da equipe, suprimindo o nome do(a) professor(a) orientador(a) e os nomes dos participantes da equipe.<\/em><\/p>\n<\/td>\n<td width=\"134\">\n<p>09\/11\/2026<\/p>\n<\/td>\n<\/tr>\n<tr>\n<td width=\"45\">\n<p>2.<\/p>\n<\/td>\n<td width=\"473\">\n<p>Envio do Projeto T\u00e9cnico, pelo DECONT, para a Coordena\u00e7\u00e3o do PPGCONT para que os estudantes de p\u00f3s-gradua\u00e7\u00e3o realizem as avalia\u00e7\u00f5es.<\/p>\n<\/td>\n<td width=\"134\">\n<p>12\/11\/2026<\/p>\n<\/td>\n<\/tr>\n<tr>\n<td width=\"45\">\n<p>3.<\/p>\n<\/td>\n<td width=\"473\">\n<p>Data limite para retorno das avalia\u00e7\u00f5es pelos estudantes do PPGCONT.<\/p>\n<\/td>\n<td width=\"134\">\n<p>27\/11\/2026<\/p>\n<\/td>\n<\/tr>\n<tr>\n<td width=\"45\">\n<p>4.<\/p>\n<\/td>\n<td width=\"473\">\n<p>Encaminhamento das avalia\u00e7\u00f5es, pelo DECONT, aos professores orientadores.<\/p>\n<p><em>Obs.: Recomenda-se o lan\u00e7amento as notas logo ap\u00f3s o recebimento dos trabalhos<\/em><\/p>\n<\/td>\n<td width=\"134\">\n<p>30\/11 a 04\/12\/2026<\/p>\n<\/td>\n<\/tr>\n<\/tbody>\n<\/table>\n\n\n\n\n\n<h5><strong>Cronograma para defesa do Est\u00e1gio Supervisionado \u2013 SC448 (Curr\u00edculo 2013)<\/strong><\/h5>\n<table style=\"width: 100%;height: 520px\">\n<tbody>\n<tr style=\"height: 100px\">\n<td style=\"height: 100px\" width=\"41\">\n<p><strong>Item<\/strong><\/p>\n<\/td>\n<td style=\"height: 100px\" width=\"453\">\n<p><strong>Procedimento para registro da defesa do trabalho \u2013 SC448-Est\u00e1gio Supervisionado (Curr\u00edculo 2013)<\/strong><\/p>\n<\/td>\n<td style=\"height: 100px\" width=\"163\">\n<p><strong>Datas<\/strong><\/p>\n<\/td>\n<\/tr>\n<tr style=\"height: 68px\">\n<td style=\"height: 68px\" width=\"41\">\n<p>1.<\/p>\n<\/td>\n<td style=\"height: 68px\" width=\"453\">\n<p>DECONT abre processo SEI para cada equipe<\/p>\n<\/td>\n<td style=\"height: 68px\" width=\"163\">\n<p><strong>\u00a0<\/strong><\/p>\n<\/td>\n<\/tr>\n<tr style=\"height: 133px\">\n<td style=\"height: 133px\" width=\"41\">\n<p>2.<\/p>\n<\/td>\n<td style=\"height: 133px\" width=\"453\">\n<p>Professor(a) Orientador(a) deve anexar o trabalho no processo SEI, at\u00e9:<br \/><em>Obs.: Professor(a) orientador(a) deve assinar of\u00edcio endere\u00e7ado \u00e0 Chefia do DECONT<\/em><\/p>\n<\/td>\n<td style=\"height: 133px\" width=\"163\">\n<p>16\/11\/2026<\/p>\n<\/td>\n<\/tr>\n<tr style=\"height: 68px\">\n<td style=\"height: 68px\" width=\"41\">\n<p>3.<\/p>\n<\/td>\n<td style=\"height: 68px\" width=\"453\">\n<p>Coordena\u00e7\u00e3o designa as bancas para avalia\u00e7\u00e3o dos trabalhos<\/p>\n<\/td>\n<td style=\"height: 68px\" width=\"163\">\n<p>17 a 19\/11\/2026<\/p>\n<\/td>\n<\/tr>\n<tr style=\"height: 151px\">\n<td style=\"height: 151px\" width=\"41\">\n<p>4.<\/p>\n<\/td>\n<td style=\"height: 151px\" width=\"453\">\n<p>Realiza\u00e7\u00e3o das bancas examinadoras<\/p>\n<p><em>Obs.: Recomenda-se que o lan\u00e7amento das notas seja realizado logo ap\u00f3s o t\u00e9rmino das bancas<\/em><\/p>\n<\/td>\n<td style=\"height: 151px\" width=\"163\">\n<p>26\/11 a 04\/12\/2026<\/p>\n<\/td>\n<\/tr>\n<\/tbody>\n<\/table>\n\n\n","protected":false},"excerpt":{"rendered":"<p>Regulamento de Est\u00e1gio Curricular Supervisionado Obrigat\u00f3rio (Ingressantes a partir de 2023) Clique aqui para acessar a Regulamento de Est\u00e1gio Curricular Supervisionado Obrigat\u00f3rio &#8211; Curr\u00edculo 2023 [Curr\u00edculo 2023] Informa\u00e7\u00f5es importantes: Caso deseja solicitar matr\u00edcula na disciplina SC366-Est\u00e1gio Curricular Supervisionado Obrigat\u00f3rio, para o per\u00edodo 2026\/01, leia atentamente o EDITAL DE EST\u00c1GIO CURRICULAR OBRIGAT\u00d3RIO dispon\u00edvel em: clique aqui.\u00a0 [&hellip;]<\/p>\n","protected":false},"author":2837,"featured_media":0,"parent":0,"menu_order":0,"comment_status":"closed","ping_status":"closed","template":"","meta":{"footnotes":""},"class_list":["post-3432","page","type-page","status-publish","hentry"],"_links":{"self":[{"href":"https:\/\/sociaisaplicadas.ufpr.br\/contabeis\/wp-json\/wp\/v2\/pages\/3432","targetHints":{"allow":["GET"]}}],"collection":[{"href":"https:\/\/sociaisaplicadas.ufpr.br\/contabeis\/wp-json\/wp\/v2\/pages"}],"about":[{"href":"https:\/\/sociaisaplicadas.ufpr.br\/contabeis\/wp-json\/wp\/v2\/types\/page"}],"author":[{"embeddable":true,"href":"https:\/\/sociaisaplicadas.ufpr.br\/contabeis\/wp-json\/wp\/v2\/users\/2837"}],"replies":[{"embeddable":true,"href":"https:\/\/sociaisaplicadas.ufpr.br\/contabeis\/wp-json\/wp\/v2\/comments?post=3432"}],"version-history":[{"count":62,"href":"https:\/\/sociaisaplicadas.ufpr.br\/contabeis\/wp-json\/wp\/v2\/pages\/3432\/revisions"}],"predecessor-version":[{"id":6852,"href":"https:\/\/sociaisaplicadas.ufpr.br\/contabeis\/wp-json\/wp\/v2\/pages\/3432\/revisions\/6852"}],"wp:attachment":[{"href":"https:\/\/sociaisaplicadas.ufpr.br\/contabeis\/wp-json\/wp\/v2\/media?parent=3432"}],"curies":[{"name":"wp","href":"https:\/\/api.w.org\/{rel}","templated":true}]}}