{"id":4237,"date":"2024-12-17T00:52:40","date_gmt":"2024-12-17T00:52:40","guid":{"rendered":"https:\/\/sociaisaplicadas.ufpr.br\/contabeis\/?page_id=4237"},"modified":"2026-01-30T23:42:45","modified_gmt":"2026-01-30T23:42:45","slug":"matricula-periodo-especial","status":"publish","type":"page","link":"https:\/\/sociaisaplicadas.ufpr.br\/contabeis\/matricula-periodo-especial\/","title":{"rendered":"Matr\u00edcula: Per\u00edodo Especial"},"content":{"rendered":"\n\n\n<h5>Matr\u00edculas: Per\u00edodo Especial 2025\/02 (Dezembro\/2025 e Fevereiro\/2025)<\/h5>\n<p>Disciplina ofertada:<\/p>\n<table style=\"border-collapse: collapse;width: 98.4513%;height: 214px\">\n<tbody>\n<tr style=\"height: 23px\">\n<td style=\"width: 16.6667%;text-align: center;height: 23px\"><strong>Curr\u00edculo<\/strong><\/td>\n<td style=\"width: 34.2059%;text-align: center;height: 23px\"><strong>Disciplina<\/strong><\/td>\n<td style=\"width: 22.6726%;text-align: center;height: 23px\"><strong>Per\u00edodo de aulas<\/strong><\/td>\n<td style=\"width: 14.2509%;text-align: center;height: 23px\"><strong>Docente<\/strong><\/td>\n<td style=\"width: 10.9861%;text-align: center;height: 23px\"><span style=\"color: #0000ff\"><strong>Sala<\/strong><\/span><\/td>\n<\/tr>\n<tr style=\"height: 73px\">\n<td style=\"width: 16.6667%;height: 73px;text-align: center\">Optativa-Curr\u00edculo 2013<\/td>\n<td style=\"width: 34.2059%;height: 73px;text-align: left\">\n<p><b>SC063 &#8211; Avalia\u00e7\u00e3o de Desempenho\u00a0<\/b><\/p>\n<p><em>Pr\u00e9-requisito: SC441<\/em><\/p>\n<\/td>\n<td style=\"width: 22.6726%;height: 73px;text-align: center\">11, 12, 15, 16, 17 e 18 de dezembro de 2025<\/td>\n<td style=\"width: 14.2509%;height: 73px;text-align: left\">Profa. Anelise Figari<\/td>\n<td style=\"width: 10.9861%;text-align: center;height: 73px\"><span style=\"color: #0000ff\">117<\/span><\/td>\n<\/tr>\n<tr style=\"height: 118px\">\n<td style=\"width: 16.6667%;text-align: center;height: 118px\">Optativa-Curr\u00edculo 2013<\/td>\n<td style=\"width: 34.2059%;text-align: left;height: 118px\">\n<p><b><strong>SC026 &#8211; Plano de Neg\u00f3cios\u00a0<\/strong><\/b><\/p>\n<p><em>Pr\u00e9-requisito: SC445<\/em><\/p>\n<\/td>\n<td style=\"width: 22.6726%;text-align: center;height: 118px\">02, 03, 04, 05, 06 e 09 de fevereiro de 2026<\/td>\n<td style=\"width: 14.2509%;text-align: left;height: 118px\">Prof. Luiz Carlos de Souza<\/td>\n<td style=\"width: 10.9861%;text-align: center;height: 118px\"><span style=\"color: #0000ff\">117<\/span><\/td>\n<\/tr>\n<tr>\n<td style=\"width: 16.6667%;text-align: center\">Optativa-Curr\u00edculo 2023<\/td>\n<td style=\"width: 34.2059%;text-align: left\">\n<p><b><strong>SC358-Gest\u00e3o da Informa\u00e7\u00e3o e do Conhecimento<\/strong><\/b><\/p>\n<p>Exclusiva aos estudantes que foram desmatriculados da optativa SC359-Imposto de Renda de Pessoas F\u00edsicas no semestre 2025\/02. Caso sobre vagas, um novo edital de divulga\u00e7\u00e3o ser\u00e1 disponibilizado<\/p>\n<\/td>\n<td style=\"width: 22.6726%;text-align: center\">04, 05, 06, 09, 10 e 11 de fevereiro de 2026 <span style=\"color: #ffff00;background-color: #0000ff\">(Datas alteradas devido a imprevistos administrativos. Mudan\u00e7a divulgada por email e nas redes sociais no dia 30 de janeiro, \u00e0s 20h41min)<\/span><\/td>\n<td style=\"width: 14.2509%;text-align: left\">\u00a0<\/td>\n<td style=\"width: 10.9861%;text-align: center\"><span style=\"color: #0000ff\">31 (Andar t\u00e9rreo &#8211; Departamento de Economia)<\/span><\/td>\n<\/tr>\n<\/tbody>\n<\/table>\n<p>\u00a0<\/p>\n<h5>Disciplina Optativa: SC063-Avalia\u00e7\u00e3o de Desempenho (Curr\u00edculo 2013):<\/h5>\n<ul>\n<li><strong>Per\u00edodo de solicita\u00e7\u00e3o de matr\u00edcula: <\/strong>02 a 04\/12\/2025 (at\u00e9 23h59min).<\/li>\n<li><strong>Link para solicita\u00e7\u00e3o de matr\u00edcula (Acessar com email @ufpr.br):<\/strong> <strong><a href=\"https:\/\/forms.office.com\/r\/2cJVy4sgua\">Clique Aqui\u00a0<\/a> (ENCERRADO)<\/strong><\/li>\n<li><strong>Edital01-Homologa\u00e7\u00e3o das Matr\u00edculas SC063-Avalia\u00e7\u00e3o de Desempenho: <\/strong><strong><a href=\"https:\/\/sociaisaplicadas.ufpr.br\/contabeis\/wp-content\/uploads\/sites\/3\/2025\/12\/1_EDITAL01_homologacao_PeriodoEspecial_202502_SC063_AvaliacaoDesempenho.pdf\" target=\"_blank\" rel=\"noopener\">Clique aqui<\/a><\/strong> (<em>Publicado em 05\/12\/2025, \u00e0s 11h38min<\/em>)<\/li>\n<li><strong>Prazo para recurso via e-mail da Secretaria da Coordena\u00e7\u00e3o (coorcont@ufpr.br):<\/strong> 05 a 08\/12\/2025 (at\u00e9 23h59min)<\/li>\n<li><strong>Edital 02- Estudantes matriculados na disciplina SC063-Avalia\u00e7\u00e3o de Desempenho: <a href=\"https:\/\/sociaisaplicadas.ufpr.br\/contabeis\/wp-content\/uploads\/sites\/3\/2025\/12\/2_EDITAL02_Estudantes-Matriculados.pdf\" target=\"_blank\" rel=\"noopener\">Clique aqui<\/a> <\/strong>(<em>Publicado em 08 de dezembro de 2025, \u00e0s 11h52min)<\/em><\/li>\n<li><strong>In\u00edcio das aulas:<\/strong> 11\/12\/2025 (Quinta-feira)<\/li>\n<li><strong>Hor\u00e1rio das aulas:<\/strong> entre 19h00 e 22h30min<\/li>\n<li><strong>N\u00e3o ser\u00e3o aceitas matr\u00edculas fora do prazo!<\/strong><\/li>\n<\/ul>\n<h5>Disciplina Optativa: SC026-Plano de Neg\u00f3cios (Curr\u00edculo 2013):<\/h5>\n<ul>\n<li><strong>Per\u00edodo de solicita\u00e7\u00e3o de matr\u00edcula: <\/strong>02 a 04\/12\/2025 (at\u00e9 23h59min).<\/li>\n<li><strong>Link para solicita\u00e7\u00e3o de matr\u00edcula (Acessar com email @ufpr.br):<\/strong> <strong><a href=\"https:\/\/forms.office.com\/r\/2cJVy4sgua\">Clique Aqui\u00a0<\/a>(ENCERRADO)<\/strong><\/li>\n<li><strong>Edital 03-Homologa\u00e7\u00e3o das Matr\u00edculas na disciplina SC026-Plano de Neg\u00f3cios<\/strong>:<strong><a href=\"https:\/\/sociaisaplicadas.ufpr.br\/contabeis\/wp-content\/uploads\/sites\/3\/2025\/12\/1_EDITAL03_homologacao_PeriodoEspecial_202502_SC026_Plano-de-Negocios.pdf\" target=\"_blank\" rel=\"noopener\">Clique aqui<\/a><\/strong> (<em>Publicado em 09\/12\/2025, \u00e0s 16h02min<\/em>)<\/li>\n<li><span style=\"background-color: #ffff00\"><span style=\"color: #ff6600\"><strong>Edital 04- Estudantes matriculados na disciplina <\/strong><\/span><strong><span style=\"color: #ff6600\">SC026-Plano de Neg\u00f3cios<\/span><\/strong><\/span>: <strong><a href=\"https:\/\/sociaisaplicadas.ufpr.br\/contabeis\/wp-content\/uploads\/sites\/3\/2025\/12\/1_EDITAL04_Matricula_PeriodoEspecial_202502_SC026_Plano-de-Negocios.pdf\" target=\"_blank\" rel=\"noopener\">Clique aqui<\/a> \u00a0<\/strong>(<em>Publicado em 11\/12\/2025, \u00e0s 11h19min<\/em>)<\/li>\n<li><strong>In\u00edcio das aulas:<\/strong> 02\/02\/2026 (Segunda-feira)<\/li>\n<li><strong>Hor\u00e1rio das aulas:<\/strong> entre 19h00 e 22h30min<\/li>\n<li><strong>Sala:<\/strong> 117 (Departamento de Ci\u00eancias Cont\u00e1beis)<br \/><br \/><\/li>\n<li><strong>Edital 09 &#8211; Homologa\u00e7\u00e3o das matr\u00edculas na disciplina SC026:<\/strong> \u00a0<a href=\"https:\/\/sociaisaplicadas.ufpr.br\/contabeis\/wp-content\/uploads\/sites\/3\/2026\/01\/EDITAL-10-SC026-\u2013-HOMOLOGACAO-DEFINITIVA-DAS-MATRICULAS-1.pdf\" target=\"_blank\" rel=\"noopener\"><strong>Clique aqui<\/strong><\/a>\n<ul>\n<li>(<em>Publicado em 22\/01\/2026, \u00e0s 16h23min<\/em>)<\/li>\n<\/ul>\n<\/li>\n<\/ul>\n\n\n\n<h5><strong>Disciplina Optativa: SC358-Gest\u00e3o da Informa\u00e7\u00e3o e do Conhecimento (Curr\u00edculo 2023)<\/strong><\/h5>\n<ul>\n<li><strong>Per\u00edodo de Matr\u00edcula: <\/strong>10 a 15\/12\/2025 (at\u00e9 12h00min &#8211; meio dia)<\/li>\n<li><strong>Formul\u00e1rio dispon\u00edvel para solicita\u00e7\u00e3o de matr\u00edcula: <\/strong>Enviado para email dos estudantes selecionados<\/li>\n<li><strong>ATEN\u00c7\u00c3O:<\/strong> esta disciplina optativa \u00e9 EXCLUSIVA aos estudantes que estavam matriculados na disciplina SC359-Imposto de Renda para Pessoas F\u00edsicas<\/li>\n<\/ul>\n<h4>Cronograma<\/h4>\n<ul>\n<li><strong>Lista de homologa\u00e7\u00e3o dos estudantes matriculados:<\/strong> 15\/12\/2025 (a partir das 14h00)<\/li>\n<li><strong>Prazo para recurso via e-mail da Secretaria da Coordena\u00e7\u00e3o (coorcont@ufpr.br):<\/strong> 15 e 16\/12\/2025 (at\u00e9 12h00min)<\/li>\n<li><strong>Edital com estudantes matriculados:<\/strong> 16\/12\/2025 (a partir das 14h00)<\/li>\n<li><strong>In\u00edcio das aulas:<\/strong>\u00a002 de Fevereiro de 2025\u00a0<\/li>\n<li><strong>Hor\u00e1rio das aulas:<\/strong> entre 19h00 e 22h30min<\/li>\n<li><strong>Sala:<\/strong> 31 (Departamento de Economia)<\/li>\n<\/ul>\n<h4>Editais<\/h4>\n<ul>\n<li><strong>Edital 05 &#8211; Homologa\u00e7\u00e3o das matr\u00edculas na disciplina SC358:<\/strong> \u00a0<strong><a href=\"https:\/\/sociaisaplicadas.ufpr.br\/contabeis\/wp-content\/uploads\/sites\/3\/2025\/12\/1_EDITAL05_homologacao_PeriodoEspecial_202502_SC358-1.pdf\" target=\"_blank\" rel=\"noopener\">Clique aqui<\/a><\/strong>\u00a0\n<ul>\n<li>(<em>Publicado em 15\/12\/2025, \u00e0s 19h38min<\/em>)<\/li>\n<\/ul>\n<\/li>\n<li><strong><span style=\"color: #008000;background-color: #ffff00\">Edital 06 &#8211; Estudantes Matriculados na disciplina SC358<\/span><\/strong>: <strong><a href=\"https:\/\/sociaisaplicadas.ufpr.br\/contabeis\/wp-content\/uploads\/sites\/3\/2025\/12\/1_EDITAL06_Matriculados_PeriodoEspecial_202502_SC358-1.pdf\" target=\"_blank\" rel=\"noopener\">Clique aqui<\/a><\/strong>\u00a0\n<ul>\n<li>(<em>Publicado em 16\/12\/2025, \u00e0s 14h34min<\/em>)<\/li>\n<\/ul>\n<\/li>\n<li><strong>Edital 09 &#8211; Homologa\u00e7\u00e3o das matr\u00edculas na disciplina SC358:<\/strong> \u00a0<a href=\"https:\/\/sociaisaplicadas.ufpr.br\/contabeis\/wp-content\/uploads\/sites\/3\/2026\/01\/EDITAL-09-SC0358-\u2013-HOMOLOGACAO-DEFINITIVA-DAS-MATRICULAS-1.pdf\" target=\"_blank\" rel=\"noopener\"><strong>Clique aqui<\/strong><\/a>\n<ul>\n<li>(<em>Publicado em 22\/01\/2026, \u00e0s 16h23min<\/em>)<\/li>\n<\/ul>\n<\/li>\n<\/ul>\n\n\n","protected":false},"excerpt":{"rendered":"<p>Matr\u00edculas: Per\u00edodo Especial 2025\/02 (Dezembro\/2025 e Fevereiro\/2025) Disciplina ofertada: Curr\u00edculo Disciplina Per\u00edodo de aulas Docente Sala Optativa-Curr\u00edculo 2013 SC063 &#8211; Avalia\u00e7\u00e3o de Desempenho\u00a0 Pr\u00e9-requisito: SC441 11, 12, 15, 16, 17 e 18 de dezembro de 2025 Profa. Anelise Figari 117 Optativa-Curr\u00edculo 2013 SC026 &#8211; Plano de Neg\u00f3cios\u00a0 Pr\u00e9-requisito: SC445 02, 03, 04, 05, 06 e [&hellip;]<\/p>\n","protected":false},"author":2837,"featured_media":0,"parent":0,"menu_order":0,"comment_status":"closed","ping_status":"closed","template":"","meta":{"footnotes":""},"class_list":["post-4237","page","type-page","status-publish","hentry"],"_links":{"self":[{"href":"https:\/\/sociaisaplicadas.ufpr.br\/contabeis\/wp-json\/wp\/v2\/pages\/4237","targetHints":{"allow":["GET"]}}],"collection":[{"href":"https:\/\/sociaisaplicadas.ufpr.br\/contabeis\/wp-json\/wp\/v2\/pages"}],"about":[{"href":"https:\/\/sociaisaplicadas.ufpr.br\/contabeis\/wp-json\/wp\/v2\/types\/page"}],"author":[{"embeddable":true,"href":"https:\/\/sociaisaplicadas.ufpr.br\/contabeis\/wp-json\/wp\/v2\/users\/2837"}],"replies":[{"embeddable":true,"href":"https:\/\/sociaisaplicadas.ufpr.br\/contabeis\/wp-json\/wp\/v2\/comments?post=4237"}],"version-history":[{"count":75,"href":"https:\/\/sociaisaplicadas.ufpr.br\/contabeis\/wp-json\/wp\/v2\/pages\/4237\/revisions"}],"predecessor-version":[{"id":6493,"href":"https:\/\/sociaisaplicadas.ufpr.br\/contabeis\/wp-json\/wp\/v2\/pages\/4237\/revisions\/6493"}],"wp:attachment":[{"href":"https:\/\/sociaisaplicadas.ufpr.br\/contabeis\/wp-json\/wp\/v2\/media?parent=4237"}],"curies":[{"name":"wp","href":"https:\/\/api.w.org\/{rel}","templated":true}]}}