{"id":6252,"date":"2025-12-16T19:11:49","date_gmt":"2025-12-16T19:11:49","guid":{"rendered":"https:\/\/sociaisaplicadas.ufpr.br\/contabeis\/?page_id=6252"},"modified":"2025-12-16T19:29:26","modified_gmt":"2025-12-16T19:29:26","slug":"memoria-docente","status":"publish","type":"page","link":"https:\/\/sociaisaplicadas.ufpr.br\/contabeis\/memoria-docente\/","title":{"rendered":"Legado Docente"},"content":{"rendered":"\n<p>Esta se\u00e7\u00e3o re\u00fane docentes que atuaram no Departamento de Ci\u00eancias Cont\u00e1beis &#8211; DECONT da UFPR e que, ao longo de suas trajet\u00f3rias acad\u00eamicas, contribu\u00edram para a consolida\u00e7\u00e3o, o desenvolvimento e a identidade institucional do DECONT. Incluem-se professores aposentados ou que, em diferentes momentos, integraram o corpo docente do Departamento, deixando contribui\u00e7\u00f5es no ensino, na pesquisa, na extens\u00e3o e na gest\u00e3o acad\u00eamica.<\/p>\n<p>\u00a0<\/p>\n<p>\u00a0<\/p>\n<table style=\"border-collapse: collapse;width: 100%\">\n<tbody>\n<tr>\n<td style=\"width: 17.8571%\"><a href=\"https:\/\/sociaisaplicadas.ufpr.br\/contabeis\/wp-content\/uploads\/sites\/3\/2025\/01\/Captura-de-Tela-2025-01-21-as-17.10.28.png\"><img loading=\"lazy\" decoding=\"async\" class=\"\" src=\"https:\/\/sociaisaplicadas.ufpr.br\/contabeis\/wp-content\/uploads\/sites\/3\/2025\/01\/Captura-de-Tela-2025-01-21-as-17.10.28.png\" alt=\"\" width=\"137\" height=\"169\" \/><\/a><\/td>\n<td style=\"width: 82.0238%\">\n<p><strong>Prof. Me. Eluiz Maria Miqueletto<\/strong><br \/>Mestre em Contabilidade e Finan\u00e7as. Graduado em Ci\u00eancias Econ\u00f4micas e Ci\u00eancias Cont\u00e1beis.<br \/><strong>\u00c1reas de atua\u00e7\u00e3o e pesquisa:<\/strong> Contabilidade Societ\u00e1ria.<br \/><strong>E-mail: <\/strong>emiqueletto@terra.com.br<br \/>Curr\u00edculo Lattes<\/p>\n<p><strong>Per\u00edodo de atua\u00e7\u00e3o no DECONT:<\/strong> 22\/05\/1987 a 01\/12\/2025<\/p>\n<\/td>\n<\/tr>\n<\/tbody>\n<\/table>\n","protected":false},"excerpt":{"rendered":"<p>Esta se\u00e7\u00e3o re\u00fane docentes que atuaram no Departamento de Ci\u00eancias Cont\u00e1beis &#8211; DECONT da UFPR e que, ao longo de suas trajet\u00f3rias acad\u00eamicas, contribu\u00edram para a consolida\u00e7\u00e3o, o desenvolvimento e a identidade institucional do DECONT. Incluem-se professores aposentados ou que, em diferentes momentos, integraram o corpo docente do Departamento, deixando contribui\u00e7\u00f5es no ensino, na pesquisa, [&hellip;]<\/p>\n","protected":false},"author":2837,"featured_media":0,"parent":0,"menu_order":0,"comment_status":"closed","ping_status":"closed","template":"","meta":{"footnotes":""},"class_list":["post-6252","page","type-page","status-publish","hentry"],"_links":{"self":[{"href":"https:\/\/sociaisaplicadas.ufpr.br\/contabeis\/wp-json\/wp\/v2\/pages\/6252","targetHints":{"allow":["GET"]}}],"collection":[{"href":"https:\/\/sociaisaplicadas.ufpr.br\/contabeis\/wp-json\/wp\/v2\/pages"}],"about":[{"href":"https:\/\/sociaisaplicadas.ufpr.br\/contabeis\/wp-json\/wp\/v2\/types\/page"}],"author":[{"embeddable":true,"href":"https:\/\/sociaisaplicadas.ufpr.br\/contabeis\/wp-json\/wp\/v2\/users\/2837"}],"replies":[{"embeddable":true,"href":"https:\/\/sociaisaplicadas.ufpr.br\/contabeis\/wp-json\/wp\/v2\/comments?post=6252"}],"version-history":[{"count":7,"href":"https:\/\/sociaisaplicadas.ufpr.br\/contabeis\/wp-json\/wp\/v2\/pages\/6252\/revisions"}],"predecessor-version":[{"id":6262,"href":"https:\/\/sociaisaplicadas.ufpr.br\/contabeis\/wp-json\/wp\/v2\/pages\/6252\/revisions\/6262"}],"wp:attachment":[{"href":"https:\/\/sociaisaplicadas.ufpr.br\/contabeis\/wp-json\/wp\/v2\/media?parent=6252"}],"curies":[{"name":"wp","href":"https:\/\/api.w.org\/{rel}","templated":true}]}}