{"id":158,"date":"2016-09-20T10:42:14","date_gmt":"2016-09-20T13:42:14","guid":{"rendered":"https:\/\/sociaisaplicadas.ufpr.br\/economia\/?page_id=158"},"modified":"2024-03-06T11:00:52","modified_gmt":"2024-03-06T14:00:52","slug":"curriculo","status":"publish","type":"page","link":"https:\/\/sociaisaplicadas.ufpr.br\/coordeco\/curriculo\/","title":{"rendered":"Curr\u00edculos"},"content":{"rendered":"<h5>Ingressantes at\u00e9 2021<\/h5>\n<table style=\"width: 834px;height: 111px\">\n<tbody>\n<tr>\n<td style=\"width: 711.719px\">\u00a0 \u00a0Curso Matutino (Vers\u00e3o 2014\/2015)<\/td>\n<td style=\"width: 106.281px\"><a href=\"https:\/\/sociaisaplicadas.ufpr.br\/coordeco\/wp-content\/uploads\/sites\/9\/2023\/03\/CurriculoAntigo-Pleno-Diurno-atualizado-2023-03-09.pdf\" target=\"_blank\" rel=\"noopener\">Download<\/a><\/td>\n<\/tr>\n<tr>\n<td style=\"width: 711.719px\">\u00a0 Curso Noturno\u00a0(Vers\u00e3o 2014\/2015)<\/td>\n<td style=\"width: 106.281px\"><a href=\"https:\/\/sociaisaplicadas.ufpr.br\/coordeco\/wp-content\/uploads\/sites\/9\/2023\/03\/CurriculoAntigo-Pleno-Noturno-atualizado-2023-03-09.pdf\" target=\"_blank\" rel=\"noopener\">Download<\/a><\/td>\n<\/tr>\n<tr>\n<td style=\"width: 711.719px\">\u00a0 Plano Pedag\u00f3gico do Curso<\/td>\n<td style=\"width: 106.281px\"><a href=\"https:\/\/sociaisaplicadas.ufpr.br\/coordeco\/wp-content\/uploads\/sites\/9\/2018\/03\/PPC-CI\u00caNCIAS-ECON\u00d4MICAS.pdf\">Download<\/a><\/td>\n<\/tr>\n<\/tbody>\n<\/table>\n<h5>Ingressantes ap\u00f3s 2022<\/h5>\n<table style=\"width: 74.3243%;height: 69px\">\n<tbody>\n<tr style=\"height: 23px\">\n<td style=\"width: 60.5274%;height: 23px\">\u00a0 Novo Curr\u00edculo do Curso Matutino<\/td>\n<td style=\"width: 12.629%;height: 23px\"><a href=\"https:\/\/sociaisaplicadas.ufpr.br\/coordeco\/wp-content\/uploads\/sites\/9\/2023\/03\/CurriculoNovo-Pleno-Diurno-atualizado-2023-03-15.pdf\">Download<\/a><\/td>\n<\/tr>\n<tr style=\"height: 23px\">\n<td style=\"width: 60.5274%;height: 23px\">\u00a0 Novo Curr\u00edculo do Curso Noturno<\/td>\n<td style=\"width: 12.629%;height: 23px\"><a href=\"https:\/\/sociaisaplicadas.ufpr.br\/coordeco\/wp-content\/uploads\/sites\/9\/2023\/03\/CurriculoNovo-Pleno-Noturno-atualizado-2023-03-15.pdf\">Download<\/a><\/td>\n<\/tr>\n<tr style=\"height: 23px\">\n<td style=\"width: 60.5274%;height: 23px\">\u00a0 Novo Projeto Pedag\u00f3gico do Curso<\/td>\n<td style=\"width: 12.629%;height: 23px\"><a href=\"https:\/\/sociaisaplicadas.ufpr.br\/coordeco\/wp-content\/uploads\/sites\/9\/2022\/07\/PPC-Ci\u00eancias-Econ\u00f4micas-2022-revisto-junho2022.pdf\">Download<\/a><\/td>\n<\/tr>\n<\/tbody>\n<\/table>\n<h5>Plano de adapta\u00e7\u00e3o curricular e Programa das Disciplinas<\/h5>\n<table style=\"width: 73.4519%;height: 69px\">\n<tbody>\n<tr style=\"height: 23px\">\n<td style=\"width: 63.2176%;height: 23px\">\u00a0 Plano de adapta\u00e7\u00e3o curricular<\/td>\n<td style=\"width: 7.79822%;height: 23px\"><a href=\"https:\/\/sociaisaplicadas.ufpr.br\/coordeco\/wp-content\/uploads\/sites\/9\/2023\/03\/Minuta-Resolu\u00e7\u00e3o-CEPE-que-Fixa-o-Curr\u00edculo-Pleno-Turno-Noturno-9-11.pdf\">Download<\/a><\/td>\n<\/tr>\n<tr style=\"height: 23px\">\n<td style=\"width: 63.2176%;height: 23px\">\u00a0 Programa das Disciplinas<\/td>\n<td style=\"width: 7.79822%;height: 23px\"><a href=\"https:\/\/sociaisaplicadas.ufpr.br\/depecon\/programas-das-disciplinas\/\">Download<\/a><\/td>\n<\/tr>\n<\/tbody>\n<\/table>\n<h5><strong>Resolu\u00e7\u00f5es e Portarias<\/strong><\/h5>\n<p><a href=\"https:\/\/sociaisaplicadas.ufpr.br\/coordeco\/wp-content\/uploads\/sites\/9\/2023\/03\/Minuta-Resolu\u00e7\u00e3o-60-2020-CEPE-que-Fixa-o-Curr\u00edculo-Pleno-Turno-Matutino-1-4.pdf\">RESOLU\u00c7\u00c3O No 60\/2020-CEPE Fixa o Curr\u00edculo Pleno do Curso de Ci\u00eancias Econ\u00f4micas &#8211; Diurno<\/a><\/p>\n<p><a href=\"https:\/\/sociaisaplicadas.ufpr.br\/coordeco\/wp-content\/uploads\/sites\/9\/2023\/03\/Minuta-Resolu\u00e7\u00e3o-61-2020-CEPE-que-Fixa-o-Curr\u00edculo-Pleno-Turno-Noturno-1-4.pdf\">RESOLU\u00c7\u00c3O No 61\/2020-CEPE Fixa o Curr\u00edculo Pleno do Curso de Ci\u00eancias Econ\u00f4micas &#8211; Noturno<\/a><\/p>\n<p><a href=\"https:\/\/drive.google.com\/file\/d\/1QZQkl6vekA5c_LhGOLVUgUa7f4Qsc7Ru\/view?usp=sharing\">Relat\u00f3rio de an\u00e1lise de adequa\u00e7\u00e3o das refer\u00eancias bibliogr\u00e1ficas das disciplinas no \u00e2mbito da reforma curricular &#8211; 2020<\/a><\/p>\n<p><a href=\"https:\/\/sociaisaplicadas.ufpr.br\/coordeco\/wp-content\/uploads\/sites\/9\/2022\/09\/Portaria-192-Ajuste-curricular-para-inclus\u00e3o-de-disciplinas-optativas.pdf\">Portaria 192 &#8211; Ajuste curricular para inclus\u00e3o de disciplinas optativas<\/a><\/p>\n<p><a href=\"https:\/\/sociaisaplicadas.ufpr.br\/coordeco\/wp-content\/uploads\/sites\/9\/2022\/09\/Portaria-PROGRAD-329-Ajuste-curricular-para-substitui\u00e7\u00e3o-das-disciplinas-de-c\u00e1lculo.pdf\">Portaria 329 &#8211; Ajuste curricular para substitui\u00e7\u00e3o das disciplinas de c\u00e1lculo<\/a><\/p>\n<p><a href=\"https:\/\/sociaisaplicadas.ufpr.br\/coordeco\/wp-content\/uploads\/sites\/9\/2022\/11\/Portaria_5044691.pdf\">Portaria 388 &#8211; Ajuste curricular referente \u00e0 disciplina de Economia e Direito (curr\u00edculo 2015)<\/a><\/p>\n<p><a href=\"https:\/\/sociaisaplicadas.ufpr.br\/coordeco\/wp-content\/uploads\/sites\/9\/2022\/11\/Portaria_5046095.pdf\">Portaria 389 &#8211;\u00a0Ajuste curricular referente \u00e0 disciplina de Economia e Direito\u00a0(curr\u00edculo 2022)<\/a><\/p>\n","protected":false},"excerpt":{"rendered":"<p>Ingressantes at\u00e9 2021 \u00a0 \u00a0Curso Matutino (Vers\u00e3o 2014\/2015) Download \u00a0 Curso Noturno\u00a0(Vers\u00e3o 2014\/2015) Download \u00a0 Plano Pedag\u00f3gico do Curso Download Ingressantes ap\u00f3s 2022 \u00a0 Novo Curr\u00edculo do Curso Matutino Download \u00a0 Novo Curr\u00edculo do Curso Noturno Download \u00a0 Novo Projeto Pedag\u00f3gico do Curso Download Plano de adapta\u00e7\u00e3o curricular e Programa das Disciplinas \u00a0 Plano de [&hellip;]<\/p>\n","protected":false},"author":2783,"featured_media":0,"parent":0,"menu_order":0,"comment_status":"closed","ping_status":"closed","template":"","meta":{"footnotes":""},"class_list":["post-158","page","type-page","status-publish","hentry"],"_links":{"self":[{"href":"https:\/\/sociaisaplicadas.ufpr.br\/coordeco\/wp-json\/wp\/v2\/pages\/158","targetHints":{"allow":["GET"]}}],"collection":[{"href":"https:\/\/sociaisaplicadas.ufpr.br\/coordeco\/wp-json\/wp\/v2\/pages"}],"about":[{"href":"https:\/\/sociaisaplicadas.ufpr.br\/coordeco\/wp-json\/wp\/v2\/types\/page"}],"author":[{"embeddable":true,"href":"https:\/\/sociaisaplicadas.ufpr.br\/coordeco\/wp-json\/wp\/v2\/users\/2783"}],"replies":[{"embeddable":true,"href":"https:\/\/sociaisaplicadas.ufpr.br\/coordeco\/wp-json\/wp\/v2\/comments?post=158"}],"version-history":[{"count":68,"href":"https:\/\/sociaisaplicadas.ufpr.br\/coordeco\/wp-json\/wp\/v2\/pages\/158\/revisions"}],"predecessor-version":[{"id":2880,"href":"https:\/\/sociaisaplicadas.ufpr.br\/coordeco\/wp-json\/wp\/v2\/pages\/158\/revisions\/2880"}],"wp:attachment":[{"href":"https:\/\/sociaisaplicadas.ufpr.br\/coordeco\/wp-json\/wp\/v2\/media?parent=158"}],"curies":[{"name":"wp","href":"https:\/\/api.w.org\/{rel}","templated":true}]}}