{"id":2739,"date":"2024-01-23T12:02:55","date_gmt":"2024-01-23T15:02:55","guid":{"rendered":"https:\/\/sociaisaplicadas.ufpr.br\/coordeco\/?page_id=2739"},"modified":"2025-12-18T16:00:59","modified_gmt":"2025-12-18T19:00:59","slug":"informacoes-importantes-para-ingressantes-2026","status":"publish","type":"page","link":"https:\/\/sociaisaplicadas.ufpr.br\/coordeco\/informacoes-importantes-para-ingressantes-2026\/","title":{"rendered":"Informa\u00e7\u00f5es Importantes para Ingressantes &#8211; 2026"},"content":{"rendered":"\n<p>A matr\u00edcula dos ingressantes \u00e9 feita diretamente pela PROGRAP nas turmas do 1\u00ba per\u00edodo no SIGA.<\/p>\n\n\n\n<p>Entre os dias 23 e 25\/fev\/2026 &#8211; Per\u00edodo para confirma\u00e7\u00e3o PRESENCIAL da matr\u00edcula e efetiva OCUPA\u00c7\u00c3O DA VAGA, para ingressantes em cursos anuais e do primeiro semestre (Res. 37\/97-CEPE, art. 32). A confirma\u00e7\u00e3o \u00e9 feita atrav\u00e9s de assinatura em lista dispon\u00edvel na Coordena\u00e7\u00e3o do curso.<\/p>\n\n\n\n<p>Programa\u00e7\u00e3o da Semana de Recep\u00e7\u00e3o aos Calouros<\/p>\n\n\n\n<p><a href=\"https:\/\/prograp.ufpr.br\/manual-do-estudante\/\">Manual para Estudantes da UFPR \u2013 PROGRAP<\/a><\/p>\n\n\n\n<p><strong>Solicita\u00e7\u00e3o de E-mail UFPR\u00a0<\/strong>\u2013\u00a0<a href=\"https:\/\/intranet.ufpr.br\/intranet\/public\/principal.action\"><a href=\"https:\/\/sistemas.ufpr.br\/auth\/realms\/producao\/protocol\/openid-connect\/auth?client_id=portal-sistemas&amp;scope=openid&amp;response_type=code&amp;redirect_uri=https%3A%2F%2Fsistemas.ufpr.br%2Flogin%2Fcallback\">Portal de Sistemas<\/a><\/a><\/p>\n\n\n\n<p><strong>Acesso \u00e0 UFPR Virtual \u2013&nbsp;<\/strong><a href=\"https:\/\/ufprvirtual.ufpr.br\/\">https:\/\/ufprvirtual.ufpr.br\/<\/a><\/p>\n\n\n\n<p><strong>Suporte \u00e0 UFPR Virtual&nbsp;<\/strong>\u2013&nbsp;<a href=\"https:\/\/ufprvirtual.ufpr.br\/course\/view.php?id=8742\">https:\/\/ufprvirtual.ufpr.br\/course\/view.php?id=8742<\/a><\/p>\n\n\n\n<p><strong>Suporte Acesso ao TEAMS<\/strong>&nbsp;\u2013&nbsp;<a href=\"https:\/\/www.agtic.ufpr.br\/wp-content\/uploads\/2020\/03\/guia-teams-1-1.pdf\">https:\/\/www.agtic.ufpr.br\/wp-content\/uploads\/2020\/03\/guia-teams-1-1.pdf<\/a><\/p>\n\n\n\n<p><strong>Acesso ao SIGA<\/strong><\/p>\n\n\n\n<p>1) Acesse\u00a0<a href=\"https:\/\/www.prppg.ufpr.br\/siga\"><a href=\"https:\/\/sistemas.ufpr.br\/auth\/realms\/producao\/protocol\/openid-connect\/auth?client_id=portal-sistemas&amp;scope=openid&amp;response_type=code&amp;redirect_uri=https%3A%2F%2Fsistemas.ufpr.br%2Flogin%2Fcallback\">Portal de Sistemas<\/a><\/a><\/p>\n\n\n\n<p>2) Digite o seu e-mail institucional<\/p>\n\n\n\n<p>3) Digite sua senha<\/p>\n\n\n\n<p>4) Caso ainda n\u00e3o possua senha, clique no link Esqueceu\/N\u00e3o sabe sua senha.<\/p>\n\n\n\n<p>5) Verifique na sua caixa de e-mail se recebeu um&nbsp;<em>e-mail<\/em>&nbsp;com instru\u00e7\u00f5es para redefini\u00e7\u00e3o da senha.<\/p>\n\n\n\n<p>6) Caso n\u00e3o receba o e-mail, solicite corre\u00e7\u00e3o do e-mail cadastrado no SIGA na sua coordena\u00e7\u00e3o de curso<\/p>\n\n\n\n<p><strong>Conhe\u00e7a o SIGA<\/strong> &#8211; <a href=\"https:\/\/ufpraberta.ufpr.br\/course\/index.php?categoryid=3\">UFPR Aberta: Todos os cursos<\/a><\/p>\n","protected":false},"excerpt":{"rendered":"<p>A matr\u00edcula dos ingressantes \u00e9 feita diretamente pela PROGRAP nas turmas do 1\u00ba per\u00edodo no SIGA. Entre os dias 23 e 25\/fev\/2026 &#8211; Per\u00edodo para confirma\u00e7\u00e3o PRESENCIAL da matr\u00edcula e efetiva OCUPA\u00c7\u00c3O DA VAGA, para ingressantes em cursos anuais e do primeiro semestre (Res. 37\/97-CEPE, art. 32). A confirma\u00e7\u00e3o \u00e9 feita atrav\u00e9s de assinatura em [&hellip;]<\/p>\n","protected":false},"author":2850,"featured_media":0,"parent":0,"menu_order":0,"comment_status":"closed","ping_status":"closed","template":"","meta":{"footnotes":""},"class_list":["post-2739","page","type-page","status-publish","hentry"],"_links":{"self":[{"href":"https:\/\/sociaisaplicadas.ufpr.br\/coordeco\/wp-json\/wp\/v2\/pages\/2739","targetHints":{"allow":["GET"]}}],"collection":[{"href":"https:\/\/sociaisaplicadas.ufpr.br\/coordeco\/wp-json\/wp\/v2\/pages"}],"about":[{"href":"https:\/\/sociaisaplicadas.ufpr.br\/coordeco\/wp-json\/wp\/v2\/types\/page"}],"author":[{"embeddable":true,"href":"https:\/\/sociaisaplicadas.ufpr.br\/coordeco\/wp-json\/wp\/v2\/users\/2850"}],"replies":[{"embeddable":true,"href":"https:\/\/sociaisaplicadas.ufpr.br\/coordeco\/wp-json\/wp\/v2\/comments?post=2739"}],"version-history":[{"count":11,"href":"https:\/\/sociaisaplicadas.ufpr.br\/coordeco\/wp-json\/wp\/v2\/pages\/2739\/revisions"}],"predecessor-version":[{"id":3429,"href":"https:\/\/sociaisaplicadas.ufpr.br\/coordeco\/wp-json\/wp\/v2\/pages\/2739\/revisions\/3429"}],"wp:attachment":[{"href":"https:\/\/sociaisaplicadas.ufpr.br\/coordeco\/wp-json\/wp\/v2\/media?parent=2739"}],"curies":[{"name":"wp","href":"https:\/\/api.w.org\/{rel}","templated":true}]}}