{"id":2756,"date":"2024-01-23T12:33:40","date_gmt":"2024-01-23T15:33:40","guid":{"rendered":"https:\/\/sociaisaplicadas.ufpr.br\/coordeco\/?page_id=2756"},"modified":"2025-12-18T15:55:06","modified_gmt":"2025-12-18T18:55:06","slug":"informacoes-gerais-1o-semestre-de-2026","status":"publish","type":"page","link":"https:\/\/sociaisaplicadas.ufpr.br\/coordeco\/informacoes-gerais-1o-semestre-de-2026\/","title":{"rendered":"Informa\u00e7\u00f5es Gerais &#8211; 1\u00ba semestre de 2026"},"content":{"rendered":"\n<p>O 1\u00ba semestre de 2026 ter\u00e1 in\u00edcio em 23\/fevereiro\/2026 e t\u00e9rmino em 27\/junho\/2026.<\/p>\n\n\n\n<p>As aulas ser\u00e3o todas no FORMATO PRESENCIAL (com exce\u00e7\u00e3o de disciplinas que possuem parte da carga hor\u00e1ria previamente registradas no formato EaD, conforme a Ficha 1 da mesma. A Ficha 2 \u00e9 produzida por cada docente a partir da Ficha 1, que \u00e9 de base fixa. As fichas 2 devem ser consultadas no SIGA.<\/p>\n\n\n\n<p>Devido a implementa\u00e7\u00e3o do Novo Curr\u00edculo a partir do 1\u00ba semestre de 2022 TODAS AS DISCIPLINAS SER\u00c3O OFERTADAS EM REGIME SEMESTRAL e ter\u00e3o a devida correspond\u00eancia lan\u00e7ada automaticamente no SIGA para os alunos com GRR anterior a 2022.<\/p>\n\n\n\n<p>Entre os dias 29\/jan e 02\/fev\/2026: acesse o SIGA e registre suas solicita\u00e7\u00f5es de matr\u00edcula nas disciplinas selecionadas.<\/p>\n\n\n\n<p>ATEN\u00c7\u00c3O: Cada estudante precisa se matricular e cursar disciplinas (no m\u00ednimo ter registro de 16 horas-aula por semana). Esse total de horas equivale, por exemplo, a 4 disciplinas de 60h. Esse total n\u00e3o se aplica a estudantes que est\u00e3o na fase final do curso e precisam cursar carga hor\u00e1ria restante que pode ser menor que essa quantidade m\u00ednima. Pode ser que nesses casos n\u00e3o seja poss\u00edvel realizar a matr\u00edcula no SIGA e ser\u00e1 necess\u00e1rio solicitar as matr\u00edculas \u00e0 secretaria da Coordena\u00e7\u00e3o no per\u00edodo de ajuste de matr\u00edculas. Somente nestes casos que a secretaria realizar\u00e1 a matr\u00edcula, durante o per\u00edodo de ajustes.<\/p>\n\n\n\n<p>03 e 04\/fev\/2026: \u2013 PROCESSAMENTO DAS MATR\u00cdCULAS \u2013 procedimento autom\u00e1tico do SIGA. Apenas depois disso, as turmas em que voc\u00ea foi efetivamente matriculada\/o aparecer\u00e3o em sua tela como tal.<\/p>\n\n\n\n<p>06 e 06\/fev\/2026\u2013 Per\u00edodo para solicitar AJUSTE DE SUA MATR\u00cdCULA ON LINE NO SIGA. IMPORTANTE: N\u00e3o haver\u00e1 interfer\u00eancia da Secretaria neste ajuste. Toda solicita\u00e7\u00e3o de ajuste, neste momento, dever\u00e1 ser realizada no SIGA. Voc\u00ea poder\u00e1 solicitar remo\u00e7\u00e3o ou inclus\u00e3o de matr\u00edcula em disciplina, respeitando sempre a carga hor\u00e1ria m\u00ednima exigida (para remo\u00e7\u00e3o) e a exist\u00eancia de vagas na turma (para inclus\u00e3o).<\/p>\n\n\n\n<p>09\/fev\/2026 \u2013 PROCESSAMENTO DO AJUSTE DAS MATR\u00cdCULAS ON LINE \u2013 procedimento autom\u00e1tico do SIGA. Apenas depois disso, as turmas que voc\u00ea eventualmente tenha cancelado e aquelas em que voc\u00ea foi efetivamente matriculada\/o ap\u00f3s o ajuste aparecer\u00e3o em sua tela como tal.<\/p>\n\n\n\n<h2 class=\"wp-block-heading\">Trancamentos &#8211; 1\u00ba, 2\u00ba e 3\u00ba<\/h2>\n\n\n\n<p>Entende-se por trancamento de curso a interrup\u00e7\u00e3o tempor\u00e1ria de todas as atividades acad\u00eamicas.<\/p>\n\n\n\n<ul class=\"wp-block-list\">\n<li>Ser\u00e3o permitidos at\u00e9 tr\u00eas (03) trancamentos de curso consecutivos ou alternados.<\/li>\n\n\n\n<li>O primeiro trancamento de curso \u00e9 volunt\u00e1rio e imotivado.\u00a0Para o primeiro trancamento,\u00a0orienta-se que o aluno solicite o trancamento para dois (2) semestres consecutivos, pois n\u00e3o haver\u00e1 preju\u00edzo caso o aluno decida retornar antes de findado este prazo, e considerando que o segundo trancamento s\u00f3 pode ser realizado se aprovado pelo colegiado do curso.<\/li>\n\n\n\n<li>Os segundo e terceiro trancamentos (EXCEPCIONAL) de curso devidamente justificados e documentados dever\u00e3o ser julgados pelo Colegiado de Curso.<\/li>\n<\/ul>\n\n\n\n<h2 class=\"wp-block-heading\">Prazos de Trancamento<\/h2>\n\n\n\n<p>03\/02\/2026 at\u00e9 06\/03\/2025 &#8211; Per\u00edodo para o primeiro trancamento de curso para alunos que n\u00e3o efetuaram matr\u00edcula em disciplinas anuais e disciplinas e unidades curriculares semestraisofertadas para o 1\u00ba semestre de 2026 solicitarem trancamento de curso no SIGA<\/p>\n\n\n\n<p>09\/03\/2026 at\u00e9 24\/04\/2026 &#8211; Per\u00edodo para os alunos que efetuaram matr\u00edcula em disciplinas e unidades curriculares semestrais ofertadas para o 1\u00ba semestre de2026, solicitarem trancamento de curso no SIGA (IN 01\/2016 PROGRAD, Art. 4\u00ba, \u00a7 2\u00ba).<\/p>\n\n\n\n<p><strong>23\/fev\/2026 \u2013IN\u00cdCIO DO PER\u00cdODO LETIVO<\/strong><\/p>\n\n\n\n<p>10\/fev\/2026 a 13\/fevereiro\/2026 \u2013 CORRE\u00c7\u00c3O RESIDUAL DE MATR\u00cdCULAS PELA COORDENA\u00c7\u00c3O: A Secretaria divulgar\u00e1, em seu tempo, o m\u00e9todo de realiza\u00e7\u00e3o desta corre\u00e7\u00e3o, para eventuais sobras de vagas.<\/p>\n\n\n\n<p><\/p>\n\n\n\n<p>Sobre MATR\u00cdCULAS nas disciplinas de MONOGRAFIA I e\/ou MONOGRAFIA II: cada estudante \u00e9 respons\u00e1vel por, primeiramente, consultar e obter o aceite do(a) professor(a) orientador(a), conforme a \u00e1rea de pesquisa de interesse. Ap\u00f3s ter o aceite do(a) docente, cada estudante dever\u00e1 registrar sua matr\u00edcula diretamente no SIGA na respectiva turma do(a) docente que lhe orientar\u00e1. Caso voc\u00ea registre sua matr\u00edcula no SIGA e n\u00e3o tenha obtido aceite\/confirma\u00e7\u00e3o de orienta\u00e7\u00e3o, previamente, do(a) orientador(a), seu nome poder\u00e1 ser exclu\u00eddo da turma a pedido do(a) docente. Por isso \u00e9 fundamental acertar o processo de orienta\u00e7\u00e3o antes de efetuar a matr\u00edcula no SIGA.<\/p>\n\n\n\n<p>Sobre a OBRIGATORIEDADE NA REALIZA\u00c7\u00c3O DE MATR\u00cdCULAS: Todo(a) estudante precisar\u00e1 se matricular, obrigatoriamente, em disciplinas neste pr\u00f3ximo per\u00edodo letivo. Quem n\u00e3o possuir registro de matr\u00edcula em qualquer disciplina perder\u00e1 o v\u00ednculo com a UFPR ao final deste semestre letivo. Isso \u00e9 extremamente s\u00e9rio e requer sua aten\u00e7\u00e3o. \u00c9 sua obriga\u00e7\u00e3o saber sobre seu dever de manter v\u00ednculo ativo com a UFPR para n\u00e3o perder seu v\u00ednculo. Quem n\u00e3o puder cursar quaisquer disciplinas deve solicitar trancamento de curso, necessariamente (lembrando que o 1\u00ba trancamento n\u00e3o precisa ser justificado, e o direito ao 2\u00ba e 3\u00ba trancamento precisam ser aprovados pelo Colegiado de Curso). Defina as suas matr\u00edculas SEMPRE priorizando as matr\u00edculas em disciplinas OBRIGAT\u00d3RIAS e nas disciplinas em que voc\u00ea est\u00e1 atrasado(a)!<\/p>\n\n\n\n<p>ORIENTA\u00c7\u00c3O IMPORTANT\u00cdSSIMA: a escolha de disciplinas deve priorizar aquelas em que voc\u00ea est\u00e1 atrasado(a), conforme seu per\u00edodo no curso. Ap\u00f3s isso, preencha sua matriz de hor\u00e1rios com outras disciplinas obrigat\u00f3rias alinhadas ao seu momento no curso e em fun\u00e7\u00e3o dos pr\u00e9-requisitos j\u00e1 cumpridos. S\u00f3 ap\u00f3s isso recomendamos encaixar as disciplinas optativas ou disciplinas obrigat\u00f3rias que estejam sendo, possivelmente, adiantadas.<\/p>\n\n\n\n<p>Sobre CANCELAMENTOS DE MATR\u00cdCULAS: acompanhem o prazo oficial para realizar cancelamento de matr\u00edculas diretamente no SIGA e no calend\u00e1rio acad\u00eamico . Ap\u00f3s esse prazo n\u00e3o ser\u00e3o aceitos quaisquer pedidos de cancelamento de matr\u00edcula enviados \u00e0 secretaria da Coordena\u00e7\u00e3o de Curso. At\u00e9 porque o sistema fica bloqueado para a secretaria.<\/p>\n\n\n\n<p>Estudantes que, em alguma hip\u00f3tese, cancelam todas as disciplinas e ficam sem qualquer matr\u00edcula passam a ser classificados(as) como Abandono de curso e perdem o v\u00ednculo com a UFPR no semestre seguinte.<\/p>\n\n\n\n<p>Estudantes que realizam est\u00e1gio n\u00e3o podem cancelar todas as disciplinas e nem trancar o curso, sob o risco de ter o est\u00e1gio invalidado e sofrer penalidades administrativas. E isso poder\u00e1 implicar em indeferimento de novos contratos de est\u00e1gio nos semestres seguintes.<\/p>\n\n\n\n<p>ORIENTA\u00c7\u00c3O IMPORTANT\u00cdSSIMA: lembramos que existem limites para os cancelamentos de matr\u00edcula. Cada estudante s\u00f3 pode cancelar uma vez a mesma disciplina ao longo do curso (ver a Resolu\u00e7\u00e3o CEPE 37\/97 \u2013 Art. 60). N\u00e3o saia cancelando as matr\u00edculas sem pensar nas implica\u00e7\u00f5es de seus atos. Voc\u00ea \u00e9 respons\u00e1vel por ter ci\u00eancia das regras da UFPR e das implica\u00e7\u00f5es de suas decis\u00f5es no gerenciamento de sua vida acad\u00eamica. O cancelamento de disciplinas n\u00e3o pode deixar o(a) estudante com carga hor\u00e1ria semanal abaixo do m\u00ednimo de 16h.<\/p>\n\n\n\n<p>Sobre a ORDEM DE PRIORIDADE NO ATO DA MATR\u00cdCULA: obedece a Resolu\u00e7\u00e3o CEPE 37\/97, conforme esses crit\u00e9rios:<\/p>\n\n\n\n<p>1\u00ba) estudantes periodizados(as) e no mesmo turno em rela\u00e7\u00e3o \u00e0 disciplina solicitada;<\/p>\n\n\n\n<p>2\u00ba) estudantes classificados(as) em situa\u00e7\u00e3o de jubilamento;<\/p>\n\n\n\n<p>3\u00ba) estudantes\u202fdesperiodizados(as) por motivo de reprova\u00e7\u00e3o exclusivamente por nota;<\/p>\n\n\n\n<p>4\u00ba) estudantes desperiodizados(as) por motivo de reprova\u00e7\u00e3o por frequ\u00eancia;<\/p>\n\n\n\n<p>5\u00ba) N\u00famero de per\u00edodos j\u00e1 conclu\u00eddos;<\/p>\n\n\n\n<p>6\u00ba) IRA.<\/p>\n","protected":false},"excerpt":{"rendered":"<p>O 1\u00ba semestre de 2026 ter\u00e1 in\u00edcio em 23\/fevereiro\/2026 e t\u00e9rmino em 27\/junho\/2026. As aulas ser\u00e3o todas no FORMATO PRESENCIAL (com exce\u00e7\u00e3o de disciplinas que possuem parte da carga hor\u00e1ria previamente registradas no formato EaD, conforme a Ficha 1 da mesma. A Ficha 2 \u00e9 produzida por cada docente a partir da Ficha 1, que [&hellip;]<\/p>\n","protected":false},"author":2850,"featured_media":0,"parent":0,"menu_order":0,"comment_status":"closed","ping_status":"closed","template":"","meta":{"footnotes":""},"class_list":["post-2756","page","type-page","status-publish","hentry"],"_links":{"self":[{"href":"https:\/\/sociaisaplicadas.ufpr.br\/coordeco\/wp-json\/wp\/v2\/pages\/2756","targetHints":{"allow":["GET"]}}],"collection":[{"href":"https:\/\/sociaisaplicadas.ufpr.br\/coordeco\/wp-json\/wp\/v2\/pages"}],"about":[{"href":"https:\/\/sociaisaplicadas.ufpr.br\/coordeco\/wp-json\/wp\/v2\/types\/page"}],"author":[{"embeddable":true,"href":"https:\/\/sociaisaplicadas.ufpr.br\/coordeco\/wp-json\/wp\/v2\/users\/2850"}],"replies":[{"embeddable":true,"href":"https:\/\/sociaisaplicadas.ufpr.br\/coordeco\/wp-json\/wp\/v2\/comments?post=2756"}],"version-history":[{"count":3,"href":"https:\/\/sociaisaplicadas.ufpr.br\/coordeco\/wp-json\/wp\/v2\/pages\/2756\/revisions"}],"predecessor-version":[{"id":3416,"href":"https:\/\/sociaisaplicadas.ufpr.br\/coordeco\/wp-json\/wp\/v2\/pages\/2756\/revisions\/3416"}],"wp:attachment":[{"href":"https:\/\/sociaisaplicadas.ufpr.br\/coordeco\/wp-json\/wp\/v2\/media?parent=2756"}],"curies":[{"name":"wp","href":"https:\/\/api.w.org\/{rel}","templated":true}]}}