{"id":2809,"date":"2024-03-06T08:57:16","date_gmt":"2024-03-06T11:57:16","guid":{"rendered":"https:\/\/sociaisaplicadas.ufpr.br\/coordeco\/?page_id=2809"},"modified":"2026-02-23T18:16:22","modified_gmt":"2026-02-23T21:16:22","slug":"grade20261","status":"publish","type":"page","link":"https:\/\/sociaisaplicadas.ufpr.br\/coordeco\/grade20261\/","title":{"rendered":"Grade Hor\u00e1ria 1\u00aa Sem\/2026"},"content":{"rendered":"\n<p>\u2013 Data de atualiza\u00e7\u00e3o: 23\/02\/2026, por Lucas Lopes Soares<\/p>\n\n\n\n<p>\u2013 Projeto Pedag\u00f3gico do Curso,&nbsp;<a href=\"https:\/\/sociaisaplicadas.ufpr.br\/coordeco\/curriculo\/\">clique aqui<\/a><\/p>\n\n\n\n<p>\u2013 Programas (Fichas 1), com ementas, das disciplinas obrigat\u00f3rias e optativas,&nbsp;<a href=\"https:\/\/sociaisaplicadas.ufpr.br\/depecon\/programas-das-disciplinas\">clique aqui<\/a><\/p>\n\n\n\n<ul class=\"wp-block-list\">\n<li><a href=\"https:\/\/sociaisaplicadas.ufpr.br\/coordeco\/informacoes-gerais-1o-semestre-de-2026\/\">Informa\u00e7\u00f5es Gerais<\/a><\/li>\n\n\n\n<li><a href=\"https:\/\/sociaisaplicadas.ufpr.br\/coordeco\/informacoes-importantes-para-ingressantes-2026\/\">Informa\u00e7\u00f5es Importantes para ingressantes<\/a><\/li>\n\n\n\n<li><a href=\"https:\/\/sociaisaplicadas.ufpr.br\/coordeco\/informacoes-gerais-1o-semestre-de-2026\/\">Datas do 1\u00ba Semestre de 2026<\/a><\/li>\n\n\n\n<li><a href=\"https:\/\/sociaisaplicadas.ufpr.br\/coordeco\/wp-content\/uploads\/sites\/9\/2026\/02\/Recepcao_calouros.pdf\" data-type=\"link\" data-id=\"https:\/\/sociaisaplicadas.ufpr.br\/coordeco\/wp-content\/uploads\/sites\/9\/2026\/02\/Recepcao_calouros.pdf\">Programa\u00e7\u00e3o da Semana de Recep\u00e7\u00e3o aos Calouros<\/a><\/li>\n\n\n\n<li><a href=\"https:\/\/prograp.ufpr.br\/calendario-academico\/\">Calend\u00e1rio Completo<\/a><\/li>\n\n\n\n<li><a href=\"https:\/\/sociaisaplicadas.ufpr.br\/coordeco\/wp-content\/uploads\/sites\/9\/2026\/02\/Grade-Horaria-2026-1-Matutino.pdf\" data-type=\"link\" data-id=\"https:\/\/sociaisaplicadas.ufpr.br\/coordeco\/wp-content\/uploads\/sites\/9\/2026\/02\/Plano-Departametal-2026-1-06022026-atualizado-MATUTINO.pdf\" target=\"_blank\" rel=\"noreferrer noopener\">Grade Hor\u00e1ria 2026-1 Matutino<\/a><\/li>\n\n\n\n<li><a href=\"https:\/\/sociaisaplicadas.ufpr.br\/coordeco\/wp-content\/uploads\/sites\/9\/2026\/02\/Grade-Horaria-2026-1-Noturno.pdf\" data-type=\"link\" data-id=\"https:\/\/sociaisaplicadas.ufpr.br\/coordeco\/wp-content\/uploads\/sites\/9\/2026\/02\/Plano-Departametal-2026-1-06022026-atualizado-NOTURNO.pdf\" target=\"_blank\" rel=\"noreferrer noopener\">Grade Hor\u00e1ria 2026-1 Noturno<\/a><\/li>\n<\/ul>\n\n\n\n<p><\/p>\n","protected":false},"excerpt":{"rendered":"<p>\u2013 Data de atualiza\u00e7\u00e3o: 23\/02\/2026, por Lucas Lopes Soares \u2013 Projeto Pedag\u00f3gico do Curso,&nbsp;clique aqui \u2013 Programas (Fichas 1), com ementas, das disciplinas obrigat\u00f3rias e optativas,&nbsp;clique aqui<\/p>\n","protected":false},"author":2812,"featured_media":0,"parent":0,"menu_order":0,"comment_status":"closed","ping_status":"closed","template":"","meta":{"footnotes":""},"class_list":["post-2809","page","type-page","status-publish","hentry"],"_links":{"self":[{"href":"https:\/\/sociaisaplicadas.ufpr.br\/coordeco\/wp-json\/wp\/v2\/pages\/2809","targetHints":{"allow":["GET"]}}],"collection":[{"href":"https:\/\/sociaisaplicadas.ufpr.br\/coordeco\/wp-json\/wp\/v2\/pages"}],"about":[{"href":"https:\/\/sociaisaplicadas.ufpr.br\/coordeco\/wp-json\/wp\/v2\/types\/page"}],"author":[{"embeddable":true,"href":"https:\/\/sociaisaplicadas.ufpr.br\/coordeco\/wp-json\/wp\/v2\/users\/2812"}],"replies":[{"embeddable":true,"href":"https:\/\/sociaisaplicadas.ufpr.br\/coordeco\/wp-json\/wp\/v2\/comments?post=2809"}],"version-history":[{"count":11,"href":"https:\/\/sociaisaplicadas.ufpr.br\/coordeco\/wp-json\/wp\/v2\/pages\/2809\/revisions"}],"predecessor-version":[{"id":3478,"href":"https:\/\/sociaisaplicadas.ufpr.br\/coordeco\/wp-json\/wp\/v2\/pages\/2809\/revisions\/3478"}],"wp:attachment":[{"href":"https:\/\/sociaisaplicadas.ufpr.br\/coordeco\/wp-json\/wp\/v2\/media?parent=2809"}],"curies":[{"name":"wp","href":"https:\/\/api.w.org\/{rel}","templated":true}]}}