{"id":13653,"date":"2026-07-13T15:05:15","date_gmt":"2026-07-13T18:05:15","guid":{"rendered":"https:\/\/sociaisaplicadas.ufpr.br\/decigi\/?page_id=13653"},"modified":"2026-08-31T12:02:37","modified_gmt":"2026-08-31T15:02:37","slug":"inicio","status":"publish","type":"page","link":"https:\/\/sociaisaplicadas.ufpr.br\/decigi\/","title":{"rendered":"P\u00e1gina Inicial"},"content":{"rendered":"\n<div class=\"wp-block-group decigi-hero\"><div class=\"wp-block-group__inner-container is-layout-constrained wp-block-group-is-layout-constrained\">\n<div class=\"wp-block-columns is-layout-flex wp-container-core-columns-is-layout-1 wp-block-columns-is-layout-flex\">\n<div class=\"wp-block-column is-layout-flow wp-block-column-is-layout-flow\">\n<p>Departamento acad\u00eamico da UFPR<\/p>\n\n\n\n<h1 class=\"wp-block-heading\">Ci\u00eancia e Gest\u00e3o da Informa\u00e7\u00e3o na UFPR.<\/h1>\n\n\n\n<p>Ensino, pesquisa, extens\u00e3o e gest\u00e3o acad\u00eamica no campo da Ci\u00eancia e Gest\u00e3o da Informa\u00e7\u00e3o.<\/p>\n\n\n\n<div class=\"wp-block-buttons is-layout-flex wp-block-buttons-is-layout-flex\">\n<div class=\"wp-block-button\"><a class=\"wp-block-button__link wp-element-button\" href=\"https:\/\/sociaisaplicadas.ufpr.br\/decigi\/o-departamento\/\">Conhe\u00e7a o DECIGI<\/a><\/div>\n\n\n\n<div class=\"wp-block-button\"><a class=\"wp-block-button__link wp-element-button\" href=\"https:\/\/sociaisaplicadas.ufpr.br\/decigi\/secretaria\/\">Fale com a Secretaria<\/a><\/div>\n<\/div>\n<\/div>\n\n\n\n<div class=\"wp-block-column is-layout-flow wp-block-column-is-layout-flow\">\n<div class=\"wp-block-group decigi-acesso\"><div class=\"wp-block-group__inner-container is-layout-constrained wp-block-group-is-layout-constrained\">\n<h6 class=\"wp-block-heading\">ACESSO DIRETO<\/h6>\n\n\n\n<h2 class=\"wp-block-heading\">O que voc\u00ea precisa encontrar?<\/h2>\n\n\n\n<div class=\"wp-block-buttons is-layout-flex wp-block-buttons-is-layout-flex\">\n<div class=\"wp-block-button\"><a class=\"wp-block-button__link wp-element-button\" href=\"https:\/\/sociaisaplicadas.ufpr.br\/decigi\/secretaria\/formularios\/\">Formul\u00e1rios e solicita\u00e7\u00f5es<\/a><\/div>\n\n\n\n<div class=\"wp-block-button\"><a class=\"wp-block-button__link wp-element-button\" href=\"https:\/\/sociaisaplicadas.ufpr.br\/decigi\/o-departamento\/infraestrutura\/\">Infraestrutura e reservas<\/a><\/div>\n\n\n\n<div class=\"wp-block-button\"><a class=\"wp-block-button__link wp-element-button\" href=\"https:\/\/sociaisaplicadas.ufpr.br\/decigi\/projeto-tratamento\/\">Projeto FACEL\/FANAC<\/a><\/div>\n\n\n\n<div class=\"wp-block-button\"><a class=\"wp-block-button__link wp-element-button\" href=\"https:\/\/sociaisaplicadas.ufpr.br\/decigi\/transparencia\/editais\/\">Editais<\/a><\/div>\n<\/div>\n<\/div><\/div>\n<\/div>\n<\/div>\n<\/div><\/div>\n\n\n\n<div class=\"wp-block-group decigi-curso\"><div class=\"wp-block-group__inner-container is-layout-constrained wp-block-group-is-layout-constrained\">\n<div class=\"wp-block-columns is-layout-flex wp-container-core-columns-is-layout-2 wp-block-columns-is-layout-flex\">\n<div class=\"wp-block-column is-layout-flow wp-block-column-is-layout-flow\">\n<h2 class=\"wp-block-heading\">Procurando informa\u00e7\u00f5es sobre o Bacharelado em Gest\u00e3o da Informa\u00e7\u00e3o?<\/h2>\n\n\n\n<p>Grade, est\u00e1gio, TCC, atividades formativas e orienta\u00e7\u00f5es acad\u00eamicas est\u00e3o dispon\u00edveis no site da Coordena\u00e7\u00e3o do Curso.<\/p>\n<\/div>\n\n\n\n<div class=\"wp-block-column is-layout-flow wp-block-column-is-layout-flow\">\n<div class=\"wp-block-buttons is-layout-flex wp-block-buttons-is-layout-flex\">\n<div class=\"wp-block-button\"><a class=\"wp-block-button__link wp-element-button\" href=\"https:\/\/sociaisaplicadas.ufpr.br\/gestinf\/\" target=\"_blank\" rel=\"noreferrer noopener\">Ir para o site do curso <br>\u2192<\/a><\/div>\n<\/div>\n<\/div>\n<\/div>\n<\/div><\/div>\n\n\n\n<div class=\"wp-block-group decigi-destaques\"><div class=\"wp-block-group__inner-container is-layout-constrained wp-block-group-is-layout-constrained\">\n<h2 class=\"wp-block-heading\">Gest\u00e3o e transpar\u00eancia<\/h2>\n\n\n\n<div class=\"wp-block-columns is-layout-flex wp-container-core-columns-is-layout-3 wp-block-columns-is-layout-flex\">\n<div class=\"wp-block-column is-layout-flow wp-block-column-is-layout-flow\">\n<div class=\"wp-block-group decigi-destaque-grande\"><div class=\"wp-block-group__inner-container is-layout-constrained wp-block-group-is-layout-constrained\">\n<h6 class=\"wp-block-heading\">Transpar\u00eancia <\/h6>\n\n\n\n<h3 class=\"wp-block-heading\">Decis\u00f5es e documentos institucionais reunidos em um \u00fanico espa\u00e7o.<\/h3>\n\n\n\n<p>Plen\u00e1rias, atos da chefia, comiss\u00f5es, processos seletivos e documentos de interesse p\u00fablico.<\/p>\n\n\n\n<div class=\"wp-block-buttons is-layout-flex wp-block-buttons-is-layout-flex\">\n<div class=\"wp-block-button\"><a class=\"wp-block-button__link wp-element-button\" href=\"https:\/\/sociaisaplicadas.ufpr.br\/decigi\/transparencia\/\">Acessar transpar\u00eancia<\/a><\/div>\n<\/div>\n<\/div><\/div>\n<\/div>\n\n\n\n<div class=\"wp-block-column is-layout-flow wp-block-column-is-layout-flow\">\n<div class=\"wp-block-group decigi-mini\"><div class=\"wp-block-group__inner-container is-layout-constrained wp-block-group-is-layout-constrained\">\n<h3 class=\"wp-block-heading\">Fun\u00e7\u00f5es e representa\u00e7\u00f5es<\/h3>\n\n\n\n<p>Consulte composi\u00e7\u00e3o, mandatos, atribui\u00e7\u00f5es e atos de designa\u00e7\u00e3o.<\/p>\n\n\n\n<p><a href=\"https:\/\/sociaisaplicadas.ufpr.br\/decigi\/transparencia\/funcoes\/\">Consultar composi\u00e7\u00e3o \u2192<\/a><\/p>\n<\/div><\/div>\n\n\n\n<div class=\"wp-block-group decigi-mini\"><div class=\"wp-block-group__inner-container is-layout-constrained wp-block-group-is-layout-constrained\">\n<h3 class=\"wp-block-heading\">Resolu\u00e7\u00f5es institucionais<\/h3>\n\n\n\n<p>Normas aplic\u00e1veis \u00e0s atividades acad\u00eamicas e administrativas do Departamento.<\/p>\n\n\n\n<p><a href=\"facel.html\"><\/a><a href=\"facel.html\"><\/a><a href=\"https:\/\/sociaisaplicadas.ufpr.br\/decigi\/transparencia\/resolucoes\/\">Consultar resolu\u00e7\u00f5es \u2192<\/a><\/p>\n<\/div><\/div>\n\n\n\n<div class=\"wp-block-group decigi-mini\"><div class=\"wp-block-group__inner-container is-layout-constrained wp-block-group-is-layout-constrained\">\n<h3 class=\"wp-block-heading\">Atas da Plen\u00e1ria<\/h3>\n\n\n\n<p>Registros das reuni\u00f5es da Plen\u00e1ria Departamental.<\/p>\n\n\n\n<p><a href=\"facel.html\"><\/a><a href=\"https:\/\/sociaisaplicadas.ufpr.br\/decigi\/transparencia\/atas\/\">Consultar atas \u2192<\/a><\/p>\n<\/div><\/div>\n<\/div>\n<\/div>\n<\/div><\/div>\n","protected":false},"excerpt":{"rendered":"<p>Departamento acad\u00eamico da UFPR Ci\u00eancia e Gest\u00e3o da Informa\u00e7\u00e3o na UFPR. Ensino, pesquisa, extens\u00e3o e gest\u00e3o acad\u00eamica no campo da Ci\u00eancia e Gest\u00e3o da Informa\u00e7\u00e3o. ACESSO DIRETO O que voc\u00ea precisa encontrar? Procurando informa\u00e7\u00f5es sobre o Bacharelado em Gest\u00e3o da Informa\u00e7\u00e3o? Grade, est\u00e1gio, TCC, atividades formativas e orienta\u00e7\u00f5es acad\u00eamicas est\u00e3o dispon\u00edveis no site da Coordena\u00e7\u00e3o [&hellip;]<\/p>\n","protected":false},"author":2858,"featured_media":0,"parent":0,"menu_order":0,"comment_status":"closed","ping_status":"closed","template":"","meta":{"_acf_changed":false,"footnotes":""},"class_list":["post-13653","page","type-page","status-publish","hentry"],"acf":[],"_links":{"self":[{"href":"https:\/\/sociaisaplicadas.ufpr.br\/decigi\/wp-json\/wp\/v2\/pages\/13653","targetHints":{"allow":["GET"]}}],"collection":[{"href":"https:\/\/sociaisaplicadas.ufpr.br\/decigi\/wp-json\/wp\/v2\/pages"}],"about":[{"href":"https:\/\/sociaisaplicadas.ufpr.br\/decigi\/wp-json\/wp\/v2\/types\/page"}],"author":[{"embeddable":true,"href":"https:\/\/sociaisaplicadas.ufpr.br\/decigi\/wp-json\/wp\/v2\/users\/2858"}],"replies":[{"embeddable":true,"href":"https:\/\/sociaisaplicadas.ufpr.br\/decigi\/wp-json\/wp\/v2\/comments?post=13653"}],"version-history":[{"count":54,"href":"https:\/\/sociaisaplicadas.ufpr.br\/decigi\/wp-json\/wp\/v2\/pages\/13653\/revisions"}],"predecessor-version":[{"id":15387,"href":"https:\/\/sociaisaplicadas.ufpr.br\/decigi\/wp-json\/wp\/v2\/pages\/13653\/revisions\/15387"}],"wp:attachment":[{"href":"https:\/\/sociaisaplicadas.ufpr.br\/decigi\/wp-json\/wp\/v2\/media?parent=13653"}],"curies":[{"name":"wp","href":"https:\/\/api.w.org\/{rel}","templated":true}]}}