{"id":13832,"date":"2026-07-20T08:11:49","date_gmt":"2026-07-20T11:11:49","guid":{"rendered":"https:\/\/sociaisaplicadas.ufpr.br\/decigi\/?page_id=13832"},"modified":"2026-08-31T16:38:50","modified_gmt":"2026-08-31T19:38:50","slug":"docentes","status":"publish","type":"page","link":"https:\/\/sociaisaplicadas.ufpr.br\/decigi\/docentes\/","title":{"rendered":"Docentes"},"content":{"rendered":"\n<div class=\"wp-block-group decigi-pagina-topo\"><div class=\"wp-block-group__inner-container is-layout-constrained wp-block-group-is-layout-constrained\">\n<p class=\"decigi-trilha\"><a href=\"https:\/\/sociaisaplicadas.ufpr.br\/decigi\/\">In\u00edcio<\/a> \/ <a href=\"https:\/\/sociaisaplicadas.ufpr.br\/decigi\/departamento\/docentes\/\" data-type=\"page\" data-id=\"490\">Docentes<\/a><\/p>\n\n\n\n<h1 class=\"wp-block-heading\">Docentes<\/h1>\n\n\n\n<p>Conhe\u00e7a o corpo docente do DECIGI, suas \u00e1reas de atua\u00e7\u00e3o e perfis acad\u00eamicos.<\/p>\n<\/div><\/div>\n\n\n\n<div class=\"wp-block-group decigi-docentes-grade\"><div class=\"wp-block-group__inner-container is-layout-constrained wp-block-group-is-layout-constrained\">\n<div class=\"wp-block-columns is-layout-flex wp-container-core-columns-is-layout-1 wp-block-columns-is-layout-flex\">\n<div class=\"wp-block-column is-layout-flow wp-block-column-is-layout-flow\">\n<div class=\"wp-block-group decigi-docente\"><div class=\"wp-block-group__inner-container is-layout-constrained wp-block-group-is-layout-constrained\">\n<figure class=\"wp-block-image size-large decigi-avatar\"><img decoding=\"async\" src=\"https:\/\/sociaisaplicadas.ufpr.br\/decigi\/wp-content\/uploads\/sites\/5\/2021\/04\/b8224341-c5fb-460c-b1ac-99fda2988cc8.jpg\" alt=\"\" \/><\/figure>\n\n\n\n<h3 class=\"wp-block-heading\"><strong>Vera L\u00facia Belo Chagas<\/strong><\/h3>\n\n\n\n<p>Atua em Gest\u00e3o da Informa\u00e7\u00e3o, Compet\u00eancia em Informa\u00e7\u00e3o e Informa\u00e7\u00e3o em Sa\u00fade.<\/p>\n\n\n\n<p class=\"decigi-chips\">Gest\u00e3o da Informa\u00e7\u00e3o<\/p>\n\n\n\n<p class=\"decigi-chips\">Compet\u00eancia em Informa\u00e7\u00e3o<\/p>\n\n\n\n<p class=\"decigi-chips\">Sa\u00fade<\/p>\n\n\n\n<div class=\"wp-block-buttons is-layout-flex wp-block-buttons-is-layout-flex\">\n<div class=\"wp-block-button\"><a class=\"wp-block-button__link wp-element-button\" href=\"https:\/\/sociaisaplicadas.ufpr.br\/decigi\/departamento\/docentes\/veralucia\/\" target=\"_blank\" rel=\"noreferrer noopener\">Ver perfil \u2192<\/a><\/div>\n<\/div>\n<\/div><\/div>\n<\/div>\n\n\n\n<div class=\"wp-block-column is-layout-flow wp-block-column-is-layout-flow\">\n<div class=\"wp-block-group decigi-docente\"><div class=\"wp-block-group__inner-container is-layout-constrained wp-block-group-is-layout-constrained\">\n<figure class=\"wp-block-image size-large decigi-avatar\"><img decoding=\"async\" src=\"https:\/\/sociaisaplicadas.ufpr.br\/decigi\/wp-content\/uploads\/sites\/5\/2026\/06\/maria-c.jpeg\" alt=\"\" \/><\/figure>\n\n\n\n<h3 class=\"wp-block-heading\"><strong>Maria do Carmo Duarte Freitas<\/strong><\/h3>\n\n\n\n<p>Atua em Gest\u00e3o da Informa\u00e7\u00e3o, Educa\u00e7\u00e3o Aberta, sustentabilidade e transforma\u00e7\u00e3o organizacional.<\/p>\n\n\n\n<p class=\"decigi-chips\">Gest\u00e3o da Informa\u00e7\u00e3o<\/p>\n\n\n\n<p class=\"decigi-chips\">Educa\u00e7\u00e3o Aberta<\/p>\n\n\n\n<p class=\"decigi-chips\">Sustentabilidade<\/p>\n\n\n\n<div class=\"wp-block-buttons is-layout-flex wp-block-buttons-is-layout-flex\">\n<div class=\"wp-block-button\"><a class=\"wp-block-button__link wp-element-button\" href=\"https:\/\/sociaisaplicadas.ufpr.br\/decigi\/departamento\/docentes\/mariadocarmo\" target=\"_blank\" rel=\"noreferrer noopener\">Ver perfil \u2192<\/a><\/div>\n<\/div>\n<\/div><\/div>\n<\/div>\n\n\n\n<div class=\"wp-block-column is-layout-flow wp-block-column-is-layout-flow\">\n<div class=\"wp-block-group decigi-docente\"><div class=\"wp-block-group__inner-container is-layout-constrained wp-block-group-is-layout-constrained\">\n<figure class=\"wp-block-image size-large decigi-avatar\"><img decoding=\"async\" src=\"https:\/\/sociaisaplicadas.ufpr.br\/decigi\/wp-content\/uploads\/sites\/5\/2026\/05\/Simao.png\" alt=\"\" \/><\/figure>\n\n\n\n<h3 class=\"wp-block-heading\"><strong>Jos\u00e9 Sim\u00e3o de Paula Pinto<\/strong><\/h3>\n\n\n\n<p>Atua em Tecnologia da Informa\u00e7\u00e3o, an\u00e1lise de dados e interfaces c\u00e9rebro-computador.<\/p>\n\n\n\n<p class=\"decigi-chips\">Tecnologia da Informa\u00e7\u00e3o<\/p>\n\n\n\n<p class=\"decigi-chips\">An\u00e1lise de Dados<\/p>\n\n\n\n<p class=\"decigi-chips\">BCI<\/p>\n\n\n\n<div class=\"wp-block-buttons is-layout-flex wp-block-buttons-is-layout-flex\">\n<div class=\"wp-block-button\"><a class=\"wp-block-button__link wp-element-button\" href=\"https:\/\/sociaisaplicadas.ufpr.br\/decigi\/departamento\/docentes\/simao\/\" target=\"_blank\" rel=\"noreferrer noopener\">Ver perfil \u2192<\/a><\/div>\n<\/div>\n<\/div><\/div>\n<\/div>\n\n\n\n<div class=\"wp-block-column is-layout-flow wp-block-column-is-layout-flow\">\n<div class=\"wp-block-group decigi-docente\"><div class=\"wp-block-group__inner-container is-layout-constrained wp-block-group-is-layout-constrained\">\n<figure class=\"wp-block-image size-large decigi-avatar\"><img decoding=\"async\" src=\"https:\/\/sociaisaplicadas.ufpr.br\/decigi\/wp-content\/uploads\/sites\/5\/2026\/05\/Denise.jpg\" alt=\"\" \/><\/figure>\n\n\n\n<h3 class=\"wp-block-heading\"><strong>Denise Fukumi Tsunoda<\/strong><\/h3>\n\n\n\n<p>Atua em Intelig\u00eancia Artificial, Ci\u00eancia de Dados e Gest\u00e3o da Informa\u00e7\u00e3o.<\/p>\n\n\n\n<p class=\"decigi-chips\">Intelig\u00eancia Artificial<\/p>\n\n\n\n<p class=\"decigi-chips\">Ci\u00eancia de Dados<\/p>\n\n\n\n<p class=\"decigi-chips\">Informa\u00e7\u00e3o<\/p>\n\n\n\n<div class=\"wp-block-buttons is-layout-flex wp-block-buttons-is-layout-flex\">\n<div class=\"wp-block-button\"><a class=\"wp-block-button__link wp-element-button\" href=\"https:\/\/sociaisaplicadas.ufpr.br\/decigi\/departamento\/docentesantiga\/denise\/\" target=\"_blank\" rel=\"noreferrer noopener\">Ver perfil \u2192<\/a><\/div>\n<\/div>\n<\/div><\/div>\n<\/div>\n\n\n\n<div class=\"wp-block-column is-layout-flow wp-block-column-is-layout-flow\">\n<div class=\"wp-block-group decigi-docente\"><div class=\"wp-block-group__inner-container is-layout-constrained wp-block-group-is-layout-constrained\">\n<figure class=\"wp-block-image size-large decigi-avatar\"><img decoding=\"async\" src=\"https:\/\/sociaisaplicadas.ufpr.br\/decigi\/wp-content\/uploads\/sites\/5\/2021\/03\/egon.jpg\" alt=\"\" \/><\/figure>\n\n\n\n<h3 class=\"wp-block-heading\"><strong>Egon Walter Wildauer<\/strong><\/h3>\n\n\n\n<p>Atua em gest\u00e3o de processos, an\u00e1lise de dados, estrat\u00e9gia e tecnologias aplicadas.<\/p>\n\n\n\n<p class=\"decigi-chips\">Gest\u00e3o de Processos<\/p>\n\n\n\n<p class=\"decigi-chips\">An\u00e1lise de Dados<\/p>\n\n\n\n<p class=\"decigi-chips\">IoT<\/p>\n\n\n\n<div class=\"wp-block-buttons is-layout-flex wp-block-buttons-is-layout-flex\">\n<div class=\"wp-block-button\"><a class=\"wp-block-button__link wp-element-button\" href=\"https:\/\/sociaisaplicadas.ufpr.br\/decigi\/departamento\/docentes\/egon\/\" target=\"_blank\" rel=\"noreferrer noopener\">Ver perfil \u2192<\/a><\/div>\n<\/div>\n<\/div><\/div>\n<\/div>\n\n\n\n<div class=\"wp-block-column is-layout-flow wp-block-column-is-layout-flow\">\n<div class=\"wp-block-group decigi-docente\"><div class=\"wp-block-group__inner-container is-layout-constrained wp-block-group-is-layout-constrained\">\n<figure class=\"wp-block-image size-large decigi-avatar\"><img decoding=\"async\" src=\"https:\/\/sociaisaplicadas.ufpr.br\/decigi\/wp-content\/uploads\/sites\/5\/2021\/03\/Newton.jpg\" alt=\"\" \/><\/figure>\n\n\n\n<h3 class=\"wp-block-heading\"><strong>Newton Correia de Castilho J\u00fanior<\/strong><\/h3>\n\n\n\n<p>Atua no planejamento e gest\u00e3o de unidades e servi\u00e7os de informa\u00e7\u00e3o.<\/p>\n\n\n\n<p class=\"decigi-chips\">Planejamento<\/p>\n\n\n\n<p class=\"decigi-chips\">Informa\u00e7\u00e3o<\/p>\n\n\n\n<p class=\"decigi-chips\">Gest\u00e3o<\/p>\n\n\n\n<div class=\"wp-block-buttons is-layout-flex wp-block-buttons-is-layout-flex\">\n<div class=\"wp-block-button\"><a class=\"wp-block-button__link wp-element-button\">Ver perfil<\/a><\/div>\n\n\n\n<div class=\"wp-block-button\"><a class=\"wp-block-button__link wp-element-button\" href=\"http:\/\/lattes.cnpq.br\/4743367964787153\" target=\"_blank\" rel=\"noreferrer noopener\">Lattes<\/a><\/div>\n\n\n\n<div class=\"wp-block-button\"><a class=\"wp-block-button__link wp-element-button\">E-mail: ncastilho@ufpr.br<\/a><\/div>\n<\/div>\n<\/div><\/div>\n<\/div>\n\n\n\n<div class=\"wp-block-column is-layout-flow wp-block-column-is-layout-flow\">\n<div class=\"wp-block-group decigi-docente\"><div class=\"wp-block-group__inner-container is-layout-constrained wp-block-group-is-layout-constrained\">\n<figure class=\"wp-block-image size-large decigi-avatar\"><img decoding=\"async\" src=\"https:\/\/sociaisaplicadas.ufpr.br\/decigi\/wp-content\/uploads\/sites\/5\/2021\/03\/ted.jpg\" alt=\"\" \/><\/figure>\n\n\n\n<h3 class=\"wp-block-heading\"><strong>Marcos Antonio Tedeschi<\/strong><\/h3>\n\n\n\n<p>Atua em Ergonomia da Informa\u00e7\u00e3o, Ergonomia Cognitiva e estudos sobre cogni\u00e7\u00e3o e pensamento.<\/p>\n\n\n\n<p class=\"decigi-chips\">Ergonomia Informacional<\/p>\n\n\n\n<p class=\"decigi-chips\">Ergonomia Cognitiva<\/p>\n\n\n\n<div class=\"wp-block-buttons is-layout-flex wp-block-buttons-is-layout-flex\">\n<div class=\"wp-block-button\"><a class=\"wp-block-button__link wp-element-button\" href=\"https:\/\/sociaisaplicadas.ufpr.br\/decigi\/tedeschi\/\" target=\"_blank\" rel=\"noreferrer noopener\">Ver perfil \u2192<\/a><\/div>\n<\/div>\n<\/div><\/div>\n<\/div>\n\n\n\n<div class=\"wp-block-column is-layout-flow wp-block-column-is-layout-flow\">\n<div class=\"wp-block-group decigi-docente\"><div class=\"wp-block-group__inner-container is-layout-constrained wp-block-group-is-layout-constrained\">\n<figure class=\"wp-block-image size-large decigi-avatar\"><img decoding=\"async\" src=\"https:\/\/sociaisaplicadas.ufpr.br\/decigi\/wp-content\/uploads\/sites\/5\/2021\/03\/Capturar-150x150.jpg\" alt=\"\" \/><\/figure>\n\n\n\n<h3 class=\"wp-block-heading\"><strong>Celso Yoshikazu Ishida<\/strong><\/h3>\n\n\n\n<p>Atua em Intelig\u00eancia Artificial, minera\u00e7\u00e3o e visualiza\u00e7\u00e3o de dados e tecnologias aplicadas \u00e0 Gest\u00e3o da Informa\u00e7\u00e3o.<\/p>\n\n\n\n<p class=\"decigi-chips\">Intelig\u00eancia Artificial<\/p>\n\n\n\n<p class=\"decigi-chips\">Minera\u00e7\u00e3o de Dados<\/p>\n\n\n\n<p class=\"decigi-chips\">Visualiza\u00e7\u00e3o<\/p>\n\n\n\n<div class=\"wp-block-buttons is-layout-flex wp-block-buttons-is-layout-flex\">\n<div class=\"wp-block-button\"><a class=\"wp-block-button__link wp-element-button\" href=\"https:\/\/sociaisaplicadas.ufpr.br\/decigi\/celso\/\" target=\"_blank\" rel=\"noreferrer noopener\">Ver perfil \u2192<\/a><\/div>\n<\/div>\n<\/div><\/div>\n<\/div>\n\n\n\n<div class=\"wp-block-column is-layout-flow wp-block-column-is-layout-flow\">\n<div class=\"wp-block-group decigi-docente\"><div class=\"wp-block-group__inner-container is-layout-constrained wp-block-group-is-layout-constrained\">\n<figure class=\"wp-block-image size-large decigi-avatar\"><img decoding=\"async\" src=\"https:\/\/sociaisaplicadas.ufpr.br\/decigi\/wp-content\/uploads\/sites\/5\/2021\/03\/edson-150x150.jpg\" alt=\"\" \/><\/figure>\n\n\n\n<h3 class=\"wp-block-heading\"><strong>Edson Ronaldo Guarido Filho<\/strong><\/h3>\n\n\n\n<p>Atua em Gest\u00e3o da Informa\u00e7\u00e3o, Administra\u00e7\u00e3o P\u00fablica e estudos sobre informa\u00e7\u00e3o, direito e organiza\u00e7\u00f5es da Justi\u00e7a.<\/p>\n\n\n\n<p class=\"decigi-chips\">Gest\u00e3o da Informa\u00e7\u00e3o<\/p>\n\n\n\n<p class=\"decigi-chips\">Administra\u00e7\u00e3o P\u00fablica<\/p>\n\n\n\n<p class=\"decigi-chips\">Direito<\/p>\n\n\n\n<div class=\"wp-block-buttons is-layout-flex wp-block-buttons-is-layout-flex\">\n<div class=\"wp-block-button\"><a class=\"wp-block-button__link wp-element-button\" href=\"https:\/\/sociaisaplicadas.ufpr.br\/decigi\/departamento\/docentes\/edson\/\" target=\"_blank\" rel=\"noreferrer noopener\">Ver perfil \u2192<\/a><\/div>\n<\/div>\n<\/div><\/div>\n<\/div>\n\n\n\n<div class=\"wp-block-column is-layout-flow wp-block-column-is-layout-flow\">\n<div class=\"wp-block-group decigi-docente\"><div class=\"wp-block-group__inner-container is-layout-constrained wp-block-group-is-layout-constrained\">\n<figure class=\"wp-block-image size-large decigi-avatar\"><img decoding=\"async\" src=\"https:\/\/servicosweb.cnpq.br\/wspessoa\/servletrecuperafoto?tipo=1&amp;id=K4742837E2\" alt=\"\" \/><\/figure>\n\n\n\n<h3 class=\"wp-block-heading\"><strong>Rodrigo E. Botelho Francisco<\/strong><\/h3>\n\n\n\n<p>Atua em plataformas digitais, vulnerabilidades digitais, gest\u00e3o de conte\u00fados e literacias midi\u00e1ticas e informacionais.<\/p>\n\n\n\n<p class=\"decigi-chips\">Plataformas Digitais<\/p>\n\n\n\n<p class=\"decigi-chips\">Vulnerabilidades Digitais<\/p>\n\n\n\n<p class=\"decigi-chips\">Conte\u00fados<\/p>\n\n\n\n<div class=\"wp-block-buttons is-layout-flex wp-block-buttons-is-layout-flex\">\n<div class=\"wp-block-button\"><a class=\"wp-block-button__link wp-element-button\" href=\"https:\/\/sociaisaplicadas.ufpr.br\/decigi\/departamento\/docentes\/rodrigo\/\" target=\"_blank\" rel=\"noreferrer noopener\">Ver perfil \u2192<\/a><\/div>\n<\/div>\n<\/div><\/div>\n<\/div>\n\n\n\n<div class=\"wp-block-column is-layout-flow wp-block-column-is-layout-flow\">\n<div class=\"wp-block-group decigi-docente\"><div class=\"wp-block-group__inner-container is-layout-constrained wp-block-group-is-layout-constrained\">\n<figure class=\"wp-block-image size-large decigi-avatar\"><img decoding=\"async\" src=\"https:\/\/servicosweb.cnpq.br\/wspessoa\/servletrecuperafoto?tipo=1&amp;id=K4240143P1\" alt=\"\" \/><\/figure>\n\n\n\n<h3 class=\"wp-block-heading\"><strong>Joana Gusm\u00e3o Lemos<\/strong><\/h3>\n\n\n\n<p>Atua em Design da Informa\u00e7\u00e3o, tecnologias e plataformas digitais, com interesse em inova\u00e7\u00e3o e abordagens p\u00f3s-custodiais.<\/p>\n\n\n\n<p class=\"decigi-chips\">Design da Informa\u00e7\u00e3o<\/p>\n\n\n\n<p class=\"decigi-chips\">Plataformas Digitais<\/p>\n\n\n\n<p class=\"decigi-chips\">P\u00f3s-Custodialidade<\/p>\n\n\n\n<div class=\"wp-block-buttons is-layout-flex wp-block-buttons-is-layout-flex\">\n<div class=\"wp-block-button\"><a class=\"wp-block-button__link wp-element-button\" href=\"https:\/\/sociaisaplicadas.ufpr.br\/decigi\/departamento\/docentes\/joana\/\" target=\"_blank\" rel=\"noreferrer noopener\">Ver perfil \u2192<\/a><\/div>\n<\/div>\n<\/div><\/div>\n<\/div>\n\n\n\n<div class=\"wp-block-column is-layout-flow wp-block-column-is-layout-flow\">\n<div class=\"wp-block-group decigi-docente\"><div class=\"wp-block-group__inner-container is-layout-constrained wp-block-group-is-layout-constrained\">\n<figure class=\"wp-block-image size-large decigi-avatar\"><img decoding=\"async\" src=\"https:\/\/sociaisaplicadas.ufpr.br\/decigi\/wp-content\/uploads\/sites\/5\/2026\/05\/Taiane.jpg\" alt=\"\" \/><\/figure>\n\n\n\n<h3 class=\"wp-block-heading\"><strong>Taiane Ritta Coelho<\/strong><\/h3>\n\n\n\n<p>Atua em Sistemas de Informa\u00e7\u00e3o e tecnologias aplicadas \u00e0 gest\u00e3o p\u00fablica, com pesquisas em cidades inteligentes, governo digital e transforma\u00e7\u00e3o dos servi\u00e7os p\u00fablicos.<\/p>\n\n\n\n<p class=\"decigi-chips\">Cidades Inteligentes<\/p>\n\n\n\n<p class=\"decigi-chips\">Governo Digital<\/p>\n\n\n\n<p class=\"decigi-chips\">Tecnologia<\/p>\n\n\n\n<div class=\"wp-block-buttons is-layout-flex wp-block-buttons-is-layout-flex\">\n<div class=\"wp-block-button\"><a class=\"wp-block-button__link wp-element-button\" href=\"https:\/\/sociaisaplicadas.ufpr.br\/decigi\/departamento\/docentes\/taiane\/\" target=\"_blank\" rel=\"noreferrer noopener\">Ver perfil \u2192<\/a><\/div>\n<\/div>\n<\/div><\/div>\n<\/div>\n\n\n\n<div class=\"wp-block-column is-layout-flow wp-block-column-is-layout-flow\">\n<div class=\"wp-block-group decigi-docente\"><div class=\"wp-block-group__inner-container is-layout-constrained wp-block-group-is-layout-constrained\">\n<figure class=\"wp-block-image size-large decigi-avatar\"><img decoding=\"async\" src=\"https:\/\/sociaisaplicadas.ufpr.br\/decigi\/wp-content\/uploads\/sites\/5\/2026\/05\/cest.jpg\" alt=\"\" \/><\/figure>\n\n\n\n<h3 class=\"wp-block-heading\"><strong>Jos\u00e9 Marcelo Almeida Prado Cestari<\/strong><\/h3>\n\n\n\n<p>Atua em engenharia de software, gest\u00e3o de processos e ci\u00eancia de dados aplicadas \u00e0 Gest\u00e3o da Informa\u00e7\u00e3o.<\/p>\n\n\n\n<p class=\"decigi-chips\">Engenharia de Software<\/p>\n\n\n\n<p class=\"decigi-chips\">Gest\u00e3o de Processos<\/p>\n\n\n\n<p class=\"decigi-chips\">Ci\u00eancia de Dados<\/p>\n\n\n\n<div class=\"wp-block-buttons is-layout-flex wp-block-buttons-is-layout-flex\">\n<div class=\"wp-block-button\"><a class=\"wp-block-button__link wp-element-button\" href=\"https:\/\/sociaisaplicadas.ufpr.br\/decigi\/docentes\/cestari\/\" target=\"_blank\" rel=\"noreferrer noopener\">Ver perfil \u2192<\/a><\/div>\n<\/div>\n<\/div><\/div>\n<\/div>\n\n\n\n<div class=\"wp-block-column is-layout-flow wp-block-column-is-layout-flow\">\n<div class=\"wp-block-group decigi-docente\"><div class=\"wp-block-group__inner-container is-layout-constrained wp-block-group-is-layout-constrained\">\n<figure class=\"wp-block-image size-large decigi-avatar\"><img decoding=\"async\" src=\"https:\/\/sociaisaplicadas.ufpr.br\/decigi\/wp-content\/uploads\/sites\/5\/2026\/05\/paulac.jpeg\" alt=\"\" \/><\/figure>\n\n\n\n<h3 class=\"wp-block-heading\"><strong>Paula Carina de Ara\u00fajo<\/strong><\/h3>\n\n\n\n<p>Atua em ci\u00eancia aberta, comunica\u00e7\u00e3o cient\u00edfica e gest\u00e3o da informa\u00e7\u00e3o cient\u00edfica, com \u00eanfase nos processos de produ\u00e7\u00e3o e dissemina\u00e7\u00e3o da ci\u00eancia.<\/p>\n\n\n\n<p class=\"decigi-chips\">Ci\u00eancia Aberta<\/p>\n\n\n\n<p class=\"decigi-chips\">Comunica\u00e7\u00e3o Cient\u00edfica<\/p>\n\n\n\n<p class=\"decigi-chips\">Informa\u00e7\u00e3o<\/p>\n\n\n\n<div class=\"wp-block-buttons is-layout-flex wp-block-buttons-is-layout-flex\">\n<div class=\"wp-block-button\"><a class=\"wp-block-button__link wp-element-button\" href=\"https:\/\/sociaisaplicadas.ufpr.br\/decigi\/docentes\/paula\/\" target=\"_blank\" rel=\"noreferrer noopener\">Ver perfil \u2192<\/a><\/div>\n<\/div>\n<\/div><\/div>\n<\/div>\n\n\n\n<div class=\"wp-block-column is-layout-flow wp-block-column-is-layout-flow\">\n<div class=\"wp-block-group decigi-docente\"><div class=\"wp-block-group__inner-container is-layout-constrained wp-block-group-is-layout-constrained\">\n<figure class=\"wp-block-image size-large decigi-avatar\"><img decoding=\"async\" src=\"https:\/\/sociaisaplicadas.ufpr.br\/decigi\/wp-content\/uploads\/sites\/5\/2021\/03\/elder.jpg\" alt=\"\" \/><\/figure>\n\n\n\n<h3 class=\"wp-block-heading\"><strong>Elder Lopes Barboza<\/strong><\/h3>\n\n\n\n<p>Atua em Gest\u00e3o da Informa\u00e7\u00e3o, fluxos de informa\u00e7\u00e3o e Gest\u00e3o do Conhecimento, com interesse nos processos informacionais das organiza\u00e7\u00f5es.<\/p>\n\n\n\n<p class=\"decigi-chips\">Gest\u00e3o da Informa\u00e7\u00e3o<\/p>\n\n\n\n<p class=\"decigi-chips\">Fluxos de Informa\u00e7\u00e3o<\/p>\n\n\n\n<p class=\"decigi-chips\">Conhecimento<\/p>\n\n\n\n<div class=\"wp-block-buttons is-layout-flex wp-block-buttons-is-layout-flex\">\n<div class=\"wp-block-button\"><a class=\"wp-block-button__link wp-element-button\" href=\"https:\/\/sociaisaplicadas.ufpr.br\/decigi\/docentes\/elder\/\" target=\"_blank\" rel=\"noreferrer noopener\">Ver perfil \u2192<\/a><\/div>\n<\/div>\n<\/div><\/div>\n<\/div>\n\n\n\n<div class=\"wp-block-column is-layout-flow wp-block-column-is-layout-flow\">\n<div class=\"wp-block-group decigi-docente\"><div class=\"wp-block-group__inner-container is-layout-constrained wp-block-group-is-layout-constrained\">\n<figure class=\"wp-block-image size-large decigi-avatar\"><img decoding=\"async\" src=\"https:\/\/sociaisaplicadas.ufpr.br\/decigi\/wp-content\/uploads\/sites\/5\/2026\/05\/luciano.jpeg\" alt=\"\" \/><\/figure>\n\n\n\n<h3 class=\"wp-block-heading\"><strong>Luciano Heitor Gallegos Marin<\/strong><\/h3>\n\n\n\n<p>Atua em \u00e9tica da informa\u00e7\u00e3o e vieses algor\u00edtmicos, com pesquisas sobre representa\u00e7\u00e3o do conhecimento e comportamento em ambientes digitais.<\/p>\n\n\n\n<p class=\"decigi-chips\">\u00c9tica da Informa\u00e7\u00e3o<\/p>\n\n\n\n<p class=\"decigi-chips\">Vieses Algor\u00edtmicos<\/p>\n\n\n\n<p class=\"decigi-chips\">Dados<\/p>\n\n\n\n<div class=\"wp-block-buttons is-layout-flex wp-block-buttons-is-layout-flex\">\n<div class=\"wp-block-button\"><a class=\"wp-block-button__link wp-element-button\" href=\"https:\/\/sociaisaplicadas.ufpr.br\/decigi\/departamento\/docentesantiga\/luciano\/\" target=\"_blank\" rel=\"noreferrer noopener\">Ver perfil \u2192<\/a><\/div>\n<\/div>\n<\/div><\/div>\n<\/div>\n\n\n\n<div class=\"wp-block-column is-layout-flow wp-block-column-is-layout-flow\">\n<div class=\"wp-block-group decigi-docente\"><div class=\"wp-block-group__inner-container is-layout-constrained wp-block-group-is-layout-constrained\">\n<figure class=\"wp-block-image size-large decigi-avatar\"><img decoding=\"async\" src=\"https:\/\/servicosweb.cnpq.br\/wspessoa\/servletrecuperafoto?tipo=1&amp;id=K4327747Z6\" alt=\"\" \/><\/figure>\n\n\n\n<h3 class=\"wp-block-heading\"><strong>Andre Vieira de Freitas Araujo<\/strong><\/h3>\n\n\n\n<p>Atua em Bibliografia, Organiza\u00e7\u00e3o do Conhecimento e estudos sobre patrim\u00f4nio, mem\u00f3ria e documenta\u00e7\u00e3o.<\/p>\n\n\n\n<p class=\"decigi-chips\">Bibliografia<\/p>\n\n\n\n<p class=\"decigi-chips\">Organiza\u00e7\u00e3o do Conhecimento<\/p>\n\n\n\n<p class=\"decigi-chips\">Patrim\u00f4nio<\/p>\n\n\n\n<div class=\"wp-block-buttons is-layout-flex wp-block-buttons-is-layout-flex\">\n<div class=\"wp-block-button\"><a class=\"wp-block-button__link wp-element-button\" href=\"https:\/\/sociaisaplicadas.ufpr.br\/decigi\/andre\/\">Ver perfil \u2192<\/a><\/div>\n<\/div>\n<\/div><\/div>\n<\/div>\n\n\n\n<div class=\"wp-block-column is-layout-flow wp-block-column-is-layout-flow\">\n<div class=\"wp-block-group decigi-docente\"><div class=\"wp-block-group__inner-container is-layout-constrained wp-block-group-is-layout-constrained\">\n<figure class=\"wp-block-image size-large decigi-avatar\"><img decoding=\"async\" src=\"https:\/\/sociaisaplicadas.ufpr.br\/decigi\/wp-content\/uploads\/sites\/5\/2026\/05\/genilsong.png\" alt=\"\" \/><\/figure>\n\n\n\n<h3 class=\"wp-block-heading\"><strong>Genilson Geraldo<\/strong><\/h3>\n\n\n\n<p>Atua em sustentabilidade informacional e gest\u00e3o da informa\u00e7\u00e3o para transforma\u00e7\u00e3o social.<\/p>\n\n\n\n<p class=\"decigi-chips\">Sustentabilidade<\/p>\n\n\n\n<p class=\"decigi-chips\">Informa\u00e7\u00e3o<\/p>\n\n\n\n<p class=\"decigi-chips\">Governan\u00e7a<\/p>\n\n\n\n<div class=\"wp-block-buttons is-layout-flex wp-block-buttons-is-layout-flex\">\n<div class=\"wp-block-button\"><a class=\"wp-block-button__link wp-element-button\" href=\"https:\/\/sociaisaplicadas.ufpr.br\/decigi\/departamento\/docentesantiga\/genilson-2\/\" target=\"_blank\" rel=\"noreferrer noopener\">Ver perfil \u2192<\/a><\/div>\n<\/div>\n<\/div><\/div>\n<\/div>\n\n\n\n<div class=\"wp-block-column is-layout-flow wp-block-column-is-layout-flow\">\n<div class=\"wp-block-group decigi-docente\"><div class=\"wp-block-group__inner-container is-layout-constrained wp-block-group-is-layout-constrained\">\n<figure class=\"wp-block-image size-large decigi-avatar\"><img decoding=\"async\" src=\"https:\/\/servicosweb.cnpq.br\/wspessoa\/servletrecuperafoto?tipo=1&amp;id=K4388578D4\" alt=\"\" \/><\/figure>\n\n\n\n<h3 class=\"wp-block-heading\"><strong>Ma\u00edra Fernandes Alencar<\/strong><\/h3>\n\n\n\n<p>Atua em Arquivologia e Organiza\u00e7\u00e3o do Conhecimento, com pesquisas voltadas a perspectivas cr\u00edticas e decoloniais e aos arquivos comunit\u00e1rios.<\/p>\n\n\n\n<p class=\"decigi-chips\">Arquivologia<\/p>\n\n\n\n<p class=\"decigi-chips\">Organiza\u00e7\u00e3o do Conhecimento<\/p>\n\n\n\n<p class=\"decigi-chips\">Decolonialidade<\/p>\n\n\n\n<div class=\"wp-block-buttons is-layout-flex wp-block-buttons-is-layout-flex\">\n<div class=\"wp-block-button\"><a class=\"wp-block-button__link wp-element-button\" href=\"https:\/\/sociaisaplicadas.ufpr.br\/decigi\/maira\/\" target=\"_blank\" rel=\"noreferrer noopener\">Ver perfil \u2192<\/a><\/div>\n<\/div>\n<\/div><\/div>\n<\/div>\n\n\n\n<div class=\"wp-block-column is-layout-flow wp-block-column-is-layout-flow\">\n<div class=\"wp-block-group decigi-docente\"><div class=\"wp-block-group__inner-container is-layout-constrained wp-block-group-is-layout-constrained\">\n<figure class=\"wp-block-image size-large decigi-avatar\"><img decoding=\"async\" src=\"https:\/\/servicosweb.cnpq.br\/wspessoa\/servletrecuperafoto?tipo=1&amp;id=K2552436T7\" alt=\"\" \/><\/figure>\n\n\n\n<h3 class=\"wp-block-heading\"><strong>Orledys Mar\u00eda de J. L. Caldera &#8211; Substituta<\/strong><\/h3>\n\n\n\n<p>Atua em media\u00e7\u00e3o da informa\u00e7\u00e3o, protagonismo social e direitos humanos, articulando esses temas no campo da Ci\u00eancia da Informa\u00e7\u00e3o.<\/p>\n\n\n\n<p><\/p>\n\n\n\n<p class=\"decigi-chips\">Media\u00e7\u00e3o da Informa\u00e7\u00e3o<\/p>\n\n\n\n<p class=\"decigi-chips\">Direitos Humanos<\/p>\n\n\n\n<p class=\"decigi-chips\">Protagonismo<\/p>\n\n\n\n<div class=\"wp-block-buttons is-layout-flex wp-block-buttons-is-layout-flex\">\n<div class=\"wp-block-button\"><a class=\"wp-block-button__link wp-element-button\" href=\"https:\/\/sociaisaplicadas.ufpr.br\/decigi\/departamento\/docentesantiga\/orledys\/\" target=\"_blank\" rel=\"noreferrer noopener\">Ver perfil \u2192<\/a><\/div>\n<\/div>\n<\/div><\/div>\n<\/div>\n\n\n\n<div class=\"wp-block-column is-layout-flow wp-block-column-is-layout-flow\">\n<div class=\"wp-block-group decigi-docente\"><div class=\"wp-block-group__inner-container is-layout-constrained wp-block-group-is-layout-constrained\">\n<figure class=\"wp-block-image size-large decigi-avatar\"><img decoding=\"async\" src=\"https:\/\/servicosweb.cnpq.br\/wspessoa\/servletrecuperafoto?tipo=1&amp;id=K8843078E6\" alt=\"\" \/><\/figure>\n\n\n\n<h3 class=\"wp-block-heading\"><strong>Jenifer Daiane Grieger &#8211; Substituta<\/strong><\/h3>\n\n\n\n<p>Atua em plataformas digitais, cultura visual e vulnerabilidades digitais, com pesquisas sobre redes sociais, autoimagem e influ\u00eancia.<\/p>\n\n\n\n<p><\/p>\n\n\n\n<p class=\"decigi-chips\">Plataformas Digitais<\/p>\n\n\n\n<p class=\"decigi-chips\">Vulnerabilidades Digitais<\/p>\n\n\n\n<p class=\"decigi-chips\">Cultura Visual<\/p>\n\n\n\n<div class=\"wp-block-buttons is-layout-flex wp-block-buttons-is-layout-flex\">\n<div class=\"wp-block-button\"><a class=\"wp-block-button__link wp-element-button\" href=\"https:\/\/sociaisaplicadas.ufpr.br\/decigi\/departamento\/docentesantiga\/jenifer\/\" target=\"_blank\" rel=\"noreferrer noopener\">Ver perfil \u2192<\/a><\/div>\n<\/div>\n<\/div><\/div>\n<\/div>\n\n\n\n<div class=\"wp-block-column is-layout-flow wp-block-column-is-layout-flow\">\n<div class=\"wp-block-group decigi-docente\"><div class=\"wp-block-group__inner-container is-layout-constrained wp-block-group-is-layout-constrained\">\n<figure class=\"wp-block-image size-large decigi-avatar\"><img decoding=\"async\" src=\"https:\/\/servicosweb.cnpq.br\/wspessoa\/servletrecuperafoto?tipo=1&amp;id=K4866082A8\" alt=\"\" \/><\/figure>\n\n\n\n<h3 class=\"wp-block-heading\"><strong>Camila Costa de Andrade<\/strong> &#8211; Substituta<\/h3>\n\n\n\n<p>Atua em Gest\u00e3o da Informa\u00e7\u00e3o e tecnologias digitais, com interesses em inova\u00e7\u00e3o, analytics e tecnologias sociais.<\/p>\n\n\n\n<p class=\"decigi-chips\">Gest\u00e3o da Informa\u00e7\u00e3o<\/p>\n\n\n\n<p class=\"decigi-chips\">Tecnologias Sociais<\/p>\n\n\n\n<p class=\"decigi-chips\">Analytics<\/p>\n\n\n\n<div class=\"wp-block-buttons is-layout-flex wp-block-buttons-is-layout-flex\">\n<div class=\"wp-block-button\"><a class=\"wp-block-button__link wp-element-button\" href=\"https:\/\/sociaisaplicadas.ufpr.br\/decigi\/departamento\/docentesantiga\/camila\/\" target=\"_blank\" rel=\"noreferrer noopener\">Ver perfil \u2192<\/a><\/div>\n<\/div>\n<\/div><\/div>\n<\/div>\n\n\n\n<div class=\"wp-block-column is-layout-flow wp-block-column-is-layout-flow\">\n<div class=\"wp-block-group decigi-docente\"><div class=\"wp-block-group__inner-container is-layout-constrained wp-block-group-is-layout-constrained\">\n<figure class=\"wp-block-image size-large decigi-avatar\"><img decoding=\"async\" src=\"https:\/\/servicosweb.cnpq.br\/wspessoa\/servletrecuperafoto?tipo=1&amp;id=K8230430D6\" alt=\"\" \/><\/figure>\n\n\n\n<h3 class=\"wp-block-heading\"><strong>Paulo Sergio da Conceicao Moreira<\/strong><\/h3>\n\n\n\n<p>Atua em recupera\u00e7\u00e3o da informa\u00e7\u00e3o, Intelig\u00eancia Artificial e m\u00e9todos computacionais aplicados \u00e0 an\u00e1lise de dados.<\/p>\n\n\n\n<p><\/p>\n\n\n\n<p class=\"decigi-chips\">Recupera\u00e7\u00e3o da Informa\u00e7\u00e3o<\/p>\n\n\n\n<p class=\"decigi-chips\">Intelig\u00eancia Artificial<\/p>\n\n\n\n<p class=\"decigi-chips\">Dados<\/p>\n\n\n\n<div class=\"wp-block-buttons is-layout-flex wp-block-buttons-is-layout-flex\">\n<div class=\"wp-block-button\"><a class=\"wp-block-button__link wp-element-button\" href=\"https:\/\/sociaisaplicadas.ufpr.br\/decigi\/departamento\/docentesantiga\/paulo\/\" target=\"_blank\" rel=\"noreferrer noopener\">Ver perfil \u2192<\/a><\/div>\n<\/div>\n<\/div><\/div>\n<\/div>\n<\/div>\n<\/div><\/div>\n\n\n\n<p class=\"decigi-aviso\">Para informa\u00e7\u00f5es curriculares completas e atualizadas, consulte o Curr\u00edculo Lattes. Para quest\u00f5es espec\u00edficas, entre em contato diretamente com o docente.<\/p>\n","protected":false},"excerpt":{"rendered":"<p>In\u00edcio \/ Docentes Docentes Conhe\u00e7a o corpo docente do DECIGI, suas \u00e1reas de atua\u00e7\u00e3o e perfis acad\u00eamicos. Vera L\u00facia Belo Chagas Atua em Gest\u00e3o da Informa\u00e7\u00e3o, Compet\u00eancia em Informa\u00e7\u00e3o e Informa\u00e7\u00e3o em Sa\u00fade. Gest\u00e3o da Informa\u00e7\u00e3o Compet\u00eancia em Informa\u00e7\u00e3o Sa\u00fade Maria do Carmo Duarte Freitas Atua em Gest\u00e3o da Informa\u00e7\u00e3o, Educa\u00e7\u00e3o Aberta, sustentabilidade e transforma\u00e7\u00e3o [&hellip;]<\/p>\n","protected":false},"author":2858,"featured_media":0,"parent":0,"menu_order":0,"comment_status":"closed","ping_status":"closed","template":"","meta":{"_acf_changed":false,"footnotes":""},"class_list":["post-13832","page","type-page","status-publish","hentry"],"acf":[],"_links":{"self":[{"href":"https:\/\/sociaisaplicadas.ufpr.br\/decigi\/wp-json\/wp\/v2\/pages\/13832","targetHints":{"allow":["GET"]}}],"collection":[{"href":"https:\/\/sociaisaplicadas.ufpr.br\/decigi\/wp-json\/wp\/v2\/pages"}],"about":[{"href":"https:\/\/sociaisaplicadas.ufpr.br\/decigi\/wp-json\/wp\/v2\/types\/page"}],"author":[{"embeddable":true,"href":"https:\/\/sociaisaplicadas.ufpr.br\/decigi\/wp-json\/wp\/v2\/users\/2858"}],"replies":[{"embeddable":true,"href":"https:\/\/sociaisaplicadas.ufpr.br\/decigi\/wp-json\/wp\/v2\/comments?post=13832"}],"version-history":[{"count":66,"href":"https:\/\/sociaisaplicadas.ufpr.br\/decigi\/wp-json\/wp\/v2\/pages\/13832\/revisions"}],"predecessor-version":[{"id":15548,"href":"https:\/\/sociaisaplicadas.ufpr.br\/decigi\/wp-json\/wp\/v2\/pages\/13832\/revisions\/15548"}],"wp:attachment":[{"href":"https:\/\/sociaisaplicadas.ufpr.br\/decigi\/wp-json\/wp\/v2\/media?parent=13832"}],"curies":[{"name":"wp","href":"https:\/\/api.w.org\/{rel}","templated":true}]}}