{"id":13955,"date":"2026-07-21T08:17:03","date_gmt":"2026-07-21T11:17:03","guid":{"rendered":"https:\/\/sociaisaplicadas.ufpr.br\/decigi\/?page_id=13955"},"modified":"2026-08-16T15:23:07","modified_gmt":"2026-08-16T18:23:07","slug":"funcoes","status":"publish","type":"page","link":"https:\/\/sociaisaplicadas.ufpr.br\/decigi\/transparencia\/funcoes\/","title":{"rendered":"Fun\u00e7\u00f5es Comiss\u00f5es e Representa\u00e7\u00f5esfunc\u00f5es"},"content":{"rendered":"\n<div class=\"wp-block-group decigi-pagina-topo\"><div class=\"wp-block-group__inner-container is-layout-constrained wp-block-group-is-layout-constrained\">\n<p class=\"decigi-trilha\"><a href=\"https:\/\/sociaisaplicadas.ufpr.br\/decigi\/\">In\u00edcio<\/a>&nbsp;\/&nbsp;<a href=\"https:\/\/sociaisaplicadas.ufpr.br\/decigi\/transparencia\/\">Transpar\u00eancia<\/a>&nbsp;\/ <a href=\"https:\/\/sociaisaplicadas.ufpr.br\/decigi\/funcoes\" data-type=\"link\" data-id=\"https:\/\/sociaisaplicadas.ufpr.br\/decigi\/comissoes\/\">Fun\u00e7\u00f5es, Comiss\u00f5es e Representa\u00e7\u00f5es<\/a><\/p>\n\n\n\n<h1 class=\"wp-block-heading\">Fun\u00e7\u00f5es, Comiss\u00f5es e Representa\u00e7\u00f5es<\/h1>\n\n\n\n<p>Conhe\u00e7a os respons\u00e1veis, a composi\u00e7\u00e3o, os mandatos e os atos de designa\u00e7\u00e3o das fun\u00e7\u00f5es, comiss\u00f5es e representa\u00e7\u00f5es vinculadas ao Departamento.<\/p>\n<\/div><\/div>\n\n\n\n<div class=\"wp-block-group decigi-menu-interno\"><div class=\"wp-block-group__inner-container is-layout-constrained wp-block-group-is-layout-constrained\">\n<div class=\"wp-block-buttons is-layout-flex wp-block-buttons-is-layout-flex\">\n<div class=\"wp-block-button\"><a class=\"wp-block-button__link wp-element-button\" href=\"#gestao\">Gest\u00e3o acad\u00eamica e administrativa<\/a><\/div>\n\n\n\n<div class=\"wp-block-button\"><a class=\"wp-block-button__link wp-element-button\" href=\"#comissoes\">Comiss\u00f5es e programas<\/a><\/div>\n\n\n\n<div class=\"wp-block-button\"><a class=\"wp-block-button__link wp-element-button\" href=\"#representacoes\">Representa\u00e7\u00f5es institucionais<\/a><\/div>\n<\/div>\n<\/div><\/div>\n\n\n\n<div class=\"wp-block-group decigi-servicos\"><div class=\"wp-block-group__inner-container is-layout-constrained wp-block-group-is-layout-constrained\">\n<h2 class=\"wp-block-heading\" id=\"gestao\">Gest\u00e3o acad\u00eamica e administrativa<\/h2>\n<\/div><\/div>\n\n\n\n<div class=\"wp-block-group decigi-comissoes-grade\"><div class=\"wp-block-group__inner-container is-layout-constrained wp-block-group-is-layout-constrained\">\n<div class=\"wp-block-columns is-layout-flex wp-container-core-columns-is-layout-6 wp-block-columns-is-layout-flex\">\n<div class=\"wp-block-column is-layout-flow wp-block-column-is-layout-flow\">\n<div class=\"wp-block-group decigi-comissao\"><div class=\"wp-block-group__inner-container is-layout-constrained wp-block-group-is-layout-constrained\">\n<h6 class=\"wp-block-heading decigi-status ativa\">Vigente<\/h6>\n\n\n\n<h6 class=\"wp-block-heading decigi-badge\">Tempor\u00e1ria<\/h6>\n\n\n\n<h6 class=\"wp-block-heading decigi-comissao-tipo\">Portaria 466\/2026<\/h6>\n\n\n\n<h3 class=\"wp-block-heading\">Chefia Departamental<\/h3>\n\n\n\n<p>Coordena as atividades acad\u00eamicas e administrativas do Departamento e o representa nas inst\u00e2ncias institucionais, conforme suas atribui\u00e7\u00f5es regimentais.<\/p>\n\n\n\n<div class=\"wp-block-group decigi-stats\"><div class=\"wp-block-group__inner-container is-layout-constrained wp-block-group-is-layout-constrained\">\n<div class=\"wp-block-columns is-layout-flex wp-container-core-columns-is-layout-1 wp-block-columns-is-layout-flex\">\n<div class=\"wp-block-column is-layout-flow wp-block-column-is-layout-flow\">\n<div class=\"wp-block-group decigi-info\"><div class=\"wp-block-group__inner-container is-layout-constrained wp-block-group-is-layout-constrained\">\n<h6 class=\"wp-block-heading\">Mandato<\/h6>\n\n\n\n<p>2026-2028<\/p>\n<\/div><\/div>\n<\/div>\n\n\n\n<div class=\"wp-block-column is-layout-flow wp-block-column-is-layout-flow\">\n<div class=\"wp-block-group decigi-info\"><div class=\"wp-block-group__inner-container is-layout-constrained wp-block-group-is-layout-constrained\">\n<h6 class=\"wp-block-heading\">Chefia<\/h6>\n\n\n\n<p>Elder Barboza<\/p>\n<\/div><\/div>\n<\/div>\n\n\n\n<div class=\"wp-block-column is-layout-flow wp-block-column-is-layout-flow\">\n<div class=\"wp-block-group decigi-info\"><div class=\"wp-block-group__inner-container is-layout-constrained wp-block-group-is-layout-constrained\">\n<h6 class=\"wp-block-heading\">SUPLENcia<\/h6>\n\n\n\n<p>Genilson Geraldo<\/p>\n<\/div><\/div>\n<\/div>\n<\/div>\n<\/div><\/div>\n\n\n\n<p class=\"decigi-verlink  \"><a href=\"https:\/\/boletim.sigepe.gov.br\/publicacao\/detalhar\/436563\" target=\"_blank\" rel=\"noreferrer noopener\">Ver composi\u00e7\u00e3o e ato de designa\u00e7\u00e3o \u2192<\/a><\/p>\n<\/div><\/div>\n<\/div>\n\n\n\n<div class=\"wp-block-column is-layout-flow wp-block-column-is-layout-flow\">\n<div class=\"wp-block-group decigi-comissao\"><div class=\"wp-block-group__inner-container is-layout-constrained wp-block-group-is-layout-constrained\">\n<h6 class=\"wp-block-heading decigi-status ativa\">Vigente<\/h6>\n\n\n\n<h6 class=\"wp-block-heading decigi-badge\">Tempor\u00e1ria<\/h6>\n\n\n\n<h6 class=\"wp-block-heading decigi-comissao-tipo\">Portaria 08\/2026<\/h6>\n\n\n\n<h3 class=\"wp-block-heading\">Coordena\u00e7\u00e3o do Curso<\/h3>\n\n\n\n<p>Coordena e acompanha as atividades acad\u00eamicas e pedag\u00f3gicas do Curso de Gest\u00e3o da Informa\u00e7\u00e3o, em articula\u00e7\u00e3o com o Colegiado e as demais inst\u00e2ncias da Universidade.<\/p>\n\n\n\n<div class=\"wp-block-group decigi-stats\"><div class=\"wp-block-group__inner-container is-layout-constrained wp-block-group-is-layout-constrained\">\n<div class=\"wp-block-columns is-layout-flex wp-container-core-columns-is-layout-2 wp-block-columns-is-layout-flex\">\n<div class=\"wp-block-column is-layout-flow wp-block-column-is-layout-flow\">\n<div class=\"wp-block-group decigi-info\"><div class=\"wp-block-group__inner-container is-layout-constrained wp-block-group-is-layout-constrained\">\n<h6 class=\"wp-block-heading\">Mandato<\/h6>\n\n\n\n<p>2026-2028<\/p>\n<\/div><\/div>\n<\/div>\n\n\n\n<div class=\"wp-block-column is-layout-flow wp-block-column-is-layout-flow\">\n<div class=\"wp-block-group decigi-info\"><div class=\"wp-block-group__inner-container is-layout-constrained wp-block-group-is-layout-constrained\">\n<h6 class=\"wp-block-heading\">Coordena\u00e7\u00e3o<\/h6>\n\n\n\n<p>Andre Araujo<\/p>\n<\/div><\/div>\n<\/div>\n\n\n\n<div class=\"wp-block-column is-layout-flow wp-block-column-is-layout-flow\">\n<div class=\"wp-block-group decigi-info\"><div class=\"wp-block-group__inner-container is-layout-constrained wp-block-group-is-layout-constrained\">\n<h6 class=\"wp-block-heading\">vice<\/h6>\n\n\n\n<p>Ma\u00edra Alencar<\/p>\n<\/div><\/div>\n<\/div>\n<\/div>\n<\/div><\/div>\n\n\n\n<p class=\"decigi-verlink  \">Ver composi\u00e7\u00e3o e ato de designa\u00e7\u00e3o \u2192<\/p>\n<\/div><\/div>\n<\/div>\n\n\n\n<div class=\"wp-block-column is-layout-flow wp-block-column-is-layout-flow\">\n<div class=\"wp-block-group decigi-comissao\"><div class=\"wp-block-group__inner-container is-layout-constrained wp-block-group-is-layout-constrained\">\n<h6 class=\"wp-block-heading decigi-status ativa\">Vigente<\/h6>\n\n\n\n<h6 class=\"wp-block-heading decigi-badge\">Tempor\u00e1ria<\/h6>\n\n\n\n<h6 class=\"wp-block-heading decigi-comissao-tipo\">Portaria 07\/2025<\/h6>\n\n\n\n<h3 class=\"wp-block-heading\">Colegiado do Curso<\/h3>\n\n\n\n<p>Delibera sobre quest\u00f5es acad\u00eamicas e pedag\u00f3gicas do Curso de Gest\u00e3o da Informa\u00e7\u00e3o e acompanha seu planejamento, organiza\u00e7\u00e3o e desenvolvimento.<\/p>\n\n\n\n<div class=\"wp-block-group decigi-stats\"><div class=\"wp-block-group__inner-container is-layout-constrained wp-block-group-is-layout-constrained\">\n<div class=\"wp-block-columns is-layout-flex wp-container-core-columns-is-layout-3 wp-block-columns-is-layout-flex\">\n<div class=\"wp-block-column is-layout-flow wp-block-column-is-layout-flow\">\n<div class=\"wp-block-group decigi-info\"><div class=\"wp-block-group__inner-container is-layout-constrained wp-block-group-is-layout-constrained\">\n<h6 class=\"wp-block-heading\">Mandato<\/h6>\n\n\n\n<p>2025-2026<\/p>\n<\/div><\/div>\n<\/div>\n\n\n\n<div class=\"wp-block-column is-layout-flow wp-block-column-is-layout-flow\">\n<div class=\"wp-block-group decigi-info\"><div class=\"wp-block-group__inner-container is-layout-constrained wp-block-group-is-layout-constrained\">\n<h6 class=\"wp-block-heading\">presid\u00eancia<\/h6>\n\n\n\n<p>Andre Araujo<\/p>\n<\/div><\/div>\n<\/div>\n\n\n\n<div class=\"wp-block-column is-layout-flow wp-block-column-is-layout-flow\">\n<div class=\"wp-block-group decigi-info\"><div class=\"wp-block-group__inner-container is-layout-constrained wp-block-group-is-layout-constrained\">\n<h6 class=\"wp-block-heading\">Composi\u00e7\u00e3o<\/h6>\n\n\n\n<p>6 membros<\/p>\n<\/div><\/div>\n<\/div>\n<\/div>\n<\/div><\/div>\n\n\n\n<p class=\"decigi-verlink  \"><a href=\"https:\/\/sociaisaplicadas.ufpr.br\/decigi\/wp-content\/uploads\/sites\/5\/2025\/09\/SEI_8127442_Portaria_07.pdf\" data-type=\"page\" data-id=\"13955\" target=\"_blank\" rel=\"noreferrer noopener\">Ver composi\u00e7\u00e3o e ato de designa\u00e7\u00e3o \u2192<\/a><\/p>\n<\/div><\/div>\n<\/div>\n\n\n\n<div class=\"wp-block-column is-layout-flow wp-block-column-is-layout-flow\">\n<div class=\"wp-block-group decigi-comissao\"><div class=\"wp-block-group__inner-container is-layout-constrained wp-block-group-is-layout-constrained\">\n<h6 class=\"wp-block-heading decigi-status ativa\">Vigente<\/h6>\n\n\n\n<h6 class=\"wp-block-heading decigi-badge\">Tempor\u00e1ria<\/h6>\n\n\n\n<h6 class=\"wp-block-heading decigi-comissao-tipo\">Portaria 01\/2025<\/h6>\n\n\n\n<h3 class=\"wp-block-heading\">N\u00facleo Docente Estruturante do Curso de Gest\u00e3o da Informa\u00e7\u00e3o \u2013 NDE<\/h3>\n\n\n\n<p>Acompanha e contribui para a concep\u00e7\u00e3o, consolida\u00e7\u00e3o, avalia\u00e7\u00e3o e atualiza\u00e7\u00e3o do Projeto Pedag\u00f3gico do Curso de Gest\u00e3o da Informa\u00e7\u00e3o.<\/p>\n\n\n\n<div class=\"wp-block-group decigi-stats\"><div class=\"wp-block-group__inner-container is-layout-constrained wp-block-group-is-layout-constrained\">\n<div class=\"wp-block-columns is-layout-flex wp-container-core-columns-is-layout-4 wp-block-columns-is-layout-flex\">\n<div class=\"wp-block-column is-layout-flow wp-block-column-is-layout-flow\">\n<div class=\"wp-block-group decigi-info\"><div class=\"wp-block-group__inner-container is-layout-constrained wp-block-group-is-layout-constrained\">\n<h6 class=\"wp-block-heading\">Mandato<\/h6>\n\n\n\n<p>2025-2028<\/p>\n<\/div><\/div>\n<\/div>\n\n\n\n<div class=\"wp-block-column is-layout-flow wp-block-column-is-layout-flow\">\n<div class=\"wp-block-group decigi-info\"><div class=\"wp-block-group__inner-container is-layout-constrained wp-block-group-is-layout-constrained\">\n<h6 class=\"wp-block-heading\">Presid\u00eancia<\/h6>\n\n\n\n<p>Andre Araujo<\/p>\n<\/div><\/div>\n<\/div>\n\n\n\n<div class=\"wp-block-column is-layout-flow wp-block-column-is-layout-flow\">\n<div class=\"wp-block-group decigi-info\"><div class=\"wp-block-group__inner-container is-layout-constrained wp-block-group-is-layout-constrained\">\n<h6 class=\"wp-block-heading\">Composi\u00e7\u00e3o<\/h6>\n\n\n\n<p>7 membros<\/p>\n<\/div><\/div>\n<\/div>\n<\/div>\n<\/div><\/div>\n\n\n\n<p class=\"decigi-verlink  \"><a href=\"https:\/\/sociaisaplicadas.ufpr.br\/decigi\/wp-content\/uploads\/sites\/5\/2025\/11\/SEI_8247919_Portaria_1.pdf\" data-type=\"link\" data-id=\"https:\/\/sociaisaplicadas.ufpr.br\/decigi\/wp-content\/uploads\/sites\/5\/2025\/11\/SEI_8247919_Portaria_1.pdf\" target=\"_blank\" rel=\"noreferrer noopener\">Ver composi\u00e7\u00e3o e ato de designa\u00e7\u00e3o \u2192<\/a><\/p>\n<\/div><\/div>\n<\/div>\n\n\n\n<div class=\"wp-block-column is-layout-flow wp-block-column-is-layout-flow\">\n<div class=\"wp-block-group decigi-comissao\"><div class=\"wp-block-group__inner-container is-layout-constrained wp-block-group-is-layout-constrained\">\n<h6 class=\"wp-block-heading decigi-status ativa\">Ativa<\/h6>\n\n\n\n<h6 class=\"wp-block-heading decigi-badge\">Tempor\u00e1ria<\/h6>\n\n\n\n<h6 class=\"wp-block-heading decigi-comissao-tipo\">Portaria n\u00e3o localizada<\/h6>\n\n\n\n<h3 class=\"wp-block-heading\">Orienta\u00e7\u00e3o da JR Consultoria<\/h3>\n\n\n\n<p>Acompanha e orienta academicamente as atividades da empresa j\u00fanior vinculada ao Curso de Gest\u00e3o da Informa\u00e7\u00e3o, fortalecendo sua integra\u00e7\u00e3o com a forma\u00e7\u00e3o dos estudantes.<\/p>\n\n\n\n<div class=\"wp-block-group decigi-stats\"><div class=\"wp-block-group__inner-container is-layout-constrained wp-block-group-is-layout-constrained\">\n<div class=\"wp-block-columns is-layout-flex wp-container-core-columns-is-layout-5 wp-block-columns-is-layout-flex\">\n<div class=\"wp-block-column is-layout-flow wp-block-column-is-layout-flow\">\n<div class=\"wp-block-group decigi-info\"><div class=\"wp-block-group__inner-container is-layout-constrained wp-block-group-is-layout-constrained\">\n<h6 class=\"wp-block-heading\">Mandato<\/h6>\n\n\n\n<p>2026-2028<\/p>\n<\/div><\/div>\n<\/div>\n\n\n\n<div class=\"wp-block-column is-layout-flow wp-block-column-is-layout-flow\">\n<div class=\"wp-block-group decigi-info\"><div class=\"wp-block-group__inner-container is-layout-constrained wp-block-group-is-layout-constrained\">\n<h6 class=\"wp-block-heading\">representante<\/h6>\n\n\n\n<p>Genilson Geraldo<\/p>\n<\/div><\/div>\n<\/div>\n\n\n\n<div class=\"wp-block-column is-layout-flow wp-block-column-is-layout-flow\">\n<div class=\"wp-block-group decigi-info\"><div class=\"wp-block-group__inner-container is-layout-constrained wp-block-group-is-layout-constrained\">\n<h6 class=\"wp-block-heading\">composi\u00e7\u00e3o<\/h6>\n\n\n\n<p>N\u00e3o localizado<\/p>\n<\/div><\/div>\n<\/div>\n<\/div>\n<\/div><\/div>\n<\/div><\/div>\n<\/div>\n<\/div>\n<\/div><\/div>\n\n\n\n<div class=\"wp-block-group decigi-servicos\"><div class=\"wp-block-group__inner-container is-layout-constrained wp-block-group-is-layout-constrained\">\n<h2 class=\"wp-block-heading\" id=\"comissoes\">Comiss\u00f5es e programas<\/h2>\n<\/div><\/div>\n\n\n\n<div class=\"wp-block-group decigi-comissoes-grade\"><div class=\"wp-block-group__inner-container is-layout-constrained wp-block-group-is-layout-constrained\">\n<div class=\"wp-block-columns is-layout-flex wp-container-core-columns-is-layout-11 wp-block-columns-is-layout-flex\">\n<div class=\"wp-block-column is-layout-flow wp-block-column-is-layout-flow\">\n<div class=\"wp-block-group decigi-comissao\"><div class=\"wp-block-group__inner-container is-layout-constrained wp-block-group-is-layout-constrained\">\n<h6 class=\"wp-block-heading decigi-status ativa\">Vigente<\/h6>\n\n\n\n<h6 class=\"wp-block-heading decigi-badge\">Tempor\u00e1ria<\/h6>\n\n\n\n<h6 class=\"wp-block-heading decigi-comissao-tipo\">Portaria 09\/2024<\/h6>\n\n\n\n<h3 class=\"wp-block-heading\">Comiss\u00e3o de Orienta\u00e7\u00e3o de Est\u00e1gios \u2013 COE<\/h3>\n\n\n\n<p>Orienta e acompanha as atividades de est\u00e1gio dos estudantes, em conformidade com o projeto pedag\u00f3gico do curso e a regulamenta\u00e7\u00e3o institucional.<\/p>\n\n\n\n<div class=\"wp-block-group decigi-stats\"><div class=\"wp-block-group__inner-container is-layout-constrained wp-block-group-is-layout-constrained\">\n<div class=\"wp-block-columns is-layout-flex wp-container-core-columns-is-layout-7 wp-block-columns-is-layout-flex\">\n<div class=\"wp-block-column is-layout-flow wp-block-column-is-layout-flow\">\n<div class=\"wp-block-group decigi-info\"><div class=\"wp-block-group__inner-container is-layout-constrained wp-block-group-is-layout-constrained\">\n<h6 class=\"wp-block-heading\">Mandato<\/h6>\n\n\n\n<p>2024-2026<\/p>\n<\/div><\/div>\n<\/div>\n\n\n\n<div class=\"wp-block-column is-layout-flow wp-block-column-is-layout-flow\">\n<div class=\"wp-block-group decigi-info\"><div class=\"wp-block-group__inner-container is-layout-constrained wp-block-group-is-layout-constrained\">\n<h6 class=\"wp-block-heading\">presid\u00eancia<\/h6>\n\n\n\n<p>Vera Lucia<\/p>\n<\/div><\/div>\n<\/div>\n\n\n\n<div class=\"wp-block-column is-layout-flow wp-block-column-is-layout-flow\">\n<div class=\"wp-block-group decigi-info\"><div class=\"wp-block-group__inner-container is-layout-constrained wp-block-group-is-layout-constrained\">\n<h6 class=\"wp-block-heading\">composi\u00e7\u00e3o<\/h6>\n\n\n\n<p>5 membros<\/p>\n<\/div><\/div>\n<\/div>\n<\/div>\n<\/div><\/div>\n\n\n\n<p class=\"decigi-verlink  \"><a href=\"https:\/\/sociaisaplicadas.ufpr.br\/decigi\/wp-content\/uploads\/sites\/5\/2024\/12\/SEI_7350828_Portaria_1.pdf\" target=\"_blank\" rel=\"noreferrer noopener\">Ver composi\u00e7\u00e3o e ato de designa\u00e7\u00e3o \u2192<\/a><\/p>\n<\/div><\/div>\n<\/div>\n\n\n\n<div class=\"wp-block-column is-layout-flow wp-block-column-is-layout-flow\">\n<div class=\"wp-block-group decigi-comissao\"><div class=\"wp-block-group__inner-container is-layout-constrained wp-block-group-is-layout-constrained\">\n<h6 class=\"wp-block-heading decigi-status ativa\">Vigente<\/h6>\n\n\n\n<h6 class=\"wp-block-heading decigi-badge\">Tempor\u00e1ria<\/h6>\n\n\n\n<h6 class=\"wp-block-heading decigi-comissao-tipo\">Portaria 01\/2026<\/h6>\n\n\n\n<h3 class=\"wp-block-heading\">Programa de Orienta\u00e7\u00e3o Acad\u00eamica \u2013 POA<\/h3>\n\n\n\n<p>Promove o acompanhamento e a orienta\u00e7\u00e3o da trajet\u00f3ria acad\u00eamica dos estudantes, contribuindo para sua integra\u00e7\u00e3o ao curso e para o planejamento de sua forma\u00e7\u00e3o.<\/p>\n\n\n\n<div class=\"wp-block-group decigi-stats\"><div class=\"wp-block-group__inner-container is-layout-constrained wp-block-group-is-layout-constrained\">\n<div class=\"wp-block-columns is-layout-flex wp-container-core-columns-is-layout-8 wp-block-columns-is-layout-flex\">\n<div class=\"wp-block-column is-layout-flow wp-block-column-is-layout-flow\">\n<div class=\"wp-block-group decigi-info\"><div class=\"wp-block-group__inner-container is-layout-constrained wp-block-group-is-layout-constrained\">\n<h6 class=\"wp-block-heading\">per\u00edodo<\/h6>\n\n\n\n<p>2015-2026<\/p>\n<\/div><\/div>\n<\/div>\n\n\n\n<div class=\"wp-block-column is-layout-flow wp-block-column-is-layout-flow\">\n<div class=\"wp-block-group decigi-info\"><div class=\"wp-block-group__inner-container is-layout-constrained wp-block-group-is-layout-constrained\">\n<h6 class=\"wp-block-heading\">Composi\u00e7\u00e3o<\/h6>\n\n\n\n<p>12 tutores<\/p>\n<\/div><\/div>\n<\/div>\n<\/div>\n<\/div><\/div>\n\n\n\n<p class=\"decigi-verlink  \"><a href=\"https:\/\/sociaisaplicadas.ufpr.br\/decigi\/wp-content\/uploads\/sites\/5\/2026\/03\/SEI_8675116_Portaria_1.pdf\" target=\"_blank\" rel=\"noreferrer noopener\">Ver composi\u00e7\u00e3o e ato de designa\u00e7\u00e3o \u2192<\/a><\/p>\n<\/div><\/div>\n<\/div>\n\n\n\n<div class=\"wp-block-column is-layout-flow wp-block-column-is-layout-flow\">\n<div class=\"wp-block-group decigi-comissao\"><div class=\"wp-block-group__inner-container is-layout-constrained wp-block-group-is-layout-constrained\">\n<h6 class=\"wp-block-heading decigi-status ativa\">Vigente<\/h6>\n\n\n\n<h6 class=\"wp-block-heading decigi-badge\">Tempor\u00e1ria<\/h6>\n\n\n\n<h6 class=\"wp-block-heading decigi-comissao-tipo\">Portaria 01\/2022<\/h6>\n\n\n\n<h3 class=\"wp-block-heading\">Comiss\u00e3o de Valida\u00e7\u00e3o de Atividades Formativas e de Extens\u00e3o \u2013 CAFE<\/h3>\n\n\n\n<p>Analisa e valida atividades formativas e de extens\u00e3o realizadas pelos estudantes para fins de integraliza\u00e7\u00e3o curricular, conforme a regulamenta\u00e7\u00e3o aplic\u00e1vel.<\/p>\n\n\n\n<div class=\"wp-block-group decigi-stats\"><div class=\"wp-block-group__inner-container is-layout-constrained wp-block-group-is-layout-constrained\">\n<div class=\"wp-block-columns is-layout-flex wp-container-core-columns-is-layout-9 wp-block-columns-is-layout-flex\">\n<div class=\"wp-block-column is-layout-flow wp-block-column-is-layout-flow\">\n<div class=\"wp-block-group decigi-info\"><div class=\"wp-block-group__inner-container is-layout-constrained wp-block-group-is-layout-constrained\">\n<h6 class=\"wp-block-heading\">Mandato<\/h6>\n\n\n\n<p>2022-2026<\/p>\n<\/div><\/div>\n<\/div>\n\n\n\n<div class=\"wp-block-column is-layout-flow wp-block-column-is-layout-flow\">\n<div class=\"wp-block-group decigi-info\"><div class=\"wp-block-group__inner-container is-layout-constrained wp-block-group-is-layout-constrained\">\n<h6 class=\"wp-block-heading\">presid\u00eancia<\/h6>\n\n\n\n<p>Jos\u00e9 Cestari<\/p>\n<\/div><\/div>\n<\/div>\n\n\n\n<div class=\"wp-block-column is-layout-flow wp-block-column-is-layout-flow\">\n<div class=\"wp-block-group decigi-info\"><div class=\"wp-block-group__inner-container is-layout-constrained wp-block-group-is-layout-constrained\">\n<h6 class=\"wp-block-heading\">composi\u00e7\u00e3o<\/h6>\n\n\n\n<p>4 membros<\/p>\n<\/div><\/div>\n<\/div>\n<\/div>\n<\/div><\/div>\n\n\n\n<p class=\"decigi-verlink  \"><a href=\"https:\/\/sociaisaplicadas.ufpr.br\/decigi\/wp-content\/uploads\/sites\/5\/2023\/05\/portariaCAFE.pdf\" target=\"_blank\" rel=\"noreferrer noopener\">Ver composi\u00e7\u00e3o e ato de designa\u00e7\u00e3o \u2192<\/a><\/p>\n<\/div><\/div>\n<\/div>\n\n\n\n<div class=\"wp-block-column is-layout-flow wp-block-column-is-layout-flow\">\n<div class=\"wp-block-group decigi-comissao\"><div class=\"wp-block-group__inner-container is-layout-constrained wp-block-group-is-layout-constrained\">\n<h6 class=\"wp-block-heading decigi-status encerrada\">Vencida<\/h6>\n\n\n\n<h6 class=\"wp-block-heading decigi-badge\">Permanente<\/h6>\n\n\n\n<h6 class=\"wp-block-heading decigi-comissao-tipo\">Portaria 04\/2025<\/h6>\n\n\n\n<h3 class=\"wp-block-heading\">Comiss\u00e3o de Acompanhamento das Disciplinas de Pesquisa \u2013 CADIP<\/h3>\n\n\n\n<p>Acompanha as disciplinas de pesquisa e orienta os procedimentos relacionados ao desenvolvimento das atividades de pesquisa acad\u00eamica no \u00e2mbito do curso.<\/p>\n\n\n\n<div class=\"wp-block-group decigi-stats\"><div class=\"wp-block-group__inner-container is-layout-constrained wp-block-group-is-layout-constrained\">\n<div class=\"wp-block-columns is-layout-flex wp-container-core-columns-is-layout-10 wp-block-columns-is-layout-flex\">\n<div class=\"wp-block-column is-layout-flow wp-block-column-is-layout-flow\">\n<div class=\"wp-block-group decigi-info\"><div class=\"wp-block-group__inner-container is-layout-constrained wp-block-group-is-layout-constrained\">\n<h6 class=\"wp-block-heading\">Mandato<\/h6>\n\n\n\n<p>2025-2026<\/p>\n<\/div><\/div>\n<\/div>\n\n\n\n<div class=\"wp-block-column is-layout-flow wp-block-column-is-layout-flow\">\n<div class=\"wp-block-group decigi-info\"><div class=\"wp-block-group__inner-container is-layout-constrained wp-block-group-is-layout-constrained\">\n<h6 class=\"wp-block-heading\">Presid\u00eancia<\/h6>\n\n\n\n<p>Egon Wildauer<\/p>\n<\/div><\/div>\n<\/div>\n\n\n\n<div class=\"wp-block-column is-layout-flow wp-block-column-is-layout-flow\">\n<div class=\"wp-block-group decigi-info\"><div class=\"wp-block-group__inner-container is-layout-constrained wp-block-group-is-layout-constrained\">\n<h6 class=\"wp-block-heading\">MEMBROS<\/h6>\n\n\n\n<p>3 membros<\/p>\n<\/div><\/div>\n<\/div>\n<\/div>\n<\/div><\/div>\n\n\n\n<p class=\"decigi-verlink  \"><a href=\"https:\/\/sociaisaplicadas.ufpr.br\/decigi\/wp-content\/uploads\/sites\/5\/2025\/07\/SEI_7922254_Portaria_04.pdf\">Ver composi\u00e7\u00e3o e ato de designa\u00e7\u00e3o \u2192<\/a><\/p>\n<\/div><\/div>\n<\/div>\n<\/div>\n<\/div><\/div>\n\n\n\n<div class=\"wp-block-group decigi-servicos\"><div class=\"wp-block-group__inner-container is-layout-constrained wp-block-group-is-layout-constrained\">\n<h2 class=\"wp-block-heading\" id=\"representacoes\">Representa\u00e7\u00f5es institucionais<\/h2>\n<\/div><\/div>\n\n\n\n<div class=\"wp-block-group decigi-comissoes-grade\"><div class=\"wp-block-group__inner-container is-layout-constrained wp-block-group-is-layout-constrained\">\n<div class=\"wp-block-columns is-layout-flex wp-container-core-columns-is-layout-19 wp-block-columns-is-layout-flex\">\n<div class=\"wp-block-column is-layout-flow wp-block-column-is-layout-flow\">\n<div class=\"wp-block-group decigi-comissao\"><div class=\"wp-block-group__inner-container is-layout-constrained wp-block-group-is-layout-constrained\">\n<h6 class=\"wp-block-heading decigi-status ativa\">Vigente<\/h6>\n\n\n\n<h6 class=\"wp-block-heading decigi-badge\">Tempor\u00e1ria<\/h6>\n\n\n\n<h6 class=\"wp-block-heading decigi-comissao-tipo\">Portaria 06\/2026<\/h6>\n\n\n\n<h3 class=\"wp-block-heading\">Representa\u00e7\u00e3o no Comit\u00ea Setorial de Pesquisa<\/h3>\n\n\n\n<p>Representa o Departamento nas discuss\u00f5es, delibera\u00e7\u00f5es e iniciativas relacionadas \u00e0 pesquisa no \u00e2mbito do Setor de Ci\u00eancias Sociais Aplicadas.<\/p>\n\n\n\n<div class=\"wp-block-group decigi-stats\"><div class=\"wp-block-group__inner-container is-layout-constrained wp-block-group-is-layout-constrained\">\n<div class=\"wp-block-columns is-layout-flex wp-container-core-columns-is-layout-12 wp-block-columns-is-layout-flex\">\n<div class=\"wp-block-column is-layout-flow wp-block-column-is-layout-flow\">\n<div class=\"wp-block-group decigi-info\"><div class=\"wp-block-group__inner-container is-layout-constrained wp-block-group-is-layout-constrained\">\n<h6 class=\"wp-block-heading\">Mandato<\/h6>\n\n\n\n<p>2024-2026<\/p>\n<\/div><\/div>\n<\/div>\n\n\n\n<div class=\"wp-block-column is-layout-flow wp-block-column-is-layout-flow\">\n<div class=\"wp-block-group decigi-info\"><div class=\"wp-block-group__inner-container is-layout-constrained wp-block-group-is-layout-constrained\">\n<h6 class=\"wp-block-heading\">presid\u00eancia<\/h6>\n\n\n\n<p>Jos\u00e9 Cestari<\/p>\n<\/div><\/div>\n<\/div>\n\n\n\n<div class=\"wp-block-column is-layout-flow wp-block-column-is-layout-flow\">\n<div class=\"wp-block-group decigi-info\"><div class=\"wp-block-group__inner-container is-layout-constrained wp-block-group-is-layout-constrained\">\n<h6 class=\"wp-block-heading\">Composi\u00e7\u00e3o<\/h6>\n\n\n\n<p>8 membros<\/p>\n<\/div><\/div>\n<\/div>\n<\/div>\n<\/div><\/div>\n\n\n\n<p class=\"decigi-verlink  \"><a href=\"https:\/\/sociaisaplicadas.ufpr.br\/wp-content\/uploads\/2026\/03\/SEI_8659878_Portaria_06_2026_SA.pdf\" target=\"_blank\" rel=\"noreferrer noopener\">Ver composi\u00e7\u00e3o e ato de designa\u00e7\u00e3o \u2192<\/a><\/p>\n<\/div><\/div>\n<\/div>\n\n\n\n<div class=\"wp-block-column is-layout-flow wp-block-column-is-layout-flow\">\n<div class=\"wp-block-group decigi-comissao\"><div class=\"wp-block-group__inner-container is-layout-constrained wp-block-group-is-layout-constrained\">\n<h6 class=\"wp-block-heading decigi-status ativa\">Vigente<\/h6>\n\n\n\n<h6 class=\"wp-block-heading decigi-badge\">Tempor\u00e1ria<\/h6>\n\n\n\n<h6 class=\"wp-block-heading decigi-comissao-tipo\">Portaria 25\/2026<\/h6>\n\n\n\n<h3 class=\"wp-block-heading\">Representa\u00e7\u00e3o no Comit\u00ea Setorial de Extens\u00e3o<\/h3>\n\n\n\n<p>Representa o Departamento nas discuss\u00f5es, delibera\u00e7\u00f5es e iniciativas relacionadas \u00e0 extens\u00e3o universit\u00e1ria no \u00e2mbito do Setor de Ci\u00eancias Sociais Aplicadas.<\/p>\n\n\n\n<div class=\"wp-block-group decigi-stats\"><div class=\"wp-block-group__inner-container is-layout-constrained wp-block-group-is-layout-constrained\">\n<div class=\"wp-block-columns is-layout-flex wp-container-core-columns-is-layout-13 wp-block-columns-is-layout-flex\">\n<div class=\"wp-block-column is-layout-flow wp-block-column-is-layout-flow\">\n<div class=\"wp-block-group decigi-info\"><div class=\"wp-block-group__inner-container is-layout-constrained wp-block-group-is-layout-constrained\">\n<h6 class=\"wp-block-heading\">Mandato<\/h6>\n\n\n\n<p>2026-2028<\/p>\n<\/div><\/div>\n<\/div>\n\n\n\n<div class=\"wp-block-column is-layout-flow wp-block-column-is-layout-flow\">\n<div class=\"wp-block-group decigi-info\"><div class=\"wp-block-group__inner-container is-layout-constrained wp-block-group-is-layout-constrained\">\n<h6 class=\"wp-block-heading\">Presid\u00eancia<\/h6>\n\n\n\n<p>Jos\u00e9 Sim\u00e3o<\/p>\n<\/div><\/div>\n<\/div>\n\n\n\n<div class=\"wp-block-column is-layout-flow wp-block-column-is-layout-flow\">\n<div class=\"wp-block-group decigi-info\"><div class=\"wp-block-group__inner-container is-layout-constrained wp-block-group-is-layout-constrained\">\n<h6 class=\"wp-block-heading\">Composi\u00e7\u00e3o<\/h6>\n\n\n\n<p>8 membros<\/p>\n<\/div><\/div>\n<\/div>\n<\/div>\n<\/div><\/div>\n\n\n\n<p class=\"decigi-verlink  \"><a href=\"https:\/\/sociaisaplicadas.ufpr.br\/decigi\/wp-content\/uploads\/sites\/5\/2026\/08\/SEI_9095482_Portaria_025_2026_SA-1.pdf\" target=\"_blank\" rel=\"noreferrer noopener\">Ver composi\u00e7\u00e3o e ato de designa\u00e7\u00e3o \u2192<\/a><\/p>\n<\/div><\/div>\n<\/div>\n\n\n\n<div class=\"wp-block-column is-layout-flow wp-block-column-is-layout-flow\">\n<div class=\"wp-block-group decigi-comissao\"><div class=\"wp-block-group__inner-container is-layout-constrained wp-block-group-is-layout-constrained\">\n<h6 class=\"wp-block-heading decigi-status ativa\">Vigente<\/h6>\n\n\n\n<h6 class=\"wp-block-heading decigi-badge\">Tempor\u00e1ria<\/h6>\n\n\n\n<h6 class=\"wp-block-heading decigi-comissao-tipo\">Portaria 03\/2026<\/h6>\n\n\n\n<h3 class=\"wp-block-heading\">Representa\u00e7\u00e3o no Comit\u00ea Setorial de Monitoria<\/h3>\n\n\n\n<p>Representa o Departamento nas atividades e delibera\u00e7\u00f5es relacionadas aos programas e projetos de monitoria no \u00e2mbito do Setor de Ci\u00eancias Sociais Aplicadas.<\/p>\n\n\n\n<div class=\"wp-block-group decigi-stats\"><div class=\"wp-block-group__inner-container is-layout-constrained wp-block-group-is-layout-constrained\">\n<div class=\"wp-block-columns is-layout-flex wp-container-core-columns-is-layout-14 wp-block-columns-is-layout-flex\">\n<div class=\"wp-block-column is-layout-flow wp-block-column-is-layout-flow\">\n<div class=\"wp-block-group decigi-info\"><div class=\"wp-block-group__inner-container is-layout-constrained wp-block-group-is-layout-constrained\">\n<h6 class=\"wp-block-heading\">Mandato<\/h6>\n\n\n\n<p>2026-2028<\/p>\n<\/div><\/div>\n<\/div>\n\n\n\n<div class=\"wp-block-column is-layout-flow wp-block-column-is-layout-flow\">\n<div class=\"wp-block-group decigi-info\"><div class=\"wp-block-group__inner-container is-layout-constrained wp-block-group-is-layout-constrained\">\n<h6 class=\"wp-block-heading\">Representante<\/h6>\n\n\n\n<p>Ma\u00edra Alencar<\/p>\n<\/div><\/div>\n<\/div>\n\n\n\n<div class=\"wp-block-column is-layout-flow wp-block-column-is-layout-flow\">\n<div class=\"wp-block-group decigi-info\"><div class=\"wp-block-group__inner-container is-layout-constrained wp-block-group-is-layout-constrained\">\n<h6 class=\"wp-block-heading\">Composi\u00e7\u00e3o<\/h6>\n\n\n\n<p>8 membros<\/p>\n<\/div><\/div>\n<\/div>\n<\/div>\n<\/div><\/div>\n\n\n\n<p class=\"decigi-verlink  \"><a href=\"https:\/\/sociaisaplicadas.ufpr.br\/decigi\/wp-content\/uploads\/sites\/5\/2026\/08\/SEI_8584734_Portaria_003_2026_SA-1.pdf\" target=\"_blank\" rel=\"noreferrer noopener\">Ver composi\u00e7\u00e3o e ato de designa\u00e7\u00e3o \u2192<\/a><\/p>\n<\/div><\/div>\n<\/div>\n\n\n\n<div class=\"wp-block-column is-layout-flow wp-block-column-is-layout-flow\">\n<div class=\"wp-block-group decigi-comissao\"><div class=\"wp-block-group__inner-container is-layout-constrained wp-block-group-is-layout-constrained\">\n<h6 class=\"wp-block-heading decigi-status ativa\">Vigente<\/h6>\n\n\n\n<h6 class=\"wp-block-heading decigi-badge\">Permanente<\/h6>\n\n\n\n<h6 class=\"wp-block-heading decigi-comissao-tipo\">Portaria n\u00e3o localizada<\/h6>\n\n\n\n<h3 class=\"wp-block-heading\">Representa\u00e7\u00e3o na Comiss\u00e3o Permanente de Pessoal Docente \u2013 CPPD<\/h3>\n\n\n\n<p>Representa o Departamento nas mat\u00e9rias relacionadas \u00e0 carreira e \u00e0 vida funcional docente submetidas \u00e0 Comiss\u00e3o Permanente de Pessoal Docente.<\/p>\n\n\n\n<div class=\"wp-block-group decigi-stats\"><div class=\"wp-block-group__inner-container is-layout-constrained wp-block-group-is-layout-constrained\">\n<div class=\"wp-block-columns is-layout-flex wp-container-core-columns-is-layout-15 wp-block-columns-is-layout-flex\">\n<div class=\"wp-block-column is-layout-flow wp-block-column-is-layout-flow\">\n<div class=\"wp-block-group decigi-info\"><div class=\"wp-block-group__inner-container is-layout-constrained wp-block-group-is-layout-constrained\">\n<h6 class=\"wp-block-heading\">Mandato<\/h6>\n\n\n\n<p>Indeterminado<\/p>\n<\/div><\/div>\n<\/div>\n\n\n\n<div class=\"wp-block-column is-layout-flow wp-block-column-is-layout-flow\">\n<div class=\"wp-block-group decigi-info\"><div class=\"wp-block-group__inner-container is-layout-constrained wp-block-group-is-layout-constrained\">\n<h6 class=\"wp-block-heading\">Representante<\/h6>\n\n\n\n<p>Marcos Tedeschi<\/p>\n<\/div><\/div>\n<\/div>\n\n\n\n<div class=\"wp-block-column is-layout-flow wp-block-column-is-layout-flow\">\n<div class=\"wp-block-group decigi-info\"><div class=\"wp-block-group__inner-container is-layout-constrained wp-block-group-is-layout-constrained\">\n<h6 class=\"wp-block-heading\">MEMBROS<\/h6>\n\n\n\n<p>18 membros<\/p>\n<\/div><\/div>\n<\/div>\n<\/div>\n<\/div><\/div>\n\n\n\n<p class=\"decigi-verlink  \"><a href=\"http:\/\/www.cppd.ufpr.br\/portal\/comissao-especial-associado-e-titular\/\" target=\"_blank\" rel=\"noreferrer noopener\">Ver composi\u00e7\u00e3o e ato de designa\u00e7\u00e3o \u2192<\/a><\/p>\n<\/div><\/div>\n<\/div>\n\n\n\n<div class=\"wp-block-column is-layout-flow wp-block-column-is-layout-flow\">\n<div class=\"wp-block-group decigi-comissao\"><div class=\"wp-block-group__inner-container is-layout-constrained wp-block-group-is-layout-constrained\">\n<h6 class=\"wp-block-heading decigi-status encerrada\">Sem status<\/h6>\n\n\n\n<h6 class=\"wp-block-heading decigi-badge\">Tempor\u00e1ria<\/h6>\n\n\n\n<h6 class=\"wp-block-heading decigi-comissao-tipo\">Portaria n\u00e3o elaborada<\/h6>\n\n\n\n<h3 class=\"wp-block-heading\">Representa\u00e7\u00e3o no CRAPUF\/PR<\/h3>\n\n\n\n<p>Representa o Departamento junto ao CRAPUF\/PR, participando das discuss\u00f5es e encaminhamentos relacionados \u00e0s mat\u00e9rias de compet\u00eancia dessa inst\u00e2ncia.<\/p>\n\n\n\n<div class=\"wp-block-group decigi-stats\"><div class=\"wp-block-group__inner-container is-layout-constrained wp-block-group-is-layout-constrained\">\n<div class=\"wp-block-columns is-layout-flex wp-container-core-columns-is-layout-16 wp-block-columns-is-layout-flex\">\n<div class=\"wp-block-column is-layout-flow wp-block-column-is-layout-flow\">\n<div class=\"wp-block-group decigi-info\"><div class=\"wp-block-group__inner-container is-layout-constrained wp-block-group-is-layout-constrained\">\n<h6 class=\"wp-block-heading\">Mandato<\/h6>\n\n\n\n<p>N\/A<\/p>\n<\/div><\/div>\n<\/div>\n\n\n\n<div class=\"wp-block-column is-layout-flow wp-block-column-is-layout-flow\">\n<div class=\"wp-block-group decigi-info\"><div class=\"wp-block-group__inner-container is-layout-constrained wp-block-group-is-layout-constrained\">\n<h6 class=\"wp-block-heading\">Representante<\/h6>\n\n\n\n<p>N\/A<\/p>\n<\/div><\/div>\n<\/div>\n\n\n\n<div class=\"wp-block-column is-layout-flow wp-block-column-is-layout-flow\">\n<div class=\"wp-block-group decigi-info\"><div class=\"wp-block-group__inner-container is-layout-constrained wp-block-group-is-layout-constrained\">\n<h6 class=\"wp-block-heading\">cOMPOSI\u00c7\u00c3O<\/h6>\n\n\n\n<p>N\/A<\/p>\n<\/div><\/div>\n<\/div>\n<\/div>\n<\/div><\/div>\n<\/div><\/div>\n<\/div>\n\n\n\n<div class=\"wp-block-column is-layout-flow wp-block-column-is-layout-flow\">\n<div class=\"wp-block-group decigi-comissao\"><div class=\"wp-block-group__inner-container is-layout-constrained wp-block-group-is-layout-constrained\">\n<h6 class=\"wp-block-heading decigi-status encerrada\">Sem status<\/h6>\n\n\n\n<h6 class=\"wp-block-heading decigi-badge\">Tempor\u00e1ria<\/h6>\n\n\n\n<h6 class=\"wp-block-heading decigi-comissao-tipo\">Portaria n\u00e3o localizada<\/h6>\n\n\n\n<h3 class=\"wp-block-heading\">Representa\u00e7\u00e3o no Comit\u00ea Setorial de Afastamento<\/h3>\n\n\n\n<p>Representa o Departamento na an\u00e1lise e discuss\u00e3o de mat\u00e9rias relacionadas aos afastamentos de servidores no \u00e2mbito do Setor de Ci\u00eancias Sociais Aplicadas.<\/p>\n\n\n\n<div class=\"wp-block-group decigi-stats\"><div class=\"wp-block-group__inner-container is-layout-constrained wp-block-group-is-layout-constrained\">\n<div class=\"wp-block-columns is-layout-flex wp-container-core-columns-is-layout-17 wp-block-columns-is-layout-flex\">\n<div class=\"wp-block-column is-layout-flow wp-block-column-is-layout-flow\">\n<div class=\"wp-block-group decigi-info\"><div class=\"wp-block-group__inner-container is-layout-constrained wp-block-group-is-layout-constrained\">\n<h6 class=\"wp-block-heading\">Mandato<\/h6>\n\n\n\n<p>N\/A<\/p>\n<\/div><\/div>\n<\/div>\n\n\n\n<div class=\"wp-block-column is-layout-flow wp-block-column-is-layout-flow\">\n<div class=\"wp-block-group decigi-info\"><div class=\"wp-block-group__inner-container is-layout-constrained wp-block-group-is-layout-constrained\">\n<h6 class=\"wp-block-heading\">REPRESENTANTE<\/h6>\n\n\n\n<p>N\/A<\/p>\n<\/div><\/div>\n<\/div>\n\n\n\n<div class=\"wp-block-column is-layout-flow wp-block-column-is-layout-flow\">\n<div class=\"wp-block-group decigi-info\"><div class=\"wp-block-group__inner-container is-layout-constrained wp-block-group-is-layout-constrained\">\n<h6 class=\"wp-block-heading\">COMPOSI\u00c7\u00c3O<\/h6>\n\n\n\n<p>N\/A<\/p>\n<\/div><\/div>\n<\/div>\n<\/div>\n<\/div><\/div>\n<\/div><\/div>\n<\/div>\n\n\n\n<div class=\"wp-block-column is-layout-flow wp-block-column-is-layout-flow\">\n<div class=\"wp-block-group decigi-comissao\"><div class=\"wp-block-group__inner-container is-layout-constrained wp-block-group-is-layout-constrained\">\n<h6 class=\"wp-block-heading decigi-status encerrado\">Sem status<\/h6>\n\n\n\n<h6 class=\"wp-block-heading decigi-badge\">Permanente<\/h6>\n\n\n\n<h6 class=\"wp-block-heading decigi-comissao-tipo\">Portaria n\u00e3o localizada<\/h6>\n\n\n\n<h3 class=\"wp-block-heading\">Representa\u00e7\u00e3o no Comit\u00ea Permanente de Cultura da UFPR<\/h3>\n\n\n\n<p>Representa o Departamento nas discuss\u00f5es e iniciativas institucionais relacionadas \u00e0 cultura e \u00e0s a\u00e7\u00f5es culturais desenvolvidas pela Universidade.<\/p>\n\n\n\n<div class=\"wp-block-group decigi-stats\"><div class=\"wp-block-group__inner-container is-layout-constrained wp-block-group-is-layout-constrained\">\n<div class=\"wp-block-columns is-layout-flex wp-container-core-columns-is-layout-18 wp-block-columns-is-layout-flex\">\n<div class=\"wp-block-column is-layout-flow wp-block-column-is-layout-flow\">\n<div class=\"wp-block-group decigi-info\"><div class=\"wp-block-group__inner-container is-layout-constrained wp-block-group-is-layout-constrained\">\n<h6 class=\"wp-block-heading\">Mandato<\/h6>\n\n\n\n<p>N\/A<\/p>\n<\/div><\/div>\n<\/div>\n\n\n\n<div class=\"wp-block-column is-layout-flow wp-block-column-is-layout-flow\">\n<div class=\"wp-block-group decigi-info\"><div class=\"wp-block-group__inner-container is-layout-constrained wp-block-group-is-layout-constrained\">\n<h6 class=\"wp-block-heading\">rEPRESENTANTE<\/h6>\n\n\n\n<p>N\/A<\/p>\n<\/div><\/div>\n<\/div>\n\n\n\n<div class=\"wp-block-column is-layout-flow wp-block-column-is-layout-flow\">\n<div class=\"wp-block-group decigi-info\"><div class=\"wp-block-group__inner-container is-layout-constrained wp-block-group-is-layout-constrained\">\n<h6 class=\"wp-block-heading\">MEMBROS<\/h6>\n\n\n\n<p>N\/A<\/p>\n<\/div><\/div>\n<\/div>\n<\/div>\n<\/div><\/div>\n<\/div><\/div>\n<\/div>\n<\/div>\n<\/div><\/div>\n","protected":false},"excerpt":{"rendered":"<p>In\u00edcio&nbsp;\/&nbsp;Transpar\u00eancia&nbsp;\/ Fun\u00e7\u00f5es, Comiss\u00f5es e Representa\u00e7\u00f5es Fun\u00e7\u00f5es, Comiss\u00f5es e Representa\u00e7\u00f5es Conhe\u00e7a os respons\u00e1veis, a composi\u00e7\u00e3o, os mandatos e os atos de designa\u00e7\u00e3o das fun\u00e7\u00f5es, comiss\u00f5es e representa\u00e7\u00f5es vinculadas ao Departamento. Gest\u00e3o acad\u00eamica e administrativa Vigente Tempor\u00e1ria Portaria 466\/2026 Chefia Departamental Coordena as atividades acad\u00eamicas e administrativas do Departamento e o representa nas inst\u00e2ncias institucionais, conforme suas [&hellip;]<\/p>\n","protected":false},"author":2858,"featured_media":0,"parent":13903,"menu_order":0,"comment_status":"closed","ping_status":"closed","template":"","meta":{"_acf_changed":false,"footnotes":""},"class_list":["post-13955","page","type-page","status-publish","hentry"],"acf":[],"_links":{"self":[{"href":"https:\/\/sociaisaplicadas.ufpr.br\/decigi\/wp-json\/wp\/v2\/pages\/13955","targetHints":{"allow":["GET"]}}],"collection":[{"href":"https:\/\/sociaisaplicadas.ufpr.br\/decigi\/wp-json\/wp\/v2\/pages"}],"about":[{"href":"https:\/\/sociaisaplicadas.ufpr.br\/decigi\/wp-json\/wp\/v2\/types\/page"}],"author":[{"embeddable":true,"href":"https:\/\/sociaisaplicadas.ufpr.br\/decigi\/wp-json\/wp\/v2\/users\/2858"}],"replies":[{"embeddable":true,"href":"https:\/\/sociaisaplicadas.ufpr.br\/decigi\/wp-json\/wp\/v2\/comments?post=13955"}],"version-history":[{"count":31,"href":"https:\/\/sociaisaplicadas.ufpr.br\/decigi\/wp-json\/wp\/v2\/pages\/13955\/revisions"}],"predecessor-version":[{"id":14460,"href":"https:\/\/sociaisaplicadas.ufpr.br\/decigi\/wp-json\/wp\/v2\/pages\/13955\/revisions\/14460"}],"up":[{"embeddable":true,"href":"https:\/\/sociaisaplicadas.ufpr.br\/decigi\/wp-json\/wp\/v2\/pages\/13903"}],"wp:attachment":[{"href":"https:\/\/sociaisaplicadas.ufpr.br\/decigi\/wp-json\/wp\/v2\/media?parent=13955"}],"curies":[{"name":"wp","href":"https:\/\/api.w.org\/{rel}","templated":true}]}}