{"id":14019,"date":"2026-08-10T09:21:06","date_gmt":"2026-08-10T12:21:06","guid":{"rendered":"https:\/\/sociaisaplicadas.ufpr.br\/decigi\/?page_id=14019"},"modified":"2026-08-31T12:05:31","modified_gmt":"2026-08-31T15:05:31","slug":"formularios","status":"publish","type":"page","link":"https:\/\/sociaisaplicadas.ufpr.br\/decigi\/secretaria\/formularios\/","title":{"rendered":"Formul\u00e1rios"},"content":{"rendered":"\n<div class=\"wp-block-group decigi-pagina-topo\"><div class=\"wp-block-group__inner-container is-layout-constrained wp-block-group-is-layout-constrained\">\n<p class=\"decigi-trilha\"><a href=\"https:\/\/sociaisaplicadas.ufpr.br\/decigi\/\">In\u00edcio<\/a>\u00a0\/\u00a0<a href=\"https:\/\/sociaisaplicadas.ufpr.br\/decigi\/secretaria\/\">Secretaria<\/a>\u00a0\/ <a href=\"https:\/\/sociaisaplicadas.ufpr.br\/decigi\/secretaria\/formularios\/\">Formul\u00e1rios<\/a><\/p>\n\n\n\n<h1 class=\"wp-block-heading\">Formul\u00e1rios<\/h1>\n\n\n\n<p>Formul\u00e1rios e solicita\u00e7\u00f5es organizados por p\u00fablico<\/p>\n<\/div><\/div>\n\n\n\n<div class=\"wp-block-group decigi-forms-grade\"><div class=\"wp-block-group__inner-container is-layout-constrained wp-block-group-is-layout-constrained\">\n<div class=\"wp-block-columns is-layout-flex wp-container-core-columns-is-layout-1 wp-block-columns-is-layout-flex\">\n<div class=\"wp-block-column is-layout-flow wp-block-column-is-layout-flow\">\n<div class=\"wp-block-group decigi-form decigi-form-online\"><div class=\"wp-block-group__inner-container is-layout-constrained wp-block-group-is-layout-constrained\">\n<h6 class=\"wp-block-heading decigi-form-icon\">01<\/h6>\n\n\n\n<h6 class=\"wp-block-heading decigi-badge\">Ensino<\/h6>\n\n\n\n<h3 class=\"wp-block-heading\">Segunda chamada<\/h3>\n\n\n\n<p>Solicita\u00e7\u00e3o de segunda chamada de avalia\u00e7\u00e3o, conforme os crit\u00e9rios e prazos estabelecidos pela UFPR.<\/p>\n\n\n\n<p class=\"decigi-form-meta \">Para estudantes <\/p>\n\n\n\n<a class=\"decigi-bloco-link\" href=\"https:\/\/sociaisaplicadas.ufpr.br\/decigi\/wp-content\/uploads\/sites\/5\/2026\/08\/Formulario-de-Segunda-v4.pdf\" target=\"_blank\" rel=\"noopener noreferrer\" aria-label=\"Abrir formul\u00e1rio online\"><\/a>\n<\/div><\/div>\n<\/div>\n\n\n\n<div class=\"wp-block-column is-layout-flow wp-block-column-is-layout-flow\">\n<div class=\"wp-block-group decigi-form decigi-form-online\"><div class=\"wp-block-group__inner-container is-layout-constrained wp-block-group-is-layout-constrained\">\n<h6 class=\"wp-block-heading decigi-form-icon\">02<\/h6>\n\n\n\n<h6 class=\"wp-block-heading decigi-badge\">Ensino<\/h6>\n\n\n\n<h3 class=\"wp-block-heading\">Disciplina isolada<\/h3>\n\n\n\n<p>Solicita\u00e7\u00e3o de matr\u00edcula em disciplina isolada, conforme disponibilidade de vagas e regulamenta\u00e7\u00e3o vigente.<\/p>\n\n\n\n<p class=\"decigi-form-meta \">Para estudantes<\/p>\n\n\n\n<a class=\"decigi-bloco-link\" href=\"https:\/\/sociaisaplicadas.ufpr.br\/decigi\/wp-content\/uploads\/sites\/5\/2026\/08\/Formulario-Isoladas-v3.pdf\" target=\"_blank\" rel=\"noopener noreferrer\" aria-label=\"Abrir formul\u00e1rio online\"><\/a>\n<\/div><\/div>\n<\/div>\n\n\n\n<div class=\"wp-block-column is-layout-flow wp-block-column-is-layout-flow\">\n<div class=\"wp-block-group decigi-form decigi-form-online\"><div class=\"wp-block-group__inner-container is-layout-constrained wp-block-group-is-layout-constrained\">\n<h6 class=\"wp-block-heading decigi-form-icon\">03<\/h6>\n\n\n\n<h6 class=\"wp-block-heading decigi-badge\">Ensino<\/h6>\n\n\n\n<h3 class=\"wp-block-heading\">Exerc\u00edcio domiciliar<\/h3>\n\n\n\n<p>Solicita\u00e7\u00e3o de regime de exerc\u00edcios domiciliares nos casos previstos pela regulamenta\u00e7\u00e3o da Universidade.<\/p>\n\n\n\n<p class=\"decigi-form-meta \">Para estudantes<\/p>\n\n\n\n<a class=\"decigi-bloco-link\" href=\"https:\/\/sociaisaplicadas.ufpr.br\/decigi\/wp-content\/uploads\/sites\/5\/2026\/08\/Requerimento-Especial-de-Regime-Domiciliar-v2.pdf\" target=\"_blank\" rel=\"noopener noreferrer\" aria-label=\"Abrir formul\u00e1rio online\"><\/a>\n<\/div><\/div>\n<\/div>\n\n\n\n<div class=\"wp-block-column is-layout-flow wp-block-column-is-layout-flow\">\n<div class=\"wp-block-group decigi-form decigi-form-online\"><div class=\"wp-block-group__inner-container is-layout-constrained wp-block-group-is-layout-constrained\">\n<h6 class=\"wp-block-heading decigi-form-icon\">04<\/h6>\n\n\n\n<h6 class=\"wp-block-heading decigi-badge\">Ensino<\/h6>\n\n\n\n<h3 class=\"wp-block-heading\">Revis\u00e3o de avalia\u00e7\u00e3o<\/h3>\n\n\n\n<p>Solicita\u00e7\u00e3o de revis\u00e3o de avalia\u00e7\u00e3o ou resultado acad\u00eamico, observados os procedimentos e prazos aplic\u00e1veis.<\/p>\n\n\n\n<p class=\"decigi-form-meta \">Para estudantes<\/p>\n\n\n\n<a class=\"decigi-bloco-link\" href=\"https:\/\/sociaisaplicadas.ufpr.br\/decigi\/wp-content\/uploads\/sites\/5\/2026\/08\/Formulario-de-revisao-v1.pdf\" target=\"_blank\" rel=\"noopener noreferrer\" aria-label=\"Abrir formul\u00e1rio online\"><\/a>\n<\/div><\/div>\n<\/div>\n\n\n\n<div class=\"wp-block-column is-layout-flow wp-block-column-is-layout-flow\">\n<div class=\"wp-block-group decigi-form decigi-form-online\"><div class=\"wp-block-group__inner-container is-layout-constrained wp-block-group-is-layout-constrained\">\n<h6 class=\"wp-block-heading decigi-form-icon\">05<\/h6>\n\n\n\n<h6 class=\"wp-block-heading decigi-badge\">Ensino<\/h6>\n\n\n\n<h3 class=\"wp-block-heading\">Ementas<\/h3>\n\n\n\n<p>Solicita\u00e7\u00e3o de ementas e informa\u00e7\u00f5es de disciplinas ofertadas pelo Departamento.<\/p>\n\n\n\n<p class=\"decigi-form-meta \">Para estudantes<\/p>\n\n\n\n<a class=\"decigi-bloco-link\" href=\"https:\/\/sociaisaplicadas.ufpr.br\/decigi\/para-alunos\/alunos-egressos\/\" rel=\"noopener noreferrer\" aria-label=\"Abrir formul\u00e1rio online\"><\/a>\n<\/div><\/div>\n<\/div>\n\n\n\n<div class=\"wp-block-column is-layout-flow wp-block-column-is-layout-flow\">\n<div class=\"wp-block-group decigi-form decigi-form-online\"><div class=\"wp-block-group__inner-container is-layout-constrained wp-block-group-is-layout-constrained\">\n<h6 class=\"wp-block-heading decigi-form-icon\">06<\/h6>\n\n\n\n<h6 class=\"wp-block-heading decigi-badge\">Ensino<\/h6>\n\n\n\n<h3 class=\"wp-block-heading\">Apresenta\u00e7\u00f5es de TCC II<\/h3>\n\n\n\n<p>Registro das informa\u00e7\u00f5es para organiza\u00e7\u00e3o e divulga\u00e7\u00e3o das bancas de Trabalho de Conclus\u00e3o de Curso II.<\/p>\n\n\n\n<p class=\"decigi-form-meta \">Para docentes<\/p>\n\n\n\n<a class=\"decigi-bloco-link\" href=\"https:\/\/forms.cloud.microsoft\/r\/6TgnXw9qvq\" target=\"_blank\" rel=\"noopener noreferrer\" aria-label=\"Abrir formul\u00e1rio online\"><\/a>\n<\/div><\/div>\n<\/div>\n<\/div>\n<\/div><\/div>\n\n\n\n<p class=\"decigi-aviso\"><strong>Aten\u00e7\u00e3o:<\/strong> antes de enviar uma solicita\u00e7\u00e3o, consulte as orienta\u00e7\u00f5es e os prazos indicados no respectivo formul\u00e1rio.<\/p>\n","protected":false},"excerpt":{"rendered":"<p>In\u00edcio\u00a0\/\u00a0Secretaria\u00a0\/ Formul\u00e1rios Formul\u00e1rios Formul\u00e1rios e solicita\u00e7\u00f5es organizados por p\u00fablico 01 Ensino Segunda chamada Solicita\u00e7\u00e3o de segunda chamada de avalia\u00e7\u00e3o, conforme os crit\u00e9rios e prazos estabelecidos pela UFPR. Para estudantes 02 Ensino Disciplina isolada Solicita\u00e7\u00e3o de matr\u00edcula em disciplina isolada, conforme disponibilidade de vagas e regulamenta\u00e7\u00e3o vigente. Para estudantes 03 Ensino Exerc\u00edcio domiciliar Solicita\u00e7\u00e3o de regime [&hellip;]<\/p>\n","protected":false},"author":2858,"featured_media":0,"parent":14100,"menu_order":0,"comment_status":"closed","ping_status":"closed","template":"","meta":{"_acf_changed":false,"footnotes":""},"class_list":["post-14019","page","type-page","status-publish","hentry"],"acf":[],"_links":{"self":[{"href":"https:\/\/sociaisaplicadas.ufpr.br\/decigi\/wp-json\/wp\/v2\/pages\/14019","targetHints":{"allow":["GET"]}}],"collection":[{"href":"https:\/\/sociaisaplicadas.ufpr.br\/decigi\/wp-json\/wp\/v2\/pages"}],"about":[{"href":"https:\/\/sociaisaplicadas.ufpr.br\/decigi\/wp-json\/wp\/v2\/types\/page"}],"author":[{"embeddable":true,"href":"https:\/\/sociaisaplicadas.ufpr.br\/decigi\/wp-json\/wp\/v2\/users\/2858"}],"replies":[{"embeddable":true,"href":"https:\/\/sociaisaplicadas.ufpr.br\/decigi\/wp-json\/wp\/v2\/comments?post=14019"}],"version-history":[{"count":39,"href":"https:\/\/sociaisaplicadas.ufpr.br\/decigi\/wp-json\/wp\/v2\/pages\/14019\/revisions"}],"predecessor-version":[{"id":15361,"href":"https:\/\/sociaisaplicadas.ufpr.br\/decigi\/wp-json\/wp\/v2\/pages\/14019\/revisions\/15361"}],"up":[{"embeddable":true,"href":"https:\/\/sociaisaplicadas.ufpr.br\/decigi\/wp-json\/wp\/v2\/pages\/14100"}],"wp:attachment":[{"href":"https:\/\/sociaisaplicadas.ufpr.br\/decigi\/wp-json\/wp\/v2\/media?parent=14019"}],"curies":[{"name":"wp","href":"https:\/\/api.w.org\/{rel}","templated":true}]}}