{"id":14100,"date":"2026-08-10T13:45:59","date_gmt":"2026-08-10T16:45:59","guid":{"rendered":"https:\/\/sociaisaplicadas.ufpr.br\/decigi\/?page_id=14100"},"modified":"2026-09-02T10:39:47","modified_gmt":"2026-09-02T13:39:47","slug":"secretaria","status":"publish","type":"page","link":"https:\/\/sociaisaplicadas.ufpr.br\/decigi\/secretaria\/","title":{"rendered":"Secretaria"},"content":{"rendered":"\n<div class=\"wp-block-group decigi-pagina-topo\"><div class=\"wp-block-group__inner-container is-layout-constrained wp-block-group-is-layout-constrained\">\n<p class=\"decigi-trilha\"><a href=\"https:\/\/sociaisaplicadas.ufpr.br\/decigi\/\">In\u00edcio<\/a> \/ <a href=\"https:\/\/sociaisaplicadas.ufpr.br\/decigi\/secretaria\/\">Secretaria<\/a><\/p>\n\n\n\n<h1 class=\"wp-block-heading\">Secretaria<\/h1>\n\n\n\n<p>Equipe, atendimento e orienta\u00e7\u00f5es administrativas do Departamento.<\/p>\n<\/div><\/div>\n\n\n\n<div class=\"wp-block-group decigi-servicos\"><div class=\"wp-block-group__inner-container is-layout-constrained wp-block-group-is-layout-constrained\">\n<h2 class=\"wp-block-heading\">Equipe da Secretaria<\/h2>\n\n\n\n<p>Servidores t\u00e9cnico-administrativos respons\u00e1veis pelo atendimento e apoio \u00e0s atividades departamentais<\/p>\n<\/div><\/div>\n\n\n\n<div class=\"wp-block-group decigi-docentes-grade\"><div class=\"wp-block-group__inner-container is-layout-constrained wp-block-group-is-layout-constrained\">\n<div class=\"wp-block-columns is-layout-flex wp-container-core-columns-is-layout-1 wp-block-columns-is-layout-flex\">\n<div class=\"wp-block-column is-layout-flow wp-block-column-is-layout-flow\">\n<div class=\"wp-block-group decigi-docente\"><div class=\"wp-block-group__inner-container is-layout-constrained wp-block-group-is-layout-constrained\">\n<figure class=\"wp-block-image size-large decigi-avatar\"><img decoding=\"async\" src=\"https:\/\/servicosweb.cnpq.br\/wspessoa\/servletrecuperafoto?tipo=1&amp;id=K1771056P5\" alt=\"\" \/><\/figure>\n\n\n\n<h6 class=\"wp-block-heading\">T\u00e9cnico-administrativo<\/h6>\n\n\n\n<h3 class=\"wp-block-heading\">Guilherme Teixeira<\/h3>\n\n\n\n<p>Atua no atendimento e apoio \u00e0s rotinas acad\u00eamicas e administrativas do Departamento.<\/p>\n\n\n\n<div class=\"wp-block-buttons is-layout-flex wp-block-buttons-is-layout-flex\">\n<div class=\"wp-block-button\"><a class=\"wp-block-button__link wp-element-button\">E-mail: decigi@ufpr.br <\/a><\/div>\n\n\n\n<div class=\"wp-block-button\"><a class=\"wp-block-button__link wp-element-button\">Teams: guilherme.teixeira1@ufpr.br<\/a><\/div>\n\n\n\n<div class=\"wp-block-button\"><a class=\"wp-block-button__link wp-element-button\" href=\"http:\/\/lattes.cnpq.br\/5661351845693415\">Lattes<\/a><\/div>\n<\/div>\n<\/div><\/div>\n<\/div>\n\n\n\n<div class=\"wp-block-column is-layout-flow wp-block-column-is-layout-flow\">\n<div class=\"wp-block-group decigi-docente\"><div class=\"wp-block-group__inner-container is-layout-constrained wp-block-group-is-layout-constrained\">\n<h6 class=\"wp-block-heading decigi-avatar\">PH<\/h6>\n\n\n\n<h6 class=\"wp-block-heading\">T\u00e9cnico-administrativo<\/h6>\n\n\n\n<h3 class=\"wp-block-heading\">Paula Hara<\/h3>\n\n\n\n<p>Atua no atendimento e apoio \u00e0s rotinas acad\u00eamicas e administrativas do Departamento.<\/p>\n\n\n\n<div class=\"wp-block-buttons is-layout-flex wp-block-buttons-is-layout-flex\">\n<div class=\"wp-block-button\"><a class=\"wp-block-button__link wp-element-button\">E-mail: decigi@ufpr.br <\/a><\/div>\n\n\n\n<div class=\"wp-block-button\"><a class=\"wp-block-button__link wp-element-button\">Teams: paulah@ufpr.br<\/a><\/div>\n<\/div>\n<\/div><\/div>\n<\/div>\n<\/div>\n<\/div><\/div>\n\n\n\n<div class=\"wp-block-group decigi-cta-card\"><div class=\"wp-block-group__inner-container is-layout-constrained wp-block-group-is-layout-constrained\">\n<div class=\"wp-block-group decigi-cta-texto\"><div class=\"wp-block-group__inner-container is-layout-constrained wp-block-group-is-layout-constrained\">\n<p class=\"decigi-info-rotulo\">Solicita\u00e7\u00f5es<\/p>\n\n\n\n<h3 class=\"wp-block-heading\">Formul\u00e1rios<\/h3>\n\n\n\n<p>Acesse os formul\u00e1rios para encaminhar solicita\u00e7\u00f5es ao Departamento.<\/p>\n<\/div><\/div>\n\n\n\n<div class=\"wp-block-buttons is-layout-flex wp-block-buttons-is-layout-flex\">\n<div class=\"wp-block-button\"><a class=\"wp-block-button__link wp-element-button\" href=\"https:\/\/darkblue-mink-727364.hostingersite.com\/formularios\/\" target=\"_blank\" rel=\"noreferrer noopener\">Acessar formul\u00e1rios \u2192<\/a><\/div>\n<\/div>\n<\/div><\/div>\n\n\n\n<div class=\"wp-block-group decigi-contato-faixa\"><div class=\"wp-block-group__inner-container is-layout-constrained wp-block-group-is-layout-constrained\">\n<div class=\"wp-block-columns is-layout-flex wp-container-core-columns-is-layout-2 wp-block-columns-is-layout-flex\">\n<div class=\"wp-block-column is-layout-flow wp-block-column-is-layout-flow\">\n<div class=\"wp-block-group decigi-atendimento\"><div class=\"wp-block-group__inner-container is-layout-constrained wp-block-group-is-layout-constrained\">\n<h3 class=\"wp-block-heading\">Atendimento<\/h3>\n\n\n\n<p><strong>E-mail:<\/strong>decigi@ufpr.br<br><br><strong>Telefone:<\/strong>(41) 3360-4420<br><br><strong>Localiza\u00e7\u00e3o:<\/strong>Campus Jardim Bot\u00e2nico<br>Setor de Ci\u00eancias Sociais Aplicadas &#8211; 1\u00ba andar<br>Av. Prefeito Loth\u00e1rio Meissner, 632 &#8211; Curitiba\/PR<br><br><strong>Hor\u00e1rio de atendimento:<\/strong>Segunda a sexta-feira, das 7h \u00e0s 16h.<br><br><br><\/p>\n<\/div><\/div>\n<\/div>\n\n\n\n<div class=\"wp-block-column is-layout-flow wp-block-column-is-layout-flow\">\n<div class=\"wp-block-group decigi-faq\"><div class=\"wp-block-group__inner-container is-layout-constrained wp-block-group-is-layout-constrained\">\n<h3 class=\"wp-block-heading\">Orienta\u00e7\u00f5es frequentes<\/h3>\n\n\n\n<details class=\"decigi-faq-item\">\n  <summary>Onde encontro informa\u00e7\u00f5es sobre o Bacharelado em Gest\u00e3o da Informa\u00e7\u00e3o?<\/summary>\n  <p>Informa\u00e7\u00f5es sobre matr\u00edcula, est\u00e1gio, TCC, atividades formativas e demais orienta\u00e7\u00f5es acad\u00eamicas est\u00e3o dispon\u00edveis no site da Coordena\u00e7\u00e3o do Curso. <a href=\"https:\/\/sociaisaplicadas.ufpr.br\/gestinf\/\" target=\"_blank\" rel=\"noopener noreferrer\">Acessar o site do curso \u2192<\/a><\/p>\n<\/details>\n\n\n\n<details class=\"decigi-faq-item\">\n  <summary>Como encaminhar uma solicita\u00e7\u00e3o ao Departamento?<\/summary>\n  <p>Consulte os Formul\u00e1rios no card acima para verificar se h\u00e1 um requerimento espec\u00edfico para sua demanda. Para outras solicita\u00e7\u00f5es, entre em contato com a Secretaria pelo e-mail decigi@ufpr.br, se identificando e explicando sua necessidade.<\/p>\n<\/details>\n\n\n\n<details class=\"decigi-faq-item\">\n  <summary>Como solicitar a reserva de um ambiente?<\/summary>\n  <p>Consulte previamente a disponibilidade dos ambientes administrados pelo DECIGI e siga as orienta\u00e7\u00f5es para solicita\u00e7\u00e3o da reserva. <a href=\"https:\/\/sociaisaplicadas.ufpr.br\/decigi\/o-departamento\/infraestrutura\/\">Consultar disponibilidade \u2192<\/a><\/p>\n<\/details>\n\n\n\n<details class=\"decigi-faq-item\">\n  <summary>Onde encontro os editais do DECIGI?<\/summary>\n  <p>Sele\u00e7\u00f5es, bolsas, contrata\u00e7\u00f5es e demais processos promovidos ou divulgados pelo Departamento est\u00e3o dispon\u00edveis na p\u00e1gina de Editais. <a href=\"https:\/\/sociaisaplicadas.ufpr.br\/decigi\/transparencia\/editais\/\">Consultar editais \u2192<\/a><\/p>\n<\/details>\n\n\n\n<details class=\"decigi-faq-item\">\n  <summary>Onde posso consultar os prazos acad\u00eamicos?<\/summary>\n  <p>As principais datas e prazos acad\u00eamicos s\u00e3o definidos no Calend\u00e1rio Acad\u00eamico da UFPR. <a href=\"https:\/\/prograp.ufpr.br\/calendario-academico\/\">Consultar calend\u00e1rio \u2192<\/a><\/p>\n<\/details>\n<\/div><\/div>\n<\/div>\n<\/div>\n<\/div><\/div>\n","protected":false},"excerpt":{"rendered":"<p>In\u00edcio \/ Secretaria Secretaria Equipe, atendimento e orienta\u00e7\u00f5es administrativas do Departamento. Equipe da Secretaria Servidores t\u00e9cnico-administrativos respons\u00e1veis pelo atendimento e apoio \u00e0s atividades departamentais T\u00e9cnico-administrativo Guilherme Teixeira Atua no atendimento e apoio \u00e0s rotinas acad\u00eamicas e administrativas do Departamento. PH T\u00e9cnico-administrativo Paula Hara Atua no atendimento e apoio \u00e0s rotinas acad\u00eamicas e administrativas do Departamento. [&hellip;]<\/p>\n","protected":false},"author":2858,"featured_media":0,"parent":0,"menu_order":0,"comment_status":"closed","ping_status":"closed","template":"","meta":{"_acf_changed":false,"footnotes":""},"class_list":["post-14100","page","type-page","status-publish","hentry"],"acf":[],"_links":{"self":[{"href":"https:\/\/sociaisaplicadas.ufpr.br\/decigi\/wp-json\/wp\/v2\/pages\/14100","targetHints":{"allow":["GET"]}}],"collection":[{"href":"https:\/\/sociaisaplicadas.ufpr.br\/decigi\/wp-json\/wp\/v2\/pages"}],"about":[{"href":"https:\/\/sociaisaplicadas.ufpr.br\/decigi\/wp-json\/wp\/v2\/types\/page"}],"author":[{"embeddable":true,"href":"https:\/\/sociaisaplicadas.ufpr.br\/decigi\/wp-json\/wp\/v2\/users\/2858"}],"replies":[{"embeddable":true,"href":"https:\/\/sociaisaplicadas.ufpr.br\/decigi\/wp-json\/wp\/v2\/comments?post=14100"}],"version-history":[{"count":37,"href":"https:\/\/sociaisaplicadas.ufpr.br\/decigi\/wp-json\/wp\/v2\/pages\/14100\/revisions"}],"predecessor-version":[{"id":15589,"href":"https:\/\/sociaisaplicadas.ufpr.br\/decigi\/wp-json\/wp\/v2\/pages\/14100\/revisions\/15589"}],"wp:attachment":[{"href":"https:\/\/sociaisaplicadas.ufpr.br\/decigi\/wp-json\/wp\/v2\/media?parent=14100"}],"curies":[{"name":"wp","href":"https:\/\/api.w.org\/{rel}","templated":true}]}}