{"id":14134,"date":"2026-08-10T16:24:58","date_gmt":"2026-08-10T19:24:58","guid":{"rendered":"https:\/\/sociaisaplicadas.ufpr.br\/decigi\/?page_id=14134"},"modified":"2026-09-01T09:45:14","modified_gmt":"2026-09-01T12:45:14","slug":"ensino","status":"publish","type":"page","link":"https:\/\/sociaisaplicadas.ufpr.br\/decigi\/ensino\/","title":{"rendered":"Ensino"},"content":{"rendered":"\n<div class=\"wp-block-group decigi-pagina-topo\"><div class=\"wp-block-group__inner-container is-layout-constrained wp-block-group-is-layout-constrained\">\n<p class=\"decigi-trilha  \"><a href=\"https:\/\/sociaisaplicadas.ufpr.br\/decigi\/\">In\u00edcio<\/a> \/ Ensino <\/p>\n\n\n\n<h1 class=\"wp-block-heading\">Ensino <\/h1>\n\n\n\n<p>Cursos, disciplinas e atividades de ensino vinculados ao DECIGI.<\/p>\n<\/div><\/div>\n\n\n\n<div class=\"wp-block-group decigi-servicos\"><div class=\"wp-block-group__inner-container is-layout-constrained wp-block-group-is-layout-constrained\">\n<div class=\"wp-block-columns is-layout-flex wp-container-core-columns-is-layout-1 wp-block-columns-is-layout-flex\">\n<div class=\"wp-block-column is-layout-flow wp-block-column-is-layout-flow\">\n<div class=\"wp-block-group decigi-card\"><div class=\"wp-block-group__inner-container is-layout-constrained wp-block-group-is-layout-constrained\">\n<p>01<\/p>\n\n\n\n<h3 class=\"wp-block-heading\">Disciplinas ofertadas<\/h3>\n\n\n\n<p>Componentes curriculares ministrados pelo Departamento<\/p>\n\n\n\n<a class=\"decigi-card-link\" href=\"https:\/\/sociaisaplicadas.ufpr.br\/decigi\/wp-content\/uploads\/sites\/5\/2026\/08\/Disciplinas-do-departamento.pdf\" target=\"_blank\" aria-label=\"Abrir\"><\/a>\n<\/div><\/div>\n<\/div>\n\n\n\n<div class=\"wp-block-column is-layout-flow wp-block-column-is-layout-flow\">\n<div class=\"wp-block-group decigi-card\"><div class=\"wp-block-group__inner-container is-layout-constrained wp-block-group-is-layout-constrained\">\n<p>02<\/p>\n\n\n\n<h3 class=\"wp-block-heading\">Planos de ensino<\/h3>\n\n\n\n<p>Ementas e documentos de planejamento did\u00e1tico<\/p>\n\n\n\n<a class=\"decigi-card-link\" href=\"URL-OU-#\" aria-label=\"Abrir\"><\/a>\n<\/div><\/div>\n<\/div>\n\n\n\n<div class=\"wp-block-column is-layout-flow wp-block-column-is-layout-flow\">\n<div class=\"wp-block-group decigi-card\"><div class=\"wp-block-group__inner-container is-layout-constrained wp-block-group-is-layout-constrained\">\n<p>03<\/p>\n\n\n\n<h3 class=\"wp-block-heading\">Encargos did\u00e1ticos<\/h3>\n\n\n\n<p>Distribui\u00e7\u00e3o das atividades docentes por per\u00edodo<\/p>\n\n\n\n<a class=\"decigi-card-link\" href=\"https:\/\/sociaisaplicadas.ufpr.br\/decigi\/wp-content\/uploads\/sites\/5\/2026\/08\/Encargos-didaticos.pdf\" target=\"_blank\" aria-label=\"Abrir\"><\/a>\n<\/div><\/div>\n<\/div>\n\n\n\n<div class=\"wp-block-column is-layout-flow wp-block-column-is-layout-flow\">\n<div class=\"wp-block-group decigi-card azul\"><div class=\"wp-block-group__inner-container is-layout-constrained wp-block-group-is-layout-constrained\">\n<p>04<\/p>\n\n\n\n<h3 class=\"wp-block-heading\">Bacharelado em Gest\u00e3o da Informa\u00e7\u00e3o<\/h3>\n\n\n\n<p>Acesse informa\u00e7\u00f5es acad\u00eamicas, grade curricular, est\u00e1gio, TCC e orienta\u00e7\u00f5es aos estudantes.<\/p>\n\n\n\n<a class=\"decigi-card-link\" href=\"https:\/\/sociaisaplicadas.ufpr.br\/gestinf\/\" target=\"_blank\" aria-label=\"Abrir\"><\/a>\n<\/div><\/div>\n<\/div>\n\n\n\n<div class=\"wp-block-column is-layout-flow wp-block-column-is-layout-flow\">\n<div class=\"wp-block-group decigi-card verde\"><div class=\"wp-block-group__inner-container is-layout-constrained wp-block-group-is-layout-constrained\">\n<p>05<\/p>\n\n\n\n<h3 class=\"wp-block-heading\">Programas de p\u00f3s-gradua\u00e7\u00e3o em Gest\u00e3o da Informa\u00e7\u00e3o<\/h3>\n\n\n\n<p>Conhe\u00e7a os programas de p\u00f3s-gradua\u00e7\u00e3o com participa\u00e7\u00e3o do DECIGI e de seu corpo docente.<\/p>\n\n\n\n<a class=\"decigi-card-link\" href=\"https:\/\/www.prppg.ufpr.br\/site\/ppggi\/pb\/\" target=\"_blank\" aria-label=\"Abrir\"><\/a>\n<\/div><\/div>\n<\/div>\n\n\n\n<div class=\"wp-block-column is-layout-flow wp-block-column-is-layout-flow\">\n<div class=\"wp-block-group decigi-card laranja\"><div class=\"wp-block-group__inner-container is-layout-constrained wp-block-group-is-layout-constrained\">\n<p>06<\/p>\n\n\n\n<h3 class=\"wp-block-heading\">Cursos de especializa\u00e7\u00e3o Gest\u00e3o em Engenharia<\/h3>\n\n\n\n<p>Conhe\u00e7a o curso de p\u00f3s-gradua\u00e7\u00e3o lato sensu vinculado ao Departamento.<\/p>\n\n\n\n<a class=\"decigi-card-link\" href=\"https:\/\/ge.ufpr.br\/\" target=\"_blank\" aria-label=\"Abrir\"><\/a>\n<\/div><\/div>\n<\/div>\n<\/div>\n<\/div><\/div>\n\n\n\n<p class=\"decigi-aviso\"><strong>Importante: <\/strong>informa\u00e7\u00f5es relacionadas a grade, est\u00e1gio, TCC, atividades formativas e orienta\u00e7\u00f5es aos estudantes est\u00e3o no portal pr\u00f3prio da Coordena\u00e7\u00e3o do Curso.<\/p>\n","protected":false},"excerpt":{"rendered":"<p>In\u00edcio \/ Ensino Ensino Cursos, disciplinas e atividades de ensino vinculados ao DECIGI. 01 Disciplinas ofertadas Componentes curriculares ministrados pelo Departamento 02 Planos de ensino Ementas e documentos de planejamento did\u00e1tico 03 Encargos did\u00e1ticos Distribui\u00e7\u00e3o das atividades docentes por per\u00edodo 04 Bacharelado em Gest\u00e3o da Informa\u00e7\u00e3o Acesse informa\u00e7\u00f5es acad\u00eamicas, grade curricular, est\u00e1gio, TCC e orienta\u00e7\u00f5es [&hellip;]<\/p>\n","protected":false},"author":2858,"featured_media":0,"parent":0,"menu_order":0,"comment_status":"closed","ping_status":"closed","template":"","meta":{"_acf_changed":false,"footnotes":""},"class_list":["post-14134","page","type-page","status-publish","hentry"],"acf":[],"_links":{"self":[{"href":"https:\/\/sociaisaplicadas.ufpr.br\/decigi\/wp-json\/wp\/v2\/pages\/14134","targetHints":{"allow":["GET"]}}],"collection":[{"href":"https:\/\/sociaisaplicadas.ufpr.br\/decigi\/wp-json\/wp\/v2\/pages"}],"about":[{"href":"https:\/\/sociaisaplicadas.ufpr.br\/decigi\/wp-json\/wp\/v2\/types\/page"}],"author":[{"embeddable":true,"href":"https:\/\/sociaisaplicadas.ufpr.br\/decigi\/wp-json\/wp\/v2\/users\/2858"}],"replies":[{"embeddable":true,"href":"https:\/\/sociaisaplicadas.ufpr.br\/decigi\/wp-json\/wp\/v2\/comments?post=14134"}],"version-history":[{"count":25,"href":"https:\/\/sociaisaplicadas.ufpr.br\/decigi\/wp-json\/wp\/v2\/pages\/14134\/revisions"}],"predecessor-version":[{"id":15566,"href":"https:\/\/sociaisaplicadas.ufpr.br\/decigi\/wp-json\/wp\/v2\/pages\/14134\/revisions\/15566"}],"wp:attachment":[{"href":"https:\/\/sociaisaplicadas.ufpr.br\/decigi\/wp-json\/wp\/v2\/media?parent=14134"}],"curies":[{"name":"wp","href":"https:\/\/api.w.org\/{rel}","templated":true}]}}