{"id":14360,"date":"2026-08-12T11:28:20","date_gmt":"2026-08-12T14:28:20","guid":{"rendered":"https:\/\/sociaisaplicadas.ufpr.br\/decigi\/?page_id=14360"},"modified":"2026-08-27T09:18:59","modified_gmt":"2026-08-27T12:18:59","slug":"projeto-tratamento","status":"publish","type":"page","link":"https:\/\/sociaisaplicadas.ufpr.br\/decigi\/projeto-tratamento\/","title":{"rendered":"Facel fanac"},"content":{"rendered":"\n<div class=\"wp-block-group decigi-pagina-topo\"><div class=\"wp-block-group__inner-container is-layout-constrained wp-block-group-is-layout-constrained\">\n<p class=\"decigi-trilha\"><\/p>\n\n\n\n<h1 class=\"wp-block-heading\">Projeto FACEL\/FANAC<\/h1>\n\n\n\n<p>Tratamento, salvaguarda e pesquisa aplicada em acervo acad\u00eamico do Ensino Superior<\/p>\n<\/div><\/div>\n\n\n\n<div class=\"wp-block-group decigi-menu-interno decigi-so-mobile\"><div class=\"wp-block-group__inner-container is-layout-constrained wp-block-group-is-layout-constrained\">\n<div class=\"wp-block-buttons is-layout-flex wp-block-buttons-is-layout-flex\">\n<div class=\"wp-block-button\"><a class=\"wp-block-button__link wp-element-button\" href=\"#apresentacao\">Apresenta\u00e7\u00e3o<\/a><\/div>\n\n\n\n<div class=\"wp-block-button\"><a class=\"wp-block-button__link wp-element-button\" href=\"#objetivos\">Objetivos<\/a><\/div>\n\n\n\n<div class=\"wp-block-button\"><a class=\"wp-block-button__link wp-element-button\" href=\"#atendimento\">Atendimento aos egressos<\/a><\/div>\n\n\n\n<div class=\"wp-block-button\"><a class=\"wp-block-button__link wp-element-button\" href=\"#diplomas\">Retirada de diplomas<\/a><\/div>\n\n\n\n<div class=\"wp-block-button\"><a class=\"wp-block-button__link wp-element-button\" href=\"#cronograma\">Cronograma<\/a><\/div>\n\n\n\n<div class=\"wp-block-button\"><a class=\"wp-block-button__link wp-element-button\" href=\"#documentos\">Documentos<\/a><\/div>\n<\/div>\n<\/div><\/div>\n\n\n\n<div class=\"wp-block-group decigi-conteudo-lateral\"><div class=\"wp-block-group__inner-container is-layout-constrained wp-block-group-is-layout-constrained\">\n<div class=\"wp-block-columns is-layout-flex wp-container-core-columns-is-layout-4 wp-block-columns-is-layout-flex\">\n<div class=\"wp-block-column is-layout-flow wp-block-column-is-layout-flow\">\n<div class=\"wp-block-group decigi-texto\"><div class=\"wp-block-group__inner-container is-layout-constrained wp-block-group-is-layout-constrained\">\n<h2 class=\"wp-block-heading\" id=\"apresentacao\">Apresenta\u00e7\u00e3o<\/h2>\n\n\n\n<p>O <strong>Projeto FACEL\/FANAC<\/strong> \u00e9 desenvolvido pelo Departamento de Ci\u00eancia e Gest\u00e3o da Informa\u00e7\u00e3o (DECIGI) da Universidade Federal do Paran\u00e1 (UFPR) e tem como finalidade promover o tratamento, a salvaguarda e a pesquisa aplicada no acervo acad\u00eamico das extintas Faculdade de Administra\u00e7\u00e3o, Ci\u00eancias, Educa\u00e7\u00e3o e Letras (FACEL \u2013 c\u00f3d. e-MEC 1257) e Faculdade Nacional de Curitiba (FANAC \u2013 c\u00f3d. e-MEC 761).<br><br>Nos termos da <strong>Portaria n\u00ba 996, de 17 de novembro de 2022<\/strong>, e da <strong>Portaria Conjunta SERES\/SESU n\u00ba 4, de 12 de dezembro de 2023<\/strong>, a UFPR assumiu a guarda e a manuten\u00e7\u00e3o do acervo acad\u00eamico f\u00edsico e digital oficialmente transferido dessas institui\u00e7\u00f5es.<\/p>\n\n\n\n<p class=\"decigi-aviso \"><strong>Importante:<\/strong> A responsabilidade da UFPR limita-se aos documentos e \u00e0s informa\u00e7\u00f5es efetivamente localizados no acervo f\u00edsico e digital que lhe foi transferido. A Universidade n\u00e3o se responsabiliza pela emiss\u00e3o de documentos acad\u00eamicos cujos dados ou informa\u00e7\u00f5es estejam ausentes, incompletos ou inexistentes no acervo recebido.<\/p>\n\n\n\n<h2 class=\"wp-block-heading\" id=\"objetivos\">Objetivos<\/h2>\n\n\n\n<p>O projeto tem como objetivo promover o <strong>tratamento, a salvaguarda e a pesquisa aplicada<\/strong> no acervo acad\u00eamico da FACEL e da FANAC, articulando gest\u00e3o documental, preserva\u00e7\u00e3o, acesso \u00e0 informa\u00e7\u00e3o, forma\u00e7\u00e3o acad\u00eamica e produ\u00e7\u00e3o de conhecimento.<\/p>\n\n\n\n<ul class=\"wp-block-list\">\n<li><strong>Tratamento e preserva\u00e7\u00e3o:<\/strong> Realizar o tratamento arquiv\u00edstico da documenta\u00e7\u00e3o e assegurar condi\u00e7\u00f5es adequadas para sua salvaguarda;<\/li>\n\n\n\n<li><strong>Digitaliza\u00e7\u00e3o e acesso<\/strong>: Digitalizar documentos acad\u00eamicos e desenvolver mecanismos para sua busca, recupera\u00e7\u00e3o e disponibiliza\u00e7\u00e3o;<\/li>\n\n\n\n<li><strong>Pesquisa e forma\u00e7\u00e3o<\/strong>: Promover a forma\u00e7\u00e3o de estudantes de gradua\u00e7\u00e3o e p\u00f3s-gradua\u00e7\u00e3o, a produ\u00e7\u00e3o cient\u00edfica, a supervis\u00e3o de p\u00f3s-doutorandos e a realiza\u00e7\u00e3o de atividades de extens\u00e3o;<\/li>\n\n\n\n<li><strong>Desenvolvimento e inova\u00e7\u00e3o<\/strong>: Desenvolver e aprimorar tecnologias, m\u00e9todos e processos aplicados ao tratamento e \u00e0 salvaguarda de acervos acad\u00eamicos;<\/li>\n\n\n\n<li><strong>Produ\u00e7\u00e3o e dissemina\u00e7\u00e3o do conhecimento<\/strong>: Produzir, compartilhar e transferir conhecimentos, tecnologias e experi\u00eancias decorrentes das atividades desenvolvidas no projeto;<\/li>\n\n\n\n<li><strong>Transpar\u00eancia e integra\u00e7\u00e3o<\/strong>: Dar publicidade \u00e0s a\u00e7\u00f5es realizadas e estimular o interc\u00e2mbio entre a Universidade, a comunidade acad\u00eamica e a sociedade<\/li>\n<\/ul>\n\n\n\n<h2 class=\"wp-block-heading\" id=\"atendimento\">Atendimento aos egressos<\/h2>\n\n\n\n<p>Desde <strong>1\u00ba de abril de 2026<\/strong>, a UFPR realiza o atendimento aos egressos da FACEL e da FANAC para an\u00e1lise de solicita\u00e7\u00f5es relacionadas \u00e0 emiss\u00e3o de diplomas e \u00e0 disponibiliza\u00e7\u00e3o de documentos acad\u00eamicos existentes no acervo recebido pela Universidade.<\/p>\n\n\n\n<h3 class=\"wp-block-heading\">Como solicitar atendimento:<\/h3>\n\n\n\n<div class=\"wp-block-group decigi-passos\"><div class=\"wp-block-group__inner-container is-layout-constrained wp-block-group-is-layout-constrained\">\n<div class=\"wp-block-group decigi-passo\"><div class=\"wp-block-group__inner-container is-layout-constrained wp-block-group-is-layout-constrained\">\n<p>01<\/p>\n\n\n\n<div class=\"wp-block-group decigi-passo-corpo\"><div class=\"wp-block-group__inner-container is-layout-constrained wp-block-group-is-layout-constrained\">\n<h4 class=\"wp-block-heading\">Preencha o requerimento<\/h4>\n\n\n\n<p>Baixe e preencha o formul\u00e1rio de solicita\u00e7\u00e3o dispon\u00edvel em .DOCX <\/p>\n\n\n\n<div class=\"wp-block-buttons is-layout-flex wp-block-buttons-is-layout-flex\">\n<div class=\"wp-block-button\"><a class=\"wp-block-button__link wp-element-button\" href=\"https:\/\/sociaisaplicadas.ufpr.br\/decigi\/wp-content\/uploads\/sites\/5\/2025\/08\/REQUERIMENTO-FACEL-FANAC-1.docx\" target=\"_blank\" rel=\"noreferrer noopener\">Baixar requerimento \u2192<\/a><\/div>\n<\/div>\n<\/div><\/div>\n<\/div><\/div>\n\n\n\n<div class=\"wp-block-group decigi-passo\"><div class=\"wp-block-group__inner-container is-layout-constrained wp-block-group-is-layout-constrained\">\n<p>02<\/p>\n\n\n\n<div class=\"wp-block-group decigi-passo-corpo\"><div class=\"wp-block-group__inner-container is-layout-constrained wp-block-group-is-layout-constrained\">\n<h4 class=\"wp-block-heading\">Assine eletronicamente<\/h4>\n\n\n\n<p>Assine o requerimento por meio da plataforma <strong>gov.br<\/strong><\/p>\n\n\n\n<div class=\"wp-block-buttons is-layout-flex wp-block-buttons-is-layout-flex\">\n<div class=\"wp-block-button\"><a class=\"wp-block-button__link wp-element-button\" href=\"https:\/\/www.gov.br\/pt-br\" target=\"_blank\" rel=\"noreferrer noopener\">Acessar gov.br \u2192<\/a><\/div>\n<\/div>\n<\/div><\/div>\n<\/div><\/div>\n\n\n\n<div class=\"wp-block-group decigi-passo\"><div class=\"wp-block-group__inner-container is-layout-constrained wp-block-group-is-layout-constrained\">\n<p>03<\/p>\n\n\n\n<div class=\"wp-block-group decigi-passo-corpo\"><div class=\"wp-block-group__inner-container is-layout-constrained wp-block-group-is-layout-constrained\">\n<h4 class=\"wp-block-heading\">Envie a solicita\u00e7\u00e3o<\/h4>\n\n\n\n<p>Encaminhe o requerimento devidamente preenchido e assinado para <strong>diplomas@ufpr.br<\/strong><\/p>\n<\/div><\/div>\n<\/div><\/div>\n\n\n\n<div class=\"wp-block-group decigi-passo\"><div class=\"wp-block-group__inner-container is-layout-constrained wp-block-group-is-layout-constrained\">\n<p>04<\/p>\n\n\n\n<div class=\"wp-block-group decigi-passo-corpo\"><div class=\"wp-block-group__inner-container is-layout-constrained wp-block-group-is-layout-constrained\">\n<h4 class=\"wp-block-heading\">Aguarde a an\u00e1lise<\/h4>\n\n\n\n<p>Ap\u00f3s o recebimento, a Unidade de Diplomas da UFPR realizar\u00e1 a busca da documenta\u00e7\u00e3o comprobat\u00f3ria no acervo e a an\u00e1lise da solicita\u00e7\u00e3o<\/p>\n<\/div><\/div>\n<\/div><\/div>\n<\/div><\/div>\n\n\n\n<div class=\"wp-block-group decigi-info-grade\"><div class=\"wp-block-group__inner-container is-layout-constrained wp-block-group-is-layout-constrained\">\n<div class=\"wp-block-columns is-layout-flex wp-container-core-columns-is-layout-1 wp-block-columns-is-layout-flex\">\n<div class=\"wp-block-column is-layout-flow wp-block-column-is-layout-flow\">\n<div class=\"wp-block-group decigi-info-destaque\"><div class=\"wp-block-group__inner-container is-layout-constrained wp-block-group-is-layout-constrained\">\n<p class=\"decigi-info-rotulo   \">PRAZO DE ATENDIMENTO<\/p>\n\n\n\n<h3 class=\"wp-block-heading\">At\u00e9 60 dias<\/h3>\n\n\n\n<p>O prazo pode ser prorrogado por mais 60 dias em raz\u00e3o da demanda.<\/p>\n<\/div><\/div>\n<\/div>\n\n\n\n<div class=\"wp-block-column is-layout-flow wp-block-column-is-layout-flow\">\n<div class=\"wp-block-group decigi-info-destaque\"><div class=\"wp-block-group__inner-container is-layout-constrained wp-block-group-is-layout-constrained\">\n<p class=\"decigi-info-rotulo   \">fluxo de atendimento<\/p>\n\n\n\n<h3 class=\"wp-block-heading\"><strong>Solicita\u00e7\u00e3o \u2192 busca \u2192 an\u00e1lise \u2192 resposta<\/strong><\/h3>\n\n\n\n<p>O retorno \u00e9 encaminhado ao egresso ap\u00f3s a an\u00e1lise do acervo dispon\u00edvel.<\/p>\n<\/div><\/div>\n<\/div>\n<\/div>\n<\/div><\/div>\n\n\n\n<h2 class=\"wp-block-heading\" id=\"diplomas\">Retirada de diplomas <\/h2>\n\n\n\n<p>Os egressos cujos nomes constem na <strong>lista de diplomas emitidos<\/strong> disponibilizada nesta p\u00e1gina poder\u00e3o retirar o documento no Setor de Atendimento da Pr\u00f3-Reitoria de Gradua\u00e7\u00e3o e Educa\u00e7\u00e3o Profissional (PROGRAP).<\/p>\n\n\n\n<div class=\"wp-block-group decigi-retirada-grade\"><div class=\"wp-block-group__inner-container is-layout-constrained wp-block-group-is-layout-constrained\">\n<div class=\"wp-block-columns is-layout-flex wp-container-core-columns-is-layout-2 wp-block-columns-is-layout-flex\">\n<div class=\"wp-block-column is-layout-flow wp-block-column-is-layout-flow\">\n<div class=\"wp-block-group decigi-retirada\"><div class=\"wp-block-group__inner-container is-layout-constrained wp-block-group-is-layout-constrained\">\n<p class=\"decigi-info-rotulo   \">LOCAL DE RETIRADA<\/p>\n\n\n\n<h3 class=\"wp-block-heading\">Setor de Atendimento da PROGRAP<\/h3>\n\n\n\n<p>Pra\u00e7a Santos Andrade, 50 \u2014 Centro<\/p>\n\n\n\n<p class=\"decigi-retirada-horario \">Segunda a sexta-feira<br><strong>9h \u00e0s 12h \u00b7 14h \u00e0s 16h<\/strong><\/p>\n<\/div><\/div>\n<\/div>\n\n\n\n<div class=\"wp-block-column is-layout-flow wp-block-column-is-layout-flow\">\n<div class=\"wp-block-group decigi-retirada\"><div class=\"wp-block-group__inner-container is-layout-constrained wp-block-group-is-layout-constrained\">\n<p class=\"decigi-info-rotulo   \">documenta\u00e7\u00e3o NECESS\u00c1RIA<\/p>\n\n\n\n<h3 class=\"wp-block-heading\"><br>O que levar<\/h3>\n\n\n\n<p><strong>Titular:<\/strong>&nbsp;documento oficial de identifica\u00e7\u00e3o com foto.<\/p>\n\n\n\n<p><strong>Terceiro:<\/strong>&nbsp;identifica\u00e7\u00e3o do representante e procura\u00e7\u00e3o reconhecida em cart\u00f3rio.<\/p>\n<\/div><\/div>\n<\/div>\n<\/div>\n<\/div><\/div>\n\n\n\n<p class=\"decigi-aviso \"><strong>Outros documentos do acervo:<\/strong> Solicite previamente por e-mail. O Setor de Atendimento da PROGRAP realiza exclusivamente a entrega de documentos previamente processados e disponibilizados e <strong>n\u00e3o possui acesso direto ao acervo acad\u00eamico<\/strong>.<\/p>\n\n\n\n<h2 class=\"wp-block-heading\" id=\"cronograma\">Cronograma<\/h2>\n\n\n\n<p>A linha do tempo diferencia o hist\u00f3rico j\u00e1 conclu\u00eddo das atividades atuais e das pr\u00f3ximas entregas previstas.<\/p>\n\n\n\n<div class=\"wp-block-group decigi-cronograma-legenda\"><div class=\"wp-block-group__inner-container is-layout-constrained wp-block-group-is-layout-constrained\">\n<p class=\"decigi-legenda-concluida\">Conclu\u00eddo<\/p>\n\n\n\n<p class=\"decigi-legenda-andamento \">Em andamento<\/p>\n\n\n\n<p class=\"decigi-legenda-previsao \">Previs\u00e3o<\/p>\n<\/div><\/div>\n\n\n\n<div class=\"wp-block-group decigi-cronograma\"><div class=\"wp-block-group__inner-container is-layout-constrained wp-block-group-is-layout-constrained\">\n<div class=\"wp-block-group decigi-cronograma-item decigi-status-concluida\"><div class=\"wp-block-group__inner-container is-layout-constrained wp-block-group-is-layout-constrained\">\n<p class=\"decigi-cronograma-data \">Dez\/2022<\/p>\n\n\n\n<p class=\"decigi-cronograma-marcador \"><\/p>\n\n\n\n<div class=\"wp-block-group decigi-cronograma-card\"><div class=\"wp-block-group__inner-container is-layout-constrained wp-block-group-is-layout-constrained\">\n<p class=\"decigi-cronograma-situacao \">Conclu\u00eddo<\/p>\n\n\n\n<h3 class=\"wp-block-heading\">In\u00edcio do projeto<\/h3>\n\n\n\n<p>Marco inicial das atividades vinculadas ao acervo FACEL\/FANAC<\/p>\n<\/div><\/div>\n<\/div><\/div>\n\n\n\n<div class=\"wp-block-group decigi-cronograma-item decigi-status-concluida\"><div class=\"wp-block-group__inner-container is-layout-constrained wp-block-group-is-layout-constrained\">\n<p class=\"decigi-cronograma-data \">Mar\/2023<\/p>\n\n\n\n<p class=\"decigi-cronograma-marcador \"><\/p>\n\n\n\n<div class=\"wp-block-group decigi-cronograma-card\"><div class=\"wp-block-group__inner-container is-layout-constrained wp-block-group-is-layout-constrained\">\n<p class=\"decigi-cronograma-situacao \">Conclu\u00eddo<\/p>\n\n\n\n<h3 class=\"wp-block-heading\">Forma\u00e7\u00e3o e capacita\u00e7\u00e3o<\/h3>\n\n\n\n<p>In\u00edcio das atividades de forma\u00e7\u00e3o das equipes envolvidas no projeto.<\/p>\n<\/div><\/div>\n<\/div><\/div>\n\n\n\n<div class=\"wp-block-group decigi-cronograma-item decigi-status-concluida\"><div class=\"wp-block-group__inner-container is-layout-constrained wp-block-group-is-layout-constrained\">\n<p class=\"decigi-cronograma-data \">Abr\/2023<\/p>\n\n\n\n<p class=\"decigi-cronograma-marcador \"><\/p>\n\n\n\n<div class=\"wp-block-group decigi-cronograma-card\"><div class=\"wp-block-group__inner-container is-layout-constrained wp-block-group-is-layout-constrained\">\n<p class=\"decigi-cronograma-situacao \">Conclu\u00eddo<\/p>\n\n\n\n<h3 class=\"wp-block-heading\">Transfer\u00eancia da documenta\u00e7\u00e3o \u00e0 UFPR<\/h3>\n\n\n\n<p>Recebimento institucional do acervo acad\u00eamico f\u00edsico e digital transferido.<\/p>\n<\/div><\/div>\n<\/div><\/div>\n\n\n\n<div class=\"wp-block-group decigi-cronograma-item decigi-status-concluida\"><div class=\"wp-block-group__inner-container is-layout-constrained wp-block-group-is-layout-constrained\">\n<p class=\"decigi-cronograma-data \">Jun\/2023<\/p>\n\n\n\n<p class=\"decigi-cronograma-marcador \"><\/p>\n\n\n\n<div class=\"wp-block-group decigi-cronograma-card\"><div class=\"wp-block-group__inner-container is-layout-constrained wp-block-group-is-layout-constrained\">\n<p class=\"decigi-cronograma-situacao \">Conclu\u00eddo<\/p>\n\n\n\n<h3 class=\"wp-block-heading\">Relat\u00f3rio parcial ao MEC<\/h3>\n\n\n\n<p>Entrega de relat\u00f3rio t\u00e9cnico com o acompanhamento das atividades desenvolvidas.<\/p>\n<\/div><\/div>\n<\/div><\/div>\n\n\n\n<div class=\"wp-block-group decigi-cronograma-item decigi-status-concluida\"><div class=\"wp-block-group__inner-container is-layout-constrained wp-block-group-is-layout-constrained\">\n<p class=\"decigi-cronograma-data \">2023\u20132025<\/p>\n\n\n\n<p class=\"decigi-cronograma-marcador \"><\/p>\n\n\n\n<div class=\"wp-block-group decigi-cronograma-card\"><div class=\"wp-block-group__inner-container is-layout-constrained wp-block-group-is-layout-constrained\">\n<p class=\"decigi-cronograma-situacao \">Conclu\u00eddo<\/p>\n\n\n\n<h3 class=\"wp-block-heading\">Pesquisa, extens\u00e3o e divulga\u00e7\u00e3o cient\u00edfica<\/h3>\n\n\n\n<p>Per\u00edodo de desenvolvimento das atividades acad\u00eamicas, cient\u00edficas e de dissemina\u00e7\u00e3o de resultados.<\/p>\n<\/div><\/div>\n<\/div><\/div>\n\n\n\n<div class=\"wp-block-group decigi-cronograma-item decigi-status-concluida\"><div class=\"wp-block-group__inner-container is-layout-constrained wp-block-group-is-layout-constrained\">\n<p class=\"decigi-cronograma-data \">Dez\/2025<\/p>\n\n\n\n<p class=\"decigi-cronograma-marcador \"><\/p>\n\n\n\n<div class=\"wp-block-group decigi-cronograma-card\"><div class=\"wp-block-group__inner-container is-layout-constrained wp-block-group-is-layout-constrained\">\n<p class=\"decigi-cronograma-situacao \">Conclu\u00eddo<\/p>\n\n\n\n<h3 class=\"wp-block-heading\">Publica\u00e7\u00e3o de produ\u00e7\u00f5es cient\u00edficas<\/h3>\n\n\n\n<p>Consolida\u00e7\u00e3o e divulga\u00e7\u00e3o de resultados decorrentes das atividades de pesquisa aplicada.<\/p>\n<\/div><\/div>\n<\/div><\/div>\n\n\n\n<div class=\"wp-block-group decigi-cronograma-item decigi-status-concluida\"><div class=\"wp-block-group__inner-container is-layout-constrained wp-block-group-is-layout-constrained\">\n<p class=\"decigi-cronograma-data \">Dez\/2025<\/p>\n\n\n\n<p class=\"decigi-cronograma-marcador \"><\/p>\n\n\n\n<div class=\"wp-block-group decigi-cronograma-card\"><div class=\"wp-block-group__inner-container is-layout-constrained wp-block-group-is-layout-constrained\">\n<p class=\"decigi-cronograma-situacao \">Conclu\u00eddo<\/p>\n\n\n\n<h3 class=\"wp-block-heading\">Publica\u00e7\u00e3o de produ\u00e7\u00f5es cient\u00edficas<\/h3>\n\n\n\n<p>Consolida\u00e7\u00e3o e divulga\u00e7\u00e3o de resultados decorrentes das atividades de pesquisa aplicada.<\/p>\n<\/div><\/div>\n<\/div><\/div>\n\n\n\n<p class=\"decigi-cronograma-ano\"><span>2026 \u00b7 fase atual<\/span><\/p>\n\n\n\n<div class=\"wp-block-group decigi-cronograma-item decigi-status-andamento\"><div class=\"wp-block-group__inner-container is-layout-constrained wp-block-group-is-layout-constrained\">\n<p class=\"decigi-cronograma-data \">Abr\/2026<\/p>\n\n\n\n<p class=\"decigi-cronograma-marcador \"><\/p>\n\n\n\n<div class=\"wp-block-group decigi-cronograma-card\"><div class=\"wp-block-group__inner-container is-layout-constrained wp-block-group-is-layout-constrained\">\n<p class=\"decigi-cronograma-situacao \">Em andamento<\/p>\n\n\n\n<h3 class=\"wp-block-heading\">In\u00edcio da equipe da Unidade de Diplomas<\/h3>\n\n\n\n<p>Estrutura\u00e7\u00e3o da equipe respons\u00e1vel pela an\u00e1lise das demandas de diplomas e documentos acad\u00eamicos.<\/p>\n<\/div><\/div>\n<\/div><\/div>\n\n\n\n<div class=\"wp-block-group decigi-cronograma-item decigi-status-andamento\"><div class=\"wp-block-group__inner-container is-layout-constrained wp-block-group-is-layout-constrained\">\n<p class=\"decigi-cronograma-data \">Abr\/2026<\/p>\n\n\n\n<p class=\"decigi-cronograma-marcador \"><\/p>\n\n\n\n<div class=\"wp-block-group decigi-cronograma-card\"><div class=\"wp-block-group__inner-container is-layout-constrained wp-block-group-is-layout-constrained\">\n<p class=\"decigi-cronograma-situacao \">Em andamento<\/p>\n\n\n\n<h3 class=\"wp-block-heading\">In\u00edcio do atendimento \u00e0s solicita\u00e7\u00f5es<\/h3>\n\n\n\n<p>Atendimento aos egressos para busca documental, an\u00e1lise e resposta \u00e0s solicita\u00e7\u00f5es.<\/p>\n<\/div><\/div>\n<\/div><\/div>\n\n\n\n<div class=\"wp-block-group decigi-cronograma-item decigi-status-previsao\"><div class=\"wp-block-group__inner-container is-layout-constrained wp-block-group-is-layout-constrained\">\n<p class=\"decigi-cronograma-data \">Dez\/2026<\/p>\n\n\n\n<p class=\"decigi-cronograma-marcador \"><\/p>\n\n\n\n<div class=\"wp-block-group decigi-cronograma-card\"><div class=\"wp-block-group__inner-container is-layout-constrained wp-block-group-is-layout-constrained\">\n<p class=\"decigi-cronograma-situacao \">Previs\u00e3o<\/p>\n\n\n\n<h3 class=\"wp-block-heading\">Conclus\u00e3o do tratamento dos fundos FACEL e FANAC<\/h3>\n\n\n\n<p>Marco previsto para conclus\u00e3o da etapa de tratamento documental dos fundos acad\u00eamicos.<\/p>\n<\/div><\/div>\n<\/div><\/div>\n<\/div><\/div>\n\n\n\n<h2 class=\"wp-block-heading\" id=\"documentos\">Documentos <\/h2>\n\n\n\n<p>Relat\u00f3rios, listas e atos normativos relacionados ao projeto e ao atendimento dos egressos.<\/p>\n\n\n\n<div class=\"wp-block-group decigi-blocos\"><div class=\"wp-block-group__inner-container is-layout-constrained wp-block-group-is-layout-constrained\">\n<div class=\"wp-block-columns is-layout-flex wp-container-core-columns-is-layout-3 wp-block-columns-is-layout-flex\">\n<div class=\"wp-block-column is-layout-flow wp-block-column-is-layout-flow\">\n<div class=\"wp-block-group decigi-bloco\"><div class=\"wp-block-group__inner-container is-layout-constrained wp-block-group-is-layout-constrained\">\n<h3 class=\"wp-block-heading\">Relat\u00f3rio t\u00e9cnico parcial 1<\/h3>\n\n\n\n<p>Relat\u00f3rio t\u00e9cnico de acompanhamento das atividades desenvolvidas no projeto.<\/p>\n\n\n\n<a class=\"decigi-bloco-link\" href=\"https:\/\/sociaisaplicadas.ufpr.br\/decigi\/wp-content\/uploads\/sites\/5\/2024\/12\/relatorioTecnicoParcial_1.pdf\" target=\"_blank\" rel=\"noopener noreferrer\" aria-label=\"Relat\u00f3rio 1\"><\/a>\n<\/div><\/div>\n<\/div>\n\n\n\n<div class=\"wp-block-column is-layout-flow wp-block-column-is-layout-flow\">\n<div class=\"wp-block-group decigi-bloco\"><div class=\"wp-block-group__inner-container is-layout-constrained wp-block-group-is-layout-constrained\">\n<h3 class=\"wp-block-heading\">Relat\u00f3rio t\u00e9cnico parcial 2<\/h3>\n\n\n\n<p>Relat\u00f3rio t\u00e9cnico de acompanhamento das atividades desenvolvidas no projeto.<\/p>\n\n\n\n<a class=\"decigi-bloco-link\" href=\"https:\/\/sociaisaplicadas.ufpr.br\/decigi\/wp-content\/uploads\/sites\/5\/2024\/12\/RelatorioTecnicoParcial_2.pdf\" target=\"_blank\" rel=\"noopener noreferrer\" aria-label=\"Relat\u00f3rio 2\"><\/a>\n<\/div><\/div>\n<\/div>\n\n\n\n<div class=\"wp-block-column is-layout-flow wp-block-column-is-layout-flow\">\n<div class=\"wp-block-group decigi-bloco\"><div class=\"wp-block-group__inner-container is-layout-constrained wp-block-group-is-layout-constrained\">\n<h3 class=\"wp-block-heading\">Lista de diplomas emitidos<\/h3>\n\n\n\n<p>Rela\u00e7\u00e3o atualizada de diplomas emitidos pela Unidade de Diplomas da UFPR.<\/p>\n\n\n\n<a class=\"decigi-bloco-link\" href=\"https:\/\/sociaisaplicadas.ufpr.br\/decigi\/wp-content\/uploads\/sites\/5\/2026\/07\/FACEL-FANAC-PUBLICACAO-2.pdf\" target=\"_blank\" rel=\"noopener noreferrer\" aria-label=\"Lista Diplomas\"><\/a>\n<\/div><\/div>\n<\/div>\n\n\n\n<div class=\"wp-block-column is-layout-flow wp-block-column-is-layout-flow\">\n<div class=\"wp-block-group decigi-bloco\"><div class=\"wp-block-group__inner-container is-layout-constrained wp-block-group-is-layout-constrained\">\n<h3 class=\"wp-block-heading\">Portarias &#8211; SERES\/SESU\/MEC<\/h3>\n\n\n\n<p>Atos que fundamentam a transfer\u00eancia, a guarda e o tratamento do acervo.<\/p>\n\n\n\n<p><strong><a href=\"https:\/\/www.gov.br\/fnde\/pt-br\/acesso-a-informacao\/estrategia-governanca\/gestao-da-estrategia\/desempenho-institucional\/2022-resultado-parcial.pdf\" target=\"_blank\" rel=\"noreferrer noopener\">Portaria n\u00ba 996<\/a><\/strong> <a>\u2192<\/a><\/p>\n\n\n\n<p><strong><a href=\"https:\/\/sociaisaplicadas.ufpr.br\/decigi\/wp-content\/uploads\/sites\/5\/2024\/01\/portaria_841_final.pdf\" target=\"_blank\" rel=\"noreferrer noopener\">Portaria conjunta SERES\/SESU<\/a><\/strong><a> <\/a><a>\u2192<\/a><\/p>\n<\/div><\/div>\n<\/div>\n<\/div>\n<\/div><\/div>\n<\/div><\/div>\n<\/div>\n\n\n\n<div class=\"wp-block-column is-layout-flow wp-block-column-is-layout-flow\">\n<div class=\"wp-block-group decigi-indice decigi-so-desktop\"><div class=\"wp-block-group__inner-container is-layout-constrained wp-block-group-is-layout-constrained\">\n<div class=\"wp-block-buttons is-layout-flex wp-block-buttons-is-layout-flex\">\n<div class=\"wp-block-button\"><a class=\"wp-block-button__link wp-element-button\" href=\"#apresentacao\">Apresenta\u00e7\u00e3o<\/a><\/div>\n\n\n\n<div class=\"wp-block-button\"><a class=\"wp-block-button__link wp-element-button\" href=\"#objetivos\">Objetivos<\/a><\/div>\n\n\n\n<div class=\"wp-block-button\"><a class=\"wp-block-button__link wp-element-button\" href=\"#atendimento\">Atendimento aos egressos<\/a><\/div>\n\n\n\n<div class=\"wp-block-button\"><a class=\"wp-block-button__link wp-element-button\" href=\"#diplomas\">Retirada de diplomas<\/a><\/div>\n\n\n\n<div class=\"wp-block-button\"><a class=\"wp-block-button__link wp-element-button\" href=\"#cronograma\">Cronograma<\/a><\/div>\n\n\n\n<div class=\"wp-block-button\"><a class=\"wp-block-button__link wp-element-button\" href=\"#documentos\">Documentos<\/a><\/div>\n<\/div>\n<\/div><\/div>\n\n\n\n<div class=\"wp-block-group decigi-indice-acao decigi-so-desktop\"><div class=\"wp-block-group__inner-container is-layout-constrained wp-block-group-is-layout-constrained\">\n<p class=\"decigi-info-rotulo   \">OUTRAS D\u00faVIDAS?<\/p>\n\n\n\n<h3 class=\"wp-block-heading\">DECIGI<\/h3>\n\n\n\n<div class=\"wp-block-buttons is-layout-flex wp-block-buttons-is-layout-flex\">\n<div class=\"wp-block-button\"><a class=\"wp-block-button__link wp-element-button\">decigi@ufpr.br \u2192<\/a><\/div>\n<\/div>\n<\/div><\/div>\n<\/div>\n<\/div>\n<\/div><\/div>\n","protected":false},"excerpt":{"rendered":"<p>Projeto FACEL\/FANAC Tratamento, salvaguarda e pesquisa aplicada em acervo acad\u00eamico do Ensino Superior Apresenta\u00e7\u00e3o O Projeto FACEL\/FANAC \u00e9 desenvolvido pelo Departamento de Ci\u00eancia e Gest\u00e3o da Informa\u00e7\u00e3o (DECIGI) da Universidade Federal do Paran\u00e1 (UFPR) e tem como finalidade promover o tratamento, a salvaguarda e a pesquisa aplicada no acervo acad\u00eamico das extintas Faculdade de Administra\u00e7\u00e3o, [&hellip;]<\/p>\n","protected":false},"author":2858,"featured_media":0,"parent":0,"menu_order":0,"comment_status":"closed","ping_status":"closed","template":"","meta":{"_acf_changed":false,"footnotes":""},"class_list":["post-14360","page","type-page","status-publish","hentry"],"acf":[],"_links":{"self":[{"href":"https:\/\/sociaisaplicadas.ufpr.br\/decigi\/wp-json\/wp\/v2\/pages\/14360","targetHints":{"allow":["GET"]}}],"collection":[{"href":"https:\/\/sociaisaplicadas.ufpr.br\/decigi\/wp-json\/wp\/v2\/pages"}],"about":[{"href":"https:\/\/sociaisaplicadas.ufpr.br\/decigi\/wp-json\/wp\/v2\/types\/page"}],"author":[{"embeddable":true,"href":"https:\/\/sociaisaplicadas.ufpr.br\/decigi\/wp-json\/wp\/v2\/users\/2858"}],"replies":[{"embeddable":true,"href":"https:\/\/sociaisaplicadas.ufpr.br\/decigi\/wp-json\/wp\/v2\/comments?post=14360"}],"version-history":[{"count":99,"href":"https:\/\/sociaisaplicadas.ufpr.br\/decigi\/wp-json\/wp\/v2\/pages\/14360\/revisions"}],"predecessor-version":[{"id":15161,"href":"https:\/\/sociaisaplicadas.ufpr.br\/decigi\/wp-json\/wp\/v2\/pages\/14360\/revisions\/15161"}],"wp:attachment":[{"href":"https:\/\/sociaisaplicadas.ufpr.br\/decigi\/wp-json\/wp\/v2\/media?parent=14360"}],"curies":[{"name":"wp","href":"https:\/\/api.w.org\/{rel}","templated":true}]}}