{"id":14638,"date":"2026-08-18T11:27:21","date_gmt":"2026-08-18T14:27:21","guid":{"rendered":"https:\/\/sociaisaplicadas.ufpr.br\/decigi\/?page_id=14638"},"modified":"2026-09-04T11:00:34","modified_gmt":"2026-09-04T14:00:34","slug":"simao","status":"publish","type":"page","link":"https:\/\/sociaisaplicadas.ufpr.br\/decigi\/docentes\/simao\/","title":{"rendered":"S-P"},"content":{"rendered":"\n<div class=\"wp-block-group\"><div class=\"wp-block-group__inner-container is-layout-constrained wp-block-group-is-layout-constrained\">\n<div class=\"wp-block-group decigi-pagina-topo\"><div class=\"wp-block-group__inner-container is-layout-constrained wp-block-group-is-layout-constrained\">\n<p class=\"decigi-trilha\"><a href=\"https:\/\/sociaisaplicadas.ufpr.br\/decigi\/\">In\u00edcio <\/a>\/ <a href=\"https:\/\/sociaisaplicadas.ufpr.br\/decigi\/docentes\">Docentes <\/a>\/ <a href=\"https:\/\/sociaisaplicadas.ufpr.br\/decigi\/docentes\/simao\">Jos\u00e9 Sim\u00e3o de Paula Pinto<\/a><\/p>\n\n\n\n<h1 class=\"wp-block-heading\">Perfil docente<\/h1>\n\n\n\n<p>Forma\u00e7\u00e3o, atua\u00e7\u00e3o acad\u00eamica e iniciativas.<\/p>\n<\/div><\/div>\n<\/div><\/div>\n\n\n\n<div class=\"wp-block-group\"><div class=\"wp-block-group__inner-container is-layout-constrained wp-block-group-is-layout-constrained\">\n<div class=\"wp-block-group\"><div class=\"wp-block-group__inner-container is-layout-constrained wp-block-group-is-layout-constrained\">\n<div class=\"wp-block-group decigi-menu-interno decigi-so-mobile\"><div class=\"wp-block-group__inner-container is-layout-constrained wp-block-group-is-layout-constrained\">\n<div class=\"wp-block-buttons is-layout-flex wp-block-buttons-is-layout-flex\">\n<div class=\"wp-block-button\"><a class=\"wp-block-button__link wp-element-button\" href=\"#apresentacao\">Apresenta\u00e7\u00e3o<\/a><\/div>\n\n\n\n<div class=\"wp-block-button\"><a class=\"wp-block-button__link wp-element-button\" href=\"#areas\">\u00c1reas de atua\u00e7\u00e3o<\/a><\/div>\n\n\n\n<div class=\"wp-block-button\"><a class=\"wp-block-button__link wp-element-button\" href=\"#projetos\">Projetos e iniciativas<\/a><\/div>\n<\/div>\n<\/div><\/div>\n<\/div><\/div>\n<\/div><\/div>\n\n\n\n<div class=\"wp-block-group\"><div class=\"wp-block-group__inner-container is-layout-constrained wp-block-group-is-layout-constrained\">\n<div class=\"wp-block-group\"><div class=\"wp-block-group__inner-container is-layout-constrained wp-block-group-is-layout-constrained\">\n<div class=\"wp-block-group decigi-conteudo-lateral\"><div class=\"wp-block-group__inner-container is-layout-constrained wp-block-group-is-layout-constrained\">\n<div class=\"wp-block-columns is-layout-flex wp-container-core-columns-is-layout-2 wp-block-columns-is-layout-flex\">\n<div class=\"wp-block-column is-layout-flow wp-block-column-is-layout-flow\">\n<div class=\"wp-block-group decigi-perfil\"><div class=\"wp-block-group__inner-container is-layout-constrained wp-block-group-is-layout-constrained\">\n<figure class=\"wp-block-image size-large decigi-perfil-foto\"><img decoding=\"async\" src=\"https:\/\/servicosweb.cnpq.br\/wspessoa\/servletrecuperafoto?tipo=1&amp;id=K4703656H0\" alt=\"\" \/><\/figure>\n\n\n\n<div class=\"wp-block-group decigi-perfil-info\"><div class=\"wp-block-group__inner-container is-layout-constrained wp-block-group-is-layout-constrained\">\n<h2 class=\"wp-block-heading\">Jos\u00e9 Sim\u00e3o de Paula Pinto<\/h2>\n\n\n\n<p>Tecnologia da Informa\u00e7\u00e3o \u00b7 Administra\u00e7\u00e3o e An\u00e1lise de Dados \u00b7 Interfaces C\u00e9rebro-Computador<\/p>\n\n\n\n<div class=\"wp-block-buttons is-layout-flex wp-block-buttons-is-layout-flex\">\n<div class=\"wp-block-button\"><a class=\"wp-block-button__link wp-element-button\" href=\"http:\/\/lattes.cnpq.br\/7514178774795860\">Curr\u00edculo Lattes<\/a><\/div>\n\n\n\n<div class=\"wp-block-button\"><a class=\"wp-block-button__link wp-element-button\">ORCID<\/a><\/div>\n\n\n\n<div class=\"wp-block-button\"><a class=\"wp-block-button__link wp-element-button\">E-mail: simao@ufpr.br<\/a><\/div>\n<\/div>\n<\/div><\/div>\n<\/div><\/div>\n\n\n\n<div class=\"wp-block-group decigi-texto\"><div class=\"wp-block-group__inner-container is-layout-constrained wp-block-group-is-layout-constrained\">\n<h2 class=\"wp-block-heading\" id=\"apresentacao\">Apresenta\u00e7\u00e3o<\/h2>\n\n\n\n<p>Doutor em Medicina (Cl\u00ednica Cir\u00fargica) e mestre em Inform\u00e1tica pela Universidade Federal do Paran\u00e1, com forma\u00e7\u00e3o tamb\u00e9m em Administra\u00e7\u00e3o, Engenharia El\u00e9trica e An\u00e1lise de Sistemas. Professor Titular da UFPR, atua na interface entre tecnologia e gest\u00e3o da informa\u00e7\u00e3o, com pesquisas e atividades relacionadas \u00e0 administra\u00e7\u00e3o e an\u00e1lise de dados, tecnologias da informa\u00e7\u00e3o, Internet das Coisas, inform\u00e1tica m\u00e9dica e interfaces c\u00e9rebro-computador.<\/p>\n\n\n\n<h2 class=\"wp-block-heading\" id=\"areas\">\u00c1reas de atua\u00e7\u00e3o<\/h2>\n\n\n\n<div class=\"wp-block-group decigi-passos\"><div class=\"wp-block-group__inner-container is-layout-constrained wp-block-group-is-layout-constrained\">\n<div class=\"wp-block-group decigi-passo\"><div class=\"wp-block-group__inner-container is-layout-constrained wp-block-group-is-layout-constrained\">\n<p>#<\/p>\n\n\n\n<div class=\"wp-block-group decigi-passo-corpo\"><div class=\"wp-block-group__inner-container is-layout-constrained wp-block-group-is-layout-constrained\">\n<h2 class=\"wp-block-heading\">Tecnologia da Informa\u00e7\u00e3o<\/h2>\n<\/div><\/div>\n<\/div><\/div>\n\n\n\n<div class=\"wp-block-group decigi-passo\"><div class=\"wp-block-group__inner-container is-layout-constrained wp-block-group-is-layout-constrained\">\n<p>#<\/p>\n\n\n\n<div class=\"wp-block-group decigi-passo-corpo\"><div class=\"wp-block-group__inner-container is-layout-constrained wp-block-group-is-layout-constrained\">\n<h2 class=\"wp-block-heading\">Administra\u00e7\u00e3o e An\u00e1lise de Dados<\/h2>\n<\/div><\/div>\n<\/div><\/div>\n\n\n\n<div class=\"wp-block-group decigi-passo\"><div class=\"wp-block-group__inner-container is-layout-constrained wp-block-group-is-layout-constrained\">\n<p>#<\/p>\n\n\n\n<div class=\"wp-block-group decigi-passo-corpo\"><div class=\"wp-block-group__inner-container is-layout-constrained wp-block-group-is-layout-constrained\">\n<h2 class=\"wp-block-heading\">Interfaces C\u00e9rebro-Computador<\/h2>\n<\/div><\/div>\n<\/div><\/div>\n<\/div><\/div>\n\n\n\n<h2 class=\"wp-block-heading\" id=\"projetos\">Projetos e iniciativas<\/h2>\n\n\n\n<div class=\"wp-block-group decigi-blocos\"><div class=\"wp-block-group__inner-container is-layout-constrained wp-block-group-is-layout-constrained\">\n<div class=\"wp-block-columns is-layout-flex wp-container-core-columns-is-layout-1 wp-block-columns-is-layout-flex\">\n<div class=\"wp-block-column is-layout-flow wp-block-column-is-layout-flow\">\n<div class=\"wp-block-group decigi-bloco\"><div class=\"wp-block-group__inner-container is-layout-constrained wp-block-group-is-layout-constrained\">\n<p class=\"decigi-chips\">EXTENS\u00c3O<\/p>\n\n\n\n<h2 class=\"wp-block-heading\">Tecnologia da informa\u00e7\u00e3o na escola<\/h2>\n\n\n\n<p>Promove tecnologia da informa\u00e7\u00e3o e pensamento computacional na educa\u00e7\u00e3o b\u00e1sica, abordando programa\u00e7\u00e3o, rob\u00f3tica, BCI, \u00e9tica e privacidade de dados.<\/p>\n<\/div><\/div>\n<\/div>\n\n\n\n<div class=\"wp-block-column is-layout-flow wp-block-column-is-layout-flow\">\n<div class=\"wp-block-group decigi-bloco\"><div class=\"wp-block-group__inner-container is-layout-constrained wp-block-group-is-layout-constrained\">\n<p class=\"decigi-chips\">GRUPO DE PESQUISA<\/p>\n\n\n\n<h2 class=\"wp-block-heading\">Tecnologias e metodologias para gest\u00e3o da informa\u00e7\u00e3o e do conhecimento<\/h2>\n\n\n\n<p>Desenvolve estudos sobre tecnologias e metodologias aplicadas \u00e0 gest\u00e3o da informa\u00e7\u00e3o, da tecnologia da informa\u00e7\u00e3o e do conhecimento.<\/p>\n<\/div><\/div>\n<\/div>\n<\/div>\n<\/div><\/div>\n<\/div><\/div>\n\n\n\n<p class=\"decigi-aviso\">Este perfil apresenta uma s\u00edntese da atua\u00e7\u00e3o acad\u00eamica do docente. Para informa\u00e7\u00f5es curriculares completas e atualizadas, consulte o Curr\u00edculo Lattes ou entre em contato diretamente com o docente.<\/p>\n<\/div>\n\n\n\n<div class=\"wp-block-column is-layout-flow wp-block-column-is-layout-flow\">\n<div class=\"wp-block-group decigi-indice decigi-so-desktop\"><div class=\"wp-block-group__inner-container is-layout-constrained wp-block-group-is-layout-constrained\">\n<div class=\"wp-block-buttons is-layout-flex wp-block-buttons-is-layout-flex\">\n<div class=\"wp-block-button\"><a class=\"wp-block-button__link wp-element-button\" href=\"#apresentacao\">Apresenta\u00e7\u00e3o<\/a><\/div>\n\n\n\n<div class=\"wp-block-button\"><a class=\"wp-block-button__link wp-element-button\" href=\"#areas\">\u00c1reas de atua\u00e7\u00e3o<\/a><\/div>\n\n\n\n<div class=\"wp-block-button\"><a class=\"wp-block-button__link wp-element-button\" href=\"#projetos\">Projetos e iniciativas<\/a><\/div>\n<\/div>\n<\/div><\/div>\n<\/div>\n<\/div>\n<\/div><\/div>\n<\/div><\/div>\n<\/div><\/div>\n","protected":false},"excerpt":{"rendered":"<p>In\u00edcio \/ Docentes \/ Jos\u00e9 Sim\u00e3o de Paula Pinto Perfil docente Forma\u00e7\u00e3o, atua\u00e7\u00e3o acad\u00eamica e iniciativas. Jos\u00e9 Sim\u00e3o de Paula Pinto Tecnologia da Informa\u00e7\u00e3o \u00b7 Administra\u00e7\u00e3o e An\u00e1lise de Dados \u00b7 Interfaces C\u00e9rebro-Computador Apresenta\u00e7\u00e3o Doutor em Medicina (Cl\u00ednica Cir\u00fargica) e mestre em Inform\u00e1tica pela Universidade Federal do Paran\u00e1, com forma\u00e7\u00e3o tamb\u00e9m em Administra\u00e7\u00e3o, Engenharia El\u00e9trica [&hellip;]<\/p>\n","protected":false},"author":2858,"featured_media":0,"parent":13832,"menu_order":0,"comment_status":"closed","ping_status":"closed","template":"","meta":{"_acf_changed":false,"footnotes":""},"class_list":["post-14638","page","type-page","status-publish","hentry"],"acf":[],"_links":{"self":[{"href":"https:\/\/sociaisaplicadas.ufpr.br\/decigi\/wp-json\/wp\/v2\/pages\/14638","targetHints":{"allow":["GET"]}}],"collection":[{"href":"https:\/\/sociaisaplicadas.ufpr.br\/decigi\/wp-json\/wp\/v2\/pages"}],"about":[{"href":"https:\/\/sociaisaplicadas.ufpr.br\/decigi\/wp-json\/wp\/v2\/types\/page"}],"author":[{"embeddable":true,"href":"https:\/\/sociaisaplicadas.ufpr.br\/decigi\/wp-json\/wp\/v2\/users\/2858"}],"replies":[{"embeddable":true,"href":"https:\/\/sociaisaplicadas.ufpr.br\/decigi\/wp-json\/wp\/v2\/comments?post=14638"}],"version-history":[{"count":6,"href":"https:\/\/sociaisaplicadas.ufpr.br\/decigi\/wp-json\/wp\/v2\/pages\/14638\/revisions"}],"predecessor-version":[{"id":15601,"href":"https:\/\/sociaisaplicadas.ufpr.br\/decigi\/wp-json\/wp\/v2\/pages\/14638\/revisions\/15601"}],"up":[{"embeddable":true,"href":"https:\/\/sociaisaplicadas.ufpr.br\/decigi\/wp-json\/wp\/v2\/pages\/13832"}],"wp:attachment":[{"href":"https:\/\/sociaisaplicadas.ufpr.br\/decigi\/wp-json\/wp\/v2\/media?parent=14638"}],"curies":[{"name":"wp","href":"https:\/\/api.w.org\/{rel}","templated":true}]}}