{"id":14733,"date":"2026-08-19T11:52:14","date_gmt":"2026-08-19T14:52:14","guid":{"rendered":"https:\/\/sociaisaplicadas.ufpr.br\/decigi\/?page_id=14733"},"modified":"2026-09-04T11:01:17","modified_gmt":"2026-09-04T14:01:17","slug":"edson","status":"publish","type":"page","link":"https:\/\/sociaisaplicadas.ufpr.br\/decigi\/docentes\/edson\/","title":{"rendered":"E-G"},"content":{"rendered":"\n<div class=\"wp-block-group\"><div class=\"wp-block-group__inner-container is-layout-constrained wp-block-group-is-layout-constrained\">\n<div class=\"wp-block-group\"><div class=\"wp-block-group__inner-container is-layout-constrained wp-block-group-is-layout-constrained\">\n<div class=\"wp-block-group\"><div class=\"wp-block-group__inner-container is-layout-constrained wp-block-group-is-layout-constrained\">\n<div class=\"wp-block-group decigi-pagina-topo\"><div class=\"wp-block-group__inner-container is-layout-constrained wp-block-group-is-layout-constrained\">\n<p class=\"decigi-trilha\"><a href=\"https:\/\/sociaisaplicadas.ufpr.br\/decigi\/\">In\u00edcio <\/a>\/ <a href=\"https:\/\/sociaisaplicadas.ufpr.br\/decigi\/docentes\">Docentes <\/a>\/ <a href=\"https:\/\/sociaisaplicadas.ufpr.br\/decigi\/docentes\/edson\">Edson Ronaldo Guarido Filho<\/a><\/p>\n\n\n\n<h1 class=\"wp-block-heading\">Perfil docente<\/h1>\n\n\n\n<p>Forma\u00e7\u00e3o, atua\u00e7\u00e3o acad\u00eamica e iniciativas.<\/p>\n<\/div><\/div>\n<\/div><\/div>\n<\/div><\/div>\n<\/div><\/div>\n\n\n\n<div class=\"wp-block-group\"><div class=\"wp-block-group__inner-container is-layout-constrained wp-block-group-is-layout-constrained\">\n<div class=\"wp-block-group\"><div class=\"wp-block-group__inner-container is-layout-constrained wp-block-group-is-layout-constrained\">\n<div class=\"wp-block-group\"><div class=\"wp-block-group__inner-container is-layout-constrained wp-block-group-is-layout-constrained\">\n<div class=\"wp-block-group\"><div class=\"wp-block-group__inner-container is-layout-constrained wp-block-group-is-layout-constrained\">\n<div class=\"wp-block-group decigi-menu-interno decigi-so-mobile\"><div class=\"wp-block-group__inner-container is-layout-constrained wp-block-group-is-layout-constrained\">\n<div class=\"wp-block-buttons is-layout-flex wp-block-buttons-is-layout-flex\">\n<div class=\"wp-block-button\"><a class=\"wp-block-button__link wp-element-button\" href=\"#apresentacao\">Apresenta\u00e7\u00e3o<\/a><\/div>\n\n\n\n<div class=\"wp-block-button\"><a class=\"wp-block-button__link wp-element-button\" href=\"#areas\">\u00c1reas de atua\u00e7\u00e3o<\/a><\/div>\n\n\n\n<div class=\"wp-block-button\"><a class=\"wp-block-button__link wp-element-button\" href=\"#projetos\">Projetos e iniciativas<\/a><\/div>\n<\/div>\n<\/div><\/div>\n<\/div><\/div>\n<\/div><\/div>\n<\/div><\/div>\n<\/div><\/div>\n\n\n\n<div class=\"wp-block-group\"><div class=\"wp-block-group__inner-container is-layout-constrained wp-block-group-is-layout-constrained\">\n<div class=\"wp-block-group\"><div class=\"wp-block-group__inner-container is-layout-constrained wp-block-group-is-layout-constrained\">\n<div class=\"wp-block-group\"><div class=\"wp-block-group__inner-container is-layout-constrained wp-block-group-is-layout-constrained\">\n<div class=\"wp-block-group\"><div class=\"wp-block-group__inner-container is-layout-constrained wp-block-group-is-layout-constrained\">\n<div class=\"wp-block-group decigi-conteudo-lateral\"><div class=\"wp-block-group__inner-container is-layout-constrained wp-block-group-is-layout-constrained\">\n<div class=\"wp-block-columns is-layout-flex wp-container-core-columns-is-layout-2 wp-block-columns-is-layout-flex\">\n<div class=\"wp-block-column is-layout-flow wp-block-column-is-layout-flow\">\n<div class=\"wp-block-group decigi-perfil\"><div class=\"wp-block-group__inner-container is-layout-constrained wp-block-group-is-layout-constrained\">\n<figure class=\"wp-block-image size-large decigi-perfil-foto\"><img decoding=\"async\" src=\"https:\/\/servicosweb.cnpq.br\/wspessoa\/servletrecuperafoto?tipo=1&amp;id=K4763471A4\" alt=\"\" \/><\/figure>\n\n\n\n<div class=\"wp-block-group decigi-perfil-info\"><div class=\"wp-block-group__inner-container is-layout-constrained wp-block-group-is-layout-constrained\">\n<h2 class=\"wp-block-heading\">Edson Ronaldo Guarido Filho<\/h2>\n\n\n\n<p>Gest\u00e3o da Informa\u00e7\u00e3o \u00b7 Administra\u00e7\u00e3o P\u00fablica \u00b7 Informa\u00e7\u00e3o e Direito<\/p>\n\n\n\n<div class=\"wp-block-buttons is-layout-flex wp-block-buttons-is-layout-flex\">\n<div class=\"wp-block-button\"><a class=\"wp-block-button__link wp-element-button\" href=\"http:\/\/lattes.cnpq.br\/2435628775717990\" target=\"_blank\" rel=\"noreferrer noopener\">Curr\u00edculo Lattes<\/a><\/div>\n\n\n\n<div class=\"wp-block-button\"><a class=\"wp-block-button__link wp-element-button\">ORCID<\/a><\/div>\n\n\n\n<div class=\"wp-block-button\"><a class=\"wp-block-button__link wp-element-button\">E-mail: edson.guarido@ufpr.br<\/a><\/div>\n<\/div>\n<\/div><\/div>\n<\/div><\/div>\n\n\n\n<div class=\"wp-block-group decigi-texto\"><div class=\"wp-block-group__inner-container is-layout-constrained wp-block-group-is-layout-constrained\">\n<h2 class=\"wp-block-heading\" id=\"apresentacao\">Apresenta\u00e7\u00e3o<\/h2>\n\n\n\n<p>Economista pela Universidade de S\u00e3o Paulo, mestre e doutor em Administra\u00e7\u00e3o pela Universidade Federal do Paran\u00e1, com p\u00f3s-doutorados em Administra\u00e7\u00e3o. Desenvolve atua\u00e7\u00e3o interdisciplinar entre Gest\u00e3o e Ci\u00eancia da Informa\u00e7\u00e3o, Administra\u00e7\u00e3o P\u00fablica, Estudos Organizacionais e Direito, com \u00eanfase em gest\u00e3o da informa\u00e7\u00e3o na esfera p\u00fablica, legitimidade organizacional, administra\u00e7\u00e3o da Justi\u00e7a e rela\u00e7\u00f5es entre informa\u00e7\u00e3o, direito e sociedade.<\/p>\n\n\n\n<h2 class=\"wp-block-heading\" id=\"areas\">\u00c1reas de atua\u00e7\u00e3o<\/h2>\n\n\n\n<div class=\"wp-block-group decigi-passos\"><div class=\"wp-block-group__inner-container is-layout-constrained wp-block-group-is-layout-constrained\">\n<div class=\"wp-block-group decigi-passo\"><div class=\"wp-block-group__inner-container is-layout-constrained wp-block-group-is-layout-constrained\">\n<p>#<\/p>\n\n\n\n<div class=\"wp-block-group decigi-passo-corpo\"><div class=\"wp-block-group__inner-container is-layout-constrained wp-block-group-is-layout-constrained\">\n<h2 class=\"wp-block-heading\">Gest\u00e3o da Informa\u00e7\u00e3o<\/h2>\n<\/div><\/div>\n<\/div><\/div>\n\n\n\n<div class=\"wp-block-group decigi-passo\"><div class=\"wp-block-group__inner-container is-layout-constrained wp-block-group-is-layout-constrained\">\n<p>#<\/p>\n\n\n\n<div class=\"wp-block-group decigi-passo-corpo\"><div class=\"wp-block-group__inner-container is-layout-constrained wp-block-group-is-layout-constrained\">\n<h2 class=\"wp-block-heading\">Administra\u00e7\u00e3o P\u00fablica<\/h2>\n<\/div><\/div>\n<\/div><\/div>\n\n\n\n<div class=\"wp-block-group decigi-passo\"><div class=\"wp-block-group__inner-container is-layout-constrained wp-block-group-is-layout-constrained\">\n<p>#<\/p>\n\n\n\n<div class=\"wp-block-group decigi-passo-corpo\"><div class=\"wp-block-group__inner-container is-layout-constrained wp-block-group-is-layout-constrained\">\n<h2 class=\"wp-block-heading\">Informa\u00e7\u00e3o, Direito e Sociedade<\/h2>\n<\/div><\/div>\n<\/div><\/div>\n\n\n\n<div class=\"wp-block-group decigi-passo\"><div class=\"wp-block-group__inner-container is-layout-constrained wp-block-group-is-layout-constrained\">\n<p>#<\/p>\n\n\n\n<div class=\"wp-block-group decigi-passo-corpo\"><div class=\"wp-block-group__inner-container is-layout-constrained wp-block-group-is-layout-constrained\">\n<h2 class=\"wp-block-heading\">Administra\u00e7\u00e3o da Justi\u00e7a<\/h2>\n<\/div><\/div>\n<\/div><\/div>\n\n\n\n<div class=\"wp-block-group decigi-passo\"><div class=\"wp-block-group__inner-container is-layout-constrained wp-block-group-is-layout-constrained\">\n<p>#<\/p>\n\n\n\n<div class=\"wp-block-group decigi-passo-corpo\"><div class=\"wp-block-group__inner-container is-layout-constrained wp-block-group-is-layout-constrained\">\n<h2 class=\"wp-block-heading\">Legitimidade Organizacional<\/h2>\n<\/div><\/div>\n<\/div><\/div>\n\n\n\n<div class=\"wp-block-group decigi-passo\"><div class=\"wp-block-group__inner-container is-layout-constrained wp-block-group-is-layout-constrained\">\n<p>#<\/p>\n\n\n\n<div class=\"wp-block-group decigi-passo-corpo\"><div class=\"wp-block-group__inner-container is-layout-constrained wp-block-group-is-layout-constrained\">\n<h2 class=\"wp-block-heading\">An\u00e1lise Institucional<\/h2>\n<\/div><\/div>\n<\/div><\/div>\n<\/div><\/div>\n\n\n\n<h2 class=\"wp-block-heading\" id=\"projetos\">Projetos e iniciativas<\/h2>\n\n\n\n<div class=\"wp-block-group decigi-blocos\"><div class=\"wp-block-group__inner-container is-layout-constrained wp-block-group-is-layout-constrained\">\n<div class=\"wp-block-columns is-layout-flex wp-container-core-columns-is-layout-1 wp-block-columns-is-layout-flex\">\n<div class=\"wp-block-column is-layout-flow wp-block-column-is-layout-flow\">\n<div class=\"wp-block-group decigi-bloco\"><div class=\"wp-block-group__inner-container is-layout-constrained wp-block-group-is-layout-constrained\">\n<p class=\"decigi-chips\">EXTENS\u00c3O<\/p>\n\n\n\n<h2 class=\"wp-block-heading\">Leg\u00edtimo &#8211; Observat\u00f3rio da Legitimidade de Organiza\u00e7\u00f5es da Justi\u00e7a<\/h2>\n\n\n\n<p>Monitora e analisa formas de apoio social \u00e0s organiza\u00e7\u00f5es da Justi\u00e7a, promovendo conhecimento sobre legitimidade, transpar\u00eancia e democracia.<\/p>\n<\/div><\/div>\n<\/div>\n\n\n\n<div class=\"wp-block-column is-layout-flow wp-block-column-is-layout-flow\">\n<div class=\"wp-block-group decigi-bloco\"><div class=\"wp-block-group__inner-container is-layout-constrained wp-block-group-is-layout-constrained\">\n<p class=\"decigi-chips\">EXTENS\u00c3O<\/p>\n\n\n\n<h2 class=\"wp-block-heading\">Infosfera &#8211; Ecossistema de Boas Pr\u00e1ticas de Gest\u00e3o da Informa\u00e7\u00e3o na Esfera P\u00fablica<\/h2>\n\n\n\n<p>Re\u00fane e dissemina boas pr\u00e1ticas de Gest\u00e3o da Informa\u00e7\u00e3o aplicadas \u00e0 administra\u00e7\u00e3o p\u00fablica.<\/p>\n<\/div><\/div>\n<\/div>\n\n\n\n<div class=\"wp-block-column is-layout-flow wp-block-column-is-layout-flow\">\n<div class=\"wp-block-group decigi-bloco\"><div class=\"wp-block-group__inner-container is-layout-constrained wp-block-group-is-layout-constrained\">\n<p class=\"decigi-chips\">GRUPO DE PESQUISA<\/p>\n\n\n\n<h2 class=\"wp-block-heading\">N\u00facleo de Pesquisa em Informa\u00e7\u00e3o, Direito e Sociedade &#8211; InfoJus<\/h2>\n\n\n\n<p>Desenvolve pesquisas sobre as rela\u00e7\u00f5es entre informa\u00e7\u00e3o, direito, organiza\u00e7\u00f5es e sociedade, com aten\u00e7\u00e3o \u00e0 Justi\u00e7a, legitimidade e pol\u00edticas p\u00fablicas.<\/p>\n<\/div><\/div>\n<\/div>\n<\/div>\n<\/div><\/div>\n<\/div><\/div>\n\n\n\n<p class=\"decigi-aviso\">Este perfil apresenta uma s\u00edntese da atua\u00e7\u00e3o acad\u00eamica do docente. Para informa\u00e7\u00f5es curriculares completas e atualizadas, consulte o Curr\u00edculo Lattes ou entre em contato diretamente com o docente.<\/p>\n<\/div>\n\n\n\n<div class=\"wp-block-column is-layout-flow wp-block-column-is-layout-flow\">\n<div class=\"wp-block-group decigi-indice decigi-so-desktop\"><div class=\"wp-block-group__inner-container is-layout-constrained wp-block-group-is-layout-constrained\">\n<div class=\"wp-block-buttons is-layout-flex wp-block-buttons-is-layout-flex\">\n<div class=\"wp-block-button\"><a class=\"wp-block-button__link wp-element-button\" href=\"#apresentacao\">Apresenta\u00e7\u00e3o<\/a><\/div>\n\n\n\n<div class=\"wp-block-button\"><a class=\"wp-block-button__link wp-element-button\" href=\"#areas\">\u00c1reas de atua\u00e7\u00e3o<\/a><\/div>\n\n\n\n<div class=\"wp-block-button\"><a class=\"wp-block-button__link wp-element-button\" href=\"#projetos\">Projetos e iniciativas<\/a><\/div>\n<\/div>\n<\/div><\/div>\n<\/div>\n<\/div>\n<\/div><\/div>\n<\/div><\/div>\n<\/div><\/div>\n<\/div><\/div>\n<\/div><\/div>\n","protected":false},"excerpt":{"rendered":"<p>In\u00edcio \/ Docentes \/ Edson Ronaldo Guarido Filho Perfil docente Forma\u00e7\u00e3o, atua\u00e7\u00e3o acad\u00eamica e iniciativas. Edson Ronaldo Guarido Filho Gest\u00e3o da Informa\u00e7\u00e3o \u00b7 Administra\u00e7\u00e3o P\u00fablica \u00b7 Informa\u00e7\u00e3o e Direito Apresenta\u00e7\u00e3o Economista pela Universidade de S\u00e3o Paulo, mestre e doutor em Administra\u00e7\u00e3o pela Universidade Federal do Paran\u00e1, com p\u00f3s-doutorados em Administra\u00e7\u00e3o. Desenvolve atua\u00e7\u00e3o interdisciplinar entre Gest\u00e3o [&hellip;]<\/p>\n","protected":false},"author":2858,"featured_media":0,"parent":13832,"menu_order":0,"comment_status":"closed","ping_status":"closed","template":"","meta":{"_acf_changed":false,"footnotes":""},"class_list":["post-14733","page","type-page","status-publish","hentry"],"acf":[],"_links":{"self":[{"href":"https:\/\/sociaisaplicadas.ufpr.br\/decigi\/wp-json\/wp\/v2\/pages\/14733","targetHints":{"allow":["GET"]}}],"collection":[{"href":"https:\/\/sociaisaplicadas.ufpr.br\/decigi\/wp-json\/wp\/v2\/pages"}],"about":[{"href":"https:\/\/sociaisaplicadas.ufpr.br\/decigi\/wp-json\/wp\/v2\/types\/page"}],"author":[{"embeddable":true,"href":"https:\/\/sociaisaplicadas.ufpr.br\/decigi\/wp-json\/wp\/v2\/users\/2858"}],"replies":[{"embeddable":true,"href":"https:\/\/sociaisaplicadas.ufpr.br\/decigi\/wp-json\/wp\/v2\/comments?post=14733"}],"version-history":[{"count":5,"href":"https:\/\/sociaisaplicadas.ufpr.br\/decigi\/wp-json\/wp\/v2\/pages\/14733\/revisions"}],"predecessor-version":[{"id":15611,"href":"https:\/\/sociaisaplicadas.ufpr.br\/decigi\/wp-json\/wp\/v2\/pages\/14733\/revisions\/15611"}],"up":[{"embeddable":true,"href":"https:\/\/sociaisaplicadas.ufpr.br\/decigi\/wp-json\/wp\/v2\/pages\/13832"}],"wp:attachment":[{"href":"https:\/\/sociaisaplicadas.ufpr.br\/decigi\/wp-json\/wp\/v2\/media?parent=14733"}],"curies":[{"name":"wp","href":"https:\/\/api.w.org\/{rel}","templated":true}]}}