{"id":15457,"date":"2026-08-31T14:02:17","date_gmt":"2026-08-31T17:02:17","guid":{"rendered":"https:\/\/sociaisaplicadas.ufpr.br\/decigi\/?page_id=15457"},"modified":"2026-08-31T14:21:14","modified_gmt":"2026-08-31T17:21:14","slug":"elder","status":"publish","type":"page","link":"https:\/\/sociaisaplicadas.ufpr.br\/decigi\/docentes\/elder\/","title":{"rendered":"E-L"},"content":{"rendered":"\n<div class=\"wp-block-group decigi-pagina-topo\"><div class=\"wp-block-group__inner-container is-layout-constrained wp-block-group-is-layout-constrained\">\n<p class=\"decigi-trilha\"><a href=\"https:\/\/sociaisaplicadas.ufpr.br\/decigi\/\">In\u00edcio <\/a>\/ <a href=\"https:\/\/sociaisaplicadas.ufpr.br\/decigi\/docentes\">Docentes <\/a>\/ <a href=\"https:\/\/sociaisaplicadas.ufpr.br\/decigi\/docentes\/elder\">Elder Lopes Barboza<\/a><\/p>\n\n\n\n<h1 class=\"wp-block-heading\">Perfil docente<\/h1>\n\n\n\n<p>Forma\u00e7\u00e3o, atua\u00e7\u00e3o acad\u00eamica e iniciativas.<\/p>\n<\/div><\/div>\n\n\n\n<div class=\"wp-block-group decigi-menu-interno decigi-so-mobile\"><div class=\"wp-block-group__inner-container is-layout-constrained wp-block-group-is-layout-constrained\">\n<div class=\"wp-block-buttons is-layout-flex wp-block-buttons-is-layout-flex\">\n<div class=\"wp-block-button\"><a class=\"wp-block-button__link wp-element-button\" href=\"#apresentacao\">Apresenta\u00e7\u00e3o<\/a><\/div>\n\n\n\n<div class=\"wp-block-button\"><a class=\"wp-block-button__link wp-element-button\" href=\"#areas\">\u00c1reas de atua\u00e7\u00e3o<\/a><\/div>\n\n\n\n<div class=\"wp-block-button\"><a class=\"wp-block-button__link wp-element-button\" href=\"#projetos\">Projetos e iniciativas<\/a><\/div>\n<\/div>\n<\/div><\/div>\n\n\n\n<div class=\"wp-block-group decigi-conteudo-lateral\"><div class=\"wp-block-group__inner-container is-layout-constrained wp-block-group-is-layout-constrained\">\n<div class=\"wp-block-columns is-layout-flex wp-container-core-columns-is-layout-2 wp-block-columns-is-layout-flex\">\n<div class=\"wp-block-column is-layout-flow wp-block-column-is-layout-flow\">\n<div class=\"wp-block-group decigi-perfil\"><div class=\"wp-block-group__inner-container is-layout-constrained wp-block-group-is-layout-constrained\">\n<figure class=\"wp-block-image size-large decigi-perfil-foto\"><a href=\"https:\/\/sociaisaplicadas.ufpr.br\/decigi\/wp-content\/uploads\/sites\/5\/2026\/05\/paulac.jpeg\"><img decoding=\"async\" src=\"http:\/\/servicosweb.cnpq.br\/wspessoa\/servletrecuperafoto?tipo=1&amp;id=K4428634D6\" alt=\"\" \/><\/a><\/figure>\n\n\n\n<div class=\"wp-block-group decigi-perfil-info\"><div class=\"wp-block-group__inner-container is-layout-constrained wp-block-group-is-layout-constrained\">\n<h2 class=\"wp-block-heading\">Elder Lopes Barboza<\/h2>\n\n\n\n<p>Gest\u00e3o da Informa\u00e7\u00e3o \u00b7 Fluxos de Informa\u00e7\u00e3o \u00b7 Gest\u00e3o do Conhecimento<\/p>\n\n\n\n<div class=\"wp-block-buttons is-layout-flex wp-block-buttons-is-layout-flex\">\n<div class=\"wp-block-button\"><a class=\"wp-block-button__link wp-element-button\" href=\"http:\/\/lattes.cnpq.br\/7723702205533095\" target=\"_blank\" rel=\"noreferrer noopener\">Curr\u00edculo Lattes<\/a><\/div>\n\n\n\n<div class=\"wp-block-button\"><a class=\"wp-block-button__link wp-element-button\" href=\"https:\/\/orcid.org\/0000-0003-0466-9038\" target=\"_blank\" rel=\"noreferrer noopener\">ORCID<\/a><\/div>\n\n\n\n<div class=\"wp-block-button\"><a class=\"wp-block-button__link wp-element-button\">E-mail: elder.barboza@ufpr.br&nbsp;&nbsp;<\/a><\/div>\n<\/div>\n<\/div><\/div>\n<\/div><\/div>\n\n\n\n<div class=\"wp-block-group decigi-texto\"><div class=\"wp-block-group__inner-container is-layout-constrained wp-block-group-is-layout-constrained\">\n<h2 class=\"wp-block-heading\" id=\"apresentacao\">Apresenta\u00e7\u00e3o<\/h2>\n\n\n\n<p>Doutor em Ci\u00eancia da Informa\u00e7\u00e3o pela UNESP, mestre em Estudos Fronteiri\u00e7os pela UFMS e bacharel em Biblioteconomia. Atua principalmente em Gest\u00e3o da Informa\u00e7\u00e3o, fluxos de informa\u00e7\u00e3o, Gest\u00e3o do Conhecimento, Intelig\u00eancia Organizacional, Gest\u00e3o de Documentos e servi\u00e7os de informa\u00e7\u00e3o.<\/p>\n\n\n\n<h2 class=\"wp-block-heading\" id=\"areas\">\u00c1reas de atua\u00e7\u00e3o<\/h2>\n\n\n\n<div class=\"wp-block-group\"><div class=\"wp-block-group__inner-container is-layout-constrained wp-block-group-is-layout-constrained\">\n<div class=\"wp-block-group decigi-passos\"><div class=\"wp-block-group__inner-container is-layout-constrained wp-block-group-is-layout-constrained\">\n<div class=\"wp-block-group decigi-passo\"><div class=\"wp-block-group__inner-container is-layout-constrained wp-block-group-is-layout-constrained\">\n<p>#<\/p>\n\n\n\n<div class=\"wp-block-group decigi-passo-corpo\"><div class=\"wp-block-group__inner-container is-layout-constrained wp-block-group-is-layout-constrained\">\n<h2 class=\"wp-block-heading\"><strong><strong>Gest\u00e3o da Informa\u00e7\u00e3o<\/strong><\/strong><\/h2>\n<\/div><\/div>\n<\/div><\/div>\n\n\n\n<div class=\"wp-block-group decigi-passo\"><div class=\"wp-block-group__inner-container is-layout-constrained wp-block-group-is-layout-constrained\">\n<p>#<\/p>\n\n\n\n<div class=\"wp-block-group decigi-passo-corpo\"><div class=\"wp-block-group__inner-container is-layout-constrained wp-block-group-is-layout-constrained\">\n<h2 class=\"wp-block-heading\"><strong><strong>Fluxos de Informa\u00e7\u00e3o<\/strong><\/strong><\/h2>\n<\/div><\/div>\n<\/div><\/div>\n\n\n\n<div class=\"wp-block-group decigi-passo\"><div class=\"wp-block-group__inner-container is-layout-constrained wp-block-group-is-layout-constrained\">\n<p>#<\/p>\n\n\n\n<div class=\"wp-block-group decigi-passo-corpo\"><div class=\"wp-block-group__inner-container is-layout-constrained wp-block-group-is-layout-constrained\">\n<h2 class=\"wp-block-heading\"><strong><strong>Gest\u00e3o do Conhecimento<\/strong><\/strong><\/h2>\n<\/div><\/div>\n<\/div><\/div>\n\n\n\n<div class=\"wp-block-group decigi-passo\"><div class=\"wp-block-group__inner-container is-layout-constrained wp-block-group-is-layout-constrained\">\n<p>#<\/p>\n\n\n\n<div class=\"wp-block-group decigi-passo-corpo\"><div class=\"wp-block-group__inner-container is-layout-constrained wp-block-group-is-layout-constrained\">\n<h2 class=\"wp-block-heading\"><strong><strong>Intelig\u00eancia Organizacional<\/strong><\/strong><\/h2>\n<\/div><\/div>\n<\/div><\/div>\n\n\n\n<div class=\"wp-block-group decigi-passo\"><div class=\"wp-block-group__inner-container is-layout-constrained wp-block-group-is-layout-constrained\">\n<p>#<\/p>\n\n\n\n<div class=\"wp-block-group decigi-passo-corpo\"><div class=\"wp-block-group__inner-container is-layout-constrained wp-block-group-is-layout-constrained\">\n<h2 class=\"wp-block-heading\"><strong><strong>Gest\u00e3o de Documentos<\/strong><\/strong><\/h2>\n<\/div><\/div>\n<\/div><\/div>\n\n\n\n<div class=\"wp-block-group decigi-passo\"><div class=\"wp-block-group__inner-container is-layout-constrained wp-block-group-is-layout-constrained\">\n<p>#<\/p>\n\n\n\n<div class=\"wp-block-group decigi-passo-corpo\"><div class=\"wp-block-group__inner-container is-layout-constrained wp-block-group-is-layout-constrained\">\n<h2 class=\"wp-block-heading\"><strong><strong>Servi\u00e7os de Informa\u00e7\u00e3o<\/strong><\/strong><\/h2>\n<\/div><\/div>\n<\/div><\/div>\n\n\n\n<div class=\"wp-block-group decigi-passo\"><div class=\"wp-block-group__inner-container is-layout-constrained wp-block-group-is-layout-constrained\">\n<p>#<\/p>\n\n\n\n<div class=\"wp-block-group decigi-passo-corpo\"><div class=\"wp-block-group__inner-container is-layout-constrained wp-block-group-is-layout-constrained\">\n<h2 class=\"wp-block-heading\"><strong><strong>Profissional da Informa\u00e7\u00e3o<\/strong><\/strong><\/h2>\n<\/div><\/div>\n<\/div><\/div>\n<\/div><\/div>\n<\/div><\/div>\n\n\n\n<h2 class=\"wp-block-heading\" id=\"projetos\">Projetos vinculados<\/h2>\n\n\n\n<div class=\"wp-block-group decigi-blocos\"><div class=\"wp-block-group__inner-container is-layout-constrained wp-block-group-is-layout-constrained\">\n<div class=\"wp-block-columns is-layout-flex wp-container-core-columns-is-layout-1 wp-block-columns-is-layout-flex\">\n<div class=\"wp-block-column is-layout-flow wp-block-column-is-layout-flow\">\n<div class=\"wp-block-group decigi-bloco\"><div class=\"wp-block-group__inner-container is-layout-constrained wp-block-group-is-layout-constrained\">\n<p class=\"decigi-chips\">PESQUISA<\/p>\n\n\n\n<h2 class=\"wp-block-heading\">Fluxos de informa\u00e7\u00e3o nas organiza\u00e7\u00f5es<\/h2>\n\n\n\n<p>Investiga os fluxos de informa\u00e7\u00e3o nas organiza\u00e7\u00f5es e sua rela\u00e7\u00e3o com pr\u00e1ticas de Gest\u00e3o da Informa\u00e7\u00e3o, considerando a informa\u00e7\u00e3o como recurso estrat\u00e9gico para a tomada de decis\u00e3o.<\/p>\n<\/div><\/div>\n<\/div>\n\n\n\n<div class=\"wp-block-column is-layout-flow wp-block-column-is-layout-flow\">\n<div class=\"wp-block-group decigi-bloco\"><div class=\"wp-block-group__inner-container is-layout-constrained wp-block-group-is-layout-constrained\">\n<p class=\"decigi-chips\">EXTENS\u00c3O<\/p>\n\n\n\n<h2 class=\"wp-block-heading\">Compartilhamento de conhecimento por meio de ferramentas de streaming<\/h2>\n\n\n\n<p>Promove o compartilhamento e a democratiza\u00e7\u00e3o do acesso ao conhecimento por meio de transmiss\u00f5es online de eventos acad\u00eamicos para a comunidade interna e externa.<\/p>\n<\/div><\/div>\n<\/div>\n<\/div>\n<\/div><\/div>\n<\/div><\/div>\n\n\n\n<p class=\"decigi-aviso\">Para informa\u00e7\u00f5es curriculares completas e atualizadas, consulte o Curr\u00edculo Lattes. Para quest\u00f5es espec\u00edficas, entre em contato diretamente com o docente.<\/p>\n<\/div>\n\n\n\n<div class=\"wp-block-column is-layout-flow wp-block-column-is-layout-flow\">\n<div class=\"wp-block-group decigi-indice decigi-so-desktop\"><div class=\"wp-block-group__inner-container is-layout-constrained wp-block-group-is-layout-constrained\">\n<div class=\"wp-block-buttons is-layout-flex wp-block-buttons-is-layout-flex\">\n<div class=\"wp-block-button\"><a class=\"wp-block-button__link wp-element-button\" href=\"#apresentacao\">Apresenta\u00e7\u00e3o<\/a><\/div>\n\n\n\n<div class=\"wp-block-button\"><a class=\"wp-block-button__link wp-element-button\" href=\"#areas\">\u00c1reas de atua\u00e7\u00e3o<\/a><\/div>\n\n\n\n<div class=\"wp-block-button\"><a class=\"wp-block-button__link wp-element-button\" href=\"#projetos\">Projetos e iniciativas<\/a><\/div>\n<\/div>\n<\/div><\/div>\n<\/div>\n<\/div>\n<\/div><\/div>\n","protected":false},"excerpt":{"rendered":"<p>In\u00edcio \/ Docentes \/ Elder Lopes Barboza Perfil docente Forma\u00e7\u00e3o, atua\u00e7\u00e3o acad\u00eamica e iniciativas. Elder Lopes Barboza Gest\u00e3o da Informa\u00e7\u00e3o \u00b7 Fluxos de Informa\u00e7\u00e3o \u00b7 Gest\u00e3o do Conhecimento Apresenta\u00e7\u00e3o Doutor em Ci\u00eancia da Informa\u00e7\u00e3o pela UNESP, mestre em Estudos Fronteiri\u00e7os pela UFMS e bacharel em Biblioteconomia. Atua principalmente em Gest\u00e3o da Informa\u00e7\u00e3o, fluxos de informa\u00e7\u00e3o, [&hellip;]<\/p>\n","protected":false},"author":2858,"featured_media":0,"parent":13832,"menu_order":0,"comment_status":"closed","ping_status":"closed","template":"","meta":{"_acf_changed":false,"footnotes":""},"class_list":["post-15457","page","type-page","status-publish","hentry"],"acf":[],"_links":{"self":[{"href":"https:\/\/sociaisaplicadas.ufpr.br\/decigi\/wp-json\/wp\/v2\/pages\/15457","targetHints":{"allow":["GET"]}}],"collection":[{"href":"https:\/\/sociaisaplicadas.ufpr.br\/decigi\/wp-json\/wp\/v2\/pages"}],"about":[{"href":"https:\/\/sociaisaplicadas.ufpr.br\/decigi\/wp-json\/wp\/v2\/types\/page"}],"author":[{"embeddable":true,"href":"https:\/\/sociaisaplicadas.ufpr.br\/decigi\/wp-json\/wp\/v2\/users\/2858"}],"replies":[{"embeddable":true,"href":"https:\/\/sociaisaplicadas.ufpr.br\/decigi\/wp-json\/wp\/v2\/comments?post=15457"}],"version-history":[{"count":2,"href":"https:\/\/sociaisaplicadas.ufpr.br\/decigi\/wp-json\/wp\/v2\/pages\/15457\/revisions"}],"predecessor-version":[{"id":15497,"href":"https:\/\/sociaisaplicadas.ufpr.br\/decigi\/wp-json\/wp\/v2\/pages\/15457\/revisions\/15497"}],"up":[{"embeddable":true,"href":"https:\/\/sociaisaplicadas.ufpr.br\/decigi\/wp-json\/wp\/v2\/pages\/13832"}],"wp:attachment":[{"href":"https:\/\/sociaisaplicadas.ufpr.br\/decigi\/wp-json\/wp\/v2\/media?parent=15457"}],"curies":[{"name":"wp","href":"https:\/\/api.w.org\/{rel}","templated":true}]}}