{"id":15501,"date":"2026-08-31T14:33:22","date_gmt":"2026-08-31T17:33:22","guid":{"rendered":"https:\/\/sociaisaplicadas.ufpr.br\/decigi\/?page_id=15501"},"modified":"2026-08-31T14:33:22","modified_gmt":"2026-08-31T17:33:22","slug":"andre","status":"publish","type":"page","link":"https:\/\/sociaisaplicadas.ufpr.br\/decigi\/andre\/","title":{"rendered":"A-A"},"content":{"rendered":"\n<div class=\"wp-block-group decigi-pagina-topo\"><div class=\"wp-block-group__inner-container is-layout-constrained wp-block-group-is-layout-constrained\">\n<p class=\"decigi-trilha\"><a href=\"https:\/\/sociaisaplicadas.ufpr.br\/decigi\/\">In\u00edcio <\/a>\/ <a href=\"https:\/\/sociaisaplicadas.ufpr.br\/decigi\/docentes\">Docentes <\/a>\/ <a href=\"https:\/\/sociaisaplicadas.ufpr.br\/decigi\/docentes\/andre\">Andre Vieira de Freitas Araujo<\/a><\/p>\n\n\n\n<h1 class=\"wp-block-heading\">Perfil docente<\/h1>\n\n\n\n<p>Forma\u00e7\u00e3o, atua\u00e7\u00e3o acad\u00eamica e iniciativas.<\/p>\n<\/div><\/div>\n\n\n\n<div class=\"wp-block-group decigi-menu-interno decigi-so-mobile\"><div class=\"wp-block-group__inner-container is-layout-constrained wp-block-group-is-layout-constrained\">\n<div class=\"wp-block-buttons is-layout-flex wp-block-buttons-is-layout-flex\">\n<div class=\"wp-block-button\"><a class=\"wp-block-button__link wp-element-button\" href=\"#apresentacao\">Apresenta\u00e7\u00e3o<\/a><\/div>\n\n\n\n<div class=\"wp-block-button\"><a class=\"wp-block-button__link wp-element-button\" href=\"#areas\">\u00c1reas de atua\u00e7\u00e3o<\/a><\/div>\n\n\n\n<div class=\"wp-block-button\"><a class=\"wp-block-button__link wp-element-button\" href=\"#projetos\">Projetos e iniciativas<\/a><\/div>\n<\/div>\n<\/div><\/div>\n\n\n\n<div class=\"wp-block-group decigi-conteudo-lateral\"><div class=\"wp-block-group__inner-container is-layout-constrained wp-block-group-is-layout-constrained\">\n<div class=\"wp-block-columns is-layout-flex wp-container-core-columns-is-layout-2 wp-block-columns-is-layout-flex\">\n<div class=\"wp-block-column is-layout-flow wp-block-column-is-layout-flow\">\n<div class=\"wp-block-group decigi-perfil\"><div class=\"wp-block-group__inner-container is-layout-constrained wp-block-group-is-layout-constrained\">\n<figure class=\"wp-block-image size-large decigi-perfil-foto\"><a href=\"https:\/\/sociaisaplicadas.ufpr.br\/decigi\/wp-content\/uploads\/sites\/5\/2026\/05\/luciano.jpeg\"><img decoding=\"async\" src=\"http:\/\/servicosweb.cnpq.br\/wspessoa\/servletrecuperafoto?tipo=1&amp;id=K4327747Z6\" alt=\"\" \/><\/a><\/figure>\n\n\n\n<div class=\"wp-block-group decigi-perfil-info\"><div class=\"wp-block-group__inner-container is-layout-constrained wp-block-group-is-layout-constrained\">\n<h2 class=\"wp-block-heading\">Andre Vieira de Freitas Araujo<\/h2>\n\n\n\n<p>Bibliografia \u00b7 Organiza\u00e7\u00e3o do Conhecimento \u00b7 Patrim\u00f4nio Bibliogr\u00e1fico<\/p>\n\n\n\n<div class=\"wp-block-buttons is-layout-flex wp-block-buttons-is-layout-flex\">\n<div class=\"wp-block-button\"><a class=\"wp-block-button__link wp-element-button\" href=\"http:\/\/lattes.cnpq.br\/7551780669212379\" target=\"_blank\" rel=\"noreferrer noopener\">Curr\u00edculo Lattes<\/a><\/div>\n\n\n\n<div class=\"wp-block-button\"><a class=\"wp-block-button__link wp-element-button\" href=\"https:\/\/orcid.org\/0000-0002-3003-7424\" target=\"_blank\" rel=\"noreferrer noopener\">ORCID<\/a><\/div>\n\n\n\n<div class=\"wp-block-button\"><a class=\"wp-block-button__link wp-element-button\">E-mail: andre.freitas@ufpr.br\u00a0 \u00a0\u00a0\u00a0<\/a><\/div>\n<\/div>\n<\/div><\/div>\n<\/div><\/div>\n\n\n\n<div class=\"wp-block-group decigi-texto\"><div class=\"wp-block-group__inner-container is-layout-constrained wp-block-group-is-layout-constrained\">\n<h2 class=\"wp-block-heading\" id=\"apresentacao\">Apresenta\u00e7\u00e3o<\/h2>\n\n\n\n<p>Doutor em Ci\u00eancia da Informa\u00e7\u00e3o pela Universidade de S\u00e3o Paulo (USP), com per\u00edodo de doutorado sandu\u00edche na Universit\u00e0 di Bologna, mestre em Hist\u00f3ria Social pela USP e bacharel em Biblioteconomia e Documenta\u00e7\u00e3o pela UNESP. Desenvolve estudos principalmente sobre Bibliografia, Organiza\u00e7\u00e3o do Conhecimento, informa\u00e7\u00e3o e cultura, patrim\u00f4nio e mem\u00f3ria, hist\u00f3ria do livro e das bibliotecas, gest\u00e3o e preserva\u00e7\u00e3o documental.<\/p>\n\n\n\n<h2 class=\"wp-block-heading\" id=\"areas\">\u00c1reas de atua\u00e7\u00e3o<\/h2>\n\n\n\n<div class=\"wp-block-group\"><div class=\"wp-block-group__inner-container is-layout-constrained wp-block-group-is-layout-constrained\">\n<div class=\"wp-block-group decigi-passos\"><div class=\"wp-block-group__inner-container is-layout-constrained wp-block-group-is-layout-constrained\">\n<div class=\"wp-block-group decigi-passo\"><div class=\"wp-block-group__inner-container is-layout-constrained wp-block-group-is-layout-constrained\">\n<p>#<\/p>\n\n\n\n<div class=\"wp-block-group decigi-passo-corpo\"><div class=\"wp-block-group__inner-container is-layout-constrained wp-block-group-is-layout-constrained\">\n<h2 class=\"wp-block-heading\"><strong><strong><strong><strong>Bibliografia: Hist\u00f3ria e Teoria<\/strong><\/strong><\/strong><\/strong><\/h2>\n<\/div><\/div>\n<\/div><\/div>\n\n\n\n<div class=\"wp-block-group decigi-passo\"><div class=\"wp-block-group__inner-container is-layout-constrained wp-block-group-is-layout-constrained\">\n<p>#<\/p>\n\n\n\n<div class=\"wp-block-group decigi-passo-corpo\"><div class=\"wp-block-group__inner-container is-layout-constrained wp-block-group-is-layout-constrained\">\n<h2 class=\"wp-block-heading\"><strong><strong><strong><strong>Bibliografia Hist\u00f3rica<\/strong><\/strong><\/strong><\/strong><\/h2>\n<\/div><\/div>\n<\/div><\/div>\n\n\n\n<div class=\"wp-block-group decigi-passo\"><div class=\"wp-block-group__inner-container is-layout-constrained wp-block-group-is-layout-constrained\">\n<p>#<\/p>\n\n\n\n<div class=\"wp-block-group decigi-passo-corpo\"><div class=\"wp-block-group__inner-container is-layout-constrained wp-block-group-is-layout-constrained\">\n<h2 class=\"wp-block-heading\"><strong><strong><strong><strong>Informa\u00e7\u00e3o e Cultura<\/strong><\/strong><\/strong><\/strong><\/h2>\n<\/div><\/div>\n<\/div><\/div>\n\n\n\n<div class=\"wp-block-group decigi-passo\"><div class=\"wp-block-group__inner-container is-layout-constrained wp-block-group-is-layout-constrained\">\n<p>#<\/p>\n\n\n\n<div class=\"wp-block-group decigi-passo-corpo\"><div class=\"wp-block-group__inner-container is-layout-constrained wp-block-group-is-layout-constrained\">\n<h2 class=\"wp-block-heading\"><strong><strong><strong>Organiza\u00e7\u00e3o do Conhecimento<\/strong><\/strong><\/strong><\/h2>\n<\/div><\/div>\n<\/div><\/div>\n\n\n\n<div class=\"wp-block-group decigi-passo\"><div class=\"wp-block-group__inner-container is-layout-constrained wp-block-group-is-layout-constrained\">\n<p>#<\/p>\n\n\n\n<div class=\"wp-block-group decigi-passo-corpo\"><div class=\"wp-block-group__inner-container is-layout-constrained wp-block-group-is-layout-constrained\">\n<h2 class=\"wp-block-heading\"><strong><strong><strong><strong>Patrim\u00f4nio e Mem\u00f3ria<\/strong><\/strong><\/strong><\/strong><\/h2>\n<\/div><\/div>\n<\/div><\/div>\n\n\n\n<div class=\"wp-block-group decigi-passo\"><div class=\"wp-block-group__inner-container is-layout-constrained wp-block-group-is-layout-constrained\">\n<p>#<\/p>\n\n\n\n<div class=\"wp-block-group decigi-passo-corpo\"><div class=\"wp-block-group__inner-container is-layout-constrained wp-block-group-is-layout-constrained\">\n<h2 class=\"wp-block-heading\"><strong><strong><strong><strong>Hist\u00f3ria do Livro e das Bibliotecas<\/strong><\/strong><\/strong><\/strong><\/h2>\n<\/div><\/div>\n<\/div><\/div>\n\n\n\n<div class=\"wp-block-group decigi-passo\"><div class=\"wp-block-group__inner-container is-layout-constrained wp-block-group-is-layout-constrained\">\n<p>#<\/p>\n\n\n\n<div class=\"wp-block-group decigi-passo-corpo\"><div class=\"wp-block-group__inner-container is-layout-constrained wp-block-group-is-layout-constrained\">\n<h2 class=\"wp-block-heading\"><strong><strong><strong><strong>Patrim\u00f4nio Bibliogr\u00e1fico<\/strong><\/strong><\/strong><\/strong><\/h2>\n<\/div><\/div>\n<\/div><\/div>\n\n\n\n<div class=\"wp-block-group decigi-passo\"><div class=\"wp-block-group__inner-container is-layout-constrained wp-block-group-is-layout-constrained\">\n<p>#<\/p>\n\n\n\n<div class=\"wp-block-group decigi-passo-corpo\"><div class=\"wp-block-group__inner-container is-layout-constrained wp-block-group-is-layout-constrained\">\n<h2 class=\"wp-block-heading\"><strong><strong><strong><strong>Gest\u00e3o de Documentos<\/strong><\/strong><\/strong><\/strong><\/h2>\n<\/div><\/div>\n<\/div><\/div>\n\n\n\n<div class=\"wp-block-group decigi-passo\"><div class=\"wp-block-group__inner-container is-layout-constrained wp-block-group-is-layout-constrained\">\n<p>#<\/p>\n\n\n\n<div class=\"wp-block-group decigi-passo-corpo\"><div class=\"wp-block-group__inner-container is-layout-constrained wp-block-group-is-layout-constrained\">\n<h2 class=\"wp-block-heading\"><strong><strong><strong><strong>Gest\u00e3o T\u00e9cnica de Projetos de Documenta\u00e7\u00e3o e Arquivologia<\/strong><\/strong><\/strong><\/strong><\/h2>\n<\/div><\/div>\n<\/div><\/div>\n\n\n\n<div class=\"wp-block-group decigi-passo\"><div class=\"wp-block-group__inner-container is-layout-constrained wp-block-group-is-layout-constrained\">\n<p>#<\/p>\n\n\n\n<div class=\"wp-block-group decigi-passo-corpo\"><div class=\"wp-block-group__inner-container is-layout-constrained wp-block-group-is-layout-constrained\">\n<h2 class=\"wp-block-heading\"><strong><strong><strong><strong><strong>Preserva\u00e7\u00e3o Documental<\/strong><\/strong><\/strong><\/strong><\/strong><\/h2>\n<\/div><\/div>\n<\/div><\/div>\n\n\n\n<div class=\"wp-block-group decigi-passo\"><div class=\"wp-block-group__inner-container is-layout-constrained wp-block-group-is-layout-constrained\">\n<p>#<\/p>\n\n\n\n<div class=\"wp-block-group decigi-passo-corpo\"><div class=\"wp-block-group__inner-container is-layout-constrained wp-block-group-is-layout-constrained\">\n<h2 class=\"wp-block-heading\"><strong><strong><strong><strong>Bibliotecas e Arquivos Beneditinos<\/strong><\/strong><\/strong><\/strong><\/h2>\n<\/div><\/div>\n<\/div><\/div>\n<\/div><\/div>\n<\/div><\/div>\n\n\n\n<h2 class=\"wp-block-heading\" id=\"projetos\">Projetos vinculados<\/h2>\n\n\n\n<div class=\"wp-block-group decigi-blocos\"><div class=\"wp-block-group__inner-container is-layout-constrained wp-block-group-is-layout-constrained\">\n<div class=\"wp-block-columns is-layout-flex wp-container-core-columns-is-layout-1 wp-block-columns-is-layout-flex\">\n<div class=\"wp-block-column is-layout-flow wp-block-column-is-layout-flow\">\n<div class=\"wp-block-group decigi-bloco\"><div class=\"wp-block-group__inner-container is-layout-constrained wp-block-group-is-layout-constrained\">\n<p class=\"decigi-chips\">PESQUISA<\/p>\n\n\n\n<h2 class=\"wp-block-heading\">A natureza e a visibilidade da Bibliografia no Brasil: um estudo a partir do Semin\u00e1rio Internacional A Arte da Bibliografia<\/h2>\n\n\n\n<p>Investiga a constitui\u00e7\u00e3o, a produ\u00e7\u00e3o cient\u00edfica e a visibilidade da Bibliografia no Brasil a partir da trajet\u00f3ria e da documenta\u00e7\u00e3o do Semin\u00e1rio Internacional A Arte da Bibliografia.<\/p>\n<\/div><\/div>\n<\/div>\n\n\n\n<div class=\"wp-block-column is-layout-flow wp-block-column-is-layout-flow\">\n<div class=\"wp-block-group decigi-bloco\"><div class=\"wp-block-group__inner-container is-layout-constrained wp-block-group-is-layout-constrained\">\n<p class=\"decigi-chips\">PROJETO INSTITUCIONAL<\/p>\n\n\n\n<h2 class=\"wp-block-heading\">Tratamento, salvaguarda e pesquisa aplicada em acervo acad\u00eamico do Ensino Superior<\/h2>\n\n\n\n<p>Atua na defini\u00e7\u00e3o de metodologias, execu\u00e7\u00e3o t\u00e9cnica e gest\u00e3o da equipe respons\u00e1vel pelo tratamento e salvaguarda de acervos acad\u00eamicos de institui\u00e7\u00f5es de Ensino Superior.<\/p>\n<\/div><\/div>\n<\/div>\n\n\n\n<div class=\"wp-block-column is-layout-flow wp-block-column-is-layout-flow\">\n<div class=\"wp-block-group decigi-bloco\"><div class=\"wp-block-group__inner-container is-layout-constrained wp-block-group-is-layout-constrained\">\n<p class=\"decigi-chips\">PROJETO INSTITUCIONAL<\/p>\n\n\n\n<h2 class=\"wp-block-heading\">Gest\u00e3o Documental &#8211; Regulariza\u00e7\u00e3o Fundi\u00e1ria das Ocupa\u00e7\u00f5es Incidentes em \u00c1reas Rurais da Uni\u00e3o e do INCRA no Paran\u00e1<\/h2>\n\n\n\n<p>Atua na gest\u00e3o documental do projeto de regulariza\u00e7\u00e3o fundi\u00e1ria, com atividades relacionadas \u00e0 organiza\u00e7\u00e3o e ao tratamento da documenta\u00e7\u00e3o vinculada \u00e0s \u00e1reas rurais da Uni\u00e3o e do INCRA no Paran\u00e1.<\/p>\n<\/div><\/div>\n<\/div>\n<\/div>\n<\/div><\/div>\n<\/div><\/div>\n\n\n\n<p class=\"decigi-aviso\">Para informa\u00e7\u00f5es curriculares completas e atualizadas, consulte o Curr\u00edculo Lattes. Para quest\u00f5es espec\u00edficas, entre em contato diretamente com o docente.<\/p>\n<\/div>\n\n\n\n<div class=\"wp-block-column is-layout-flow wp-block-column-is-layout-flow\">\n<div class=\"wp-block-group decigi-indice decigi-so-desktop\"><div class=\"wp-block-group__inner-container is-layout-constrained wp-block-group-is-layout-constrained\">\n<div class=\"wp-block-buttons is-layout-flex wp-block-buttons-is-layout-flex\">\n<div class=\"wp-block-button\"><a class=\"wp-block-button__link wp-element-button\" href=\"#apresentacao\">Apresenta\u00e7\u00e3o<\/a><\/div>\n\n\n\n<div class=\"wp-block-button\"><a class=\"wp-block-button__link wp-element-button\" href=\"#areas\">\u00c1reas de atua\u00e7\u00e3o<\/a><\/div>\n\n\n\n<div class=\"wp-block-button\"><a class=\"wp-block-button__link wp-element-button\" href=\"#projetos\">Projetos e iniciativas<\/a><\/div>\n<\/div>\n<\/div><\/div>\n<\/div>\n<\/div>\n<\/div><\/div>\n","protected":false},"excerpt":{"rendered":"<p>In\u00edcio \/ Docentes \/ Andre Vieira de Freitas Araujo Perfil docente Forma\u00e7\u00e3o, atua\u00e7\u00e3o acad\u00eamica e iniciativas. Andre Vieira de Freitas Araujo Bibliografia \u00b7 Organiza\u00e7\u00e3o do Conhecimento \u00b7 Patrim\u00f4nio Bibliogr\u00e1fico Apresenta\u00e7\u00e3o Doutor em Ci\u00eancia da Informa\u00e7\u00e3o pela Universidade de S\u00e3o Paulo (USP), com per\u00edodo de doutorado sandu\u00edche na Universit\u00e0 di Bologna, mestre em Hist\u00f3ria Social pela [&hellip;]<\/p>\n","protected":false},"author":2858,"featured_media":0,"parent":0,"menu_order":0,"comment_status":"closed","ping_status":"closed","template":"","meta":{"_acf_changed":false,"footnotes":""},"class_list":["post-15501","page","type-page","status-publish","hentry"],"acf":[],"_links":{"self":[{"href":"https:\/\/sociaisaplicadas.ufpr.br\/decigi\/wp-json\/wp\/v2\/pages\/15501","targetHints":{"allow":["GET"]}}],"collection":[{"href":"https:\/\/sociaisaplicadas.ufpr.br\/decigi\/wp-json\/wp\/v2\/pages"}],"about":[{"href":"https:\/\/sociaisaplicadas.ufpr.br\/decigi\/wp-json\/wp\/v2\/types\/page"}],"author":[{"embeddable":true,"href":"https:\/\/sociaisaplicadas.ufpr.br\/decigi\/wp-json\/wp\/v2\/users\/2858"}],"replies":[{"embeddable":true,"href":"https:\/\/sociaisaplicadas.ufpr.br\/decigi\/wp-json\/wp\/v2\/comments?post=15501"}],"version-history":[{"count":1,"href":"https:\/\/sociaisaplicadas.ufpr.br\/decigi\/wp-json\/wp\/v2\/pages\/15501\/revisions"}],"predecessor-version":[{"id":15502,"href":"https:\/\/sociaisaplicadas.ufpr.br\/decigi\/wp-json\/wp\/v2\/pages\/15501\/revisions\/15502"}],"wp:attachment":[{"href":"https:\/\/sociaisaplicadas.ufpr.br\/decigi\/wp-json\/wp\/v2\/media?parent=15501"}],"curies":[{"name":"wp","href":"https:\/\/api.w.org\/{rel}","templated":true}]}}