{"id":4693,"date":"2022-09-21T13:15:12","date_gmt":"2022-09-21T13:15:12","guid":{"rendered":"https:\/\/sociaisaplicadas.ufpr.br\/decigi\/?page_id=4693"},"modified":"2025-07-09T13:20:28","modified_gmt":"2025-07-09T16:20:28","slug":"iniciacao-cientifica","status":"publish","type":"page","link":"https:\/\/sociaisaplicadas.ufpr.br\/decigi\/para-alunos\/editais-para-alunos\/iniciacao-cientifica\/","title":{"rendered":"Editais de Inicia\u00e7\u00e3o Cient\u00edfica"},"content":{"rendered":"\n<p><\/p>\n\n\n<ul>\n<li><a href=\"https:\/\/sociaisaplicadas.ufpr.br\/decigi\/wp-content\/uploads\/sites\/5\/2025\/06\/SEI_7886470_Edital_01.pdf\"><span style=\"font-family: arial, helvetica, sans-serif\"><strong><b>EDITAL &#8211; SELE\u00c7\u00c3O DE ALUNO DE INICIA\u00c7\u00c3O CIENT\u00cdFICA<\/b><\/strong><\/span><\/a>\u00a0<\/li>\n<li><a href=\"https:\/\/sociaisaplicadas.ufpr.br\/decigi\/wp-content\/uploads\/sites\/5\/2025\/07\/SEI_7924118_Edital_2-1.pdf\">Resultado<\/a> <span style=\"color: #ff0000\"><strong>*NOVO<\/strong><\/span><\/li>\n<li><span style=\"font-family: arial, helvetica, sans-serif;color: #000000\"><strong>Projeto:<\/strong> Gest\u00e3o da Informa\u00e7\u00e3o em cidades inteligentes<\/span><\/li>\n<li><span style=\"font-family: arial, helvetica, sans-serif;color: #000000\"><strong>Modalidade:<\/strong> <span style=\"font-weight: 400\">PIBIC<\/span><\/span><\/li>\n<li><span style=\"font-family: arial, helvetica, sans-serif;color: #000000\"><strong>P\u00fablico-alvo: <\/strong>Discentes dos cursos de Gradua\u00e7\u00e3o em Gest\u00e3o da Informa\u00e7\u00e3o; <br \/>Administra\u00e7\u00e3o e Ci\u00eancias Econ\u00f4micas da Universidade Federal do Paran\u00e1.<\/span><\/li>\n<li><span style=\"font-family: arial, helvetica, sans-serif;color: #000000\"><strong>Coordena\u00e7\u00e3o e orienta\u00e7\u00e3o:<\/strong> Prof\u00aa. Dr\u00aa. Taiane Ritta Coelho <\/span><\/li>\n<li>Demais informa\u00e7\u00f5es no edital<\/li>\n<\/ul>\n<hr \/>\n<ul>\n<li><a href=\"https:\/\/sociaisaplicadas.ufpr.br\/decigi\/wp-content\/uploads\/sites\/5\/2025\/06\/SEI_7876207_Edital_01.pdf\"><span style=\"font-family: arial, helvetica, sans-serif\"><strong><b>EDITAL &#8211; SELE\u00c7\u00c3O DE ALUNO DE INICIA\u00c7\u00c3O CIENT\u00cdFICA<\/b><\/strong><\/span><\/a>\u00a0<\/li>\n<li><strong><a href=\"https:\/\/sociaisaplicadas.ufpr.br\/decigi\/wp-content\/uploads\/sites\/5\/2025\/06\/SEI_7905172_Edital_02.pdf\"><span style=\"color: #ff0000\"><span style=\"color: #0539a8\">Inscri\u00e7\u00f5es Homologadas<\/span>\u00a0<\/span><\/a><\/strong><\/li>\n<li><a href=\"https:\/\/sociaisaplicadas.ufpr.br\/decigi\/wp-content\/uploads\/sites\/5\/2025\/07\/SEI_7905463_Edital_03.pdf\">Resultado<\/a> <span style=\"color: #ff0000\"><strong>*NOVO<\/strong><\/span><\/li>\n<li><span style=\"font-family: arial, helvetica, sans-serif;color: #000000\"><strong>Projeto:<\/strong> Fluxos de Informa\u00e7\u00e3o nas Organiza\u00e7\u00f5es<\/span><\/li>\n<li><span style=\"font-family: arial, helvetica, sans-serif;color: #000000\"><strong>Modalidade:<\/strong> <span style=\"font-weight: 400\">PIBIC<\/span><\/span><\/li>\n<li><span style=\"font-family: arial, helvetica, sans-serif;color: #000000\"><strong>P\u00fablico-alvo: <\/strong>Discentes da UFPR dos cursos de Gradua\u00e7\u00e3o em Gest\u00e3o da Informa\u00e7\u00e3o;<br \/>Administra\u00e7\u00e3o; Ci\u00eancia da Computa\u00e7\u00e3o, Ci\u00eancias Cont\u00e1beis, Ci\u00eancias Econ\u00f4micas; Filosofia;<strong><br \/><\/strong>Tecnologia em An\u00e1lise e Desenvolvimento de Sistemas; Estat\u00edstica e Ci\u00eancia de Dados.<\/span><\/li>\n<li><span style=\"font-family: arial, helvetica, sans-serif;color: #000000\"><strong>Coordena\u00e7\u00e3o e orienta\u00e7\u00e3o:<\/strong> Prof. Dr. Elder Lopes Barboza<\/span><\/li>\n<li>Demais informa\u00e7\u00f5es no edital<\/li>\n<\/ul>\n<hr \/>\n<ul>\n<li><a href=\"https:\/\/sociaisaplicadas.ufpr.br\/decigi\/wp-content\/uploads\/sites\/5\/2025\/06\/SEI_7874245_Edital_08_2025.pdf\"><span style=\"font-family: arial, helvetica, sans-serif\"><strong><b>EDITAL &#8211; SELE\u00c7\u00c3O DE ALUNO DE INICIA\u00c7\u00c3O CIENT\u00cdFICA<\/b><\/strong><\/span><\/a> <span style=\"color: #ff0000\"><strong>*NOVO<\/strong><\/span><\/li>\n<li><span style=\"font-family: arial, helvetica, sans-serif;color: #000000\"><strong>Projeto:<\/strong> Transforma\u00e7\u00e3o e vulnerabilidades digitais no Estado do Paran\u00e1<\/span><\/li>\n<li><span style=\"font-family: arial, helvetica, sans-serif;color: #000000\"><strong>Modalidade:<\/strong> <span style=\"font-weight: 400\">PIBITI\/PIBIC\/PIBIC-AF<\/span><\/span><\/li>\n<li><span style=\"font-family: arial, helvetica, sans-serif;color: #000000\"><strong>P\u00fablico-alvo: <\/strong>Qualquer curso de gradua\u00e7\u00e3o da UFPR ou de outras institui\u00e7\u00f5es p\u00fablicas ou privadas do Pa\u00eds<\/span><\/li>\n<li><span style=\"font-family: arial, helvetica, sans-serif;color: #000000\"><strong>Coordena\u00e7\u00e3o e orienta\u00e7\u00e3o: <\/strong>Rodrigo Eduardo Botelho Francisco\u00a0(<a href=\"mailto:rodriobotelho@ufpr.br\" target=\"_blank\" rel=\"noopener\">rodriobotelho@ufpr.br<\/a>)<\/span><\/li>\n<li>Demais informa\u00e7\u00f5es no edital<\/li>\n<\/ul>\n<hr \/>\n<ul>\n<li><a href=\"https:\/\/sociaisaplicadas.ufpr.br\/decigi\/wp-content\/uploads\/sites\/5\/2025\/06\/SEI_7856485_Edital_2_2025.pdf\"><span style=\"font-family: arial, helvetica, sans-serif\"><strong><b>EDITAL &#8211; SELE\u00c7\u00c3O DE ALUNO DE INICIA\u00c7\u00c3O CIENT\u00cdFICA<\/b><\/strong><\/span><\/a>\u00a0<\/li>\n<li><strong><a href=\"https:\/\/sociaisaplicadas.ufpr.br\/decigi\/wp-content\/uploads\/sites\/5\/2025\/06\/SEI_7883003_Edital_2_2025.pdf\">Resultado<\/a> <span style=\"color: #ff0000\">*NOVO<\/span><\/strong><\/li>\n<li><span style=\"font-family: arial, helvetica, sans-serif;color: #000000\"><strong>Projeto:<\/strong> A natureza e a visibilidade da Bibliografia no Brasil: um estudo a partir do Semin\u00e1rio Internacional A Arte da Bibliografia<\/span><\/li>\n<li><span style=\"font-family: arial, helvetica, sans-serif;color: #000000\"><strong>Modalidade:<\/strong> <span style=\"font-weight: 400\">PIBITI\/PIBIC\/PIBIC-AF<\/span><\/span><\/li>\n<li><span style=\"font-family: arial, helvetica, sans-serif;color: #000000\"><strong>P\u00fablico-alvo: <span style=\"font-weight: 400\">Cursos de Gradua\u00e7\u00e3o da UFPR de Gest\u00e3o da Informa\u00e7\u00e3o; Hist\u00f3ria; Hist\u00f3ria Mem\u00f3ria e Imagem; Artes Visuais; Filosofia; Ci\u00eancias Sociais; Ci\u00eancias da Computa\u00e7\u00e3o, Design Gr\u00e1fico; Tecnologia em An\u00e1lise e Desenvolvimento de Sistemas e Estat\u00edstica.<\/span><\/strong><\/span><\/li>\n<li><span style=\"font-family: arial, helvetica, sans-serif;color: #000000\"><strong>Coordena\u00e7\u00e3o e orienta\u00e7\u00e3o: <span style=\"font-weight: 400\">Prof. Dr. Andre Vieira de Freitas Araujo (DECIGI-UFPR \/ PPGGI-UFPR)<\/span><\/strong><\/span><\/li>\n<li>Demais informa\u00e7\u00f5es no edital<\/li>\n<\/ul>\n<hr \/>\n<ul>\n<li><a href=\"https:\/\/sociaisaplicadas.ufpr.br\/decigi\/wp-content\/uploads\/sites\/5\/2025\/02\/SEI_7487728_Edital_1-chamada-1.pdf\"><span style=\"font-family: arial, helvetica, sans-serif\"><strong>Edital de Sele\u00e7\u00e3o de Inicia\u00e7\u00e3o Cient\u00edfica<\/strong><\/span><\/a><\/li>\n<li><a href=\"https:\/\/sociaisaplicadas.ufpr.br\/decigi\/wp-content\/uploads\/sites\/5\/2025\/02\/SEI_7487728_Edital_2-resultado-bolsistas.pdf\"><strong>Resultado\u00a0<\/strong><\/a><\/li>\n<li><span style=\"font-family: arial, helvetica, sans-serif;color: #000000\"><strong>Projeto:<\/strong> <span data-olk-copy-source=\"MessageBody\">HarmonIA<\/span><\/span><\/li>\n<li><span style=\"font-family: arial, helvetica, sans-serif;color: #000000\"><strong>P\u00fablico-alvo: <\/strong>Discentes da UFPR de Gest\u00e3o da Informa\u00e7\u00e3o, Ci\u00eancia da Computa\u00e7\u00e3o, Estat\u00edstica e Ci\u00eancia de Dados ou Tecnologia em An\u00e1lise e Desenvolvimento de Sistemas.<\/span><\/li>\n<li><span style=\"font-family: arial, helvetica, sans-serif;color: #000000\"><strong>Coordena\u00e7\u00e3o e orienta\u00e7\u00e3o: <\/strong>Prof.\u00aa Dr.\u00aa Denise Fukumi Tsunoda (DECIGI-UFPR)<\/span><\/li>\n<li><hr \/><a href=\"https:\/\/sociaisaplicadas.ufpr.br\/decigi\/wp-content\/uploads\/sites\/5\/2024\/10\/Edital-de-IC-PPGGI.pdf\"><span style=\"font-family: arial, helvetica, sans-serif\"><strong>Edital de Sele\u00e7\u00e3o de Inicia\u00e7\u00e3o Cient\u00edfica\u00a0<\/strong><\/span><\/a><\/li>\n<li><span style=\"font-family: arial, helvetica, sans-serif;color: #000000\"><strong>Projeto:<\/strong> <span data-olk-copy-source=\"MessageBody\">Massive Open Online Courses (MOOCs) na Educa\u00e7\u00e3o Superior P\u00fablica: Experi\u00eancias, Desafios e Tend\u00eancias<\/span><\/span><\/li>\n<li><span style=\"font-family: arial, helvetica, sans-serif;color: #000000\"><strong>Local de Desenvolvimento das Atividades:<\/strong> <span data-olk-copy-source=\"MessageBody\">Programa de P\u00f3s-Gradua\u00e7\u00e3o em Gest\u00e3o da Informa\u00e7\u00e3o (PPGGI)<\/span><\/span><\/li>\n<li><span style=\"font-family: arial, helvetica, sans-serif;color: #000000\"><strong>P\u00fablico-alvo: <\/strong>Discentes de qualquer curso de Gradua\u00e7\u00e3o da UFPR<\/span><\/li>\n<li><span style=\"font-family: arial, helvetica, sans-serif;color: #000000\"><strong>Coordena\u00e7\u00e3o e orienta\u00e7\u00e3o: <\/strong>Maria Lidiane Herculano Graciosa (<u><a id=\"LPlnkOWA06f7c3e9-995f-2595-27ae-631672bbe83b\" class=\"x_OWAAutoLink\" href=\"mailto:lidianeherculano@ufpr.br\" data-linkindex=\"0\">lidianeherculano@ufpr.br)<\/a><\/u><\/span><\/li>\n<\/ul>\n<hr \/>\n<ul>\n<li><span style=\"font-family: arial, helvetica, sans-serif\"><strong><a href=\"https:\/\/sociaisaplicadas.ufpr.br\/decigi\/wp-content\/uploads\/sites\/5\/2024\/07\/SEI_6770455_Edital_23_2024.pdf\">Edital n\u00ba 23\/2024 de Sele\u00e7\u00e3o de aluno de Inicia\u00e7\u00e3o Cient\u00edfica e Tecnol\u00f3gica<\/a>\u00a0<\/strong><\/span><\/li>\n<li><strong><a href=\"https:\/\/sociaisaplicadas.ufpr.br\/decigi\/wp-content\/uploads\/sites\/5\/2024\/07\/edital-bolsista.pdf\">Resultado Final<\/a>\u00a0<\/strong><\/li>\n<li><span style=\"font-family: arial, helvetica, sans-serif;color: #000000\"><strong>Projeto:<\/strong> <em>INFORMATION &amp; MEDIA LAB<\/em>\u00a0&#8211; INFOMEDIA<\/span><\/li>\n<li><span style=\"font-family: arial, helvetica, sans-serif;color: #000000\"><strong>Modalidade:<\/strong> PICDTI\/PRPPG\/UFPR<\/span><\/li>\n<li><span style=\"font-family: arial, helvetica, sans-serif;color: #000000\"><strong>P\u00fablico-alvo: <\/strong>Cursos de Gradua\u00e7\u00e3o de Ci\u00eancias da Computa\u00e7\u00e3o, Ci\u00eancias Econ\u00f4micas, Ci\u00eancias Sociais,\u00a0Design Gr\u00e1fico, Filosofia, Gest\u00e3o da Informa\u00e7\u00e3o, Jornalismo, Letras, Publicidade e Propaganda, Rela\u00e7\u00f5es P\u00fablicas, Tecnologia em An\u00e1lise e Desenvolvimento de Sistemas e\u00a0Tecnologia em Comunica\u00e7\u00e3o Institucional, da UFPR ou de outras institui\u00e7\u00f5es p\u00fablicas ou privadas no Brasil.<\/span><\/li>\n<li><span style=\"font-family: arial, helvetica, sans-serif;color: #000000\"><strong>Coordena\u00e7\u00e3o e orienta\u00e7\u00e3o: <\/strong>Rodrigo Eduardo Botelho Francisco\u00a0(<a href=\"mailto:rodriobotelho@ufpr.br\" target=\"_blank\" rel=\"noopener\">rodriobotelho@ufpr.br<\/a>)<\/span><\/li>\n<\/ul>\n<hr \/>\n<ul>\n<li><span style=\"font-family: arial, helvetica, sans-serif\"><strong><a href=\"https:\/\/sociaisaplicadas.ufpr.br\/decigi\/wp-content\/uploads\/sites\/5\/2023\/06\/SEI_5705815_Edital_02___Retificacao.pdf\">Edital n\u00ba 02\/2023 de Sele\u00e7\u00e3o de aluno de Inicia\u00e7\u00e3o Cient\u00edfica (RETIFICADO)\u00a0<\/a><\/strong><\/span><\/li>\n<li><a href=\"https:\/\/sociaisaplicadas.ufpr.br\/decigi\/wp-content\/uploads\/sites\/5\/2023\/07\/SEI_5719298_Edital_02___Homologacao.pdf\"><span style=\"font-family: arial, helvetica, sans-serif\"><strong>Homologa\u00e7\u00e3o das Inscri\u00e7\u00f5es<\/strong><\/span><\/a><\/li>\n<li><a href=\"https:\/\/sociaisaplicadas.ufpr.br\/decigi\/wp-content\/uploads\/sites\/5\/2023\/07\/SEI_5739481_Edital_02___Resultado.pdf\"><strong><span style=\"font-family: arial, helvetica, sans-serif\">Resultado\u00a0<\/span><\/strong><\/a><\/li>\n<li><span style=\"font-family: arial, helvetica, sans-serif;color: #000000\"><strong>Projeto:<\/strong> Gest\u00e3o da Informa\u00e7\u00e3o Cient\u00edfica no contexto da Ci\u00eancia Aberta<\/span><\/li>\n<li><span style=\"font-family: arial, helvetica, sans-serif;color: #000000\"><strong>Modalidade:<\/strong> PIBIC; PIBIC\/AF, PIBITI<\/span><\/li>\n<li><span style=\"font-family: arial, helvetica, sans-serif;color: #000000\"><strong>P\u00fablico-alvo: <\/strong>Cursos de Gradua\u00e7\u00e3o da UFPR de\u00a0Gest\u00e3o da Informa\u00e7\u00e3o; Hist\u00f3ria; Hist\u00f3ria Mem\u00f3ria e Imagem; Artes Visuais; Filosofia; Ci\u00eancias Sociais; Ci\u00eancias da Computa\u00e7\u00e3o, Tecnologia em An\u00e1lise e Desenvolvimento de Sistemas e Estat\u00edstica.<\/span><\/li>\n<li><span style=\"font-family: arial, helvetica, sans-serif;color: #000000\"><strong>Coordena\u00e7\u00e3o e orienta\u00e7\u00e3o: <\/strong>Prof.\u00aa Dr.\u00aa Paula Carina de Ara\u00fajo (DECIGI-UFPR \/ PPGGI-UFPR)<\/span><\/li>\n<\/ul>\n<hr \/>\n<ul>\n<li><span style=\"font-family: arial, helvetica, sans-serif\"><strong><a href=\"https:\/\/sociaisaplicadas.ufpr.br\/decigi\/wp-content\/uploads\/sites\/5\/2023\/06\/SEI_5697059_Edital_1_2023-1.pdf\">Edital n\u00ba 01\/2023 de Sele\u00e7\u00e3o de aluno de Inicia\u00e7\u00e3o Cient\u00edfica\u00a0<\/a><\/strong><\/span><\/li>\n<li><span style=\"color: #000080\"><a style=\"color: #000080\" href=\"https:\/\/sociaisaplicadas.ufpr.br\/decigi\/wp-content\/uploads\/sites\/5\/2023\/06\/SEI_5715197_Edital_1_2023.pdf\"><span style=\"font-family: arial, helvetica, sans-serif\"><strong>Homologa\u00e7\u00e3o das Inscri\u00e7\u00f5es<\/strong><\/span><\/a><\/span><\/li>\n<li><strong><span style=\"font-family: arial, helvetica, sans-serif\"><a href=\"https:\/\/sociaisaplicadas.ufpr.br\/decigi\/wp-content\/uploads\/sites\/5\/2023\/07\/SEI_5719133_Edital_1_2023-1.pdf\">Resultado\u00a0<\/a><\/span><\/strong><\/li>\n<li><span style=\"font-family: arial, helvetica, sans-serif;color: #000000\"><strong>Projeto:<\/strong> A natureza e a visibilidade da Bibliografia no Brasil: um estudo a partir do Semin\u00e1rio<br \/>Internacional A Arte da Bibliografia<\/span><\/li>\n<li><span style=\"font-family: arial, helvetica, sans-serif;color: #000000\"><strong>Modalidade:<\/strong> Bolsa PIBITI\/PIBIC\/PIBIC AF (implementa\u00e7\u00e3o dependente da PRPPG, edital 2023) \/ Volunt\u00e1rio<\/span><\/li>\n<li><span style=\"font-family: arial, helvetica, sans-serif;color: #000000\"><strong>P\u00fablico-alvo: <\/strong>Cursos de Gradua\u00e7\u00e3o da UFPR de\u00a0Gest\u00e3o da Informa\u00e7\u00e3o; Hist\u00f3ria; Hist\u00f3ria Mem\u00f3ria e Imagem; Artes Visuais; Filosofia; Ci\u00eancias Sociais; Ci\u00eancias da Computa\u00e7\u00e3o, Tecnologia em An\u00e1lise e Desenvolvimento de Sistemas e Estat\u00edstica.<\/span><\/li>\n<li><span style=\"font-family: arial, helvetica, sans-serif;color: #000000\"><strong>Coordena\u00e7\u00e3o e orienta\u00e7\u00e3o: <\/strong>Prof. Dr. Andre Vieira de Freitas Araujo (DECIGI-UFPR \/ PPGGI-UFPR)<\/span><\/li>\n<li><hr \/>\n<p><span style=\"font-family: arial, helvetica, sans-serif\"><strong><a href=\"https:\/\/sociaisaplicadas.ufpr.br\/decigi\/wp-content\/uploads\/sites\/5\/2022\/06\/editalSelecaoAlunoIC.pdf\">Edital n\u00ba 01\/2022 de Sele\u00e7\u00e3o de aluno de Inicia\u00e7\u00e3o Cient\u00edfica<\/a><\/strong><\/span><\/p>\n<\/li>\n<li><span style=\"font-family: arial, helvetica, sans-serif;color: #000000\"><strong>Projeto:<\/strong>\u00a0Internet das coisas \u2013 tecnologia, aplica\u00e7\u00f5es e implica\u00e7\u00f5es<\/span><\/li>\n<li><span style=\"font-family: arial, helvetica, sans-serif;color: #000000\"><strong>Modalidade:<\/strong>\u00a0Bolsa PIBIC\u00a0(implementa\u00e7\u00e3o dependente da PRPPG, edital 2022) \/ Volunt\u00e1rio<\/span><\/li>\n<li><span style=\"font-family: arial, helvetica, sans-serif;color: #000000\"><strong>P\u00fablico-alvo:\u00a0<\/strong>discente provindo de qualquer curso de gradua\u00e7\u00e3o da UFPR<\/span><\/li>\n<li><span style=\"font-family: arial, helvetica, sans-serif;color: #000000\"><strong>Coordena\u00e7\u00e3o e orienta\u00e7\u00e3o:\u00a0<\/strong>Prof. Jos\u00e9 Sim\u00e3o de Paula Pinto<\/span><\/li>\n<\/ul>","protected":false},"excerpt":{"rendered":"<p>EDITAL &#8211; SELE\u00c7\u00c3O DE ALUNO DE INICIA\u00c7\u00c3O CIENT\u00cdFICA\u00a0 Resultado *NOVO Projeto: Gest\u00e3o da Informa\u00e7\u00e3o em cidades inteligentes Modalidade: PIBIC P\u00fablico-alvo: Discentes dos cursos de Gradua\u00e7\u00e3o em Gest\u00e3o da Informa\u00e7\u00e3o; Administra\u00e7\u00e3o e Ci\u00eancias Econ\u00f4micas da Universidade Federal do Paran\u00e1. Coordena\u00e7\u00e3o e orienta\u00e7\u00e3o: Prof\u00aa. Dr\u00aa. Taiane Ritta Coelho Demais informa\u00e7\u00f5es no edital EDITAL &#8211; SELE\u00c7\u00c3O DE ALUNO [&hellip;]<\/p>\n","protected":false},"author":2806,"featured_media":0,"parent":439,"menu_order":0,"comment_status":"closed","ping_status":"closed","template":"","meta":{"_acf_changed":false,"footnotes":""},"class_list":["post-4693","page","type-page","status-publish","hentry"],"acf":[],"_links":{"self":[{"href":"https:\/\/sociaisaplicadas.ufpr.br\/decigi\/wp-json\/wp\/v2\/pages\/4693","targetHints":{"allow":["GET"]}}],"collection":[{"href":"https:\/\/sociaisaplicadas.ufpr.br\/decigi\/wp-json\/wp\/v2\/pages"}],"about":[{"href":"https:\/\/sociaisaplicadas.ufpr.br\/decigi\/wp-json\/wp\/v2\/types\/page"}],"author":[{"embeddable":true,"href":"https:\/\/sociaisaplicadas.ufpr.br\/decigi\/wp-json\/wp\/v2\/users\/2806"}],"replies":[{"embeddable":true,"href":"https:\/\/sociaisaplicadas.ufpr.br\/decigi\/wp-json\/wp\/v2\/comments?post=4693"}],"version-history":[{"count":32,"href":"https:\/\/sociaisaplicadas.ufpr.br\/decigi\/wp-json\/wp\/v2\/pages\/4693\/revisions"}],"predecessor-version":[{"id":11511,"href":"https:\/\/sociaisaplicadas.ufpr.br\/decigi\/wp-json\/wp\/v2\/pages\/4693\/revisions\/11511"}],"up":[{"embeddable":true,"href":"https:\/\/sociaisaplicadas.ufpr.br\/decigi\/wp-json\/wp\/v2\/pages\/439"}],"wp:attachment":[{"href":"https:\/\/sociaisaplicadas.ufpr.br\/decigi\/wp-json\/wp\/v2\/media?parent=4693"}],"curies":[{"name":"wp","href":"https:\/\/api.w.org\/{rel}","templated":true}]}}