{"id":522,"date":"2018-01-17T15:27:56","date_gmt":"2018-01-17T15:27:56","guid":{"rendered":"https:\/\/sociaisaplicadas.ufpr.br\/decigi\/?page_id=522"},"modified":"2025-10-09T14:59:03","modified_gmt":"2025-10-09T17:59:03","slug":"matriz-e-ementas","status":"publish","type":"page","link":"https:\/\/sociaisaplicadas.ufpr.br\/decigi\/graduacao\/matriz-e-ementas\/","title":{"rendered":"Matriz Curricular"},"content":{"rendered":"<ul>\n<li><strong><a href=\"https:\/\/sociaisaplicadas.ufpr.br\/decigi\/wp-content\/uploads\/sites\/5\/2025\/10\/Grade-Curricular-1.pdf\">Matriz Curricular &#8211; Bacharelado em Gest\u00e3o da Informa\u00e7\u00e3o (ajuste 2024)<\/a><\/strong><\/li>\n<\/ul>\n<table style=\"border-collapse: collapse;width: 100%\">\n<tbody>\n<tr>\n<td style=\"width: 55.119%\"><img loading=\"lazy\" decoding=\"async\" class=\"wp-image-11868 alignnone\" src=\"https:\/\/sociaisaplicadas.ufpr.br\/decigi\/wp-content\/uploads\/sites\/5\/2025\/10\/eixosGI.jpg\" alt=\"\" width=\"465\" height=\"383\" \/><\/td>\n<td style=\"width: 44.881%\"><strong><span style=\"color: #000000\">Interdisciplinaridade e Inova\u00e7\u00e3o:<\/span><\/strong><\/p>\n<p><span style=\"color: #000000\">O Bacharelado em Gest\u00e3o da Informa\u00e7\u00e3o se destaca por sua natureza profundamente <b>interdisciplinar<\/b>, essencial para o cen\u00e1rio profissional contempor\u00e2neo. Ele integra conhecimentos de diversas \u00e1reas para formar o profissional completo e inovador.<\/span><\/p>\n<p><span style=\"color: #000000\">Essa abordagem n\u00e3o apenas constr\u00f3i uma base s\u00f3lida na <b>gest\u00e3o, organiza\u00e7\u00e3o e uso estrat\u00e9gico da informa\u00e7\u00e3o<\/b>, mas tamb\u00e9m tecnol\u00f3gica\u00a0ao preparar o aluno para lidar com os desafios emergentes da era digital.\u00a0<\/span><\/td>\n<\/tr>\n<\/tbody>\n<\/table>\n<hr \/>\n<p><span style=\"font-family: arial, helvetica, sans-serif;color: #000000\"><strong>Eixo Ci\u00eancia da Informa\u00e7\u00e3o \u2013<\/strong> Condensa\u00e7\u00e3o da Informa\u00e7\u00e3o, Fundamentos de Ci\u00eancia da Informa\u00e7\u00e3o, Compet\u00eancia Informacional, Gest\u00e3o de Documentos, Necessidades e Usos de Informa\u00e7\u00e3o, Ergonomia da Informa\u00e7\u00e3o, An\u00e1lise da Informa\u00e7\u00e3o e do Conhecimento I, An\u00e1lise da Informa\u00e7\u00e3o e do Conhecimento II, Pol\u00edticas e \u00c9tica de Informa\u00e7\u00e3o, Design da Informa\u00e7\u00e3o, Produtos e Servi\u00e7os de Informa\u00e7\u00e3o, Laborat\u00f3rio de Organiza\u00e7\u00e3o do Conhecimento.<\/span><\/p>\n<p><span style=\"font-family: arial, helvetica, sans-serif;color: #000000\"><strong>Eixo Administra\u00e7\u00e3o \u2013\u00a0<\/strong>Sistemas de Informa\u00e7\u00e3o, Gest\u00e3o de Processos, Informa\u00e7\u00e3o e Marketing, Gest\u00e3o de Neg\u00f3cios, Informa\u00e7\u00e3o e Estrat\u00e9gia, Gest\u00e3o de Informa\u00e7\u00e3o para Neg\u00f3cios, Gest\u00e3o do Conhecimento, Informa\u00e7\u00e3o e Cultura Organizacional, Intelig\u00eancia Organizacional, Gest\u00e3o de Projetos.<\/span><\/p>\n<p><span style=\"color: #000000\"><strong style=\"font-family: arial, helvetica, sans-serif;font-size: revert\">Eixo Tecnologia da Informa\u00e7\u00e3o \u2013<\/strong><span style=\"font-family: arial, helvetica, sans-serif;font-size: revert\"> Tecnologias da Informa\u00e7\u00e3o e da Comunica\u00e7\u00e3o, M\u00e9todos Matem\u00e1ticos para Gest\u00e3o da Informa\u00e7\u00e3o, Introdu\u00e7\u00e3o \u00e0 Teoria da Informa\u00e7\u00e3o, Modelagem de Sistemas, Programa\u00e7\u00e3o de Computadores para Gest\u00e3o da Informa\u00e7\u00e3o, Banco de Dados I, Banco de Dados II, Seguran\u00e7a da Informa\u00e7\u00e3o, Minera\u00e7\u00e3o de Dados.<\/span><\/span><\/p>\n<p><span style=\"color: #000000\"><strong style=\"font-family: arial, helvetica, sans-serif;font-size: revert\">Eixo Misto (Gest\u00e3o da Informa\u00e7\u00e3o) \u2013<\/strong><span style=\"font-family: arial, helvetica, sans-serif;font-size: revert\"> Introdu\u00e7\u00e3o \u00e0 Gest\u00e3o da Informa\u00e7\u00e3o, Gest\u00e3o de Conte\u00fados I, Gest\u00e3o de Conte\u00fados II, Ontologias e Taxonomia do Conhecimento, M\u00e9tricas de Informa\u00e7\u00e3o, Gest\u00e3o de Tecnologia da Informa\u00e7\u00e3o, Trabalho de Conclus\u00e3o de Curso I, Trabalho de Conclus\u00e3o de Curso II.<\/span><\/span><\/p>\n<p><span style=\"color: #000000\"><strong style=\"font-family: arial, helvetica, sans-serif;font-size: revert\">Eixo Contextual e Instrumental (Formador) \u2013<\/strong><span style=\"font-family: arial, helvetica, sans-serif;font-size: revert\"> Informa\u00e7\u00e3o e Sociedade, T\u00e9cnicas de Pesquisa, Metodologia da Pesquisa, M\u00e9todos Quantitativos de An\u00e1lise, Fundamentos de Matem\u00e1tica, Introdu\u00e7\u00e3o \u00e0 L\u00f3gica. <span style=\"font-family: arial, helvetica, sans-serif\">Est\u00e1gio Supervisionado I e Est\u00e1gio Supervisionado II.<\/span><\/span><\/span><\/p>\n<h5><strong><span style=\"font-family: arial, helvetica, sans-serif;font-size: 14pt\">Outros Departamentos que atendem o curso de Gest\u00e3o da Informa\u00e7\u00e3o<\/span><\/strong><\/h5>\n<ul>\n<li><span style=\"font-family: arial, helvetica, sans-serif\"><a href=\"http:\/\/www.adm.ufpr.br\/\"><strong>Departamento de Administra\u00e7\u00e3o Geral e Aplicada (DAGA)<\/strong><\/a><\/span><span style=\"font-family: arial, helvetica, sans-serif;color: #000000\">: Disciplinas ministradas no curso: Fundamentos da Gest\u00e3o Organizacional e Empreendedorismo e Cria\u00e7\u00e3o de Novos Neg\u00f3cios.<\/span><\/li>\n<li><span style=\"font-family: arial, helvetica, sans-serif\"><strong><a href=\"http:\/\/www.contabeis.ufpr.br\/\">Departamento de Ci\u00eancias Cont\u00e1beis (DC)<\/a><\/strong><\/span><span style=\"font-family: arial, helvetica, sans-serif;color: #000000\">: Disciplina ministrada no curso: Custos em Projetos de Informa\u00e7\u00e3o.<\/span><\/li>\n<li><span style=\"font-family: arial, helvetica, sans-serif\"><a href=\"https:\/\/sociaisaplicadas.ufpr.br\/depecon\/\"><strong>Departamento de Economia (DE)<\/strong><\/a><\/span><span style=\"font-family: arial, helvetica, sans-serif;color: #000000\">:<strong>\u00a0<\/strong>Disciplina ministrada no curso: Introdu\u00e7\u00e3o \u00e0 Economia.<\/span><\/li>\n<li><span style=\"font-family: arial, helvetica, sans-serif\"><a href=\"http:\/\/www.est.ufpr.br\/\"><strong>Departamento de Estat\u00edstica<\/strong><\/a><\/span><span style=\"font-family: arial, helvetica, sans-serif;color: #000000\">: Disciplina ministrada no curso: Introdu\u00e7\u00e3o \u00e0 Estat\u00edstica.<\/span><\/li>\n<li><span style=\"font-family: arial, helvetica, sans-serif\"><strong><a href=\"http:\/\/www.letraslibras.ufpr.br\/\">Departamento de Letras Libras<\/a><\/strong><\/span><span style=\"font-family: arial, helvetica, sans-serif;color: #000000\">: Disciplina ministrada no curso: Libras<\/span><\/li>\n<\/ul>\n<h5><span style=\"font-family: arial, helvetica, sans-serif;color: #000080\"><strong><span style=\"font-size: 14pt\">Como solicitar matricula em Disciplinas Eletivas?<\/span><\/strong><\/span><\/h5>\n<div><span style=\"font-family: arial, helvetica, sans-serif;color: #000000\">Com a aprova\u00e7\u00e3o da nova <\/span><span style=\"font-family: arial, helvetica, sans-serif\"><a href=\"http:\/\/www.soc.ufpr.br\/wp-content\/uploads\/2020\/05\/RESOLU%C3%87%C3%83O-N%C2%BA-44-2020-CEPE.pdf\"><strong>Resolu\u00e7\u00e3o n\u00ba 44\/20 &#8211; CEPE<\/strong><\/a><\/span><span style=\"font-family: arial, helvetica, sans-serif;color: #000000\"><b>\u00a0podem surgir<\/b>\u00a0solicita\u00e7\u00f5es de\u00a0<b>matr\u00edculas em disciplinas eletivas<\/b>\u00a0efetuadas pelos discentes.<\/span><\/div>\n<div><span style=\"font-family: arial, helvetica, sans-serif;color: #000000\">Por isso, para padronizar as solicita\u00e7\u00f5es de matr\u00edcula em disciplinas eletivas que atendam esta nova normativa, efetua-se um passo-a-passo :<\/span><\/div>\n<div>\n<ol>\n<li><span style=\"font-family: arial, helvetica, sans-serif;color: #000000\">O discente efetua a solicita\u00e7\u00e3o de matr\u00edcula em disciplina eletiva pelo sistema acad\u00eamico SIGA;<\/span><\/li>\n<li><span style=\"font-family: arial, helvetica, sans-serif;color: #000000\">O Departamento analisa a solicita\u00e7\u00e3o e confere se h\u00e1 vagas dispon\u00edveis na turma;<\/span><\/li>\n<li><span style=\"font-family: arial, helvetica, sans-serif;color: #000000\">Se o pedido foi aprovado, o Departamento separa as solicita\u00e7\u00f5es por curso e envia em um \u00fanico processo SEI as solicita\u00e7\u00f5es para a Coordena\u00e7\u00e3o do Curso de Gest\u00e3o da Informa\u00e7\u00e3o;<\/span><\/li>\n<li><span style=\"font-family: arial, helvetica, sans-serif;color: #000000\">A Coordena\u00e7\u00e3o do Curso faz um despacho de ci\u00eancia e encaminha para a COPAP.<\/span><\/li>\n<li><span style=\"font-family: arial, helvetica, sans-serif;color: #000000\">Se\u00e7\u00e3o de Gerenciamento Acad\u00eamico recebe os processos, verifica e efetua as matr\u00edculas no sistema.<\/span><\/li>\n<li><span style=\"font-family: arial, helvetica, sans-serif;color: #000000\">Ap\u00f3s efetuada a matr\u00edcula, a Coordena\u00e7\u00e3o informar\u00e1 ao discente por e-mail o contato do professor da disciplina matriculada.<\/span><\/li>\n<\/ol>\n<\/div>\n","protected":false},"excerpt":{"rendered":"<p>Matriz Curricular &#8211; Bacharelado em Gest\u00e3o da Informa\u00e7\u00e3o (ajuste 2024) Interdisciplinaridade e Inova\u00e7\u00e3o: O Bacharelado em Gest\u00e3o da Informa\u00e7\u00e3o se destaca por sua natureza profundamente interdisciplinar, essencial para o cen\u00e1rio profissional contempor\u00e2neo. Ele integra conhecimentos de diversas \u00e1reas para formar o profissional completo e inovador. Essa abordagem n\u00e3o apenas constr\u00f3i uma base s\u00f3lida na gest\u00e3o, [&hellip;]<\/p>\n","protected":false},"author":2783,"featured_media":0,"parent":158,"menu_order":0,"comment_status":"closed","ping_status":"closed","template":"","meta":{"_acf_changed":false,"footnotes":""},"class_list":["post-522","page","type-page","status-publish","hentry"],"acf":[],"_links":{"self":[{"href":"https:\/\/sociaisaplicadas.ufpr.br\/decigi\/wp-json\/wp\/v2\/pages\/522","targetHints":{"allow":["GET"]}}],"collection":[{"href":"https:\/\/sociaisaplicadas.ufpr.br\/decigi\/wp-json\/wp\/v2\/pages"}],"about":[{"href":"https:\/\/sociaisaplicadas.ufpr.br\/decigi\/wp-json\/wp\/v2\/types\/page"}],"author":[{"embeddable":true,"href":"https:\/\/sociaisaplicadas.ufpr.br\/decigi\/wp-json\/wp\/v2\/users\/2783"}],"replies":[{"embeddable":true,"href":"https:\/\/sociaisaplicadas.ufpr.br\/decigi\/wp-json\/wp\/v2\/comments?post=522"}],"version-history":[{"count":248,"href":"https:\/\/sociaisaplicadas.ufpr.br\/decigi\/wp-json\/wp\/v2\/pages\/522\/revisions"}],"predecessor-version":[{"id":12393,"href":"https:\/\/sociaisaplicadas.ufpr.br\/decigi\/wp-json\/wp\/v2\/pages\/522\/revisions\/12393"}],"up":[{"embeddable":true,"href":"https:\/\/sociaisaplicadas.ufpr.br\/decigi\/wp-json\/wp\/v2\/pages\/158"}],"wp:attachment":[{"href":"https:\/\/sociaisaplicadas.ufpr.br\/decigi\/wp-json\/wp\/v2\/media?parent=522"}],"curies":[{"name":"wp","href":"https:\/\/api.w.org\/{rel}","templated":true}]}}