{"id":9974,"date":"2024-12-10T12:22:54","date_gmt":"2024-12-10T15:22:54","guid":{"rendered":"https:\/\/sociaisaplicadas.ufpr.br\/decigi\/?page_id=9974"},"modified":"2025-01-09T14:12:47","modified_gmt":"2025-01-09T17:12:47","slug":"2023-2","status":"publish","type":"page","link":"https:\/\/sociaisaplicadas.ufpr.br\/decigi\/2023-2\/","title":{"rendered":"2022 &#8211;"},"content":{"rendered":"\n<div class=\"wp-block-group\"><div class=\"wp-block-group__inner-container is-layout-constrained wp-block-group-is-layout-constrained\">\n<h1 class=\"wp-block-heading\">2022<\/h1>\n\n\n\n<p>1\u00b0 Semestre<\/p>\n\n\n\n<ul class=\"wp-block-list\">\n<li><a href=\"https:\/\/sociaisaplicadas.ufpr.br\/decigi\/wp-content\/uploads\/sites\/5\/2024\/11\/Ficha-2-SIN160-B-2022-1-Introducao-a-Gestao-da-Informacao.pdf\">SIN160 \u2013\u00a0Introdu\u00e7\u00e3o a Gest\u00e3o da Informa\u00e7\u00e3o\u00a0B<\/a><\/li>\n\n\n\n<li><a href=\"https:\/\/sociaisaplicadas.ufpr.br\/decigi\/wp-content\/uploads\/sites\/5\/2024\/11\/Ficha-2-SIN162-2022-1-Informacao-e-Sociedade.pdf\">SIN162 \u2013\u00a0Informa\u00e7\u00e3o e Sociedade<\/a><\/li>\n\n\n\n<li><a href=\"https:\/\/sociaisaplicadas.ufpr.br\/decigi\/wp-content\/uploads\/sites\/5\/2024\/11\/Ficha-2-SIN163-2022-1-Tecnicas-de-Pesquisa.pdf\">SIN163 \u2013\u00a0T\u00e9cnicas de Pesquisa<\/a><\/li>\n\n\n\n<li><a href=\"https:\/\/sociaisaplicadas.ufpr.br\/decigi\/wp-content\/uploads\/sites\/5\/2024\/11\/Ficha-2-SIN164-2022-1-Introducao-a-Logica.pdf\">SIN164 \u2013\u00a0Introdu\u00e7\u00e3o \u00e0 L\u00f3gica A<\/a><\/li>\n\n\n\n<li><a href=\"https:\/\/sociaisaplicadas.ufpr.br\/decigi\/wp-content\/uploads\/sites\/5\/2024\/11\/Ficha-2-SIN164-B-2022-1-Introducao-a-Logica.pdf\">SIN164 \u2013\u00a0Introdu\u00e7\u00e3o \u00e0 L\u00f3gica\u00a0B<\/a><\/li>\n\n\n\n<li><a href=\"https:\/\/sociaisaplicadas.ufpr.br\/decigi\/wp-content\/uploads\/sites\/5\/2024\/11\/Ficha-2-SIN165-2022-1-Fundamentos-de-Matematica.pdf\">SIN165 \u2013\u00a0Fundamentos de Matem\u00e1tica<\/a><\/li>\n\n\n\n<li><a href=\"https:\/\/sociaisaplicadas.ufpr.br\/decigi\/wp-content\/uploads\/sites\/5\/2024\/11\/Ficha-2-SIN166-2022-1-Fundamentos-da-Ciencia-da-Informacao.pdf\">SIN166 \u2013\u00a0Fundamentos da Ci\u00eancia da Informa\u00e7\u00e3o<\/a><\/li>\n\n\n\n<li><a href=\"https:\/\/sociaisaplicadas.ufpr.br\/decigi\/wp-content\/uploads\/sites\/5\/2024\/11\/Ficha-2-SIN171-2022-1-Sistemas-de-Informacao.pdf\">SIN171 \u2013\u00a0Sistemas de Informa\u00e7\u00e3o<\/a><\/li>\n\n\n\n<li><a href=\"https:\/\/sociaisaplicadas.ufpr.br\/decigi\/wp-content\/uploads\/sites\/5\/2024\/11\/Ficha-2-SIN172-2022-1-Gestao-de-processos.pdf\">SIN172 \u2013\u00a0Gest\u00e3o de Processos<\/a><\/li>\n\n\n\n<li><a href=\"https:\/\/sociaisaplicadas.ufpr.br\/decigi\/wp-content\/uploads\/sites\/5\/2024\/11\/Ficha-2-SIN173-2022-1-Introducao-a-Teoria-da-Informacao.pdf\">SIN173 \u2013\u00a0Introdu\u00e7\u00e3o \u00e0 Teoria da Informa\u00e7\u00e3o<\/a><\/li>\n\n\n\n<li><a href=\"https:\/\/sociaisaplicadas.ufpr.br\/decigi\/wp-content\/uploads\/sites\/5\/2024\/11\/Ficha-2-SIN174-2022-1-Modelagem-de-Sistemas.pdf\">SIN174 \u2013\u00a0Modelagem de Sistemas<\/a><\/li>\n\n\n\n<li><a href=\"https:\/\/sociaisaplicadas.ufpr.br\/decigi\/wp-content\/uploads\/sites\/5\/2024\/11\/Ficha-2-SIN175-2022-1-Informacao-e-Marketing.pdf\">SIN175 \u2013\u00a0Informa\u00e7\u00e3o e Marketing<\/a><\/li>\n\n\n\n<li><a href=\"https:\/\/sociaisaplicadas.ufpr.br\/decigi\/wp-content\/uploads\/sites\/5\/2024\/11\/Ficha-2-SIN176-2022-1-Programacao-de-Computadores-para-Gestao-da-Informacao.pdf\">SIN176 \u2013\u00a0Programa\u00e7\u00e3o de Computadores para Gest\u00e3o da Informa\u00e7\u00e3o<\/a><\/li>\n\n\n\n<li><a href=\"https:\/\/sociaisaplicadas.ufpr.br\/decigi\/wp-content\/uploads\/sites\/5\/2024\/11\/Ficha-2-SIN177-2022-1-Necessidades-e-Usos-de-Informacao.pdf\">SIN177 \u2013\u00a0Necessidades e Usos de Informa\u00e7\u00e3o<\/a><\/li>\n\n\n\n<li><a href=\"https:\/\/sociaisaplicadas.ufpr.br\/decigi\/wp-content\/uploads\/sites\/5\/2024\/11\/Ficha-2-SIN185-2022-1-Gestao-de-Conteudos-II.pdf\">SIN185 \u2013\u00a0Gest\u00e3o de Conte\u00fados II<\/a><\/li>\n\n\n\n<li><a href=\"https:\/\/sociaisaplicadas.ufpr.br\/decigi\/wp-content\/uploads\/sites\/5\/2024\/11\/Ficha-2-SIN186-2022-1-Politicas-e-Etica-de-Informacao.pdf\">SIN186 \u2013\u00a0Pol\u00edticas e \u00c9tica de Informa\u00e7\u00e3o<\/a><\/li>\n\n\n\n<li><a href=\"https:\/\/sociaisaplicadas.ufpr.br\/decigi\/wp-content\/uploads\/sites\/5\/2024\/11\/Ficha-2-SIN187-2022-1-Gestao-da-Informacao-para-Negocios.pdf\">SIN187 \u2013\u00a0Gest\u00e3o da Informa\u00e7\u00e3o Para Neg\u00f3cios<\/a><\/li>\n\n\n\n<li><a href=\"https:\/\/sociaisaplicadas.ufpr.br\/decigi\/wp-content\/uploads\/sites\/5\/2024\/11\/Ficha-2-SIN188-2022-1-Seguranca-da-Informacao.pdf\">SIN188 \u2013\u00a0Seguran\u00e7a da Informa\u00e7\u00e3o A<\/a><\/li>\n\n\n\n<li><a href=\"https:\/\/sociaisaplicadas.ufpr.br\/decigi\/wp-content\/uploads\/sites\/5\/2024\/11\/Ficha-2-SIN188-B-2022-1-Seguranca-da-Informacao.pdf\">SIN188 \u2013\u00a0Seguran\u00e7a da Informa\u00e7\u00e3o\u00a0B<\/a><\/li>\n\n\n\n<li><a href=\"https:\/\/sociaisaplicadas.ufpr.br\/decigi\/wp-content\/uploads\/sites\/5\/2024\/11\/Ficha-2-SIN189-2022-1-Banco-de-Dados-II.pdf\">SIN189 \u2013\u00a0Banco de Dados II<\/a><\/li>\n\n\n\n<li><a href=\"https:\/\/sociaisaplicadas.ufpr.br\/decigi\/wp-content\/uploads\/sites\/5\/2024\/11\/Ficha-2-SIN190-2022-1-Analise-da-Informacao-e-do-Conhecimento-II.pdf\">SIN190 \u2013\u00a0An\u00e1lise da Informa\u00e7\u00e3o e do Conhecimento II<\/a><\/li>\n\n\n\n<li><a href=\"https:\/\/sociaisaplicadas.ufpr.br\/decigi\/wp-content\/uploads\/sites\/5\/2024\/11\/Ficha-2-SIN196-2022-1-Estagio-Supervisionado-I.pdf\">SIN196 \u2013\u00a0Est\u00e1gio Supervisionado I<\/a><\/li>\n\n\n\n<li><a href=\"https:\/\/sociaisaplicadas.ufpr.br\/decigi\/wp-content\/uploads\/sites\/5\/2024\/11\/Ficha-2-SIN198-2022-1-Metricas-de-Informacao.pdf\">SIN198 \u2013\u00a0M\u00e9tricas de Informa\u00e7\u00e3o<\/a><\/li>\n\n\n\n<li><a href=\"https:\/\/sociaisaplicadas.ufpr.br\/decigi\/wp-content\/uploads\/sites\/5\/2024\/11\/Ficha-2-SIN199-2022-1-Metodos-Quantitativos-de-Analise.pdf\">SIN199 \u2013\u00a0M\u00e9todos Quantitativos de An\u00e1lise<\/a><\/li>\n\n\n\n<li><a href=\"https:\/\/sociaisaplicadas.ufpr.br\/decigi\/wp-content\/uploads\/sites\/5\/2024\/11\/Ficha-2-SIN200-2022-1-Laboratorio-de-Organizacao-do-Conhecimento.pdf\">SIN200 \u2013\u00a0Laborat\u00f3rio de Organiza\u00e7\u00e3o do Conhecimento<\/a><\/li>\n\n\n\n<li><a href=\"https:\/\/sociaisaplicadas.ufpr.br\/decigi\/wp-content\/uploads\/sites\/5\/2024\/11\/Ficha-2-SIN201-2022-1-Trabalho-de-Conclusao-de-Curso-I.pdf\">SIN201 \u2013\u00a0Trabalho de Conclus\u00e3o de Curso I<\/a><\/li>\n\n\n\n<li><a href=\"https:\/\/sociaisaplicadas.ufpr.br\/decigi\/wp-content\/uploads\/sites\/5\/2024\/11\/Ficha-2-SIN202-2022-1-Estagio-Supervisionado-II.pdf\">SIN202 \u2013\u00a0Est\u00e1gio Supervisionado II<\/a><\/li>\n\n\n\n<li><a href=\"https:\/\/sociaisaplicadas.ufpr.br\/decigi\/wp-content\/uploads\/sites\/5\/2024\/11\/Ficha-2-SIN203-2022-1-Estagio-Supervisionado-II.pdf\">SIN203 \u2013\u00a0Est\u00e1gio Supervisionado II<\/a><\/li>\n\n\n\n<li><a href=\"https:\/\/sociaisaplicadas.ufpr.br\/decigi\/wp-content\/uploads\/sites\/5\/2024\/11\/Ficha-2-SIN204-2022-1-Trabalho-de-Conclusao-de-Curso-II.pdf\">SIN204 \u2013\u00a0Trabalho de Conclus\u00e3o de Curso II<\/a><\/li>\n\n\n\n<li><a href=\"https:\/\/sociaisaplicadas.ufpr.br\/decigi\/wp-content\/uploads\/sites\/5\/2024\/11\/Ficha-2-SIN208-2022-1-Aprendizagem-Organizacional.pdf\">SIN208 \u2013\u00a0Aprendizagem Organizacional<\/a><\/li>\n\n\n\n<li><a href=\"https:\/\/sociaisaplicadas.ufpr.br\/decigi\/wp-content\/uploads\/sites\/5\/2024\/11\/Ficha-2-SIN210-2022-1-Topicos-Especiais-em-Propriedade-Intelectual.pdf\">SIN210 \u2013\u00a0T\u00f3picos Especiais em Propriedade Intelectual<\/a><\/li>\n\n\n\n<li><a href=\"https:\/\/sociaisaplicadas.ufpr.br\/decigi\/wp-content\/uploads\/sites\/5\/2024\/11\/Ficha-2-SIN213-2022-1-Topicos-Especiais-em-Ciencia-da-Informacao.pdf\">SIN213 \u2013\u00a0T\u00f3picos Especiais em Ci\u00eancia da Informa\u00e7\u00e3o<\/a><\/li>\n\n\n\n<li><a href=\"https:\/\/sociaisaplicadas.ufpr.br\/decigi\/wp-content\/uploads\/sites\/5\/2024\/11\/Ficha-2-SIN214-2022-1-Topicos-em-Editoracao.pdf\">SIN214 \u2013\u00a0T\u00f3picos em Editora\u00e7\u00e3o<\/a><\/li>\n\n\n\n<li><a href=\"https:\/\/sociaisaplicadas.ufpr.br\/decigi\/wp-content\/uploads\/sites\/5\/2024\/11\/Ficha-2-SIN219-2022-1-Topicos-em-Tecnologias-Eletronicas-I.pdf\">SIN219 \u2013\u00a0T\u00f3picos em Tecnologias Eletr\u00f4nicas I<\/a><\/li>\n\n\n\n<li><a href=\"https:\/\/sociaisaplicadas.ufpr.br\/decigi\/wp-content\/uploads\/sites\/5\/2024\/11\/Ficha-2-SIN225-2022-1-Tecnologias-para-Apoio-a-Tomada-de-Decisao.pdf\">SIN225 \u2013\u00a0Tecnologias para Apoio a Tomada de Decis\u00e3o<\/a><\/li>\n\n\n\n<li><a href=\"https:\/\/sociaisaplicadas.ufpr.br\/decigi\/wp-content\/uploads\/sites\/5\/2024\/11\/Ficha-2-SIN226-2022-1-Topicos-em-Cidadania-e-Sustentabilidade-na-Gestao.pdf\">SIN226 \u2013\u00a0T\u00f3picos em Cidadania e Sustentabilidade na Gest\u00e3o<\/a><\/li>\n\n\n\n<li><a href=\"https:\/\/sociaisaplicadas.ufpr.br\/decigi\/wp-content\/uploads\/sites\/5\/2024\/11\/Ficha-2-SIN229-2022-1-Bases-Teoricas-da-Administracao-de-Ambientes-de-Informacao.pdf\">SIN229 \u2013\u00a0Bases Te\u00f3ricas da Administra\u00e7\u00e3o de Ambientes De Informa\u00e7\u00e3o<\/a><\/li>\n\n\n\n<li><a href=\"https:\/\/sociaisaplicadas.ufpr.br\/decigi\/wp-content\/uploads\/sites\/5\/2024\/11\/Ficha-2-SIN236-2022-1-Topicos-Especiais-em-Tecnologia-da-Informacao.pdf\">SIN236 \u2013\u00a0T\u00f3picos Especiais em Tecnologia da Informa\u00e7\u00e3o<\/a><\/li>\n<\/ul>\n\n\n\n<p>2\u00b0 Semestre<\/p>\n\n\n\n<ul class=\"wp-block-list\">\n<li><a href=\"https:\/\/sociaisaplicadas.ufpr.br\/decigi\/wp-content\/uploads\/sites\/5\/2024\/11\/SIN161-CONDENSACAO-DA-INFORMACAO-TURMA-A-2022.2.pdf\">SIN161\u00a0\u2013\u00a0Condensa\u00e7\u00e3o da Informa\u00e7\u00e3o \u2013 Turma A<\/a><\/li>\n\n\n\n<li><a href=\"https:\/\/sociaisaplicadas.ufpr.br\/decigi\/wp-content\/uploads\/sites\/5\/2024\/11\/SIN161-CONDENSACAO-DA-INFORMACAO-TURMA-B-2022.2.pdf\">SIN161\u00a0\u2013\u00a0Condensa\u00e7\u00e3o da Informa\u00e7\u00e3o \u2013 Turma B<\/a><\/li>\n\n\n\n<li><a href=\"https:\/\/sociaisaplicadas.ufpr.br\/decigi\/wp-content\/uploads\/sites\/5\/2024\/11\/SIN167-COMPETENCIA-INFORMACIONAL-TURMA-AB-2022.2.pdf\">SIN167\u00a0\u2013\u00a0Compet\u00eancia Informacional \u2013 Turma AB<\/a><\/li>\n\n\n\n<li><a href=\"https:\/\/sociaisaplicadas.ufpr.br\/decigi\/wp-content\/uploads\/sites\/5\/2024\/11\/SIN168-TECNOLOGIAS-DA-INFORMACAO-E-DA-COMUNICACAO-2022.2.pdf\">SIN168\u00a0\u2013\u00a0Tecnologias da Informa\u00e7\u00e3o e da Comunica\u00e7\u00e3o<\/a><\/li>\n\n\n\n<li><a href=\"https:\/\/sociaisaplicadas.ufpr.br\/decigi\/wp-content\/uploads\/sites\/5\/2024\/11\/SIN169-METODOS-MATEMATICOS-PARA-GESTAO-DA-INFORMACAO-TURMA-AB-2022.2.pdf\">SIN169\u00a0\u2013\u00a0M\u00e9todos Matem\u00e1ticos para Gest\u00e3o da Informa\u00e7\u00e3o \u2013 Turma AB<\/a><\/li>\n\n\n\n<li><a href=\"https:\/\/sociaisaplicadas.ufpr.br\/decigi\/wp-content\/uploads\/sites\/5\/2024\/11\/SIN170-GESTAO-DE-DOCUMENTOS-TURMA-A-2022.2.pdf\">SIN170\u00a0\u2013\u00a0Gest\u00e3o de Documentos \u2013 Turma A<\/a><\/li>\n\n\n\n<li><a href=\"https:\/\/sociaisaplicadas.ufpr.br\/decigi\/wp-content\/uploads\/sites\/5\/2024\/11\/SIN170-GESTAO-DE-DOCUMENTOS-TURMA-B-2022.2.pdf\">SIN170\u00a0\u2013\u00a0Gest\u00e3o de Documentos \u2013 Turma B<\/a><\/li>\n\n\n\n<li><a href=\"https:\/\/sociaisaplicadas.ufpr.br\/decigi\/wp-content\/uploads\/sites\/5\/2024\/11\/SIN179-ERGONOMIA-DA-INFORMACAO-2022.2.pdf\">SIN179 \u2013 Ergonomia da Informa\u00e7\u00e3o<\/a><\/li>\n\n\n\n<li><a href=\"https:\/\/sociaisaplicadas.ufpr.br\/decigi\/wp-content\/uploads\/sites\/5\/2024\/11\/SIN180-METODOLOGIA-DA-PESQUISA-TURMA-A-2022.2.pdf\">SIN180 \u2013 Metodologia da Pesquisa \u2013 Turma A<\/a><\/li>\n\n\n\n<li><a href=\"https:\/\/sociaisaplicadas.ufpr.br\/decigi\/wp-content\/uploads\/sites\/5\/2024\/11\/SIN180-METODOLOGIA-DA-PESQUISA-TURMA-B-2022.2.pdf\">SIN180\u00a0\u2013\u00a0Metodologia da Pesquisa \u2013 Turma B<\/a><\/li>\n\n\n\n<li><a href=\"https:\/\/sociaisaplicadas.ufpr.br\/decigi\/wp-content\/uploads\/sites\/5\/2024\/11\/SIN181-GESTAO-DE-NEGOCIOS-2022.2.pdf\">SIN181\u00a0\u2013\u00a0Gest\u00e3o de Neg\u00f3cios<\/a><\/li>\n\n\n\n<li><a href=\"https:\/\/sociaisaplicadas.ufpr.br\/decigi\/wp-content\/uploads\/sites\/5\/2024\/11\/SIN182-INFORMACAO-E-ESTRATEGIA-2022.2.pdf\">SIN182\u00a0\u2013\u00a0Informa\u00e7\u00e3o e Estrat\u00e9gia<\/a><\/li>\n\n\n\n<li><a href=\"https:\/\/sociaisaplicadas.ufpr.br\/decigi\/wp-content\/uploads\/sites\/5\/2024\/11\/SIN183-BANCO-DE-DADOS-I-2022.2.pdf\">SIN183\u00a0\u2013\u00a0Banco de Dados I<\/a><\/li>\n\n\n\n<li><a href=\"https:\/\/sociaisaplicadas.ufpr.br\/decigi\/wp-content\/uploads\/sites\/5\/2024\/11\/SIN184-ANALISE-DA-INFORMACAO-E-DO-CONHECIMENTO-I-2022.2.pdf\">SIN184\u00a0\u2013\u00a0An\u00e1lise da Informa\u00e7\u00e3o e do Conhecimento I<\/a><\/li>\n\n\n\n<li><a href=\"https:\/\/sociaisaplicadas.ufpr.br\/decigi\/wp-content\/uploads\/sites\/5\/2024\/11\/SIN191-DESIGN-DA-INFORMACAO-2022.2.pdf\">SIN191\u00a0\u2013\u00a0Design da Informa\u00e7\u00e3o<\/a><\/li>\n\n\n\n<li><a href=\"https:\/\/sociaisaplicadas.ufpr.br\/decigi\/wp-content\/uploads\/sites\/5\/2024\/11\/SIN192-ONTOLOGIAS-E-TAXONOMIA-DO-CONHECIMENTO-2022.2.pdf\">SIN192\u00a0\u2013\u00a0Ontologias e Taxonomia do Conhecimento<\/a><\/li>\n\n\n\n<li><a href=\"https:\/\/sociaisaplicadas.ufpr.br\/decigi\/wp-content\/uploads\/sites\/5\/2024\/11\/SIN193-GESTAO-DO-CONHECIMENTO-2022.2.pdf\">SIN193\u00a0\u2013\u00a0Gest\u00e3o do Conhecimento<\/a><\/li>\n\n\n\n<li><a href=\"https:\/\/sociaisaplicadas.ufpr.br\/decigi\/wp-content\/uploads\/sites\/5\/2024\/11\/SIN194-INFORMACAO-E-CULTURA-ORGANIZACIONAL-2022.2.pdf\">SIN194\u00a0\u2013\u00a0Informa\u00e7\u00e3o e Cultura Organizacional<\/a><\/li>\n\n\n\n<li><a href=\"https:\/\/sociaisaplicadas.ufpr.br\/decigi\/wp-content\/uploads\/sites\/5\/2024\/11\/SIN195-MINERACAO-DE-DADOS-2022.2.pdf\">SIN195\u00a0\u2013\u00a0Minera\u00e7\u00e3o de Dados<\/a><\/li>\n\n\n\n<li><a href=\"https:\/\/sociaisaplicadas.ufpr.br\/decigi\/wp-content\/uploads\/sites\/5\/2024\/11\/SIN196-ESTAGIO-SUPERVISIONADO-I-2022.2.pdf\">SIN196\u00a0\u2013\u00a0Est\u00e1gio Supervisionado I<\/a><\/li>\n\n\n\n<li><a href=\"https:\/\/sociaisaplicadas.ufpr.br\/decigi\/wp-content\/uploads\/sites\/5\/2024\/11\/SIN201-TRABALHO-DE-CONCLUSAO-DE-CURSO-I-2022.2.pdf\">SIN201\u00a0\u2013\u00a0Trabalho de Conclus\u00e3o De Curso I<\/a><\/li>\n\n\n\n<li><a href=\"https:\/\/sociaisaplicadas.ufpr.br\/decigi\/wp-content\/uploads\/sites\/5\/2024\/11\/SIN202-ESTAGIO-SUPERVISIONADO-II-2022.2.pdf\">SIN202\u00a0\u2013\u00a0Est\u00e1gio Supervisionado II<\/a><\/li>\n\n\n\n<li><a href=\"https:\/\/sociaisaplicadas.ufpr.br\/decigi\/wp-content\/uploads\/sites\/5\/2024\/11\/SIN204-TRABALHO-DE-CONCLUSAO-DE-CURSO-II-2022.2.pdf\">SIN204\u00a0\u2013\u00a0Trabalho de Conclus\u00e3o de Curso II<\/a><\/li>\n\n\n\n<li><a href=\"https:\/\/sociaisaplicadas.ufpr.br\/decigi\/wp-content\/uploads\/sites\/5\/2024\/11\/SIN205-INTELIGENCIA-ORGANIZACIONAL-2022.2.pdf\">SIN205\u00a0\u2013\u00a0Intelig\u00eancia Organizacional<\/a><\/li>\n\n\n\n<li><a href=\"https:\/\/sociaisaplicadas.ufpr.br\/decigi\/wp-content\/uploads\/sites\/5\/2024\/11\/SIN206-GESTAO-DE-PROJETOS-2022.2.pdf\">SIN206\u00a0\u2013\u00a0Gest\u00e3o de Projetos<\/a><\/li>\n\n\n\n<li><a href=\"https:\/\/sociaisaplicadas.ufpr.br\/decigi\/wp-content\/uploads\/sites\/5\/2024\/11\/SIN209-TOPICOS-ESPECIAIS-EM-SISTEMAS-DE-INFORMACAO-2022.2.pdf\">SIN209\u00a0\u2013\u00a0T\u00f3picos Especiais em Sistemas de Informa\u00e7\u00e3o<\/a><\/li>\n\n\n\n<li><a href=\"https:\/\/sociaisaplicadas.ufpr.br\/decigi\/wp-content\/uploads\/sites\/5\/2024\/11\/SIN212-CONSULTORIA-EM-INFORMACAO-2022.2.pdf\">SIN212\u00a0\u2013\u00a0Consultoria em Informa\u00e7\u00e3o<\/a><\/li>\n\n\n\n<li><a href=\"https:\/\/sociaisaplicadas.ufpr.br\/decigi\/wp-content\/uploads\/sites\/5\/2024\/11\/SIN215-TOPICOS-EM-GESTAO-DA-INFORMACAO-2022.2.pdf\">SIN215\u00a0\u2013\u00a0T\u00f3picos em Gest\u00e3o da Informa\u00e7\u00e3o<\/a><\/li>\n\n\n\n<li><a href=\"https:\/\/sociaisaplicadas.ufpr.br\/decigi\/wp-content\/uploads\/sites\/5\/2024\/11\/SIN217-TOPICOS-EM-INFORMACAO-TECNOLOGICA-2022.2.pdf\">SIN217\u00a0\u2013\u00a0T\u00f3picos em Informa\u00e7\u00e3o Tecnol\u00f3gica<\/a><\/li>\n\n\n\n<li><a href=\"https:\/\/sociaisaplicadas.ufpr.br\/decigi\/wp-content\/uploads\/sites\/5\/2024\/11\/SIN224-INTELIGENCIA-COMPETITIVA-E-REDES-DE-INFORMACAO-2022.2.pdf\">SIN224\u00a0\u2013\u00a0Intelig\u00eancia Competitiva e Redes de Informa\u00e7\u00e3o<\/a><\/li>\n\n\n\n<li><a href=\"https:\/\/sociaisaplicadas.ufpr.br\/decigi\/wp-content\/uploads\/sites\/5\/2024\/11\/SIN227-TOPICOS-ESPECIAIS-EM-PROPRIEDADE-INDUSTRIAL-2022.2.pdf\">SIN227\u00a0\u2013\u00a0T\u00f3picos Especiais em Propriedade Industrial<\/a><\/li>\n\n\n\n<li><a href=\"https:\/\/sociaisaplicadas.ufpr.br\/decigi\/wp-content\/uploads\/sites\/5\/2024\/11\/SIN230-EMPREENDEDORISMO-EM-GESTAO-DA-INFORMACAO-2022.2.pdf\">SIN230\u00a0\u2013\u00a0Empreendedorismo em Gest\u00e3o da Informa\u00e7\u00e3o<\/a><\/li>\n\n\n\n<li><a href=\"https:\/\/sociaisaplicadas.ufpr.br\/decigi\/wp-content\/uploads\/sites\/5\/2024\/11\/SIN233-TOPICOS-EM-ANALISE-DE-DADOS-2022.2.pdf\">SIN233\u00a0\u2013\u00a0T\u00f3picos em An\u00e1lise de Dados<\/a><\/li>\n\n\n\n<li><a href=\"https:\/\/sociaisaplicadas.ufpr.br\/decigi\/wp-content\/uploads\/sites\/5\/2024\/11\/SIN235-TOPICOS-ESPECIAIS-EM-LINGUAGEM-DE-PROGRAMACAO-NA-GESTAO-DA-INFORMACAO-2022.2.pdf\">SIN235\u00a0\u2013\u00a0T\u00f3picos Especiais em Linguagem de Programa\u00e7\u00e3o na Gest\u00e3o da Informa\u00e7\u00e3o<\/a><\/li>\n\n\n\n<li><a href=\"https:\/\/sociaisaplicadas.ufpr.br\/decigi\/wp-content\/uploads\/sites\/5\/2024\/11\/SIN239-CURADORIA-DIGITAL-2022.2.pdf\">SIN239\u00a0\u2013\u00a0Curadoria Digital<\/a><\/li>\n\n\n\n<li><a href=\"https:\/\/sociaisaplicadas.ufpr.br\/decigi\/wp-content\/uploads\/sites\/5\/2024\/11\/SIN241-GAMIFICACAO-2022.2.pdf\">SIN241\u00a0\u2013\u00a0<em>Gamifica\u00e7\u00e3o<\/em><\/a><\/li>\n\n\n\n<li><a href=\"https:\/\/sociaisaplicadas.ufpr.br\/decigi\/wp-content\/uploads\/sites\/5\/2024\/11\/SIN245-TOPICOS-EM-ACESSIBILIDADE-DA-INFORMACAO-2022.2.pdf\">SIN245\u00a0\u2013\u00a0T\u00f3picos em Acessibilidade da Informa\u00e7\u00e3o<\/a><\/li>\n<\/ul>\n<\/div><\/div>\n\n\n\n<div class=\"wp-block-group\"><div class=\"wp-block-group__inner-container is-layout-constrained wp-block-group-is-layout-constrained\">\n<h1 class=\"wp-block-heading\">2023<\/h1>\n\n\n\n<p>1\u00b0 Semestre<\/p>\n\n\n\n<ul class=\"wp-block-list\">\n<li>SIN160 \u2013 Introdu\u00e7\u00e3o a Gest\u00e3o da Informa\u00e7\u00e3o \u2013 Turma A<\/li>\n\n\n\n<li>SIN160 \u2013 Introdu\u00e7\u00e3o a Gest\u00e3o da Informa\u00e7\u00e3o \u2013 Turma B<\/li>\n\n\n\n<li><a href=\"https:\/\/sociaisaplicadas.ufpr.br\/decigi\/wp-content\/uploads\/sites\/5\/2024\/12\/SIN162-A.pdf\">SIN162 \u2013 Informa\u00e7\u00e3o e Sociedade \u2013 Turma A<\/a><\/li>\n\n\n\n<li><a href=\"https:\/\/sociaisaplicadas.ufpr.br\/decigi\/wp-content\/uploads\/sites\/5\/2024\/12\/SIN162-B.pdf\">SIN162 \u2013 Informa\u00e7\u00e3o e Sociedade \u2013 Turma B<\/a><\/li>\n\n\n\n<li>SIN163 \u2013 T\u00e9cnicas de Pesquisa<\/li>\n\n\n\n<li>SIN164 \u2013 Introdu\u00e7\u00e3o a L\u00f3gica \u2013 Louren\u00e7a<\/li>\n\n\n\n<li>SIN164 \u2013 Introdu\u00e7\u00e3o a L\u00f3gica \u2013 Celso<\/li>\n\n\n\n<li>SIN165 \u2013 Fundamentos de Matem\u00e1tica \u2013 Turma A<\/li>\n\n\n\n<li>SIN165 \u2013 Fundamentos de Matem\u00e1tica \u2013 Turma B<\/li>\n\n\n\n<li>SIN166 \u2013 Fundamentos da Ci\u00eancia da Informa\u00e7\u00e3o \u2013 Paula<\/li>\n\n\n\n<li><a href=\"https:\/\/sociaisaplicadas.ufpr.br\/decigi\/wp-content\/uploads\/sites\/5\/2024\/12\/SIN166.pdf\">SIN166 \u2013 Fundamentos da Ci\u00eancia da Informa\u00e7\u00e3o \u2013 Edson<\/a><\/li>\n\n\n\n<li>SIN171 \u2013 Sistemas de Informa\u00e7\u00e3o \u2013 Turma A<\/li>\n\n\n\n<li>SIN171 \u2013 Sistemas de Informa\u00e7\u00e3o \u2013 Turma B<\/li>\n\n\n\n<li>SIN172 \u2013 Gest\u00e3o de Processos \u2013 Turma A<\/li>\n\n\n\n<li>SIN172 \u2013 Gest\u00e3o de Processos \u2013 Turma B<\/li>\n\n\n\n<li>SIN173 \u2013 Introdu\u00e7\u00e3o \u00e0 Teoria da Informa\u00e7\u00e3o \u2013 Cestari<\/li>\n\n\n\n<li>SIN173 \u2013 Introdu\u00e7\u00e3o \u00e0 Teoria da Informa\u00e7\u00e3o \u2013 Luiz<\/li>\n\n\n\n<li>SIN174 \u2013 Modelagem de Sistemas \u2013 Louren\u00e7a<\/li>\n\n\n\n<li>SIN174 \u2013 Modelagem de Sistemas \u2013 Cestari<\/li>\n\n\n\n<li>SIN175 \u2013 Informa\u00e7\u00e3o e Marketing \u2013 Turma A<\/li>\n\n\n\n<li>SIN175 \u2013 Informa\u00e7\u00e3o e Marketing \u2013 Turma B<\/li>\n\n\n\n<li>SIN176 \u2013 Programa\u00e7\u00e3o de Computadores Para Gest\u00e3o da Informa\u00e7\u00e3o \u2013 Cestari<\/li>\n\n\n\n<li>SIN176 \u2013 Programa\u00e7\u00e3o de Computadores Para Gest\u00e3o da Informa\u00e7\u00e3o \u2013 Egon<\/li>\n\n\n\n<li>SIN177 \u2013 Necessidades e Usos de Informa\u00e7\u00e3o \u2013 Turma A<\/li>\n\n\n\n<li>SIN177 \u2013 Necessidades e Usos de Informa\u00e7\u00e3o \u2013 Turma B<\/li>\n\n\n\n<li>SIN185 \u2013 Gest\u00e3o de Conte\u00fados II<\/li>\n\n\n\n<li>SIN186 \u2013 Pol\u00edticas e \u00c9tica de Informa\u00e7\u00e3o<\/li>\n\n\n\n<li><a href=\"https:\/\/sociaisaplicadas.ufpr.br\/decigi\/wp-content\/uploads\/sites\/5\/2024\/12\/SIN187.pdf\">SIN187 \u2013 Gest\u00e3o de Informa\u00e7\u00e3o para Neg\u00f3cios<\/a><\/li>\n\n\n\n<li>SIN188 \u2013 Seguran\u00e7a da Informa\u00e7\u00e3o \u2013 Turma A<\/li>\n\n\n\n<li>SIN188 \u2013 Seguran\u00e7a da Informa\u00e7\u00e3o \u2013 Turma B<\/li>\n\n\n\n<li>SIN189 \u2013 Banco de Dados II<\/li>\n\n\n\n<li>SIN190 \u2013 An\u00e1lise da Informa\u00e7\u00e3o e do Conhecimento II<\/li>\n\n\n\n<li>SIN196 \u2013 Est\u00e1gio Supervisionado<\/li>\n\n\n\n<li>SIN197 \u2013 Produtos e Servi\u00e7os de Informa\u00e7\u00e3o<\/li>\n\n\n\n<li>SIN198 \u2013 M\u00e9tricas de Informa\u00e7\u00e3o<\/li>\n\n\n\n<li>SIN199 \u2013 M\u00e9todos Quantitativos de An\u00e1lise<\/li>\n\n\n\n<li>SIN200 \u2013 Laborat\u00f3rio de Organiza\u00e7\u00e3o do Conhecimento<\/li>\n\n\n\n<li>SIN201 \u2013 Trabalho de Conclus\u00e3o de Curso I<\/li>\n\n\n\n<li>SIN202 \u2013 Est\u00e1gio Supervisionado II<\/li>\n\n\n\n<li>SIN203 \u2013 Gest\u00e3o de Tecnologia da Informa\u00e7\u00e3o<\/li>\n\n\n\n<li>SIN204 \u2013 Trabalho de Conclus\u00e3o de Curso II<\/li>\n\n\n\n<li>SIN208 \u2013 Aprendizagem Organizacional<\/li>\n\n\n\n<li>SIN213 \u2013 T\u00f3picos Especiais em Ci\u00eancia da Informa\u00e7\u00e3o<\/li>\n\n\n\n<li>SIN218 \u2013 T\u00f3picos em Visualiza\u00e7\u00e3o da Informa\u00e7\u00e3o<\/li>\n\n\n\n<li><a href=\"https:\/\/sociaisaplicadas.ufpr.br\/decigi\/wp-content\/uploads\/sites\/5\/2024\/12\/SIN226.pdf\">SIN226 \u2013 T\u00f3picos em Cidadania e Sustentabilidade Na Gest\u00e3o<\/a><\/li>\n\n\n\n<li>SIN232 \u2013 T\u00f3picos Especiais em Administra\u00e7\u00e3o<\/li>\n<\/ul>\n\n\n\n<p>2\u00b0 Semestre<\/p>\n\n\n\n<ul class=\"wp-block-list\">\n<li><a href=\"https:\/\/sociaisaplicadas.ufpr.br\/decigi\/wp-content\/uploads\/sites\/5\/2024\/12\/SIN161-Lourenca.pdf\">SIN161 \u2013 Condensa\u00e7\u00e3o da Informa\u00e7\u00e3o \u2013 Louren\u00e7a<\/a><\/li>\n\n\n\n<li><a href=\"https:\/\/sociaisaplicadas.ufpr.br\/decigi\/wp-content\/uploads\/sites\/5\/2024\/12\/SIN161-Andre.pdf\">SIN161 \u2013 Condensa\u00e7\u00e3o da Informa\u00e7\u00e3o \u2013 Andre<\/a><\/li>\n\n\n\n<li>SIN161 \u2013 Condensa\u00e7\u00e3o da Informa\u00e7\u00e3o<\/li>\n\n\n\n<li><a href=\"https:\/\/sociaisaplicadas.ufpr.br\/decigi\/wp-content\/uploads\/sites\/5\/2024\/12\/SIN167-A.pdf\">SIN167 \u2013 Compet\u00eancia Informacional \u2013 Turma A<\/a><\/li>\n\n\n\n<li><a href=\"https:\/\/sociaisaplicadas.ufpr.br\/decigi\/wp-content\/uploads\/sites\/5\/2024\/12\/SIN167-B.pdf\">SIN167 \u2013 Compet\u00eancia Informacional \u2013 Turma B<\/a><\/li>\n\n\n\n<li><a href=\"https:\/\/sociaisaplicadas.ufpr.br\/decigi\/wp-content\/uploads\/sites\/5\/2024\/12\/SIN168-A.pdf\">SIN168 \u2013 Tecnologias da Informa\u00e7\u00e3o e da Comunica\u00e7\u00e3o \u2013 Turma A<\/a><\/li>\n\n\n\n<li><a href=\"https:\/\/sociaisaplicadas.ufpr.br\/decigi\/wp-content\/uploads\/sites\/5\/2024\/12\/SIN168-B.pdf\">SIN168 \u2013 Tecnologias da Informa\u00e7\u00e3o e da Comunica\u00e7\u00e3o \u2013 Turma B<\/a><\/li>\n\n\n\n<li>SIN169 \u2013 M\u00e9todos Matem\u00e1ticos para Gest\u00e3o da Informa\u00e7\u00e3o \u2013 Turma A<\/li>\n\n\n\n<li>SIN169 \u2013 M\u00e9todos Matem\u00e1ticos para Gest\u00e3o da Informa\u00e7\u00e3o \u2013 Turma B<\/li>\n\n\n\n<li>SIN170 \u2013 Gest\u00e3o de Documentos \u2013 Turma A<\/li>\n\n\n\n<li>SIN170 \u2013 Gest\u00e3o de Documentos \u2013 Turma B<\/li>\n\n\n\n<li><a href=\"https:\/\/sociaisaplicadas.ufpr.br\/decigi\/wp-content\/uploads\/sites\/5\/2024\/12\/SIN178.pdf\">SIN178 \u2013 Gest\u00e3o de Conte\u00fados I<\/a><\/li>\n\n\n\n<li>SIN179 \u2013 Ergonomia da Informa\u00e7\u00e3o<\/li>\n\n\n\n<li><a href=\"https:\/\/sociaisaplicadas.ufpr.br\/decigi\/wp-content\/uploads\/sites\/5\/2024\/12\/SIN180-A.pdf\">SIN180 \u2013 Metodologia da Pesquisa \u2013 Turma A<\/a><\/li>\n\n\n\n<li><a href=\"https:\/\/sociaisaplicadas.ufpr.br\/decigi\/wp-content\/uploads\/sites\/5\/2024\/12\/SIN180-B.pdf\">SIN180 \u2013 Metodologia da Pesquisa \u2013 Turma B<\/a><\/li>\n\n\n\n<li><a href=\"https:\/\/sociaisaplicadas.ufpr.br\/decigi\/wp-content\/uploads\/sites\/5\/2024\/12\/SIN181.pdf\">SIN181 \u2013 Gest\u00e3o de Neg\u00f3cios<\/a><\/li>\n\n\n\n<li><a href=\"https:\/\/sociaisaplicadas.ufpr.br\/decigi\/wp-content\/uploads\/sites\/5\/2024\/12\/SIN182.pdf\">SIN182 \u2013 Informa\u00e7\u00e3o e Estrat\u00e9gia<\/a><\/li>\n\n\n\n<li>SIN183 \u2013 Banco de Dados<\/li>\n\n\n\n<li><a href=\"https:\/\/sociaisaplicadas.ufpr.br\/decigi\/wp-content\/uploads\/sites\/5\/2024\/12\/SIN184.pdf\">SIN184 \u2013 An\u00e1lise da Informa\u00e7\u00e3o e do Conhecimento I<\/a><\/li>\n\n\n\n<li><a href=\"https:\/\/sociaisaplicadas.ufpr.br\/decigi\/wp-content\/uploads\/sites\/5\/2024\/12\/SIN191.pdf\">SIN191 \u2013 Design da Informa\u00e7\u00e3o<\/a><\/li>\n\n\n\n<li><a href=\"https:\/\/sociaisaplicadas.ufpr.br\/decigi\/wp-content\/uploads\/sites\/5\/2024\/12\/SIN192.pdf\">SIN192 \u2013 Ontologias e Taxonomia do Conhecimento<\/a><\/li>\n\n\n\n<li>SIN193 \u2013 Gest\u00e3o do Conhecimento<\/li>\n\n\n\n<li>SIN194 \u2013 Informa\u00e7\u00e3o e Cultura Organizacional<\/li>\n\n\n\n<li><a href=\"https:\/\/sociaisaplicadas.ufpr.br\/decigi\/wp-content\/uploads\/sites\/5\/2024\/12\/SIN195.pdf\">SIN195 \u2013 Minera\u00e7\u00e3o de Dados<\/a><\/li>\n\n\n\n<li>SIN196 \u2013 Est\u00e1gio Supervisionado<\/li>\n\n\n\n<li>SIN201 \u2013 Trabalho de Conclus\u00e3o de Curso I<\/li>\n\n\n\n<li>SIN202 \u2013 Est\u00e1gio Supervisionado II<\/li>\n\n\n\n<li><a href=\"https:\/\/sociaisaplicadas.ufpr.br\/decigi\/wp-content\/uploads\/sites\/5\/2024\/12\/SIN204-Denise.pdf\">SIN204 \u2013 Trabalho de Conclus\u00e3o de Curso II<\/a><\/li>\n\n\n\n<li><a href=\"https:\/\/sociaisaplicadas.ufpr.br\/decigi\/wp-content\/uploads\/sites\/5\/2024\/12\/SIN205.pdf\">SIN205 \u2013 Intelig\u00eancia Organizacional<\/a><\/li>\n\n\n\n<li><a href=\"https:\/\/sociaisaplicadas.ufpr.br\/decigi\/wp-content\/uploads\/sites\/5\/2024\/12\/SIN206.pdf\">SIN206 \u2013 Gest\u00e3o de Projetos<\/a><\/li>\n\n\n\n<li>SIN209 \u2013 T\u00f3picos Especiais em Sistemas de Informa\u00e7\u00e3o<\/li>\n\n\n\n<li><a href=\"https:\/\/sociaisaplicadas.ufpr.br\/decigi\/wp-content\/uploads\/sites\/5\/2024\/12\/SIN214.pdf\">SIN214 \u2013 T\u00f3picos em Editora\u00e7\u00e3o<\/a><\/li>\n\n\n\n<li>SIN215 \u2013 T\u00f3picos em Gest\u00e3o da Informa\u00e7\u00e3o \u2013 Louren\u00e7a<\/li>\n\n\n\n<li>SIN215 \u2013 T\u00f3picos em Gest\u00e3o da Informa\u00e7\u00e3o \u2013 Luiz<\/li>\n\n\n\n<li><a href=\"https:\/\/sociaisaplicadas.ufpr.br\/decigi\/wp-content\/uploads\/sites\/5\/2024\/12\/SIN215.pdf\">SIN215 \u2013 T\u00f3picos em Gest\u00e3o da Informa\u00e7\u00e3o \u2013 Andre<\/a><\/li>\n\n\n\n<li><a href=\"https:\/\/sociaisaplicadas.ufpr.br\/decigi\/wp-content\/uploads\/sites\/5\/2024\/12\/SIN216.pdf\">SIN216 \u2013 T\u00f3picos em Gest\u00e3o de Documentos<\/a><\/li>\n\n\n\n<li><a href=\"https:\/\/sociaisaplicadas.ufpr.br\/decigi\/wp-content\/uploads\/sites\/5\/2024\/12\/SIN217.pdf\">SIN217 \u2013 T\u00f3picos em Informa\u00e7\u00e3o Tecnol\u00f3gica<\/a><\/li>\n\n\n\n<li>SIN219 \u2013 T\u00f3picos em Tecnologias Eletr\u00f4nicas<\/li>\n\n\n\n<li><a href=\"https:\/\/sociaisaplicadas.ufpr.br\/decigi\/wp-content\/uploads\/sites\/5\/2024\/12\/SIN223.pdf\">SIN223 \u2013 Intelig\u00eancia Artificial Aplicada a Gest\u00e3o da Informa\u00e7\u00e3o<\/a><\/li>\n\n\n\n<li>SIN228 \u2013 T\u00f3picos em Gest\u00e3o de Carreiras<\/li>\n\n\n\n<li><a href=\"https:\/\/sociaisaplicadas.ufpr.br\/decigi\/wp-content\/uploads\/sites\/5\/2024\/12\/SIN230.pdf\">SIN230 \u2013 Empreendedorismo em Gest\u00e3o da Informa\u00e7\u00e3o<\/a><\/li>\n\n\n\n<li>SIN235 \u2013 T\u00f3picos Especiais em Linguagem de Programa\u00e7\u00e3o na Gest\u00e3o da Informa\u00e7\u00e3o<\/li>\n\n\n\n<li><a href=\"https:\/\/sociaisaplicadas.ufpr.br\/decigi\/wp-content\/uploads\/sites\/5\/2024\/12\/SIN240.pdf\">SIN240 \u2013 Emerging Trends In Information Management<\/a><\/li>\n\n\n\n<li><a href=\"https:\/\/sociaisaplicadas.ufpr.br\/decigi\/wp-content\/uploads\/sites\/5\/2024\/12\/SIN241.pdf\">SIN241 \u2013 Gamifica\u00e7\u00e3o<\/a><\/li>\n<\/ul>\n<\/div><\/div>\n\n\n\n<div class=\"wp-block-group\"><div class=\"wp-block-group__inner-container is-layout-constrained wp-block-group-is-layout-constrained\">\n<h1 class=\"wp-block-heading\">2024<\/h1>\n\n\n\n<p>1\u00b0 Semestre<\/p>\n\n\n\n<ul class=\"wp-block-list\">\n<li><a href=\"https:\/\/sociaisaplicadas.ufpr.br\/decigi\/wp-content\/uploads\/sites\/5\/2024\/12\/SIN160.pdf\">SIN160 \u2013 Introdu\u00e7\u00e3o a Gest\u00e3o da Informa\u00e7\u00e3o<\/a><\/li>\n\n\n\n<li><a href=\"https:\/\/sociaisaplicadas.ufpr.br\/decigi\/wp-content\/uploads\/sites\/5\/2024\/12\/SIN162.pdf\">SIN162 \u2013 Informa\u00e7\u00e3o e Sociedade<\/a><\/li>\n\n\n\n<li><a href=\"https:\/\/sociaisaplicadas.ufpr.br\/decigi\/wp-content\/uploads\/sites\/5\/2024\/12\/SIN163.pdf\">SIN163 \u2013 T\u00e9cnicas de Pesquisa<\/a><\/li>\n\n\n\n<li><a href=\"https:\/\/sociaisaplicadas.ufpr.br\/decigi\/wp-content\/uploads\/sites\/5\/2024\/12\/SIN164-A-Lourenca.pdf\">SIN164 \u2013 Introdu\u00e7\u00e3o a L\u00f3gica \u2013 Turma A<\/a><\/li>\n\n\n\n<li><a href=\"https:\/\/sociaisaplicadas.ufpr.br\/decigi\/wp-content\/uploads\/sites\/5\/2024\/12\/SIN164-B-Lourenca.pdf\">SIN164 \u2013 Introdu\u00e7\u00e3o a L\u00f3gica \u2013 Turma B<\/a><\/li>\n\n\n\n<li><a href=\"https:\/\/sociaisaplicadas.ufpr.br\/decigi\/wp-content\/uploads\/sites\/5\/2024\/12\/SIN165-A.pdf\">SIN165 \u2013 Fundamentos de Matem\u00e1tica \u2013 Turma A<\/a><\/li>\n\n\n\n<li><a href=\"https:\/\/sociaisaplicadas.ufpr.br\/decigi\/wp-content\/uploads\/sites\/5\/2024\/12\/SIN165-B.pdf\">SIN165 \u2013 Fundamentos de Matem\u00e1tica \u2013 Turma B<\/a><\/li>\n\n\n\n<li><a href=\"https:\/\/sociaisaplicadas.ufpr.br\/decigi\/wp-content\/uploads\/sites\/5\/2024\/12\/SIN166-A.pdf\">SIN166 \u2013 Fundamentos da Ci\u00eancia da Informa\u00e7\u00e3o \u2013 Turma A<\/a><\/li>\n\n\n\n<li><a href=\"https:\/\/sociaisaplicadas.ufpr.br\/decigi\/wp-content\/uploads\/sites\/5\/2024\/12\/SIN166-B.pdf\">SIN166 \u2013 Fundamentos da Ci\u00eancia da Informa\u00e7\u00e3o \u2013 Turma B<\/a><\/li>\n\n\n\n<li><a href=\"https:\/\/sociaisaplicadas.ufpr.br\/decigi\/wp-content\/uploads\/sites\/5\/2024\/12\/SIN171-A.pdf\">SIN171 \u2013 Sistemas de Informa\u00e7\u00e3o \u2013 Louren\u00e7a<\/a><\/li>\n\n\n\n<li><a href=\"https:\/\/sociaisaplicadas.ufpr.br\/decigi\/wp-content\/uploads\/sites\/5\/2024\/12\/SIN171-B.pdf\">SIN171 \u2013 Sistemas de Informa\u00e7\u00e3o \u2013 Luciano<\/a><\/li>\n\n\n\n<li><a href=\"https:\/\/sociaisaplicadas.ufpr.br\/decigi\/wp-content\/uploads\/sites\/5\/2024\/12\/SIN172-A.pdf\">SIN172 \u2013 Gest\u00e3o de Processos \u2013 Turma A<\/a><\/li>\n\n\n\n<li><a href=\"https:\/\/sociaisaplicadas.ufpr.br\/decigi\/wp-content\/uploads\/sites\/5\/2024\/12\/SIN172-B.pdf\">SIN172 \u2013 Gest\u00e3o de Processos \u2013 Turma B<\/a><\/li>\n\n\n\n<li><a href=\"https:\/\/sociaisaplicadas.ufpr.br\/decigi\/wp-content\/uploads\/sites\/5\/2024\/12\/SIN173-A.pdf\">SIN173 \u2013 Introdu\u00e7\u00e3o \u00e0 Teoria da Informa\u00e7\u00e3o \u2013 Turma A<\/a><\/li>\n\n\n\n<li><a href=\"https:\/\/sociaisaplicadas.ufpr.br\/decigi\/wp-content\/uploads\/sites\/5\/2024\/12\/SIN173-B.pdf\">SIN173 \u2013 Introdu\u00e7\u00e3o \u00e0 Teoria da Informa\u00e7\u00e3o \u2013 Turma B<\/a><\/li>\n\n\n\n<li><a href=\"https:\/\/sociaisaplicadas.ufpr.br\/decigi\/wp-content\/uploads\/sites\/5\/2024\/12\/SIN174-A.pdf\">SIN174 \u2013 Modelagem de Sistemas \u2013 Turma A<\/a><\/li>\n\n\n\n<li><a href=\"https:\/\/sociaisaplicadas.ufpr.br\/decigi\/wp-content\/uploads\/sites\/5\/2024\/12\/SIN174-B.pdf\">SIN174 \u2013 Modelagem de Sistemas \u2013 Turma B<\/a><\/li>\n\n\n\n<li><a href=\"https:\/\/sociaisaplicadas.ufpr.br\/decigi\/wp-content\/uploads\/sites\/5\/2024\/12\/SIN175-A.pdf\">SIN175 \u2013 Informa\u00e7\u00e3o e Marketing \u2013 Turma A<\/a><\/li>\n\n\n\n<li><a href=\"https:\/\/sociaisaplicadas.ufpr.br\/decigi\/wp-content\/uploads\/sites\/5\/2024\/12\/SIN175-B.pdf\">SIN175 \u2013 Informa\u00e7\u00e3o e Marketing \u2013 Turma B<\/a><\/li>\n\n\n\n<li><a href=\"https:\/\/sociaisaplicadas.ufpr.br\/decigi\/wp-content\/uploads\/sites\/5\/2024\/12\/SIN176-Cestari.pdf\">SIN176 \u2013 Programa\u00e7\u00e3o de Computadores Para Gest\u00e3o da Informa\u00e7\u00e3o \u2013 Cestari<\/a><\/li>\n\n\n\n<li><a href=\"https:\/\/sociaisaplicadas.ufpr.br\/decigi\/wp-content\/uploads\/sites\/5\/2024\/12\/SIN176-Celso.pdf\">SIN176 \u2013 Programa\u00e7\u00e3o de Computadores Para Gest\u00e3o da Informa\u00e7\u00e3o \u2013 Celso<\/a><\/li>\n\n\n\n<li><a href=\"https:\/\/sociaisaplicadas.ufpr.br\/decigi\/wp-content\/uploads\/sites\/5\/2024\/12\/SIN177-A.pdf\">SIN177 \u2013 Necessidades e Usos de Informa\u00e7\u00e3o \u2013 Turma A<\/a><\/li>\n\n\n\n<li><a href=\"https:\/\/sociaisaplicadas.ufpr.br\/decigi\/wp-content\/uploads\/sites\/5\/2024\/12\/SIN177-B.pdf\">SIN177 \u2013 Necessidades e Usos de Informa\u00e7\u00e3o \u2013 Turma B<\/a><\/li>\n\n\n\n<li><a href=\"https:\/\/sociaisaplicadas.ufpr.br\/decigi\/wp-content\/uploads\/sites\/5\/2024\/12\/SIN185.pdf\">SIN185 \u2013 Gest\u00e3o de Conte\u00fados II<\/a><\/li>\n\n\n\n<li><a href=\"https:\/\/sociaisaplicadas.ufpr.br\/decigi\/wp-content\/uploads\/sites\/5\/2024\/12\/SIN186.pdf\">SIN186 \u2013 Pol\u00edticas e \u00c9tica de Informa\u00e7\u00e3o<\/a><\/li>\n\n\n\n<li><a href=\"https:\/\/sociaisaplicadas.ufpr.br\/decigi\/wp-content\/uploads\/sites\/5\/2024\/12\/SIN187-1.pdf\">SIN187 \u2013 Gest\u00e3o de Informa\u00e7\u00e3o para Neg\u00f3cios<\/a><\/li>\n\n\n\n<li><a href=\"https:\/\/sociaisaplicadas.ufpr.br\/decigi\/wp-content\/uploads\/sites\/5\/2024\/12\/SIN188-Lourenca.pdf\">SIN188 \u2013 Seguran\u00e7a da Informa\u00e7\u00e3o<\/a><\/li>\n\n\n\n<li><a href=\"https:\/\/sociaisaplicadas.ufpr.br\/decigi\/wp-content\/uploads\/sites\/5\/2024\/12\/SIN189.pdf\">SIN189 \u2013 Banco de Dados II<\/a><\/li>\n\n\n\n<li><a href=\"https:\/\/sociaisaplicadas.ufpr.br\/decigi\/wp-content\/uploads\/sites\/5\/2024\/12\/SIN190.pdf\">SIN190 \u2013 An\u00e1lise da Informa\u00e7\u00e3o e do Conhecimento II<\/a><\/li>\n\n\n\n<li><a href=\"https:\/\/sociaisaplicadas.ufpr.br\/decigi\/wp-content\/uploads\/sites\/5\/2024\/12\/SIN196-Tedeschi-1.pdf\">SIN196 \u2013 Est\u00e1gio Supervisionado \u2013 Tedeschi<\/a><\/li>\n\n\n\n<li><a href=\"https:\/\/sociaisaplicadas.ufpr.br\/decigi\/wp-content\/uploads\/sites\/5\/2024\/12\/SIN196-Cestari.pdf\">SIN196 \u2013 Est\u00e1gio Supervisionado \u2013 Cestari<\/a><\/li>\n\n\n\n<li><a href=\"https:\/\/sociaisaplicadas.ufpr.br\/decigi\/wp-content\/uploads\/sites\/5\/2024\/12\/SIN197.pdf\">SIN197 \u2013 Produtos e Servi\u00e7os de Informa\u00e7\u00e3o<\/a><\/li>\n\n\n\n<li><a href=\"https:\/\/sociaisaplicadas.ufpr.br\/decigi\/wp-content\/uploads\/sites\/5\/2024\/12\/SIN198.pdf\">SIN198 \u2013 M\u00e9tricas de Informa\u00e7\u00e3o<\/a><\/li>\n\n\n\n<li><a href=\"https:\/\/sociaisaplicadas.ufpr.br\/decigi\/wp-content\/uploads\/sites\/5\/2024\/12\/SIN199.pdf\">SIN199 \u2013 M\u00e9todos Quantitativos de An\u00e1lise<\/a><\/li>\n\n\n\n<li><a href=\"https:\/\/sociaisaplicadas.ufpr.br\/decigi\/wp-content\/uploads\/sites\/5\/2024\/12\/SIN200.pdf\">SIN200 \u2013 Laborat\u00f3rio de Organiza\u00e7\u00e3o do Conhecimento<\/a><\/li>\n\n\n\n<li><a href=\"https:\/\/sociaisaplicadas.ufpr.br\/decigi\/wp-content\/uploads\/sites\/5\/2024\/12\/SIN201-Tedeschi-1.pdf\">SIN201 \u2013 Trabalho de Conclus\u00e3o de Curso I \u2013 Tedeschi<\/a><\/li>\n\n\n\n<li><a href=\"https:\/\/sociaisaplicadas.ufpr.br\/decigi\/wp-content\/uploads\/sites\/5\/2024\/12\/SIN201-Cestari.pdf\">SIN201 \u2013 Trabalho de Conclus\u00e3o de Curso I \u2013 Cestari<\/a><\/li>\n\n\n\n<li><a href=\"https:\/\/sociaisaplicadas.ufpr.br\/decigi\/wp-content\/uploads\/sites\/5\/2024\/12\/SIN202-Tedeschi-1.pdf\">SIN202 \u2013 Est\u00e1gio Supervisionado II \u2013 Tedeschi<\/a><\/li>\n\n\n\n<li><a href=\"https:\/\/sociaisaplicadas.ufpr.br\/decigi\/wp-content\/uploads\/sites\/5\/2024\/12\/SIN202-Cestari.pdf\">SIN202 \u2013 Est\u00e1gio Supervisionado II \u2013 Cestari<\/a><\/li>\n\n\n\n<li><a href=\"https:\/\/sociaisaplicadas.ufpr.br\/decigi\/wp-content\/uploads\/sites\/5\/2024\/12\/SIN203.pdf\">SIN203 \u2013 Gest\u00e3o de Tecnologia da Informa\u00e7\u00e3o<\/a><\/li>\n\n\n\n<li><a href=\"https:\/\/sociaisaplicadas.ufpr.br\/decigi\/wp-content\/uploads\/sites\/5\/2024\/12\/SIN204-Tedeschi.pdf\">SIN204 \u2013 Trabalho de Conclus\u00e3o de Curso II \u2013 Tedeschi<\/a><\/li>\n\n\n\n<li><a href=\"https:\/\/sociaisaplicadas.ufpr.br\/decigi\/wp-content\/uploads\/sites\/5\/2024\/12\/SIN204-Cestari.pdf\">SIN204 \u2013 Trabalho de Conclus\u00e3o de Curso II \u2013 Cestari<\/a><\/li>\n\n\n\n<li><a href=\"https:\/\/sociaisaplicadas.ufpr.br\/decigi\/wp-content\/uploads\/sites\/5\/2024\/12\/SIN208-Tedeschi.pdf\">SIN208 \u2013 Aprendizagem Organizacional \u2013 Tedeschi<\/a><\/li>\n\n\n\n<li><a href=\"https:\/\/sociaisaplicadas.ufpr.br\/decigi\/wp-content\/uploads\/sites\/5\/2024\/12\/SIN208-Sandra.pdf\">SIN208 \u2013 Aprendizagem Organizacional \u2013 Sandra<\/a><\/li>\n\n\n\n<li><a href=\"https:\/\/sociaisaplicadas.ufpr.br\/decigi\/wp-content\/uploads\/sites\/5\/2024\/12\/SIN211.pdf\">SIN211 \u2013 Aspectos Semi\u00f3ticos da Informa\u00e7\u00e3o<\/a><\/li>\n\n\n\n<li><a href=\"https:\/\/sociaisaplicadas.ufpr.br\/decigi\/wp-content\/uploads\/sites\/5\/2024\/12\/SIN213-Sandra.pdf\">SIN213 \u2013 T\u00f3picos Especiais em Ci\u00eancia da Informa\u00e7\u00e3o<\/a><\/li>\n\n\n\n<li><a href=\"https:\/\/sociaisaplicadas.ufpr.br\/decigi\/wp-content\/uploads\/sites\/5\/2024\/12\/SIN226-2.pdf\">SIN226 \u2013 T\u00f3picos em Cidadania e Sustentabilidade na Gest\u00e3o<\/a><\/li>\n\n\n\n<li><a href=\"https:\/\/sociaisaplicadas.ufpr.br\/decigi\/wp-content\/uploads\/sites\/5\/2024\/12\/SIN229-Tedeschi.pdf\">SIN229 \u2013 Bases Te\u00f3ricas da Administra\u00e7\u00e3o de Ambientes de Informa\u00e7\u00e3o<\/a><\/li>\n\n\n\n<li><a href=\"https:\/\/sociaisaplicadas.ufpr.br\/decigi\/wp-content\/uploads\/sites\/5\/2024\/12\/SIN232.pdf\">SIN232 \u2013 T\u00f3picos Especiais em Administra\u00e7\u00e3o<\/a><\/li>\n\n\n\n<li><a href=\"https:\/\/sociaisaplicadas.ufpr.br\/decigi\/wp-content\/uploads\/sites\/5\/2024\/12\/SIN234.pdf\">SIN234 \u2013 T\u00f3picos Especiais em Aprendizagem de M\u00e1quina Reconhecimento de Padr\u00f5es<\/a><\/li>\n\n\n\n<li><a href=\"https:\/\/sociaisaplicadas.ufpr.br\/decigi\/wp-content\/uploads\/sites\/5\/2024\/12\/SIN252-A-Lourenca.pdf\">SIN252 \u2013 Seguran\u00e7a da Informa\u00e7\u00e3o \u2013 Turma A<\/a><\/li>\n\n\n\n<li><a href=\"https:\/\/sociaisaplicadas.ufpr.br\/decigi\/wp-content\/uploads\/sites\/5\/2024\/12\/SIN252-B-Lourenca.pdf\">SIN252 \u2013 Seguran\u00e7a da Informa\u00e7\u00e3o \u2013 Turma B<\/a><\/li>\n\n\n\n<li><a href=\"https:\/\/sociaisaplicadas.ufpr.br\/decigi\/wp-content\/uploads\/sites\/5\/2024\/12\/SIN253-A.pdf\">SIN253 \u2013 Introdu\u00e7\u00e3o \u00e0 Gest\u00e3o da Informa\u00e7\u00e3o \u2013 Turma A<\/a><\/li>\n\n\n\n<li><a href=\"https:\/\/sociaisaplicadas.ufpr.br\/decigi\/wp-content\/uploads\/sites\/5\/2024\/12\/SIN253-B.pdf\">SIN253 \u2013 Introdu\u00e7\u00e3o \u00e0 Gest\u00e3o da Informa\u00e7\u00e3o \u2013 Turma B<\/a><\/li>\n\n\n\n<li><a href=\"https:\/\/sociaisaplicadas.ufpr.br\/decigi\/wp-content\/uploads\/sites\/5\/2024\/12\/SIN255-A.pdf\">SIN255 \u2013 Informa\u00e7\u00e3o e Sociedade \u2013 Turma A<\/a><\/li>\n\n\n\n<li><a href=\"https:\/\/sociaisaplicadas.ufpr.br\/decigi\/wp-content\/uploads\/sites\/5\/2024\/12\/SIN255-B.pdf\">SIN255 \u2013 Informa\u00e7\u00e3o e Sociedade \u2013 Turma B<\/a><\/li>\n<\/ul>\n\n\n\n<p>2\u00b0 Semestre<\/p>\n\n\n\n<ul class=\"wp-block-list\">\n<li><a href=\"https:\/\/sociaisaplicadas.ufpr.br\/decigi\/wp-content\/uploads\/sites\/5\/2024\/12\/SIN161-Paula.pdf\">SIN161 \u2013 Condensa\u00e7\u00e3o da Informa\u00e7\u00e3o \u2013 Paula<\/a><\/li>\n\n\n\n<li><a href=\"https:\/\/sociaisaplicadas.ufpr.br\/decigi\/wp-content\/uploads\/sites\/5\/2024\/12\/SIN161-Vera.pdf\">SIN161 \u2013 Condensa\u00e7\u00e3o da Informa\u00e7\u00e3o \u2013 Vera<\/a><\/li>\n\n\n\n<li><a href=\"https:\/\/sociaisaplicadas.ufpr.br\/decigi\/wp-content\/uploads\/sites\/5\/2024\/12\/SIN167-A-1.pdf\">SIN167 \u2013 Compet\u00eancia Informacional \u2013 Turma A<\/a><\/li>\n\n\n\n<li><a href=\"https:\/\/sociaisaplicadas.ufpr.br\/decigi\/wp-content\/uploads\/sites\/5\/2024\/12\/SIN167-B-1.pdf\">SIN167 \u2013 Compet\u00eancia Informacional \u2013 Turma B<\/a><\/li>\n\n\n\n<li><a href=\"https:\/\/sociaisaplicadas.ufpr.br\/decigi\/wp-content\/uploads\/sites\/5\/2024\/12\/SIN168.pdf\">SIN168 \u2013 Tecnologias da Informa\u00e7\u00e3o e da Comunica\u00e7\u00e3o<\/a><\/li>\n\n\n\n<li><a href=\"https:\/\/sociaisaplicadas.ufpr.br\/decigi\/wp-content\/uploads\/sites\/5\/2024\/12\/SIN169-A.pdf\">SIN169 \u2013 M\u00e9todos Matem\u00e1ticos para Gest\u00e3o da Informa\u00e7\u00e3o \u2013 Turma A<\/a><\/li>\n\n\n\n<li><a href=\"https:\/\/sociaisaplicadas.ufpr.br\/decigi\/wp-content\/uploads\/sites\/5\/2024\/12\/SIN169-B.pdf\">SIN169 \u2013 M\u00e9todos Matem\u00e1ticos para Gest\u00e3o da Informa\u00e7\u00e3o \u2013 Turma B<\/a><\/li>\n\n\n\n<li><a href=\"https:\/\/sociaisaplicadas.ufpr.br\/decigi\/wp-content\/uploads\/sites\/5\/2024\/12\/SIN170-Mariana.pdf\">SIN170 \u2013 Gest\u00e3o de Documentos \u2013 Mariana<\/a><\/li>\n\n\n\n<li><a href=\"https:\/\/sociaisaplicadas.ufpr.br\/decigi\/wp-content\/uploads\/sites\/5\/2024\/12\/SIN170-Andre.pdf\">SIN170 \u2013 Gest\u00e3o de Documentos \u2013 Andre<\/a><\/li>\n\n\n\n<li><a href=\"https:\/\/sociaisaplicadas.ufpr.br\/decigi\/wp-content\/uploads\/sites\/5\/2024\/12\/SIN178-1.pdf\">SIN178 \u2013 Gest\u00e3o de Conte\u00fados I<\/a><\/li>\n\n\n\n<li><a href=\"https:\/\/sociaisaplicadas.ufpr.br\/decigi\/wp-content\/uploads\/sites\/5\/2024\/12\/SIN179.pdf\">SIN179 \u2013 Ergonomia da Informa\u00e7\u00e3o<\/a><\/li>\n\n\n\n<li><a href=\"https:\/\/sociaisaplicadas.ufpr.br\/decigi\/wp-content\/uploads\/sites\/5\/2024\/12\/SIN180-Sonia.pdf\">SIN180 \u2013 Metodologia da Pesquisa \u2013 S\u00f4nia<\/a><\/li>\n\n\n\n<li><a href=\"https:\/\/sociaisaplicadas.ufpr.br\/decigi\/wp-content\/uploads\/sites\/5\/2024\/12\/SIN180-Rodrigo.pdf\">SIN180 \u2013 Metodologia da Pesquisa<\/a><\/li>\n\n\n\n<li><a href=\"https:\/\/sociaisaplicadas.ufpr.br\/decigi\/wp-content\/uploads\/sites\/5\/2024\/12\/SIN181-1.pdf\">SIN181 \u2013 Gest\u00e3o de Neg\u00f3cios<\/a><\/li>\n\n\n\n<li><a href=\"https:\/\/sociaisaplicadas.ufpr.br\/decigi\/wp-content\/uploads\/sites\/5\/2024\/12\/SIN182-1.pdf\">SIN182 \u2013 Informa\u00e7\u00e3o e Estrat\u00e9gia<\/a><\/li>\n\n\n\n<li><a href=\"https:\/\/sociaisaplicadas.ufpr.br\/decigi\/wp-content\/uploads\/sites\/5\/2024\/12\/SIN183.pdf\">SIN183 \u2013 Banco de Dados<\/a><\/li>\n\n\n\n<li><a href=\"https:\/\/sociaisaplicadas.ufpr.br\/decigi\/wp-content\/uploads\/sites\/5\/2024\/12\/SIN184-Rodrigo.pdf\">SIN184 \u2013 An\u00e1lise da Informa\u00e7\u00e3o e do Conhecimento I<\/a><\/li>\n\n\n\n<li><a href=\"https:\/\/sociaisaplicadas.ufpr.br\/decigi\/wp-content\/uploads\/sites\/5\/2024\/12\/SIN191-1.pdf\">SIN191 \u2013 Design da Informa\u00e7\u00e3o<\/a><\/li>\n\n\n\n<li><a href=\"https:\/\/sociaisaplicadas.ufpr.br\/decigi\/wp-content\/uploads\/sites\/5\/2024\/12\/SIN192-1.pdf\">SIN192 \u2013 Ontologias e Taxonomia do Conhecimento<\/a><\/li>\n\n\n\n<li><a href=\"https:\/\/sociaisaplicadas.ufpr.br\/decigi\/wp-content\/uploads\/sites\/5\/2024\/12\/SIN193.pdf\">SIN193 \u2013 Gest\u00e3o do Conhecimento<\/a><\/li>\n\n\n\n<li><a href=\"https:\/\/sociaisaplicadas.ufpr.br\/decigi\/wp-content\/uploads\/sites\/5\/2024\/12\/SIN194.pdf\">SIN194 \u2013 Informa\u00e7\u00e3o e Cultura Organizacional<\/a><\/li>\n\n\n\n<li><a href=\"https:\/\/sociaisaplicadas.ufpr.br\/decigi\/wp-content\/uploads\/sites\/5\/2024\/12\/SIN195-1.pdf\">SIN195 \u2013 Minera\u00e7\u00e3o de Dados<\/a><\/li>\n\n\n\n<li><a href=\"https:\/\/sociaisaplicadas.ufpr.br\/decigi\/wp-content\/uploads\/sites\/5\/2024\/12\/SIN196-Tedeschi.pdf\">SIN196 \u2013 Est\u00e1gio Supervisionado<\/a><\/li>\n\n\n\n<li><a href=\"https:\/\/sociaisaplicadas.ufpr.br\/decigi\/wp-content\/uploads\/sites\/5\/2024\/12\/SIN201-Tedeschi.pdf\">SIN201 \u2013 Trabalho de Conclus\u00e3o de Curso I<\/a><\/li>\n\n\n\n<li><a href=\"https:\/\/sociaisaplicadas.ufpr.br\/decigi\/wp-content\/uploads\/sites\/5\/2024\/12\/SIN202-Tedeschi.pdf\">SIN202 \u2013 Est\u00e1gio Supervisionado II<\/a><\/li>\n\n\n\n<li><a href=\"https:\/\/sociaisaplicadas.ufpr.br\/decigi\/wp-content\/uploads\/sites\/5\/2024\/12\/SIN204-Tesdeschi.pdf\">SIN204 \u2013 Trabalho de Conclus\u00e3o de Curso II<\/a><\/li>\n\n\n\n<li><a href=\"https:\/\/sociaisaplicadas.ufpr.br\/decigi\/wp-content\/uploads\/sites\/5\/2024\/12\/SIN205-1.pdf\">SIN205 \u2013 Intelig\u00eancia Organizacional<\/a><\/li>\n\n\n\n<li><a href=\"https:\/\/sociaisaplicadas.ufpr.br\/decigi\/wp-content\/uploads\/sites\/5\/2024\/12\/SIN206-1.pdf\">SIN206 \u2013 Gest\u00e3o de Projetos<\/a><\/li>\n\n\n\n<li><a href=\"https:\/\/sociaisaplicadas.ufpr.br\/decigi\/wp-content\/uploads\/sites\/5\/2024\/12\/SIN209.pdf\">SIN209 \u2013 T\u00f3picos Especiais em Sistemas de Informa\u00e7\u00e3o<\/a><\/li>\n\n\n\n<li><a href=\"https:\/\/sociaisaplicadas.ufpr.br\/decigi\/wp-content\/uploads\/sites\/5\/2024\/12\/SIN210.pdf\">SIN210 \u2013 T\u00f3picos Especiais em Propriedade Intelectual<\/a><\/li>\n\n\n\n<li><a href=\"https:\/\/sociaisaplicadas.ufpr.br\/decigi\/wp-content\/uploads\/sites\/5\/2024\/12\/SIN215-1.pdf\">SIN215 \u2013 T\u00f3picos em Gest\u00e3o da Informa\u00e7\u00e3o<\/a><\/li>\n\n\n\n<li><a href=\"https:\/\/sociaisaplicadas.ufpr.br\/decigi\/wp-content\/uploads\/sites\/5\/2024\/12\/SIN223-1.pdf\">SIN223 \u2013 Intelig\u00eancia Artificial Aplicada a Gest\u00e3o da Informa\u00e7\u00e3o<\/a><\/li>\n\n\n\n<li><a href=\"https:\/\/sociaisaplicadas.ufpr.br\/decigi\/wp-content\/uploads\/sites\/5\/2024\/12\/SIN226-1.pdf\">SIN226 \u2013 T\u00f3picos em Cidadania e Sustentabilidade na Gest\u00e3o<\/a><\/li>\n\n\n\n<li><a href=\"https:\/\/sociaisaplicadas.ufpr.br\/decigi\/wp-content\/uploads\/sites\/5\/2024\/12\/SIN228.pdf\">SIN228 \u2013 T\u00f3picos em Gest\u00e3o de Carreiras<\/a><\/li>\n\n\n\n<li><a href=\"https:\/\/sociaisaplicadas.ufpr.br\/decigi\/wp-content\/uploads\/sites\/5\/2024\/12\/SIN229.pdf\">SIN229 \u2013 Bases Te\u00f3ricas da Administra\u00e7\u00e3o de Ambientes de Informa\u00e7\u00e3o<\/a><\/li>\n\n\n\n<li><a href=\"https:\/\/sociaisaplicadas.ufpr.br\/decigi\/wp-content\/uploads\/sites\/5\/2024\/12\/SIN230-1.pdf\">SIN230 \u2013 Empreendedorismo em Gest\u00e3o da Informa\u00e7\u00e3o<\/a><\/li>\n\n\n\n<li><a href=\"https:\/\/sociaisaplicadas.ufpr.br\/decigi\/wp-content\/uploads\/sites\/5\/2024\/12\/SIN235.pdf\">SIN235 \u2013 T\u00f3picos Especiais em Linguagem de Programa\u00e7\u00e3o na Gest\u00e3o da Informa\u00e7\u00e3o<\/a><\/li>\n\n\n\n<li><a href=\"https:\/\/sociaisaplicadas.ufpr.br\/decigi\/wp-content\/uploads\/sites\/5\/2024\/12\/SIN236.pdf\">SIN236 \u2013 T\u00f3picos Especiais em Tecnologia da Informa\u00e7\u00e3o<\/a><\/li>\n\n\n\n<li><a href=\"https:\/\/sociaisaplicadas.ufpr.br\/decigi\/wp-content\/uploads\/sites\/5\/2024\/12\/SIN244.pdf\">SIN244 \u2013 T\u00f3picos Especiais em Padr\u00f5es e Sistemas Abertos<\/a><\/li>\n\n\n\n<li><a href=\"https:\/\/sociaisaplicadas.ufpr.br\/decigi\/wp-content\/uploads\/sites\/5\/2024\/12\/SIN265-Cestari.pdf\">SIN265 \u2013 Tecnologias da Informa\u00e7\u00e3o e da Comunica\u00e7\u00e3o \u2013 Cestari<\/a><\/li>\n\n\n\n<li><a href=\"https:\/\/sociaisaplicadas.ufpr.br\/decigi\/wp-content\/uploads\/sites\/5\/2024\/12\/SIN265-Celso.pdf\">SIN265 \u2013 Tecnologias da Informa\u00e7\u00e3o e da Comunica\u00e7\u00e3o \u2013 Celso<\/a><\/li>\n\n\n\n<li><a href=\"https:\/\/sociaisaplicadas.ufpr.br\/decigi\/wp-content\/uploads\/sites\/5\/2024\/12\/SIN266-Elder.pdf\">SIN266 \u2013 Gest\u00e3o de Documentos<\/a><\/li>\n\n\n\n<li><a href=\"https:\/\/sociaisaplicadas.ufpr.br\/decigi\/wp-content\/uploads\/sites\/5\/2024\/12\/SIN266-A-Mariana.pdf\">SIN266 \u2013 Gest\u00e3o de Documentos \u2013 Turma A \u2013 Mariana<\/a><\/li>\n\n\n\n<li><a href=\"https:\/\/sociaisaplicadas.ufpr.br\/decigi\/wp-content\/uploads\/sites\/5\/2024\/12\/SIN266-B-Mariana.pdf\">SIN266 \u2013 Gest\u00e3o de Documentos \u2013 Turma B \u2013 Mariana<\/a><\/li>\n<\/ul>\n<\/div><\/div>\n","protected":false},"excerpt":{"rendered":"<p>2022 1\u00b0 Semestre 2\u00b0 Semestre 2023 1\u00b0 Semestre 2\u00b0 Semestre 2024 1\u00b0 Semestre 2\u00b0 Semestre<\/p>\n","protected":false},"author":2806,"featured_media":0,"parent":0,"menu_order":0,"comment_status":"closed","ping_status":"closed","template":"","meta":{"_acf_changed":false,"footnotes":""},"class_list":["post-9974","page","type-page","status-publish","hentry"],"acf":[],"_links":{"self":[{"href":"https:\/\/sociaisaplicadas.ufpr.br\/decigi\/wp-json\/wp\/v2\/pages\/9974","targetHints":{"allow":["GET"]}}],"collection":[{"href":"https:\/\/sociaisaplicadas.ufpr.br\/decigi\/wp-json\/wp\/v2\/pages"}],"about":[{"href":"https:\/\/sociaisaplicadas.ufpr.br\/decigi\/wp-json\/wp\/v2\/types\/page"}],"author":[{"embeddable":true,"href":"https:\/\/sociaisaplicadas.ufpr.br\/decigi\/wp-json\/wp\/v2\/users\/2806"}],"replies":[{"embeddable":true,"href":"https:\/\/sociaisaplicadas.ufpr.br\/decigi\/wp-json\/wp\/v2\/comments?post=9974"}],"version-history":[{"count":5,"href":"https:\/\/sociaisaplicadas.ufpr.br\/decigi\/wp-json\/wp\/v2\/pages\/9974\/revisions"}],"predecessor-version":[{"id":10021,"href":"https:\/\/sociaisaplicadas.ufpr.br\/decigi\/wp-json\/wp\/v2\/pages\/9974\/revisions\/10021"}],"wp:attachment":[{"href":"https:\/\/sociaisaplicadas.ufpr.br\/decigi\/wp-json\/wp\/v2\/media?parent=9974"}],"curies":[{"name":"wp","href":"https:\/\/api.w.org\/{rel}","templated":true}]}}