{"id":6307,"date":"2022-06-20T11:39:38","date_gmt":"2022-06-20T11:39:38","guid":{"rendered":"https:\/\/sociaisaplicadas.ufpr.br\/depecon\/?page_id=6307"},"modified":"2025-09-25T19:02:07","modified_gmt":"2025-09-25T19:02:07","slug":"iniciacao-cientifica","status":"publish","type":"page","link":"https:\/\/sociaisaplicadas.ufpr.br\/depecon\/iniciacao-cientifica\/","title":{"rendered":"Inicia\u00e7\u00e3o Cient\u00edfica"},"content":{"rendered":"\n<div style=\"height:30px\" aria-hidden=\"true\" class=\"wp-block-spacer\"><\/div>\n\n\n\n<h5><strong>Sele\u00e7\u00e3o de alunos para participa\u00e7\u00e3o em Inicia\u00e7\u00e3o Cient\u00edfica- 2025<\/strong><\/h5>\n<p>\u00a0<\/p>\n<p><a href=\"https:\/\/sociaisaplicadas.ufpr.br\/depecon\/wp-content\/uploads\/sites\/6\/2025\/06\/Chamada-para-selecao-Pibic-2025.pdf\" target=\"_blank\" rel=\"noopener\">Projeto: \u201cCUSTO-BENEF\u00cdCIO E CUSTO-EFETIVIDADE DE POL\u00cdTICAS DE CR\u00c9DITO: ESTUDOS DE CASO NO PARAN\u00c1\u201d &#8211; Coordena\u00e7\u00e3o: Profa. Dayane Rocha de Pauli (11\/06\/2025)<\/a><\/p>\n<p><a href=\"https:\/\/sociaisaplicadas.ufpr.br\/depecon\/wp-content\/uploads\/sites\/6\/2025\/06\/Chamada-para-selecao-de-alunos-para-participar-do-Programa-de-Iniciacao-Cientifica-2025.pdf\" target=\"_blank\" rel=\"noopener\">Projeto \u201cInova\u00e7\u00e3o e Propriedade Intelectual na Agricultura\u201d &#8211; Coordena\u00e7\u00e3o: Prof. Dr. Marcos Paulo Fuck (16\/06\/2025)<\/a><\/p>\n<p><a href=\"https:\/\/sociaisaplicadas.ufpr.br\/depecon\/wp-content\/uploads\/sites\/6\/2025\/06\/Chamada-para-selecao-de-alunos-para-participar-do-Programa-de-Iniciacao-Cientifica-2025-1.pdf\" target=\"_blank\" rel=\"noopener\">Projeto \u201cMacroeconomia Estruturalista\u201d &#8211; Coordena\u00e7\u00e3o: Prof. Hugo Carcanholo Iasco Pereira (18\/06\/2025)<\/a><\/p>\n<p><a href=\"https:\/\/sociaisaplicadas.ufpr.br\/depecon\/wp-content\/uploads\/sites\/6\/2025\/06\/edital_selecao_bolsista_jrgarcia_2025.docx\" target=\"_blank\" rel=\"noopener\">Edital_Selecao_Bolsista: 2.3.1. Economia Ecol\u00f3gica: princ\u00edpios te\u00f3ricos na Am\u00e9rica, Latina 2.3.2. \u00cdndice de Progresso Genu\u00edno: reflex\u00f5es sobre a base te\u00f3rico-metodol\u00f3gica \u00a0&#8211; Prof. Junior Ruiz Garcia (20\/06\/2025)<\/a><\/p>\n<p><a href=\"https:\/\/sociaisaplicadas.ufpr.br\/depecon\/wp-content\/uploads\/sites\/6\/2025\/06\/Edital-IC-2025-Prof.-Victor-Cruz-e-Silva-Topicos-em-HPE.pdf\" target=\"_blank\" rel=\"noopener\">Edital IC 2025 &#8211; Prof. Victor Cruz e Silva &#8211; T\u00f3picos em HPE (23\/06\/2025)<\/a><\/p>\n<p><a href=\"https:\/\/sociaisaplicadas.ufpr.br\/depecon\/wp-content\/uploads\/sites\/6\/2025\/06\/request.pdf\" target=\"_blank\" rel=\"noopener\">Projeto \u201cTransi\u00e7\u00f5es de emprego para emprego e ciclo econ\u00f4mico: uma an\u00e1lise do job ladder no mercado de trabalho brasileiro\u201d &#8211; Coordena\u00e7\u00e3o: Prof. Paulo de Andrade Jacinto (24\/06\/2025)<\/a><\/p>\n<p><a href=\"https:\/\/sociaisaplicadas.ufpr.br\/depecon\/wp-content\/uploads\/sites\/6\/2025\/06\/Selecao_IC2025_Terciane.pdf\" target=\"_blank\" rel=\"noopener\">Projeto \u201cPlano de Baixa Emiss\u00e3o de Carbono (ABC+) e eventos clim\u00e1ticos extremos: os desafios para agricultura paranaense\u201d &#8211; Coordena\u00e7\u00e3o: Prof.\u00aa Terciane Sabadini Carvalho (24\/06\/2025)<\/a><\/p>\n<p><a href=\"https:\/\/sociaisaplicadas.ufpr.br\/depecon\/wp-content\/uploads\/sites\/6\/2025\/06\/IC_Kenia-1.pdf\">Projeto de Pesquisa Integra\u00e7\u00e3o de modelos de microsimula\u00e7\u00e3o com insumo-produto e equil\u00edbrio geral comput\u00e1vel &#8211; IC_Prof\u00aa K\u00eania Barreiro de Souza (25\/06\/2025)<\/a>\u00a0<\/p>\n<p><a href=\"https:\/\/sociaisaplicadas.ufpr.br\/depecon\/wp-content\/uploads\/sites\/6\/2025\/07\/Chamada_para_selecao_IC_Economia_Instituional_Original__Felipe_Almeida-2.pdf\" target=\"_blank\" rel=\"noopener\">Projeto de Pesquisa &#8220;O Desenvolvimento do Institucionalismo Americano a Partir da D\u00e9cada de 1930&#8221; &#8211; Coordenado pelo professor Felipe Almeida (01\/07\/2025)<\/a><\/p>\n<p><a href=\"https:\/\/sociaisaplicadas.ufpr.br\/depecon\/wp-content\/uploads\/sites\/6\/2025\/07\/Selecao_IC2025_Vinicius.pdf\">Selecao_IC2025_Prof. Vinicius: : Integra\u00e7\u00e3o brasileira ao com\u00e9rcio internacional e os potenciais efeitos sobre a economia paranaense<\/a><\/p>\n<p>\u00a0<\/p>\n<h5><span style=\"color: #000080\"><strong>Resultados<\/strong><\/span><\/h5>\n<p>\u00a0<\/p>\n<p><a href=\"https:\/\/sociaisaplicadas.ufpr.br\/depecon\/wp-content\/uploads\/sites\/6\/2025\/06\/Edital-de-resultado-IC-2025.pdf\" target=\"_blank\" rel=\"noopener\"><span style=\"color: #ff0000\"><strong>RESULTADO &#8211; <\/strong><\/span>Projeto: \u201cCUSTO-BENEF\u00cdCIO E CUSTO-EFETIVIDADE DE POL\u00cdTICAS DE CR\u00c9DITO: ESTUDOS DE CASO NO PARAN\u00c1\u201d &#8211; Coordena\u00e7\u00e3o: Profa. Dayane Rocha de Pauli (25\/06\/2025)<\/a><\/p>\n<p><a href=\"https:\/\/sociaisaplicadas.ufpr.br\/depecon\/wp-content\/uploads\/sites\/6\/2025\/07\/Resultado-3.pdf\" target=\"_blank\" rel=\"noopener\"><span style=\"color: #ff0000\"><strong>RESULTADO &#8211; <\/strong><\/span>Projeto \u201cMacroeconomia Estruturalista\u201d &#8211; Coordena\u00e7\u00e3o: Prof. Hugo Carcanholo Iasco Pereira (02\/07\/2025)<\/a><\/p>\n<p><strong><span style=\"color: #ff0000\">RESULTADO &#8211;<\/span> <a href=\"https:\/\/sociaisaplicadas.ufpr.br\/depecon\/wp-content\/uploads\/sites\/6\/2025\/07\/Edital-de-Resultado-da-selecao-IC-2025.pdf\">Edital de Resultado da sele\u00e7\u00e3o IC 2025 &#8211; Prof. Paulo de Andrade Jacinto (07\/07\/2025)<\/a><\/strong><\/p>\n<p><strong><a href=\"https:\/\/sociaisaplicadas.ufpr.br\/depecon\/wp-content\/uploads\/sites\/6\/2025\/07\/Resultado-1.pdf\"><span style=\"color: #ff0000\">RESULTADO &#8211;<\/span> Projeto \u201cMacroeconomia Estruturalista\u201d &#8211; Coordena\u00e7\u00e3o: Prof. Hugo Carcanholo Iasco Pereira (18\/06\/2025)<\/a><\/strong><\/p>\n<p><a href=\"https:\/\/sociaisaplicadas.ufpr.br\/depecon\/wp-content\/uploads\/sites\/6\/2025\/07\/Edital-de-resultado.pdf\"><strong><span style=\"color: #ff0000\">RESULTADO &#8211;<\/span><\/strong> Edital de resultado do Prof. Victor Nunes Cruz e Silva (17\/07\/2025)<\/a><\/p>\n<p><a href=\"https:\/\/sociaisaplicadas.ufpr.br\/depecon\/wp-content\/uploads\/sites\/6\/2025\/07\/Resultado_IC_2025_Felipe_Almeida_17-07.pdf\"><strong><span style=\"color: #ff0000\">RESULTADO &#8211;<\/span><\/strong> IC_2025_Felipe_Almeida_(18\/07\/2025)<\/a><\/p>\n<p><a href=\"https:\/\/sociaisaplicadas.ufpr.br\/depecon\/wp-content\/uploads\/sites\/6\/2025\/07\/EDITAL-IC-2025-MPF.pdf\"><strong><span style=\"color: #ff0000\">RESULTADO &#8211;<\/span><\/strong> EDITAL IC 2025 MPF Prof. Marcos Paulo Fuck (25\/07\/2025)<\/a><\/p>\n\n\n\n<div style=\"height:50px\" aria-hidden=\"true\" class=\"wp-block-spacer\"><\/div>\n\n\n\n<p>\u00daltima atualiza\u00e7\u00e3o: 25\/09\/2025, por Junior Ruiz Garcia.<\/p>\n","protected":false},"excerpt":{"rendered":"<p>Sele\u00e7\u00e3o de alunos para participa\u00e7\u00e3o em Inicia\u00e7\u00e3o Cient\u00edfica- 2025 \u00a0 Projeto: \u201cCUSTO-BENEF\u00cdCIO E CUSTO-EFETIVIDADE DE POL\u00cdTICAS DE CR\u00c9DITO: ESTUDOS DE CASO NO PARAN\u00c1\u201d &#8211; Coordena\u00e7\u00e3o: Profa. Dayane Rocha de Pauli (11\/06\/2025) Projeto \u201cInova\u00e7\u00e3o e Propriedade Intelectual na Agricultura\u201d &#8211; Coordena\u00e7\u00e3o: Prof. Dr. Marcos Paulo Fuck (16\/06\/2025) Projeto \u201cMacroeconomia Estruturalista\u201d &#8211; Coordena\u00e7\u00e3o: Prof. Hugo Carcanholo Iasco [&hellip;]<\/p>\n","protected":false},"author":2788,"featured_media":0,"parent":0,"menu_order":0,"comment_status":"closed","ping_status":"closed","template":"","meta":{"_acf_changed":false,"footnotes":""},"class_list":["post-6307","page","type-page","status-publish","hentry"],"acf":[],"_links":{"self":[{"href":"https:\/\/sociaisaplicadas.ufpr.br\/depecon\/wp-json\/wp\/v2\/pages\/6307","targetHints":{"allow":["GET"]}}],"collection":[{"href":"https:\/\/sociaisaplicadas.ufpr.br\/depecon\/wp-json\/wp\/v2\/pages"}],"about":[{"href":"https:\/\/sociaisaplicadas.ufpr.br\/depecon\/wp-json\/wp\/v2\/types\/page"}],"author":[{"embeddable":true,"href":"https:\/\/sociaisaplicadas.ufpr.br\/depecon\/wp-json\/wp\/v2\/users\/2788"}],"replies":[{"embeddable":true,"href":"https:\/\/sociaisaplicadas.ufpr.br\/depecon\/wp-json\/wp\/v2\/comments?post=6307"}],"version-history":[{"count":54,"href":"https:\/\/sociaisaplicadas.ufpr.br\/depecon\/wp-json\/wp\/v2\/pages\/6307\/revisions"}],"predecessor-version":[{"id":12353,"href":"https:\/\/sociaisaplicadas.ufpr.br\/depecon\/wp-json\/wp\/v2\/pages\/6307\/revisions\/12353"}],"wp:attachment":[{"href":"https:\/\/sociaisaplicadas.ufpr.br\/depecon\/wp-json\/wp\/v2\/media?parent=6307"}],"curies":[{"name":"wp","href":"https:\/\/api.w.org\/{rel}","templated":true}]}}