{"id":39,"date":"2026-03-23T14:46:51","date_gmt":"2026-03-23T14:46:51","guid":{"rendered":"https:\/\/sociaisaplicadas.ufpr.br\/gestinf\/?page_id=39"},"modified":"2026-07-15T00:03:42","modified_gmt":"2026-07-15T03:03:42","slug":"graduacao","status":"publish","type":"page","link":"https:\/\/sociaisaplicadas.ufpr.br\/gestinf\/graduacao\/","title":{"rendered":"Sobre o Curso"},"content":{"rendered":"\n<hr class=\"wp-block-separator has-alpha-channel-opacity\" \/>\n\n\n\n<ul class=\"wp-block-list\">\n<li><a href=\"https:\/\/sociaisaplicadas.ufpr.br\/gestinf\/apresentacao\/\">Apresenta\u00e7\u00e3o do curso<\/a><\/li>\n<\/ul>\n\n\n\n<h4 class=\"wp-block-heading\"><strong>Documentos do Curso<\/strong><\/h4>\n\n\n\n<ul class=\"wp-block-list\">\n<li><a href=\"https:\/\/sociaisaplicadas.ufpr.br\/decigi\/wp-content\/uploads\/sites\/5\/2021\/02\/PPC_GI_final-Prograd_Completo.pdf\">Projeto Pedag\u00f3gico do Curso (PPC)<\/a><\/li>\n\n\n\n<li><a href=\"https:\/\/sociaisaplicadas.ufpr.br\/decigi\/wp-content\/uploads\/sites\/5\/2021\/06\/Res-87-06-CEPE-curr\u00edculo-Gest\u00e3o-da-Informa\u00e7\u00e3o.pdf\">Resolu\u00e7\u00e3o de cria\u00e7\u00e3o da Gradua\u00e7\u00e3o em Gest\u00e3o da Informa\u00e7\u00e3o<\/a><\/li>\n\n\n\n<li><a href=\"http:\/\/www.soc.ufpr.br\/wp-content\/uploads\/2016\/07\/cepe-37-97-alterada-pela-Res-70-18.pdf\" target=\"_blank\" rel=\"noreferrer noopener\">Resolu\u00e7\u00e3o n\u00ba37\/97 &#8211; CEPE<\/a>&nbsp;(Aprova normas b\u00e1sicas de controle e registro da atividade acad\u00eamica, al\u00e9m de estabelecer direitos e deveres para os cursos de gradua\u00e7\u00e3o da Universidade)<\/li>\n<\/ul>\n\n\n\n<hr class=\"wp-block-separator has-alpha-channel-opacity is-style-dots\" \/>\n\n\n\n<h4 class=\"wp-block-heading\"><strong>Resolu\u00e7\u00f5es gerais:<\/strong><\/h4>\n\n\n\n<ul class=\"wp-block-list\">\n<li><a href=\"http:\/\/www.soc.ufpr.br\/wp-content\/uploads\/2020\/10\/RESOLU%C3%87%C3%83O-N%C2%BA-65-2020-CEPE.pdf\">2\u00ba Per\u00edodo Especial durante a pandemia da COVID-19<\/a><\/li>\n\n\n\n<li><a href=\"http:\/\/www.soc.ufpr.br\/wp-content\/uploads\/2020\/06\/Resolu%C3%A7%C3%A3o-N%C2%BA-59-2020-CEPE.pdf\">1\u00ba Per\u00edodo Especial para o primeiro semestre de 2020 durante a pandemia da COVID-19<\/a><\/li>\n\n\n\n<li><a href=\"http:\/\/www.soc.ufpr.br\/wp-content\/uploads\/2016\/07\/Res-37-97-CEPE-atividades-acad%C3%AAmicas-alterada-pela-Res.-10-19-CEPE.pdf\">Normas de Controle e Registro Acad\u00eamico da UFPR<\/a><\/li>\n\n\n\n<li><a href=\"http:\/\/www.soc.ufpr.br\/wp-content\/uploads\/2016\/07\/Res-92-13-CEPE-altera%C3%A7%C3%A3o-Resolu%C3%A7%C3%A3o-0610-alterado-pela-Res-39.18-1.pdf\">Normas de Dispensa e Equival\u00eancia de Disciplinas, Exames de Adiantamento e Aproveitamento do Conhecimento<\/a><\/li>\n\n\n\n<li><a href=\"https:\/\/sociaisaplicadas.ufpr.br\/decigi\/wp-content\/uploads\/sites\/5\/2021\/06\/resolucao-n_-44-2020-cepe.pdf\">Atividades did\u00e1ticas em EaD durante o Per\u00edodo Especial<\/a><\/li>\n<\/ul>\n\n\n\n<hr class=\"wp-block-separator has-alpha-channel-opacity is-style-dots\" \/>\n\n\n\n<h4 class=\"wp-block-heading\"><strong>Ajustes Curriculares:<\/strong><\/h4>\n\n\n\n<ul class=\"wp-block-list\">\n<li><a href=\"https:\/\/sociaisaplicadas.ufpr.br\/decigi\/wp-content\/uploads\/sites\/5\/2024\/10\/Ajuste-2024.pdf\">Portaria do Ajuste Curricular 2024 &#8211; Disciplinas extensionistas<\/a><\/li>\n\n\n\n<li><a href=\"https:\/\/sociaisaplicadas.ufpr.br\/decigi\/wp-content\/uploads\/sites\/5\/2022\/09\/portaria280-2017.pdf\" target=\"_blank\" rel=\"noreferrer noopener\">Ajuste Curricular do Curso de Gest\u00e3o da Informa\u00e7\u00e3o &#8211; 2018<\/a><\/li>\n\n\n\n<li><a href=\"https:\/\/sociaisaplicadas.ufpr.br\/decigi\/wp-content\/uploads\/sites\/5\/2021\/02\/292-PROGRAD-2019.pdf\">Ajuste Curricular 2019<\/a><\/li>\n\n\n\n<li><a href=\"https:\/\/sociaisaplicadas.ufpr.br\/decigi\/wp-content\/uploads\/sites\/5\/2022\/09\/portaria280-2017.pdf\" target=\"_blank\" rel=\"noreferrer noopener\">Ajuste Curricular 2018<\/a><\/li>\n<\/ul>\n\n\n\n<hr class=\"wp-block-separator has-alpha-channel-opacity is-style-dots\" \/>\n\n\n\n<h4 class=\"wp-block-heading\"><strong>Adi\u00e7\u00f5es Curriculares:<\/strong><\/h4>\n\n\n\n<ul class=\"wp-block-list\">\n<li><a href=\"https:\/\/sociaisaplicadas.ufpr.br\/decigi\/wp-content\/uploads\/sites\/5\/2021\/02\/040-PROGRAD-2018.pdf\">Adi\u00e7\u00e3o Curricular 2018 &#8211; Disciplinas: SA051, SA073 e SA096&nbsp;<\/a><\/li>\n\n\n\n<li><a href=\"https:\/\/sociaisaplicadas.ufpr.br\/decigi\/wp-content\/uploads\/sites\/5\/2021\/02\/041-PROGRAD-2018.pdf\">Adi\u00e7\u00e3o Curricular 2018 &#8211; Disciplinas:&nbsp;SA051, SA073, SA096, HF362<\/a><\/li>\n\n\n\n<li><a href=\"https:\/\/sociaisaplicadas.ufpr.br\/decigi\/wp-content\/uploads\/sites\/5\/2021\/02\/046-PROGRAD-2018.pdf\">2\u00aa Adi\u00e7\u00e3o Curricular 2018 &#8211; Disciplina&nbsp;GQ222<\/a><\/li>\n\n\n\n<li><a href=\"https:\/\/sociaisaplicadas.ufpr.br\/decigi\/wp-content\/uploads\/sites\/5\/2021\/02\/046-PROGRAD-2018.pdf\">1\u00aa Adi\u00e7\u00e3o Curricular 2018 &#8211; Disciplina&nbsp;GQ222<\/a><\/li>\n\n\n\n<li><a href=\"https:\/\/sociaisaplicadas.ufpr.br\/decigi\/wp-content\/uploads\/sites\/5\/2021\/02\/078-PROGRAD-2017.pdf\">Adi\u00e7\u00e3o Curricular 2018 &#8211; Integraliza\u00e7\u00e3o curr\u00edculo 2014&nbsp;<\/a><\/li>\n\n\n\n<li><a href=\"https:\/\/sociaisaplicadas.ufpr.br\/decigi\/wp-content\/uploads\/sites\/5\/2021\/02\/062-PROGRAD-2017.pdf\">Adi\u00e7\u00e3o Curricular 2017 &#8211; Disciplina&nbsp;SIN217<\/a><\/li>\n\n\n\n<li><a href=\"https:\/\/sociaisaplicadas.ufpr.br\/decigi\/wp-content\/uploads\/sites\/5\/2021\/02\/299-PROGRAD-2017.pdf\">Adi\u00e7\u00e3o Curricular 2017<\/a><\/li>\n<\/ul>\n\n\n\n<hr class=\"wp-block-separator has-alpha-channel-opacity is-style-dots\" \/>\n\n\n\n<h4 class=\"wp-block-heading\"><strong>Adequa\u00e7\u00f5es Curriculares:<\/strong><\/h4>\n\n\n\n<ul class=\"wp-block-list\">\n<li><a href=\"https:\/\/sociaisaplicadas.ufpr.br\/decigi\/wp-content\/uploads\/sites\/5\/2021\/02\/204-PROGRAD-2019.pdf\">Adequa\u00e7\u00e3o Curricular 2018 do Curso de Gest\u00e3o da Informa\u00e7\u00e3o&nbsp;<\/a><\/li>\n\n\n\n<li><a href=\"https:\/\/sociaisaplicadas.ufpr.br\/decigi\/wp-content\/uploads\/sites\/5\/2021\/02\/SEI_UFPR-0690737-Portaria-disciplinas-DECIGI.pdf\">Elenco de disciplinas de DECIGI &#8211; 2017<\/a>&nbsp;&nbsp;<\/li>\n\n\n\n<li><a href=\"https:\/\/sociaisaplicadas.ufpr.br\/decigi\/wp-content\/uploads\/sites\/5\/2021\/02\/Res-64-2013-CEPE-Disciplinas-Gest\u00e3o-da-Informa\u00e7\u00e3o.pdf\">Reformula\u00e7\u00e3o Curricular 2014<\/a><\/li>\n\n\n\n<li><a href=\"https:\/\/sociaisaplicadas.ufpr.br\/decigi\/wp-content\/uploads\/sites\/5\/2021\/02\/Res-87-06-CEPE-curr\u00edculo-Gest\u00e3o-da-Informa\u00e7\u00e3o.pdf\">Reformula\u00e7\u00e3o Curricular 2007<\/a><\/li>\n<\/ul>\n\n\n\n<hr class=\"wp-block-separator has-alpha-channel-opacity is-style-dots\" \/>\n\n\n\n<h4 class=\"wp-block-heading\"><strong>Logo do Curso:<\/strong><\/h4>\n\n\n\n<ul class=\"wp-block-list\">\n<li><a href=\"https:\/\/sociaisaplicadas.ufpr.br\/decigi\/wp-content\/uploads\/sites\/5\/2023\/03\/Logo-correto-sem-fundo.png\" target=\"_blank\" rel=\"noreferrer noopener\">Logo sem fundo letra branca<\/a><\/li>\n\n\n\n<li><a href=\"https:\/\/sociaisaplicadas.ufpr.br\/decigi\/wp-content\/uploads\/sites\/5\/2023\/03\/Logo-escrita-preta.png\" target=\"_blank\" rel=\"noreferrer noopener\">Logo sem fundo letra preta<\/a><\/li>\n<\/ul>\n\n\n\n<p><\/p>\n","protected":false},"excerpt":{"rendered":"<p>Documentos do Curso Resolu\u00e7\u00f5es gerais: Ajustes Curriculares: Adi\u00e7\u00f5es Curriculares: Adequa\u00e7\u00f5es Curriculares: Logo do Curso:<\/p>\n","protected":false},"author":2806,"featured_media":0,"parent":0,"menu_order":0,"comment_status":"closed","ping_status":"closed","template":"","meta":{"_acf_changed":false,"footnotes":""},"class_list":["post-39","page","type-page","status-publish","hentry"],"acf":[],"_links":{"self":[{"href":"https:\/\/sociaisaplicadas.ufpr.br\/gestinf\/wp-json\/wp\/v2\/pages\/39","targetHints":{"allow":["GET"]}}],"collection":[{"href":"https:\/\/sociaisaplicadas.ufpr.br\/gestinf\/wp-json\/wp\/v2\/pages"}],"about":[{"href":"https:\/\/sociaisaplicadas.ufpr.br\/gestinf\/wp-json\/wp\/v2\/types\/page"}],"author":[{"embeddable":true,"href":"https:\/\/sociaisaplicadas.ufpr.br\/gestinf\/wp-json\/wp\/v2\/users\/2806"}],"replies":[{"embeddable":true,"href":"https:\/\/sociaisaplicadas.ufpr.br\/gestinf\/wp-json\/wp\/v2\/comments?post=39"}],"version-history":[{"count":18,"href":"https:\/\/sociaisaplicadas.ufpr.br\/gestinf\/wp-json\/wp\/v2\/pages\/39\/revisions"}],"predecessor-version":[{"id":982,"href":"https:\/\/sociaisaplicadas.ufpr.br\/gestinf\/wp-json\/wp\/v2\/pages\/39\/revisions\/982"}],"wp:attachment":[{"href":"https:\/\/sociaisaplicadas.ufpr.br\/gestinf\/wp-json\/wp\/v2\/media?parent=39"}],"curies":[{"name":"wp","href":"https:\/\/api.w.org\/{rel}","templated":true}]}}