{"id":416,"date":"2026-04-29T21:52:15","date_gmt":"2026-04-29T21:52:15","guid":{"rendered":"https:\/\/sociaisaplicadas.ufpr.br\/gestinf\/?page_id=416"},"modified":"2026-04-29T21:54:27","modified_gmt":"2026-04-29T21:54:27","slug":"tcc","status":"publish","type":"page","link":"https:\/\/sociaisaplicadas.ufpr.br\/gestinf\/tcc\/","title":{"rendered":"TCC"},"content":{"rendered":"\n<p><strong>TRABALHOS DE CONCLUS\u00c3O DE CURSO<\/strong><\/p>\n\n\n\n<p>A realiza\u00e7\u00e3o do Trabalho de Conclus\u00e3o de Curso (TCC) est\u00e1 vinculada as disciplinas TCC I (SIN201) e TCC II (SIN204), prevista para os 7\u00ba e 8\u00ba per\u00edodos.<\/p>\n\n\n\n<p><strong>Como solicitar matr\u00edcula em TCC I ou TCC II:<\/strong><\/p>\n\n\n\n<ol class=\"wp-block-list\">\n<li>O aluno verifica a disponibilidade e interesse de orienta\u00e7\u00e3o de algum docente do curso de Gest\u00e3o da Informa\u00e7\u00e3o.<\/li>\n\n\n\n<li>Em caso de aceite, solicita ao professor que encaminhe e-mail para\u00a0<strong>gestinf@ufpr.br<\/strong>\u00a0com os seguinte modelo:<\/li>\n<\/ol>\n\n\n\n<blockquote class=\"wp-block-quote is-layout-flow wp-block-quote-is-layout-flow\">\n<p>Manifesto interesse em ser orientador(a) e autorizo a matr\u00edcula do(s) seguinte(s) aluno(s):<\/p>\n\n\n\n<p><strong>NOME DO ALUNO:<\/strong>&nbsp;Nome do Aluno<\/p>\n\n\n\n<p><strong>GRR<\/strong>: XXXXXX<\/p>\n\n\n\n<p><strong>DISCPLINA<\/strong>: XXXXX<\/p>\n<\/blockquote>\n\n\n\n<p>*Nota: \u00e9 imprescind\u00edvel que o docente encaminhe a solicita\u00e7\u00e3o a fim de confirmar a disponibilidade e aceite em orientar o(s) discente(s)<\/p>\n\n\n\n<p>3. O docente dever\u00e1 preencher todos os dados em tabela que ser\u00e1 disponibilizada na data pertinente, na qual ir\u00e1 conter o nome do orientando, t\u00edtulo do trabalho, orientador, membros da banca, data da apresenta\u00e7\u00e3o entre outras informa\u00e7\u00f5es.<\/p>\n\n\n\n<p>4. Ap\u00f3s a cria\u00e7\u00e3o do processo, ser\u00e1 publicado um edital em nosso site do DECIGI informando todos os dados necess\u00e1rios para que os interessados possam assistir a apresenta\u00e7\u00e3o<\/p>\n\n\n\n<p>5. Finalizado todo o tr\u00e2mite no Departamento, a vers\u00e3o final do trabalho corrigido, \u00e9 enviado para a unidade da Biblioteca do SA para que seja adicionado ao reposit\u00f3rio, possibilitando a consulta para a comunidade externa.<\/p>\n\n\n\n<p><strong>Mais informa\u00e7\u00f5es:<\/strong><\/p>\n\n\n\n<ul class=\"wp-block-list\">\n<li><a href=\"https:\/\/sociaisaplicadas.ufpr.br\/decigi\/wp-content\/uploads\/sites\/5\/2021\/03\/Normas-TCC-2018.pdf\">Normas Associadas ao Trabalho de Conclus\u00e3o de Curso<\/a><\/li>\n\n\n\n<li><a href=\"https:\/\/acervodigital.ufpr.br\/handle\/1884\/41065\" target=\"_blank\" rel=\"noreferrer noopener\">Biblioteca Digital \u2013 Trabalhos de Gradua\u00e7\u00e3o<\/a><\/li>\n\n\n\n<li><a href=\"https:\/\/bibliotecas.ufpr.br\/wp-content\/uploads\/2022\/01\/normas_modelo_trabalho_academico.pdf\" target=\"_blank\" rel=\"noreferrer noopener\">Modelo Trabalho Acad\u00eamico<\/a><\/li>\n<\/ul>\n","protected":false},"excerpt":{"rendered":"<p>TRABALHOS DE CONCLUS\u00c3O DE CURSO A realiza\u00e7\u00e3o do Trabalho de Conclus\u00e3o de Curso (TCC) est\u00e1 vinculada as disciplinas TCC I (SIN201) e TCC II (SIN204), prevista para os 7\u00ba e 8\u00ba per\u00edodos. Como solicitar matr\u00edcula em TCC I ou TCC II: Manifesto interesse em ser orientador(a) e autorizo a matr\u00edcula do(s) seguinte(s) aluno(s): NOME DO [&hellip;]<\/p>\n","protected":false},"author":2806,"featured_media":0,"parent":0,"menu_order":0,"comment_status":"closed","ping_status":"closed","template":"","meta":{"_acf_changed":false,"footnotes":""},"class_list":["post-416","page","type-page","status-publish","hentry"],"acf":[],"_links":{"self":[{"href":"https:\/\/sociaisaplicadas.ufpr.br\/gestinf\/wp-json\/wp\/v2\/pages\/416","targetHints":{"allow":["GET"]}}],"collection":[{"href":"https:\/\/sociaisaplicadas.ufpr.br\/gestinf\/wp-json\/wp\/v2\/pages"}],"about":[{"href":"https:\/\/sociaisaplicadas.ufpr.br\/gestinf\/wp-json\/wp\/v2\/types\/page"}],"author":[{"embeddable":true,"href":"https:\/\/sociaisaplicadas.ufpr.br\/gestinf\/wp-json\/wp\/v2\/users\/2806"}],"replies":[{"embeddable":true,"href":"https:\/\/sociaisaplicadas.ufpr.br\/gestinf\/wp-json\/wp\/v2\/comments?post=416"}],"version-history":[{"count":3,"href":"https:\/\/sociaisaplicadas.ufpr.br\/gestinf\/wp-json\/wp\/v2\/pages\/416\/revisions"}],"predecessor-version":[{"id":423,"href":"https:\/\/sociaisaplicadas.ufpr.br\/gestinf\/wp-json\/wp\/v2\/pages\/416\/revisions\/423"}],"wp:attachment":[{"href":"https:\/\/sociaisaplicadas.ufpr.br\/gestinf\/wp-json\/wp\/v2\/media?parent=416"}],"curies":[{"name":"wp","href":"https:\/\/api.w.org\/{rel}","templated":true}]}}