{"id":46,"date":"2026-03-23T14:49:32","date_gmt":"2026-03-23T14:49:32","guid":{"rendered":"https:\/\/sociaisaplicadas.ufpr.br\/gestinf\/?page_id=46"},"modified":"2026-07-15T00:25:56","modified_gmt":"2026-07-15T03:25:56","slug":"graduacao-ead","status":"publish","type":"page","link":"https:\/\/sociaisaplicadas.ufpr.br\/gestinf\/graduacao-ead\/","title":{"rendered":"Est\u00e1gios"},"content":{"rendered":"\n<ul class=\"wp-block-list\">\n<li><a href=\"https:\/\/sociaisaplicadas.ufpr.br\/decigi\/wp-content\/uploads\/sites\/5\/2024\/10\/novo-regulamento-GI.pdf\"><strong>REGULAMENTO DE EST\u00c1GIOS DA COE<\/strong><\/a> &#8211; LEITURA OBRIGAT\u00d3RIA<\/li>\n<\/ul>\n\n\n\n<hr class=\"wp-block-separator has-alpha-channel-opacity is-style-dots\" \/>\n\n\n\n<ul class=\"wp-block-list\">\n<li><a href=\"http:\/\/www.prograd.ufpr.br\/portal\/coafe\/wp-content\/uploads\/sites\/15\/2019\/08\/Manual-de-Est%C3%A1gios-Vers%C3%A3o-Final.pdf\">Manual de Est\u00e1gios da UFPR<\/a>&nbsp;<\/li>\n\n\n\n<li><a href=\"http:\/\/www.prograd.ufpr.br\/coafe\/ue\/perguntas-frequentes\/\">PROGRAD &#8211; Perguntas Frequentes sobre Est\u00e1gio<\/a><\/li>\n\n\n\n<li><a href=\"http:\/\/www.planalto.gov.br\/ccivil_03\/_ato2007-2010\/2008\/lei\/l11788.htm\" target=\"_blank\" rel=\"noreferrer noopener\">Lei do Est\u00e1gio L11788<\/a>, <\/li>\n\n\n\n<li><a href=\"https:\/\/www.youtube.com\/watch?v=dsqtECP8M4k&amp;t=9s\">Videoaula sobre Est\u00e1gios n\u00e3o obrigat\u00f3rios<\/a><\/li>\n<\/ul>\n\n\n\n<hr class=\"wp-block-separator has-alpha-channel-opacity is-style-dots\" \/>\n\n\n\n<p><strong>ATEN\u00c7\u00c3O:<br>Requisitos para solicitar matr\u00edcula em Est\u00e1gio n\u00e3o Obrigat\u00f3rio:<\/strong><\/p>\n\n\n\n<p>Art. 22\u00ba &#8211; Para autoriza\u00e7\u00e3o do Est\u00e1gio N\u00e3o Obrigat\u00f3rio o(a) aluno(a) dever\u00e1 atender os&nbsp;seguintes requisitos:<\/p>\n\n\n\n<p>I. Estar efetivamente cumprindo o programa curricular, tendo vencido <strong>todas as disciplinas <\/strong><strong>obrigat\u00f3rias previstas no primeiro semestre do Curso<\/strong>;<\/p>\n\n\n\n<p>II. Estar cursando, no <strong>semestre<\/strong>, a <strong>carga m\u00ednima de 15 horas <\/strong><strong>exigida pelo Projeto Pedag\u00f3gico<\/strong>;<\/p>\n\n\n\n<p>III. N\u00e3o ter <strong>reprova\u00e7\u00e3o por frequ\u00eancia<\/strong> <strong>em disciplina obrigat\u00f3ria<\/strong> no semestre imediatamente anterior \u00e0 solicita\u00e7\u00e3o;<\/p>\n\n\n\n<p>IV. Evidenciar aproveitamento acad\u00eamico mediante IRA m\u00ednimo de 50.<\/p>\n\n\n\n<p><strong>ATEN\u00c7\u00c3O:<\/strong><\/p>\n\n\n\n<ol class=\"wp-block-list\">\n<li>\n<ol class=\"wp-block-list\">\n<li>In\u00edcio do Est\u00e1gio deve considerar 1 (uma) hora de deslocamento ap\u00f3s o per\u00edodo de aula, ou seja, o est\u00e1gio <strong>deve iniciar a partir das 13h30<\/strong>;<\/li>\n\n\n\n<li>Nome do Professor(a) orientador(a) na UFPR \u00e9 o presidente da Comiss\u00e3o Orientadora de Est\u00e1gios &#8211; COE, dispon\u00edvel em <a href=\"https:\/\/sociaisaplicadas.ufpr.br\/decigi\/departamento\/funcoes-e-atribuicoes\/\">Fun\u00e7\u00f5es e Atribui\u00e7\u00f5es &#8211; DECIGI<\/a>;<\/li>\n\n\n\n<li>Conferir nome do atual Coordenador do Curso de Gest\u00e3o da Informa\u00e7\u00e3o, dispon\u00edvel em <a href=\"https:\/\/sociaisaplicadas.ufpr.br\/decigi\/departamento\/funcoes-e-atribuicoes\/\">Fun\u00e7\u00f5es e Atribui\u00e7\u00f5es &#8211; DECIGI<\/a>;<\/li>\n\n\n\n<li>Conferir data de in\u00edcio do est\u00e1gio ser\u00e1 <strong>no m\u00ednimo 10 (dez) dias<\/strong>&nbsp;<strong>corridos (em per\u00edodo de recesso pode se estender para 10 (dez) dias \u00fateis)<\/strong>&nbsp;depois do envio para secretaria da Coordena\u00e7\u00e3o. Este prazo \u00e9 para an\u00e1lise e autoriza\u00e7\u00e3o da COE.<\/li>\n<\/ol>\n<\/li>\n\n\n\n<li>Assinar o Termpo de Comprimisso e coletar as assinaturas do(s) Supervisor(s) do local de est\u00e1gio e demais agentes da Institui\u00e7\u00e3o\/Empresa contratante.<\/li>\n\n\n\n<li>Enviar Termo de Comprimisso <strong>em pdf para o e-mail gestinf@ufpr<\/strong> (inserir no Assunto do e-mail: Est\u00e1gio n\u00e3o obrigat\u00f3rio &#8211; &#8220;nome do aluno&#8221;).<\/li>\n\n\n\n<li><\/li>\n<\/ol>\n\n\n\n<p>A secretaria da Coordena\u00e7\u00e3o n\u00e3o receber\u00e1 documenta\u00e7\u00e3o entregue de forma indevida.<br><\/p>\n\n\n\n<p><\/p>\n\n\n\n<h1 class=\"wp-block-heading has-text-align-left\"><strong>EST\u00c1GIOS OBRIGAT\u00d3RIOS<\/strong><\/h1>\n\n\n\n<p>O Est\u00e1gio Curricular Obrigat\u00f3rio \u00e9 composto por duas disciplinas distribu\u00eddas na grade curricular do Curso: Est\u00e1gio Supervisionado I, no <strong>6\u00ba per\u00edodo<\/strong> e Est\u00e1gio Supervisionado II, no <strong>7\u00ba per\u00edodo<\/strong>, com dura\u00e7\u00e3o m\u00ednima de 240 (duzentas e quarenta) horas.&nbsp;\u00c9 condi\u00e7\u00e3o indispens\u00e1vel para a conclus\u00e3o do Curso de Gest\u00e3o da Informa\u00e7\u00e3o.&nbsp;<\/p>\n\n\n\n<p>Tem por objetivos principais:<\/p>\n\n\n\n<ul class=\"wp-block-list\">\n<li>Proporcionar a reflex\u00e3o e a aplica\u00e7\u00e3o dos conhecimentos constru\u00eddos durante a vida&nbsp;acad\u00eamica;&nbsp;<\/li>\n\n\n\n<li>Proporcionar um aprimoramento das pr\u00e1ticas e m\u00e9todos da Gest\u00e3o da Informa\u00e7\u00e3o,&nbsp;adaptando-os \u00e0s exig\u00eancias do mercado de trabalho e dos mecanismos de moderniza\u00e7\u00e3o&nbsp;tecnol\u00f3gica;&nbsp;<\/li>\n\n\n\n<li>Desenvolver e aperfei\u00e7oar habilidades e compet\u00eancias indispens\u00e1veis ao&nbsp;desempenho profissional.<\/li>\n<\/ul>\n\n\n\n<p><strong>Requisitos para solicitar matr\u00edcula em Est\u00e1gio Obrigat\u00f3rio I e II:<\/strong>&nbsp;<\/p>\n\n\n\n<p>Art. 9\u00ba \u2013 Para efetiva\u00e7\u00e3o do Est\u00e1gio Obrigat\u00f3rio o aluno dever\u00e1 estar matriculado nas&nbsp;respectivas disciplinas (Est\u00e1gio Supervisionado I ou Est\u00e1gio Supervisionado II).<\/p>\n\n\n\n<p>Art. 10\u00ba &#8211; O aluno dever\u00e1 desenvolver o Projeto de Est\u00e1gio previsto no Est\u00e1gio Supervisionado&nbsp;I, em \u00e1reas cobertas por disciplinas por ele j\u00e1 cursadas e devidamente aprovado, desde que&nbsp;tenha <strong>conclu\u00eddo todas as disciplinas at\u00e9 o 5\u00ba per\u00edodo<\/strong>, como prev\u00ea o Projeto Pedag\u00f3gico do&nbsp;Curso.<\/p>\n\n\n\n<p>\u00a7 \u00fanico &#8211; Nos casos que n\u00e3o atenderem ao previsto no caput deste artigo, ser\u00e1&nbsp;aprovada a matr\u00edcula em Est\u00e1gio Supervisionado I de alunos que n\u00e3o cursaram qualquer uma&nbsp;das disciplinas previstas na matriz curricular previstas at\u00e9 e inclusive o 5\u00ba per\u00edodo desde que o&nbsp;mesmo esteja matriculado nestas disciplinas ao mesmo tempo que na disciplina de est\u00e1gio&nbsp;obrigat\u00f3rio.<\/p>\n\n\n\n<p><strong>Como solicitar matr\u00edcula em Est\u00e1gio Obrigat\u00f3rio I ou Est\u00e1gio Obrigat\u00f3rio II:<\/strong><\/p>\n\n\n\n<ol class=\"wp-block-list\">\n<li>O aluno verifica a disponibilidade e interesse de orienta\u00e7\u00e3o de algum docente do curso de Gest\u00e3o da Informa\u00e7\u00e3o.<\/li>\n\n\n\n<li>Em caso de aceite, solicita ao professor que encaminhe e-mail para <strong>gestinf@ufpr.br<\/strong> com os seguinte modelo:<\/li>\n<\/ol>\n\n\n\n<blockquote class=\"wp-block-quote is-layout-flow wp-block-quote-is-layout-flow\">\n<p>Manifesto interesse em ser orientador(a) e autorizo a matr\u00edcula do(s) seguinte(s) aluno(s):<\/p>\n\n\n\n<p><strong>NOME DO ALUNO:<\/strong> Nome do Aluno<\/p>\n\n\n\n<p><strong>GRR<\/strong>: XXXXXX<\/p>\n\n\n\n<p><strong>DISCPLINA<\/strong>: XXXXX<\/p>\n<\/blockquote>\n\n\n\n<p>*Nota: \u00e9 imprescind\u00edvel que o docente encaminhe a solicita\u00e7\u00e3o a fim de confirmar a disponibilidade e aceite em orientar o(s) discente(s)<\/p>\n\n\n\n<h5 class=\"wp-block-heading\"><strong>Est\u00e1gios para Alunos Estrangeiros<\/strong><\/h5>\n\n\n\n<p><strong>Procedimento para est\u00e1gio obrigat\u00f3rio em mobilidade acad\u00eamica:<\/strong><\/p>\n\n\n\n<ol class=\"wp-block-list\">\n<li>A Ag\u00eancia Internacional inicia o processo e gera a matr\u00edcula GRI do aluno estrangeiro;<\/li>\n\n\n\n<li>A Coordena\u00e7\u00e3o do Curso realiza a matricula o aluno em est\u00e1gio obrigat\u00f3rio no per\u00edodo vigente ou per\u00edodo especial;<\/li>\n\n\n\n<li>O aluno estrangeiro precisa solicitar inscri\u00e7\u00e3o no CPF no site da Receita Federal;<\/li>\n\n\n\n<li>\u00c9 de responsabilidade da contratante preencher o&nbsp;<strong>Termo de Compromisso de Est\u00e1gio Obrigat\u00f3rio<\/strong> dispon\u00edvel em: <a href=\"http:\/\/www.prograd.ufpr.br\/estagio\/formularios\/\">Formul\u00e1rios &#8211; COAFE<\/a>, com suas informa\u00e7\u00f5es, do aluno e do orientador. (Obs.: A UFPR tamb\u00e9m aceitar\u00e1 Termo de Compromisso pr\u00f3prio da contratante desde que possua as informa\u00e7\u00f5es pertinentes)<\/li>\n\n\n\n<li>O Termo de Comprimisso deve ser enviado <strong>em formato pdf para o e-mail gestinf@ufpr<\/strong> (inserir no Assunto do e-mail: Est\u00e1gio em mobilidade acad\u00eamica &#8211; &#8220;nome do aluno&#8221;);<\/li>\n\n\n\n<li>Ap\u00f3s a assinatura do Coordenador do Curso, o processo deve ser encaminhado para&nbsp;UFPR\/R\/PROGRAD\/COAFE\/UEST para homologa\u00e7\u00e3o;<\/li>\n\n\n\n<li>Ap\u00f3s homologa\u00e7\u00e3o da Unidade de Est\u00e1gios, o aluno est\u00e1 autorizado a iniciar as atividades de est\u00e1gio;<\/li>\n<\/ol>\n\n\n\n<p><strong>Aten\u00e7\u00e3o:<\/strong> como se trata de aluno estrangeiro, por quest\u00f5es de idioma e cultura, o(a) orientador(a) ou a contratante devem auxiliar o aluno no processo quando necess\u00e1rio.<\/p>\n\n\n\n<p><strong>Nota:&nbsp;<\/strong>A secretaria da Coordena\u00e7\u00e3o n\u00e3o receber\u00e1 documenta\u00e7\u00e3o entregue de forma indevida.<\/p>\n","protected":false},"excerpt":{"rendered":"<p>ATEN\u00c7\u00c3O:Requisitos para solicitar matr\u00edcula em Est\u00e1gio n\u00e3o Obrigat\u00f3rio: Art. 22\u00ba &#8211; Para autoriza\u00e7\u00e3o do Est\u00e1gio N\u00e3o Obrigat\u00f3rio o(a) aluno(a) dever\u00e1 atender os&nbsp;seguintes requisitos: I. Estar efetivamente cumprindo o programa curricular, tendo vencido todas as disciplinas obrigat\u00f3rias previstas no primeiro semestre do Curso; II. Estar cursando, no semestre, a carga m\u00ednima de 15 horas exigida pelo [&hellip;]<\/p>\n","protected":false},"author":2806,"featured_media":0,"parent":0,"menu_order":0,"comment_status":"closed","ping_status":"closed","template":"","meta":{"_acf_changed":false,"footnotes":""},"class_list":["post-46","page","type-page","status-publish","hentry"],"acf":[],"_links":{"self":[{"href":"https:\/\/sociaisaplicadas.ufpr.br\/gestinf\/wp-json\/wp\/v2\/pages\/46","targetHints":{"allow":["GET"]}}],"collection":[{"href":"https:\/\/sociaisaplicadas.ufpr.br\/gestinf\/wp-json\/wp\/v2\/pages"}],"about":[{"href":"https:\/\/sociaisaplicadas.ufpr.br\/gestinf\/wp-json\/wp\/v2\/types\/page"}],"author":[{"embeddable":true,"href":"https:\/\/sociaisaplicadas.ufpr.br\/gestinf\/wp-json\/wp\/v2\/users\/2806"}],"replies":[{"embeddable":true,"href":"https:\/\/sociaisaplicadas.ufpr.br\/gestinf\/wp-json\/wp\/v2\/comments?post=46"}],"version-history":[{"count":22,"href":"https:\/\/sociaisaplicadas.ufpr.br\/gestinf\/wp-json\/wp\/v2\/pages\/46\/revisions"}],"predecessor-version":[{"id":1024,"href":"https:\/\/sociaisaplicadas.ufpr.br\/gestinf\/wp-json\/wp\/v2\/pages\/46\/revisions\/1024"}],"wp:attachment":[{"href":"https:\/\/sociaisaplicadas.ufpr.br\/gestinf\/wp-json\/wp\/v2\/media?parent=46"}],"curies":[{"name":"wp","href":"https:\/\/api.w.org\/{rel}","templated":true}]}}