{"id":48,"date":"2026-03-23T14:50:10","date_gmt":"2026-03-23T14:50:10","guid":{"rendered":"https:\/\/sociaisaplicadas.ufpr.br\/gestinf\/?page_id=48"},"modified":"2026-09-01T09:46:41","modified_gmt":"2026-09-01T12:46:41","slug":"especializacoes","status":"publish","type":"page","link":"https:\/\/sociaisaplicadas.ufpr.br\/gestinf\/especializacoes\/","title":{"rendered":"Atividades Formativas"},"content":{"rendered":"\n<h5 class=\"wp-block-heading\">O que s\u00e3o?<\/h5>\n\n\n\n<p>As Atividades Formativas Complementares fazem parte da flexibiliza\u00e7\u00e3o do curr\u00edculo de Gest\u00e3o da Informa\u00e7\u00e3o e tem como objetivo&nbsp;enriquecimento da forma\u00e7\u00e3o acad\u00eamica e profissional. O aluno dever\u00e1 apresentar uma carga hor\u00e1ria obrigat\u00f3ria total 140h durante todo o curso, sendo no m\u00ednimo uma em cada grupo:<\/p>\n\n\n\n<ul class=\"wp-block-list\">\n<li>Grupo 1: Ensino<\/li>\n\n\n\n<li>Grupo 2: Extens\u00e3o<\/li>\n\n\n\n<li>Grupo 3: Pesquisa<\/li>\n\n\n\n<li>Grupo 4: Social<\/li>\n<\/ul>\n\n\n\n<p><strong>Procedimento para entrega das AFCs:<\/strong><\/p>\n\n\n\n<p>Para atender o que disp\u00f5e o regulamento de atividades formativas, solicitamos que siga o seguinte passo a passo:<\/p>\n\n\n\n<ol class=\"wp-block-list\">\n<li>Organizar os certificados e comprova\u00e7\u00f5es por grupos:\n<ul class=\"wp-block-list\">\n<li>Grupo 1: Ensino<\/li>\n\n\n\n<li>Grupo 2: Extens\u00e3o<\/li>\n\n\n\n<li>Grupo 3: Pesquisa<\/li>\n\n\n\n<li>Grupo 4: Social<\/li>\n<\/ul>\n<\/li>\n\n\n\n<li>Gerar um arquivo <strong>pdf \u00fanico<\/strong> (em p\u00e1ginas numeradas) com os certificados, declara\u00e7\u00f5es e comprova\u00e7\u00f5es organizados nos grupos citados acima<\/li>\n\n\n\n<li>Preencher a planilha do Quadro de Horas em Atividades Formativas (Anexo II)<\/li>\n\n\n\n<li>Enviar a <strong>planilha e o arquivo PDF<\/strong> para o e-mail gestinf@ufpr.br com o assunto: Atividades Formativas (seu nome completo)<\/li>\n<\/ol>\n\n\n\n<p><strong>Documentos:<\/strong><\/p>\n\n\n\n<ul class=\"wp-block-list\">\n<li><a href=\"https:\/\/sociaisaplicadas.ufpr.br\/decigi\/wp-content\/uploads\/sites\/5\/2021\/10\/7004.pdf\">Resolu\u00e7\u00e3o N\u00ba 70\/04 &#8211; CEPE<\/a><\/li>\n\n\n\n<li><a href=\"https:\/\/sociaisaplicadas.ufpr.br\/decigi\/wp-content\/uploads\/sites\/5\/2022\/05\/REGULAMENTO-DAS-ATIVIDADES-FORMATIVAS-1.pdf\" target=\"_blank\" rel=\"noreferrer noopener\">Regulamento das Atividades Formativas Complementares<\/a>&nbsp;(Conforme 180\u00aa Reuni\u00e3o do Colegiado do Curso de Gest\u00e3o da Informa\u00e7\u00e3o, 20 de abril de 2022)<\/li>\n\n\n\n<li><a href=\"https:\/\/sociaisaplicadas.ufpr.br\/decigi\/wp-content\/uploads\/sites\/5\/2022\/08\/Quadro-de-Horas-em-Atividades-Formativas-Anexo-II1-1.xlsx\">Quadro-de-Horas-em-Atividades-Formativas-Anexo-II<\/a><\/li>\n<\/ul>\n\n\n\n<h5 class=\"wp-block-heading\">Algumas op\u00e7\u00f5es de atividades<\/h5>\n\n\n\n<figure class=\"wp-block-table\"><table class=\"has-fixed-layout\"><tbody><tr><td><a href=\"https:\/\/sociaisaplicadas.ufpr.br\/decigi\/wp-content\/uploads\/sites\/5\/2021\/10\/asa_logo.jpg\"><\/a><\/td><td>A <strong>Atl\u00e9tica de Sociais Aplicadas &#8211; ASA<\/strong>&nbsp;da UFPR \u00e9 a entidade estudantil que representa os alunos do Setor de Ci\u00eancias Sociais Aplicadas, tem como objetivo integrar os alunos por meio de incentivo \u00e0s pr\u00e1ticas esportivas, torcida, bateria, e eventos, como a\u00e7\u00f5es sociais, campeonatos internos e externos.<\/td><td>Campus Bot\u00e2nico &#8211; UFPR<br>Av. Prefeito Loth\u00e1rio Meissner, 632<br>Jardim Bot\u00e2nico, Curitiba (PR), 80210-170<br><a href=\"https:\/\/www.facebook.com\/asaufpr\/\">www.facebook.com\/asaufpr<\/a><br><a href=\"https:\/\/www.instagram.com\/asaufpr\/\">www.instagram.com\/asaufpr<\/a><\/td><\/tr><tr><td><a href=\"https:\/\/sociaisaplicadas.ufpr.br\/decigi\/wp-content\/uploads\/sites\/5\/2021\/10\/cagi_logo.png\"><\/a><\/td><td>Centros ou diret\u00f3rios acad\u00eamicos representam os cursos das universidades, atendendo aos problemas gerais e desafios no seu interior. O <strong>Centro Acad\u00eamico de Gest\u00e3o da Informa\u00e7\u00e3o &#8211; CAGI<\/strong> tem por miss\u00e3o ser refer\u00eancia no movimento estudantil da UFPR por meio de uma gest\u00e3o participativa e colaborativa, atuando de forma efetiva na solu\u00e7\u00e3o das demandas dos discentes.&nbsp;Gest\u00e3o atual: &#8220;Pandas&#8221;<\/td><td>Campus Bot\u00e2nico &#8211; UFPR<br>Av. Prefeito Loth\u00e1rio Meissner, 632<br>Jardim Bot\u00e2nico, Curitiba (PR), 80210-170<br>cagiufpr@gmail.com<br><a href=\"https:\/\/www.instagram.com\/cagiufpr\/\">www.instagram.com\/cagiufpr<\/a><\/td><\/tr><tr><td><a href=\"https:\/\/sociaisaplicadas.ufpr.br\/decigi\/wp-content\/uploads\/sites\/5\/2021\/10\/logo-jr-consultoria-azul.png\"><\/a><\/td><td>A <strong>JR Consultoria<\/strong> \u00e9 uma Empresa J\u00fanior do Setor de Ci\u00eancias Sociais Aplicadas da Universidade Federal do Paran\u00e1 (UFPR). Atuando h\u00e1 mais de 20 anos, tem como miss\u00e3o desenvolver solu\u00e7\u00f5es por meio de consultorias para modelos de gest\u00e3o<\/td><td>Av. Prefeito Loth\u00e1rio Meissner, 632 &#8211; Centro de<br>Conviv\u00eancia &#8211; Sala 6 &#8211; Campus III &#8211; Jardim Bot\u00e2nico<br>Curitiba, Paran\u00e1 80210-170, BR<br>contato@jrconsultoria.com.br<br><a href=\"https:\/\/jrconsultoria.com.br\/\">www.jrconsultoria.com.br<\/a><\/td><\/tr><\/tbody><\/table><\/figure>\n\n\n\n<ul class=\"wp-block-list\">\n<li>Tamb\u00e9m podem ser realizadas atividades de&nbsp;<strong>Inicia\u00e7\u00e3o Cient\u00edfica, Monitoria, Extens\u00e3o<\/strong> e entre outras. Verifique o&nbsp;<a href=\"https:\/\/sociaisaplicadas.ufpr.br\/decigi\/wp-content\/uploads\/sites\/5\/2022\/05\/REGULAMENTO-DAS-ATIVIDADES-FORMATIVAS-1.pdf\" target=\"_blank\" rel=\"noreferrer noopener\">Regulamento das Atividades Formativas Complementares<\/a>&nbsp;para saber mais.<\/li>\n<\/ul>\n","protected":false},"excerpt":{"rendered":"<p>O que s\u00e3o? As Atividades Formativas Complementares fazem parte da flexibiliza\u00e7\u00e3o do curr\u00edculo de Gest\u00e3o da Informa\u00e7\u00e3o e tem como objetivo&nbsp;enriquecimento da forma\u00e7\u00e3o acad\u00eamica e profissional. O aluno dever\u00e1 apresentar uma carga hor\u00e1ria obrigat\u00f3ria total 140h durante todo o curso, sendo no m\u00ednimo uma em cada grupo: Procedimento para entrega das AFCs: Para atender o [&hellip;]<\/p>\n","protected":false},"author":2806,"featured_media":0,"parent":0,"menu_order":0,"comment_status":"closed","ping_status":"closed","template":"","meta":{"_acf_changed":false,"footnotes":""},"class_list":["post-48","page","type-page","status-publish","hentry"],"acf":[],"_links":{"self":[{"href":"https:\/\/sociaisaplicadas.ufpr.br\/gestinf\/wp-json\/wp\/v2\/pages\/48","targetHints":{"allow":["GET"]}}],"collection":[{"href":"https:\/\/sociaisaplicadas.ufpr.br\/gestinf\/wp-json\/wp\/v2\/pages"}],"about":[{"href":"https:\/\/sociaisaplicadas.ufpr.br\/gestinf\/wp-json\/wp\/v2\/types\/page"}],"author":[{"embeddable":true,"href":"https:\/\/sociaisaplicadas.ufpr.br\/gestinf\/wp-json\/wp\/v2\/users\/2806"}],"replies":[{"embeddable":true,"href":"https:\/\/sociaisaplicadas.ufpr.br\/gestinf\/wp-json\/wp\/v2\/comments?post=48"}],"version-history":[{"count":6,"href":"https:\/\/sociaisaplicadas.ufpr.br\/gestinf\/wp-json\/wp\/v2\/pages\/48\/revisions"}],"predecessor-version":[{"id":1142,"href":"https:\/\/sociaisaplicadas.ufpr.br\/gestinf\/wp-json\/wp\/v2\/pages\/48\/revisions\/1142"}],"wp:attachment":[{"href":"https:\/\/sociaisaplicadas.ufpr.br\/gestinf\/wp-json\/wp\/v2\/media?parent=48"}],"curies":[{"name":"wp","href":"https:\/\/api.w.org\/{rel}","templated":true}]}}