{"id":938,"date":"2026-07-14T23:41:44","date_gmt":"2026-07-15T02:41:44","guid":{"rendered":"https:\/\/sociaisaplicadas.ufpr.br\/gestinf\/?page_id=938"},"modified":"2026-09-01T10:05:27","modified_gmt":"2026-09-01T13:05:27","slug":"colegiado","status":"publish","type":"page","link":"https:\/\/sociaisaplicadas.ufpr.br\/gestinf\/colegiado\/","title":{"rendered":"Comiss\u00f5es"},"content":{"rendered":"\n<div class=\"wp-block-group\"><div class=\"wp-block-group__inner-container is-layout-constrained wp-block-group-is-layout-constrained\">\n<p><strong>COLEGIADO DO CURSO DE GEST\u00c3O DA INFORMA\u00c7\u00c3O<\/strong><\/p>\n<\/div><\/div>\n\n\n\n<figure class=\"wp-block-table\"><table class=\"has-fixed-layout\"><tbody><tr><td><\/td><td>Membros<\/td><td>Validade<\/td><td>Vencimento<\/td><td>Documento<\/td><\/tr><tr><td>DECIGI<\/td><td>4<\/td><td>1 ano<\/td><td>04\/09\/2026<\/td><td><a href=\"https:\/\/sociaisaplicadas.ufpr.br\/decigi\/wp-content\/uploads\/sites\/5\/2025\/09\/SEI_8127442_Portaria_07.pdf\"><\/a><a href=\"https:\/\/sociaisaplicadas.ufpr.br\/decigi\/wp-content\/uploads\/sites\/5\/2025\/09\/SEI_8127442_Portaria_07.pdf\">Portaria n\u00ba 07 CCGI 04\/09\/2025 \u2013 Membros do Colegiado do Curso de Gest\u00e3o da Informa\u00e7\u00e3o<\/a><\/td><\/tr><tr><td>DAGA<\/td><td>1<\/td><td>1 ano<\/td><td><\/td><td><\/td><\/tr><tr><td>DEPECON<\/td><td>1<\/td><td>1 ano<\/td><td>22\/07\/2027<\/td><td><a href=\"https:\/\/sociaisaplicadas.ufpr.br\/gestinf\/wp-content\/uploads\/sites\/13\/2026\/08\/portaria-depecon-1.pdf\">Informa\u00e7\u00e3o n \u00ba59 -Depecon<\/a><\/td><\/tr><tr><td>DECONT<\/td><td>1<\/td><td>1 ano<\/td><td>13\/08\/2027<\/td><td><a href=\"https:\/\/sociaisaplicadas.ufpr.br\/gestinf\/wp-content\/uploads\/sites\/13\/2026\/08\/SEI_9136206_Portaria_09_2026-1.pdf\">Portaria 09\/2026 &#8211; Decont<\/a><\/td><\/tr><tr><td>DEST<\/td><td>1<\/td><td>1 ano<\/td><td><\/td><td><a href=\"http:\/\/www.est.ufpr.br\/departamento.html\">http:\/\/www.est.ufpr.br\/departamento.html<\/a><\/td><\/tr><\/tbody><\/table><\/figure>\n\n\n\n<hr class=\"wp-block-separator has-alpha-channel-opacity is-style-dots\" \/>\n\n\n\n<p><strong>COORDENADORES DO CURSO DE GEST\u00c3O DA INFORMA\u00c7\u00c3O<\/strong><\/p>\n\n\n\n<ul class=\"wp-block-list\">\n<li>Prof. Dr. Andre Vieira de Freitas Araujo (Coordenador) \u2013 andre.freitas@ufpr.br<\/li>\n\n\n\n<li>Prof.\u00aa Dr. Ma\u00edra Fernandes Alencar&nbsp;(Vice-coordenador) \u2013 alencar.maira@ufpr.br<\/li>\n<\/ul>\n\n\n\n<hr class=\"wp-block-separator has-alpha-channel-opacity\" \/>\n\n\n\n<p><strong>COORDENA\u00c7\u00c3O E COMISS\u00d5ES DO CURSO DE GEST\u00c3O DA INFORMA\u00c7\u00c3O<\/strong><\/p>\n\n\n\n<figure class=\"wp-block-table\"><table class=\"has-fixed-layout\"><tbody><tr><td><\/td><td>Validade<\/td><td>Vencimento<\/td><td>Documento<\/td><\/tr><tr><td>Coordena\u00e7\u00e3o<\/td><td>2 anos<\/td><td>18\/08\/2028<\/td><td><a href=\"https:\/\/sociaisaplicadas.ufpr.br\/gestinf\/wp-content\/uploads\/sites\/13\/2026\/08\/Nomeacao-Coordenadores-2026-2028.pdf\">Nomea\u00e7\u00e3o da Coordena\u00e7\u00e3o 2026-2028<\/a><\/td><\/tr><tr><td>Colegiado<\/td><td>1 ano<\/td><td>04\/09\/2026<\/td><td><a href=\"https:\/\/sociaisaplicadas.ufpr.br\/decigi\/wp-content\/uploads\/sites\/5\/2025\/09\/SEI_8127442_Portaria_07.pdf\">Portaria n\u00ba 07 CCGI 04\/09\/2025 \u2013 Membros do Colegiado do Curso de Gest\u00e3o da Informa\u00e7\u00e3o<\/a><\/td><\/tr><tr><td>NDE &#8211; N\u00facleo Docente Estruturante<\/td><td>3 anos<\/td><td>17\/10\/2027<\/td><td><a href=\"https:\/\/sociaisaplicadas.ufpr.br\/decigi\/wp-content\/uploads\/sites\/5\/2025\/11\/SEI_8247919_Portaria_1.pdf\">Portaria de Composi\u00e7\u00e3o do N\u00facleo Docente Estruturante 2025-2028<\/a><\/td><\/tr><tr><td>COE &#8211; Comiss\u00e3o Orientadora de Est\u00e1gios<\/td><td>2 anos<\/td><td>09\/12\/2026<\/td><td><a href=\"https:\/\/sociaisaplicadas.ufpr.br\/decigi\/wp-content\/uploads\/sites\/5\/2024\/12\/SEI_7350828_Portaria_1.pdf\">Portaria n\u00ba 1 de 09\/12\/2024 &#8211; COE<\/a><\/td><\/tr><tr><td>CAFE &#8211; Comiss\u00e3o de Atividades Formativas e Extens\u00e3o<\/td><td>2 anos<\/td><td><\/td><td><a href=\"https:\/\/sociaisaplicadas.ufpr.br\/decigi\/wp-content\/uploads\/sites\/5\/2023\/05\/portariaCAFE.pdf\">Portaria n\u00ba 01 05\/05\/2022 \u2013 CAFE<\/a><\/td><\/tr><tr><td>POA &#8211; Programa de Orienta\u00e7\u00e3o Acad\u00eamica<\/td><td>1 ano<\/td><td>13\/03\/2028<\/td><td><a href=\"https:\/\/sociaisaplicadas.ufpr.br\/decigi\/wp-content\/uploads\/sites\/5\/2026\/03\/SEI_8675116_Portaria_1.pdf\">Portaria n\u00ba 1 de 13\/03\/2026 &#8211; POA<\/a><\/td><\/tr><tr><td>CADIP &#8211; Comiss\u00e3o de Acompanhamento das Disciplinas de Pesquisa<\/td><td>2 anos<\/td><td>04\/07\/2026<\/td><td><a href=\"https:\/\/sociaisaplicadas.ufpr.br\/decigi\/wp-content\/uploads\/sites\/5\/2025\/07\/SEI_7922254_Portaria_04.pdf\">Portaria n\u00ba 04, 04\/07\/2025 &#8211; CADIP<\/a><\/td><\/tr><\/tbody><\/table><\/figure>\n","protected":false},"excerpt":{"rendered":"<p>COLEGIADO DO CURSO DE GEST\u00c3O DA INFORMA\u00c7\u00c3O Membros Validade Vencimento Documento DECIGI 4 1 ano 04\/09\/2026 Portaria n\u00ba 07 CCGI 04\/09\/2025 \u2013 Membros do Colegiado do Curso de Gest\u00e3o da Informa\u00e7\u00e3o DAGA 1 1 ano DEPECON 1 1 ano 22\/07\/2027 Informa\u00e7\u00e3o n \u00ba59 -Depecon DECONT 1 1 ano 13\/08\/2027 Portaria 09\/2026 &#8211; Decont DEST 1 [&hellip;]<\/p>\n","protected":false},"author":2806,"featured_media":0,"parent":0,"menu_order":0,"comment_status":"closed","ping_status":"closed","template":"","meta":{"_acf_changed":false,"footnotes":""},"class_list":["post-938","page","type-page","status-publish","hentry"],"acf":[],"_links":{"self":[{"href":"https:\/\/sociaisaplicadas.ufpr.br\/gestinf\/wp-json\/wp\/v2\/pages\/938","targetHints":{"allow":["GET"]}}],"collection":[{"href":"https:\/\/sociaisaplicadas.ufpr.br\/gestinf\/wp-json\/wp\/v2\/pages"}],"about":[{"href":"https:\/\/sociaisaplicadas.ufpr.br\/gestinf\/wp-json\/wp\/v2\/types\/page"}],"author":[{"embeddable":true,"href":"https:\/\/sociaisaplicadas.ufpr.br\/gestinf\/wp-json\/wp\/v2\/users\/2806"}],"replies":[{"embeddable":true,"href":"https:\/\/sociaisaplicadas.ufpr.br\/gestinf\/wp-json\/wp\/v2\/comments?post=938"}],"version-history":[{"count":30,"href":"https:\/\/sociaisaplicadas.ufpr.br\/gestinf\/wp-json\/wp\/v2\/pages\/938\/revisions"}],"predecessor-version":[{"id":1143,"href":"https:\/\/sociaisaplicadas.ufpr.br\/gestinf\/wp-json\/wp\/v2\/pages\/938\/revisions\/1143"}],"wp:attachment":[{"href":"https:\/\/sociaisaplicadas.ufpr.br\/gestinf\/wp-json\/wp\/v2\/media?parent=938"}],"curies":[{"name":"wp","href":"https:\/\/api.w.org\/{rel}","templated":true}]}}