{"id":957,"date":"2026-07-14T23:54:48","date_gmt":"2026-07-15T02:54:48","guid":{"rendered":"https:\/\/sociaisaplicadas.ufpr.br\/gestinf\/?page_id=957"},"modified":"2026-07-14T23:57:21","modified_gmt":"2026-07-15T02:57:21","slug":"apresentacao","status":"publish","type":"page","link":"https:\/\/sociaisaplicadas.ufpr.br\/gestinf\/apresentacao\/","title":{"rendered":"Apresenta\u00e7\u00e3o"},"content":{"rendered":"\n<figure class=\"wp-block-image is-resized\"><img decoding=\"async\" src=\"https:\/\/sociaisaplicadas.ufpr.br\/decigi\/wp-content\/uploads\/sites\/5\/2023\/03\/Logo-escrita-preta-1024x683.png\" alt=\"\" class=\"wp-image-5419\" style=\"width:495px;height:auto\" \/><\/figure>\n\n\n\n<p>O curso de Gest\u00e3o da Informa\u00e7\u00e3o da Universidade Federal do Paran\u00e1 foi o primeiro criado em uma universidade P\u00fablica no Brasil, em 1998. Seu&nbsp;curr\u00edculo \u00e9 multidisciplinar tendo como princ\u00edpios norteadores a aprendizagem baseada em problemas e o esp\u00edrito investigativo. As disciplinas integram conte\u00fados dos eixos de&nbsp;<strong>Ci\u00eancia da Informa\u00e7\u00e3o,&nbsp;Tecnologia da Informa\u00e7\u00e3o&nbsp;<\/strong>e<strong>&nbsp;Administra\u00e7\u00e3o<\/strong>.<\/p>\n\n\n\n<p>A forma\u00e7\u00e3o \u00e9 complementada com disciplinas contextuais e instrumentais e por atividades como est\u00e1gios, extens\u00e3o e pesquisa. O&nbsp;curso tem dura\u00e7\u00e3o de 4 anos, aulas no turno da manh\u00e3 e conta com 60 vagas anuais, em entrada \u00fanica<em>.<\/em>Para o desempenho profissional s\u00e3o necess\u00e1rias habilidades e atitudes como: conduta \u00e9tica, trabalho em equipe, esp\u00edrito criativo e investigativo, racioc\u00ednio l\u00f3gico-matem\u00e1tico, iniciativa, comunicabilidade, pensamento sist\u00eamico. Saiba mais sobre o Gestor da Informa\u00e7\u00e3o nesta palestra da Feira de Cursos e Profiss\u00f5es da UFPR&nbsp;[<a href=\"https:\/\/www.youtube.com\/watch?v=TJVfnKslkIs\">acesse<\/a>].<\/p>\n\n\n\n<ul class=\"wp-block-list\">\n<li>Denomina\u00e7\u00e3o do Curso:&nbsp;<strong>Bacharelado em Gest\u00e3o da Informa\u00e7\u00e3o<\/strong><\/li>\n\n\n\n<li>Modalidade:&nbsp;<strong>Presencial<\/strong><\/li>\n\n\n\n<li>Titula\u00e7\u00e3o conferida:&nbsp;<strong>Bacharel em Gest\u00e3o da Informa\u00e7\u00e3o<\/strong><\/li>\n\n\n\n<li>Ano de in\u00edcio de funcionamento do Curso:&nbsp;<strong>1998<\/strong><\/li>\n\n\n\n<li>Regime acad\u00eamico:&nbsp;<strong>Semestral<\/strong><\/li>\n\n\n\n<li>Turno de oferta:&nbsp;<strong>Manh\u00e3<\/strong><\/li>\n\n\n\n<li>Campus:&nbsp;<strong>Jardim Bot\u00e2nico<\/strong><\/li>\n\n\n\n<li>N\u00famero de vagas oferecidas:&nbsp;<strong>60 vagas<\/strong>&nbsp;<strong>anuais<\/strong><\/li>\n\n\n\n<li>Dura\u00e7\u00e3o do Curso:&nbsp;<strong>4 anos<\/strong><\/li>\n\n\n\n<li>Formas de Ingresso: Vestibular UFPR \/ SISU \/ Aprova PR<br><br>As formas para ingressar no curso de Gest\u00e3o da Informa\u00e7\u00e3o s\u00e3o vestibular UFPR, SISU ou PROVAR. Para mais informa\u00e7\u00f5es, acesse&nbsp;<a href=\"https:\/\/www.ufpr.brufpr\/concursos\/\">https:\/\/www.ufpr.brufpr\/concursos\/<\/a><\/li>\n<\/ul>\n\n\n\n<p><strong>Distribui\u00e7\u00e3o da carga hor\u00e1ria:<\/strong><\/p>\n\n\n\n<ul class=\"wp-block-list\">\n<li>Disciplinas obrigat\u00f3rias: 2280 horas<\/li>\n\n\n\n<li>Disciplinas optativas: 420 horas<\/li>\n\n\n\n<li>Est\u00e1gio supervisionado: 240 horas<\/li>\n\n\n\n<li>Trabalho de Conclus\u00e3o de Curso: 120 horas<\/li>\n\n\n\n<li>Atividades formativas: 140 horas<\/li>\n\n\n\n<li>Total: 3200 horas<\/li>\n\n\n\n<li>Modalidade EaD: 504 horas<\/li>\n<\/ul>\n\n\n\n<ul class=\"wp-block-list\">\n<li><strong><a href=\"https:\/\/sociaisaplicadas.ufpr.br\/decigi\/wp-content\/uploads\/sites\/5\/2025\/10\/Grade-Curricular-1.pdf\">Matriz Curricular \u2013 Bacharelado em Gest\u00e3o da Informa\u00e7\u00e3o (ajuste 2024)<\/a><\/strong><\/li>\n<\/ul>\n\n\n\n<figure class=\"wp-block-image\"><img decoding=\"async\" src=\"https:\/\/sociaisaplicadas.ufpr.br\/decigi\/wp-content\/uploads\/sites\/5\/2025\/10\/eixosGI.jpg\" alt=\"\" \/><\/figure>\n\n\n\n<hr class=\"wp-block-separator has-alpha-channel-opacity\" \/>\n\n\n\n<p><strong>Eixo Ci\u00eancia da Informa\u00e7\u00e3o \u2013<\/strong>&nbsp;Condensa\u00e7\u00e3o da Informa\u00e7\u00e3o, Fundamentos de Ci\u00eancia da Informa\u00e7\u00e3o, Compet\u00eancia Informacional, Gest\u00e3o de Documentos, Necessidades e Usos de Informa\u00e7\u00e3o, Ergonomia da Informa\u00e7\u00e3o, An\u00e1lise da Informa\u00e7\u00e3o e do Conhecimento I, An\u00e1lise da Informa\u00e7\u00e3o e do Conhecimento II, Pol\u00edticas e \u00c9tica de Informa\u00e7\u00e3o, Design da Informa\u00e7\u00e3o, Produtos e Servi\u00e7os de Informa\u00e7\u00e3o, Laborat\u00f3rio de Organiza\u00e7\u00e3o do Conhecimento.<\/p>\n\n\n\n<p><strong>Eixo Administra\u00e7\u00e3o \u2013&nbsp;<\/strong>Sistemas de Informa\u00e7\u00e3o, Gest\u00e3o de Processos, Informa\u00e7\u00e3o e Marketing, Gest\u00e3o de Neg\u00f3cios, Informa\u00e7\u00e3o e Estrat\u00e9gia, Gest\u00e3o de Informa\u00e7\u00e3o para Neg\u00f3cios, Gest\u00e3o do Conhecimento, Informa\u00e7\u00e3o e Cultura Organizacional, Intelig\u00eancia Organizacional, Gest\u00e3o de Projetos.<\/p>\n\n\n\n<p><strong>Eixo Tecnologia da Informa\u00e7\u00e3o \u2013<\/strong>&nbsp;Tecnologias da Informa\u00e7\u00e3o e da Comunica\u00e7\u00e3o, M\u00e9todos Matem\u00e1ticos para Gest\u00e3o da Informa\u00e7\u00e3o, Introdu\u00e7\u00e3o \u00e0 Teoria da Informa\u00e7\u00e3o, Modelagem de Sistemas, Programa\u00e7\u00e3o de Computadores para Gest\u00e3o da Informa\u00e7\u00e3o, Banco de Dados I, Banco de Dados II, Seguran\u00e7a da Informa\u00e7\u00e3o, Minera\u00e7\u00e3o de Dados.<\/p>\n\n\n\n<p><strong>Eixo Misto (Gest\u00e3o da Informa\u00e7\u00e3o) \u2013<\/strong>&nbsp;Introdu\u00e7\u00e3o \u00e0 Gest\u00e3o da Informa\u00e7\u00e3o, Gest\u00e3o de Conte\u00fados I, Gest\u00e3o de Conte\u00fados II, Ontologias e Taxonomia do Conhecimento, M\u00e9tricas de Informa\u00e7\u00e3o, Gest\u00e3o de Tecnologia da Informa\u00e7\u00e3o, Trabalho de Conclus\u00e3o de Curso I, Trabalho de Conclus\u00e3o de Curso II.<\/p>\n\n\n\n<p><strong>Eixo Contextual e Instrumental (Formador) \u2013<\/strong>&nbsp;Informa\u00e7\u00e3o e Sociedade, T\u00e9cnicas de Pesquisa, Metodologia da Pesquisa, M\u00e9todos Quantitativos de An\u00e1lise, Fundamentos de Matem\u00e1tica, Introdu\u00e7\u00e3o \u00e0 L\u00f3gica. Est\u00e1gio Supervisionado I e Est\u00e1gio Supervisionado II.<\/p>\n","protected":false},"excerpt":{"rendered":"<p>O curso de Gest\u00e3o da Informa\u00e7\u00e3o da Universidade Federal do Paran\u00e1 foi o primeiro criado em uma universidade P\u00fablica no Brasil, em 1998. Seu&nbsp;curr\u00edculo \u00e9 multidisciplinar tendo como princ\u00edpios norteadores a aprendizagem baseada em problemas e o esp\u00edrito investigativo. As disciplinas integram conte\u00fados dos eixos de&nbsp;Ci\u00eancia da Informa\u00e7\u00e3o,&nbsp;Tecnologia da Informa\u00e7\u00e3o&nbsp;e&nbsp;Administra\u00e7\u00e3o. A forma\u00e7\u00e3o \u00e9 complementada com [&hellip;]<\/p>\n","protected":false},"author":2806,"featured_media":0,"parent":0,"menu_order":0,"comment_status":"closed","ping_status":"closed","template":"","meta":{"_acf_changed":false,"footnotes":""},"class_list":["post-957","page","type-page","status-publish","hentry"],"acf":[],"_links":{"self":[{"href":"https:\/\/sociaisaplicadas.ufpr.br\/gestinf\/wp-json\/wp\/v2\/pages\/957","targetHints":{"allow":["GET"]}}],"collection":[{"href":"https:\/\/sociaisaplicadas.ufpr.br\/gestinf\/wp-json\/wp\/v2\/pages"}],"about":[{"href":"https:\/\/sociaisaplicadas.ufpr.br\/gestinf\/wp-json\/wp\/v2\/types\/page"}],"author":[{"embeddable":true,"href":"https:\/\/sociaisaplicadas.ufpr.br\/gestinf\/wp-json\/wp\/v2\/users\/2806"}],"replies":[{"embeddable":true,"href":"https:\/\/sociaisaplicadas.ufpr.br\/gestinf\/wp-json\/wp\/v2\/comments?post=957"}],"version-history":[{"count":2,"href":"https:\/\/sociaisaplicadas.ufpr.br\/gestinf\/wp-json\/wp\/v2\/pages\/957\/revisions"}],"predecessor-version":[{"id":960,"href":"https:\/\/sociaisaplicadas.ufpr.br\/gestinf\/wp-json\/wp\/v2\/pages\/957\/revisions\/960"}],"wp:attachment":[{"href":"https:\/\/sociaisaplicadas.ufpr.br\/gestinf\/wp-json\/wp\/v2\/media?parent=957"}],"curies":[{"name":"wp","href":"https:\/\/api.w.org\/{rel}","templated":true}]}}